{"id":53907,"date":"2019-02-05T14:38:15","date_gmt":"2019-02-05T13:38:15","guid":{"rendered":"https:\/\/worldofflowerpots.com\/pflanzkubel-raumteiler\/"},"modified":"2019-04-17T20:26:52","modified_gmt":"2019-04-17T18:26:52","slug":"pflanzkubel-raumteiler","status":"publish","type":"page","link":"https:\/\/worldofflowerpots.com\/aut\/pflanzkubel-raumteiler\/","title":{"rendered":"Pflanzk\u00fcbel Raumteiler"},"content":{"rendered":"<p>[vc_row bg_type=&#8221;image&#8221; parallax_style=&#8221;vcpb-default&#8221; bg_image_new=&#8221;id^50225|url^https:\/\/worldofflowerpots.com\/wp-content\/uploads\/2019\/01\/donice-biurowe-dla-firm-z-aluminium-1024&#215;603.jpg|caption^null|alt^null|title^donice-biurowe-dla-firm-z-aluminium-1024&#215;603|description^null&#8221; bg_image_repeat=&#8221;no-repeat&#8221; bg_override=&#8221;ex-full&#8221; enable_overlay=&#8221;enable_overlay_value&#8221; overlay_color=&#8221;rgba(0,0,0,0.2)&#8221; css=&#8221;.vc_custom_1549235106886{padding-top: 150px !important;padding-bottom: 150px !important;}&#8221;][vc_column offset=&#8221;vc_col-lg-offset-1 vc_col-lg-10 vc_col-md-offset-1 vc_col-md-10&#8243;]<div id=\"ultimate-heading-506869f37907ef077\" class=\"uvc-heading ult-adjust-bottom-margin ultimate-heading-506869f37907ef077 uvc-6252 \" data-hspacer=\"no_spacer\"  data-halign=\"center\" style=\"text-align:center\"><div class=\"uvc-heading-spacer no_spacer\" style=\"top\"><\/div><div class=\"uvc-main-heading ult-responsive\"  data-ultimate-target='.uvc-heading.ultimate-heading-506869f37907ef077 h1'  data-responsive-json-new='{\"font-size\":\"desktop:34px;mobile:24px;\",\"line-height\":\"desktop:44px;mobile:34px;\"}' ><h1 style=\"font-family:&#039;Poppins&#039;;font-weight:300;color:#ffffff;margin-bottom:42px;\"> Pflanzk\u00fcbel Raumteiler R\u00e4ume teilen<\/h1><\/div><div class=\"uvc-sub-heading ult-responsive\"  data-ultimate-target='.uvc-heading.ultimate-heading-506869f37907ef077 .uvc-sub-heading '  data-responsive-json-new='{\"font-size\":\"desktop:16px;\",\"line-height\":\"desktop:28px;\"}'  style=\"font-family:&#039;Open Sans&#039;;font-weight:normal;font-style:normal;color:#f4f4f4;\"><\/p>\n<div class=\"hidden-mob\">Blumenk\u00fcbel Raumteiler eignen sich nicht nur zum Aufstellen vor Terrassenfenstern oder im Garten, sie lassen sich auch als Raumteiler einsetzen. Das ist vor allem in gro\u00dfen Wohnr\u00e4umen sinnvoll. Aber auch in der Gastronomie oder in Arztpraxen k\u00f6nnen mit wenig Aufwand separate Bereiche geschaffen werden, in denen sich Besucher rundum wohlf\u00fchlen.<\/div>\n<p><\/div><\/div>[\/vc_column][\/vc_row][vc_row css=&#8221;.vc_custom_1548698054848{border-bottom-width: 1px !important;padding-top: 40px !important;padding-bottom: 20px !important;border-bottom-color: #ededed !important;border-bottom-style: solid !important;}&#8221;][vc_column css=&#8221;.vc_custom_1548516273032{padding-bottom: 30px !important;}&#8221; offset=&#8221;vc_col-lg-offset-1 vc_col-lg-10 vc_col-md-offset-1 vc_col-md-10&#8243;]<div id=\"ultimate-heading-628669f37907ef0fd\" class=\"uvc-heading ult-adjust-bottom-margin ultimate-heading-628669f37907ef0fd uvc-3172 \" data-hspacer=\"no_spacer\"  data-halign=\"center\" style=\"text-align:center\"><div class=\"uvc-heading-spacer no_spacer\" style=\"top\"><\/div><div class=\"uvc-main-heading ult-responsive\"  data-ultimate-target='.uvc-heading.ultimate-heading-628669f37907ef0fd h2'  data-responsive-json-new='{\"font-size\":\"desktop:28px;mobile:20px;\",\"line-height\":\"desktop:38px;mobile:30px;\"}' ><h2 style=\"font-family:&#039;Poppins&#039;;font-weight:300;margin-bottom:42px;\">Durch \u00fcppige Vegetation Wohnambiente schaffen<\/h2><\/div><div class=\"uvc-sub-heading ult-responsive\"  data-ultimate-target='.uvc-heading.ultimate-heading-628669f37907ef0fd .uvc-sub-heading '  data-responsive-json-new='{\"font-size\":\"desktop:16px;\",\"line-height\":\"desktop:28px;\"}'  style=\"font-family:&#039;Open Sans&#039;;font-weight:300;\">Pflanzk\u00e4sten lassen sich vielseitig einsetzen. Durch Einpflanzen hoher und \u00fcppiger Ziergew\u00e4chse werden sie zu gr\u00fcnen und dichten W\u00e4nden, die einzelne Bereiche wirkungsvoll vor neugierigen Blicken abschirmen. Harmonisch gliedern sie sich durch formsch\u00f6ne Designs in jede Wohnlandschaft ein. Pflanzk\u00fcbel Raumteiler bieten fast allen Gew\u00e4chsen einen optimalen Standort und versch\u00f6nern R\u00e4ume im Handumdrehen.<\/div><\/div>[\/vc_column][vc_column css=&#8221;.vc_custom_1545305019274{padding-bottom: 30px !important;}&#8221;]<div class=\"woocommerce columns-4 \"><div class=\"wf-container dt-products  woo-hover products loading-effect-fade-in description-on-hover cart-btn-on-img wc-img-hover hide-description wc-grid\" data-padding=\"0px\" data-cur-page=\"1\" data-desktop-columns-num=\"4\" data-v-tablet-columns-num=\"2\" data-h-tablet-columns-num=\"3\" data-phone-columns-num=\"1\">\n\n<article class=\"post visible description-off tm-has-options product type-product post-53950 status-publish first instock product_cat-pflanzkubel-aluminium has-post-thumbnail shipping-taxable purchasable product-type-simple\">\n\n\t<figure class=\"woocom-project\">\n\t<div class=\"woo-buttons-on-img\">\n\n\t\t<a href=\"https:\/\/worldofflowerpots.com\/aut\/sortiment\/blumenkubel-anthrazit-eckig-alessio-4\/\" class=\"alignnone layzr-bg\"><img loading=\"lazy\" decoding=\"async\" width=\"250\" height=\"188\" src=\"data:image\/svg+xml;charset=utf-8,%3Csvg xmlns%3D&#039;http%3A%2F%2Fwww.w3.org%2F2000%2Fsvg&#039; viewBox%3D&#039;0 0 250 188&#039;%2F%3E\" class=\"attachment-woocommerce_thumbnail size-woocommerce_thumbnail lazy-load preload-me\" alt=\"Blumenk\u00fcbel anthrazit eckig Alessio 4\" data-src=\"https:\/\/worldofflowerpots.com\/wp-content\/uploads\/2019\/01\/blumenk\u00fcbel-anthrazit-eckig-Alessio-4-250x188.jpg\" \/><\/a>\t\t\n\n\t<\/div>\n\t<figcaption class=\"woocom-list-content\">\n\n\t\t<div class=\"woocommerce-product-details__short-description\">\n\t<p>Material: 2 mm Aluminiumblech<br \/>\nFarbe: Pulverbeschichtung<br \/>\nStandard: RAL9016,7012,7021<br \/>\nAb 5 St\u00fcck jede Ral Farbe m\u00f6glich<br \/>\nGewicht : 29kg<br \/>\nAbmessungen B800mm H800mm L800mm<br \/>\nUV-resistent, Wetterfest<br \/>\nFrostbest\u00e4ndig bei gew\u00e4hrleistetem Wasserablauf<\/p>\n<\/div>\n\n\t<\/figcaption>\n<\/figure>\n<\/article>\n\n\n\n<article class=\"post visible description-off product type-product post-54033 status-publish instock product_cat-pflanzkubel-aluminium product_cat-pflanzkuebel-mit-rollen-aut has-post-thumbnail shipping-taxable purchasable product-type-simple\">\n\n\t<figure class=\"woocom-project\">\n\t<div class=\"woo-buttons-on-img\">\n\n\t\t<a href=\"https:\/\/worldofflowerpots.com\/aut\/sortiment\/blumenkubel-mit-rollen-fabio\/\" class=\"alignnone layzr-bg\"><img loading=\"lazy\" decoding=\"async\" width=\"250\" height=\"188\" src=\"data:image\/svg+xml;charset=utf-8,%3Csvg xmlns%3D&#039;http%3A%2F%2Fwww.w3.org%2F2000%2Fsvg&#039; viewBox%3D&#039;0 0 250 188&#039;%2F%3E\" class=\"attachment-woocommerce_thumbnail size-woocommerce_thumbnail lazy-load preload-me\" alt=\"Blumenk\u00fcbel mit rollen Fabio\" data-src=\"https:\/\/worldofflowerpots.com\/wp-content\/uploads\/2019\/01\/blumenk\u00fcbel-mit-rollen-Fabio-Mobile-250x188.jpg\" data-srcset=\"https:\/\/worldofflowerpots.com\/wp-content\/uploads\/2019\/01\/blumenk\u00fcbel-mit-rollen-Fabio-Mobile-250x188.jpg 250w, https:\/\/worldofflowerpots.com\/wp-content\/uploads\/2019\/01\/blumenk\u00fcbel-mit-rollen-Fabio-Mobile-300x225.jpg 300w, https:\/\/worldofflowerpots.com\/wp-content\/uploads\/2019\/01\/blumenk\u00fcbel-mit-rollen-Fabio-Mobile-768x576.jpg 768w, https:\/\/worldofflowerpots.com\/wp-content\/uploads\/2019\/01\/blumenk\u00fcbel-mit-rollen-Fabio-Mobile-1024x768.jpg 1024w, https:\/\/worldofflowerpots.com\/wp-content\/uploads\/2019\/01\/blumenk\u00fcbel-mit-rollen-Fabio-Mobile-600x450.jpg 600w\" \/><\/a>\t\t\n\n\t<\/div>\n\t<figcaption class=\"woocom-list-content\">\n\n\t\t<div class=\"woocommerce-product-details__short-description\">\n\t<p>Material: 2 mm Aluminiumblech<br \/>\nFarbe: Pulverbeschichtung<br \/>\nStandard: RAL9016,7012,7021<br \/>\nAb 5 St\u00fcck jede Ral Farbe m\u00f6glich<br \/>\nGewicht : 46kg<br \/>\nAbmessungen B800mm H625mm L1000mm<br \/>\nUV-resistent, Wetterfest<br \/>\nFrostbest\u00e4ndig bei gew\u00e4hrleistetem Wasserablauf<\/p>\n<\/div>\n\n\t<\/figcaption>\n<\/figure>\n<\/article>\n\n\n\n<article class=\"post visible description-off product type-product post-53942 status-publish instock product_cat-pflanzkubel-aluminium has-post-thumbnail shipping-taxable purchasable product-type-simple\">\n\n\t<figure class=\"woocom-project\">\n\t<div class=\"woo-buttons-on-img\">\n\n\t\t<a href=\"https:\/\/worldofflowerpots.com\/aut\/sortiment\/blumentopf-metall-silvestro-1\/\" class=\"alignnone layzr-bg\"><img loading=\"lazy\" decoding=\"async\" width=\"250\" height=\"188\" src=\"data:image\/svg+xml;charset=utf-8,%3Csvg xmlns%3D&#039;http%3A%2F%2Fwww.w3.org%2F2000%2Fsvg&#039; viewBox%3D&#039;0 0 250 188&#039;%2F%3E\" class=\"attachment-woocommerce_thumbnail size-woocommerce_thumbnail lazy-load preload-me\" alt=\"Blumentopf Metall Silvestro 1\" data-src=\"https:\/\/worldofflowerpots.com\/wp-content\/uploads\/2019\/01\/Blumentopf-Metall-Silvestro-1-250x188.jpg\" \/><\/a>\t\t\n\n\t<\/div>\n\t<figcaption class=\"woocom-list-content\">\n\n\t\t<div class=\"woocommerce-product-details__short-description\">\n\t<p>Material: 2 mm Aluminiumblech<br \/>\nFarbe: Pulverbeschichtung<br \/>\nStandard: RAL9016,7012,7021<br \/>\nAb 5 St\u00fcck jede Ral Farbe m\u00f6glich<br \/>\nGewicht : 13kg<br \/>\nAbmessungen: \u2300600mm, H600mm<br \/>\nUV-resistent, Wetterfest<br \/>\nFrostbest\u00e4ndig bei gew\u00e4hrleistetem Wasserablauf<\/p>\n<\/div>\n\n\t<\/figcaption>\n<\/figure>\n<\/article>\n\n\n\n<article class=\"post visible description-off product type-product post-53943 status-publish last instock product_cat-pflanzkubel-aluminium has-post-thumbnail shipping-taxable purchasable product-type-simple\">\n\n\t<figure class=\"woocom-project\">\n\t<div class=\"woo-buttons-on-img\">\n\n\t\t<a href=\"https:\/\/worldofflowerpots.com\/aut\/sortiment\/grosse-pflanzkubel-edoardo-5\/\" class=\"alignnone layzr-bg\"><img loading=\"lazy\" decoding=\"async\" width=\"250\" height=\"188\" src=\"data:image\/svg+xml;charset=utf-8,%3Csvg xmlns%3D&#039;http%3A%2F%2Fwww.w3.org%2F2000%2Fsvg&#039; viewBox%3D&#039;0 0 250 188&#039;%2F%3E\" class=\"attachment-woocommerce_thumbnail size-woocommerce_thumbnail lazy-load preload-me\" alt=\"Grosse Pflanzk\u00fcbel Edoardo 5\" data-src=\"https:\/\/worldofflowerpots.com\/wp-content\/uploads\/2019\/01\/Grosse-pflanzk\u00fcbel-Edoard-5-250x188.jpg\" \/><\/a>\t\t\n\n\t<\/div>\n\t<figcaption class=\"woocom-list-content\">\n\n\t\t<div class=\"woocommerce-product-details__short-description\">\n\t<p>Material: 2 mm Aluminiumblech<br \/>\nFarbe: Pulverbeschichtung<br \/>\nStandard: RAL9016,7012,7021<br \/>\nAb 5 St\u00fcck jede Ral Farbe m\u00f6glich<br \/>\nGewicht : 50kg<br \/>\nAbmessungen B500mm H800mm L1500mm<br \/>\nUV-resistent, Wetterfest<br \/>\nFrostbest\u00e4ndig bei gew\u00e4hrleistetem Wasserablauf<\/p>\n<\/div>\n\n\t<\/figcaption>\n<\/figure>\n<\/article>\n\n\n\n<article class=\"post visible description-off product type-product post-53935 status-publish first instock product_cat-pflanzkubel-aluminium has-post-thumbnail shipping-taxable purchasable product-type-simple\">\n\n\t<figure class=\"woocom-project\">\n\t<div class=\"woo-buttons-on-img\">\n\n\t\t<a href=\"https:\/\/worldofflowerpots.com\/aut\/sortiment\/metall-blumenkubel-vittorio-1\/\" class=\"alignnone layzr-bg\"><img loading=\"lazy\" decoding=\"async\" width=\"250\" height=\"188\" src=\"data:image\/svg+xml;charset=utf-8,%3Csvg xmlns%3D&#039;http%3A%2F%2Fwww.w3.org%2F2000%2Fsvg&#039; viewBox%3D&#039;0 0 250 188&#039;%2F%3E\" class=\"attachment-woocommerce_thumbnail size-woocommerce_thumbnail lazy-load preload-me\" alt=\"Metall Blumenk\u00fcbel Vittorio 1\" data-src=\"https:\/\/worldofflowerpots.com\/wp-content\/uploads\/2019\/01\/Metall-blumenk\u00fcbel-Vittorio-1-250x188.jpg\" \/><\/a>\t\t\n\n\t<\/div>\n\t<figcaption class=\"woocom-list-content\">\n\n\t\t<div class=\"woocommerce-product-details__short-description\">\n\t<p>Material: 2 mm Aluminiumblech<br \/>\nFarbe: Pulverbeschichtung<br \/>\nStandard: RAL9016,7012,7021<br \/>\nAb 5 St\u00fcck jede Ral Farbe m\u00f6glich<br \/>\nGewicht : 13kg<br \/>\nAbmessungen B400mm H800mm L400mm<br \/>\nUV-resistent, Wetterfest<br \/>\nFrostbest\u00e4ndig bei gew\u00e4hrleistetem Wasserablauf<\/p>\n<\/div>\n\n\t<\/figcaption>\n<\/figure>\n<\/article>\n\n\n\n<article class=\"post visible description-off product type-product post-53934 status-publish instock product_cat-pflanzkubel-aluminium has-post-thumbnail shipping-taxable purchasable product-type-simple\">\n\n\t<figure class=\"woocom-project\">\n\t<div class=\"woo-buttons-on-img\">\n\n\t\t<a href=\"https:\/\/worldofflowerpots.com\/aut\/sortiment\/metall-blumentopf-vittorio-2\/\" class=\"alignnone layzr-bg\"><img loading=\"lazy\" decoding=\"async\" width=\"250\" height=\"188\" src=\"data:image\/svg+xml;charset=utf-8,%3Csvg xmlns%3D&#039;http%3A%2F%2Fwww.w3.org%2F2000%2Fsvg&#039; viewBox%3D&#039;0 0 250 188&#039;%2F%3E\" class=\"attachment-woocommerce_thumbnail size-woocommerce_thumbnail lazy-load preload-me\" alt=\"Metall blumentopf Vittorio 2\" data-src=\"https:\/\/worldofflowerpots.com\/wp-content\/uploads\/2019\/01\/metall-blumentopf-Vittorio-2-250x188.jpg\" \/><\/a>\t\t\n\n\t<\/div>\n\t<figcaption class=\"woocom-list-content\">\n\n\t\t<div class=\"woocommerce-product-details__short-description\">\n\t<p>Material: 2 mm Aluminiumblech<br \/>\nFarbe: Pulverbeschichtung<br \/>\nStandard: RAL9016,7012,7021<br \/>\nAb 5 St\u00fcck jede Ral Farbe m\u00f6glich<br \/>\nGewicht : 16kg<br \/>\nAbmessungen B400mm H1000mm L400mm<br \/>\nUV-resistent, Wetterfest<br \/>\nFrostbest\u00e4ndig bei gew\u00e4hrleistetem Wasserablauf<\/p>\n<\/div>\n\n\t<\/figcaption>\n<\/figure>\n<\/article>\n\n\n\n<article class=\"post visible description-off product type-product post-53944 status-publish instock product_cat-pflanzkubel-aluminium has-post-thumbnail shipping-taxable purchasable product-type-simple\">\n\n\t<figure class=\"woocom-project\">\n\t<div class=\"woo-buttons-on-img\">\n\n\t\t<a href=\"https:\/\/worldofflowerpots.com\/aut\/sortiment\/metall-pflanzkubel-edoardo-4\/\" class=\"alignnone layzr-bg\"><img loading=\"lazy\" decoding=\"async\" width=\"250\" height=\"188\" src=\"data:image\/svg+xml;charset=utf-8,%3Csvg xmlns%3D&#039;http%3A%2F%2Fwww.w3.org%2F2000%2Fsvg&#039; viewBox%3D&#039;0 0 250 188&#039;%2F%3E\" class=\"attachment-woocommerce_thumbnail size-woocommerce_thumbnail lazy-load preload-me\" alt=\"Metall Pflanzk\u00fcbel Edoardo 4\" data-src=\"https:\/\/worldofflowerpots.com\/wp-content\/uploads\/2019\/01\/Metall-Pflanzk\u00fcbel-Edoardo-4-250x188.jpg\" \/><\/a>\t\t\n\n\t<\/div>\n\t<figcaption class=\"woocom-list-content\">\n\n\t\t<div class=\"woocommerce-product-details__short-description\">\n\t<p>Material: 2 mm Aluminiumblech<br \/>\nFarbe: Pulverbeschichtung<br \/>\nStandard: RAL9016,7012,7021<br \/>\nAb 5 St\u00fcck jede Ral Farbe m\u00f6glich<br \/>\nGewicht : 37kg<br \/>\nAbmessungen B500mm H600mm L2000mm<br \/>\nUV-resistent, Wetterfest<br \/>\nFrostbest\u00e4ndig bei gew\u00e4hrleistetem Wasserablauf<\/p>\n<\/div>\n\n\t<\/figcaption>\n<\/figure>\n<\/article>\n\n\n\n<article class=\"post visible description-off product type-product post-53941 status-publish last instock product_cat-pflanzkubel-aluminium has-post-thumbnail shipping-taxable purchasable product-type-simple\">\n\n\t<figure class=\"woocom-project\">\n\t<div class=\"woo-buttons-on-img\">\n\n\t\t<a href=\"https:\/\/worldofflowerpots.com\/aut\/sortiment\/pflanzgefasse-metall-silvestro-2\/\" class=\"alignnone layzr-bg\"><img loading=\"lazy\" decoding=\"async\" width=\"250\" height=\"188\" src=\"data:image\/svg+xml;charset=utf-8,%3Csvg xmlns%3D&#039;http%3A%2F%2Fwww.w3.org%2F2000%2Fsvg&#039; viewBox%3D&#039;0 0 250 188&#039;%2F%3E\" class=\"attachment-woocommerce_thumbnail size-woocommerce_thumbnail lazy-load preload-me\" alt=\"Pflanzgef\u00e4sse Metall Silvestro 2\" data-src=\"https:\/\/worldofflowerpots.com\/wp-content\/uploads\/2019\/01\/Pflanzgef\u00e4sse-Metall-Silvestro-2-250x188.jpg\" \/><\/a>\t\t\n\n\t<\/div>\n\t<figcaption class=\"woocom-list-content\">\n\n\t\t<div class=\"woocommerce-product-details__short-description\">\n\t<p>Material: 2 mm Aluminiumblech<br \/>\nFarbe: Pulverbeschichtung<br \/>\nStandard: RAL9016,7012,7021<br \/>\nAb 5 St\u00fcck jede Ral Farbe m\u00f6glich<br \/>\nGewicht : 23kg<br \/>\nAbmessungen: \u2300800mm, H800mm<br \/>\nUV-resistent, Wetterfest<br \/>\nFrostbest\u00e4ndig bei gew\u00e4hrleistetem Wasserablauf<\/p>\n<\/div>\n\n\t<\/figcaption>\n<\/figure>\n<\/article>\n\n\n\n<article class=\"post visible description-off product type-product post-53951 status-publish first instock product_cat-pflanzkubel-aluminium has-post-thumbnail shipping-taxable purchasable product-type-simple\">\n\n\t<figure class=\"woocom-project\">\n\t<div class=\"woo-buttons-on-img\">\n\n\t\t<a href=\"https:\/\/worldofflowerpots.com\/aut\/sortiment\/pflanzkubel-anthrazit-eckig-alessio-5\/\" class=\"alignnone layzr-bg\"><img loading=\"lazy\" decoding=\"async\" width=\"250\" height=\"188\" src=\"data:image\/svg+xml;charset=utf-8,%3Csvg xmlns%3D&#039;http%3A%2F%2Fwww.w3.org%2F2000%2Fsvg&#039; viewBox%3D&#039;0 0 250 188&#039;%2F%3E\" class=\"attachment-woocommerce_thumbnail size-woocommerce_thumbnail lazy-load preload-me\" alt=\"Pflanzk\u00fcbel anthrazit eckig Alessio 5\" data-src=\"https:\/\/worldofflowerpots.com\/wp-content\/uploads\/2019\/01\/pflanzk\u00fcbel-anthrazit-eckig-Alessio-5-250x188.jpg\" \/><\/a>\t\t\n\n\t<\/div>\n\t<figcaption class=\"woocom-list-content\">\n\n\t\t<div class=\"woocommerce-product-details__short-description\">\n\t<p>Material: 2 mm Aluminiumblech<br \/>\nFarbe: Pulverbeschichtung<br \/>\nStandard: RAL9016,7012,7021<br \/>\nAb 5 St\u00fcck jede Ral Farbe m\u00f6glich<br \/>\nGewicht : 34kg<br \/>\nAbmessungen B1000mm H800mm L1000mm<br \/>\nUV-resistent, Wetterfest<br \/>\nFrostbest\u00e4ndig bei gew\u00e4hrleistetem Wasserablauf<\/p>\n<\/div>\n\n\t<\/figcaption>\n<\/figure>\n<\/article>\n\n\n\n<article class=\"post visible description-off product type-product post-53946 status-publish instock product_cat-pflanzkubel-aluminium has-post-thumbnail shipping-taxable purchasable product-type-simple\">\n\n\t<figure class=\"woocom-project\">\n\t<div class=\"woo-buttons-on-img\">\n\n\t\t<a href=\"https:\/\/worldofflowerpots.com\/aut\/sortiment\/pflanzkubel-anthrazit-edoardo-2\/\" class=\"alignnone layzr-bg\"><img loading=\"lazy\" decoding=\"async\" width=\"250\" height=\"188\" src=\"data:image\/svg+xml;charset=utf-8,%3Csvg xmlns%3D&#039;http%3A%2F%2Fwww.w3.org%2F2000%2Fsvg&#039; viewBox%3D&#039;0 0 250 188&#039;%2F%3E\" class=\"attachment-woocommerce_thumbnail size-woocommerce_thumbnail lazy-load preload-me\" alt=\"pflanzk\u00fcbel anthrazit Edoardo 2\" data-src=\"https:\/\/worldofflowerpots.com\/wp-content\/uploads\/2019\/01\/pflanzk\u00fcbel-anthrazit-Edoardo-2-250x188.jpg\" \/><\/a>\t\t\n\n\t<\/div>\n\t<figcaption class=\"woocom-list-content\">\n\n\t\t<div class=\"woocommerce-product-details__short-description\">\n\t<p>Material: 2 mm Aluminiumblech<br \/>\nFarbe: Pulverbeschichtung<br \/>\nStandard: RAL9016,7012,7021<br \/>\nAb 5 St\u00fcck jede Ral Farbe m\u00f6glich<br \/>\nGewicht : 24kg<br \/>\nAbmessungen B500mm H600mm L1200mm<br \/>\nUV-resistent, Wetterfest<br \/>\nFrostbest\u00e4ndig bei gew\u00e4hrleistetem Wasserablauf<\/p>\n<\/div>\n\n\t<\/figcaption>\n<\/figure>\n<\/article>\n\n\n\n<article class=\"post visible description-off product type-product post-53948 status-publish instock product_cat-pflanzkubel-aluminium has-post-thumbnail shipping-taxable purchasable product-type-simple\">\n\n\t<figure class=\"woocom-project\">\n\t<div class=\"woo-buttons-on-img\">\n\n\t\t<a href=\"https:\/\/worldofflowerpots.com\/aut\/sortiment\/pflanzkubel-anthrazit-rechteckig-alessio-3\/\" class=\"alignnone layzr-bg\"><img loading=\"lazy\" decoding=\"async\" width=\"250\" height=\"188\" src=\"data:image\/svg+xml;charset=utf-8,%3Csvg xmlns%3D&#039;http%3A%2F%2Fwww.w3.org%2F2000%2Fsvg&#039; viewBox%3D&#039;0 0 250 188&#039;%2F%3E\" class=\"attachment-woocommerce_thumbnail size-woocommerce_thumbnail lazy-load preload-me\" alt=\"Pflanzk\u00fcbel anthrazit rechteckig Alessio 3\" data-src=\"https:\/\/worldofflowerpots.com\/wp-content\/uploads\/2019\/01\/pflanzk\u00fcbel-anthrazit-rechteckig-Alessio-3-250x188.jpg\" \/><\/a>\t\t\n\n\t<\/div>\n\t<figcaption class=\"woocom-list-content\">\n\n\t\t<div class=\"woocommerce-product-details__short-description\">\n\t<p>Material: 2 mm Aluminiumblech<br \/>\nFarbe: Pulverbeschichtung<br \/>\nStandard: RAL9016,7012,7021<br \/>\nAb 5 St\u00fcck jede Ral Farbe m\u00f6glich<br \/>\nGewicht : 22kg<br \/>\nAbmessungen: B700mm H700mm L700mm<br \/>\nUV-resistent, Wetterfest<br \/>\nFrostbest\u00e4ndig bei gew\u00e4hrleistetem Wasserablauf<\/p>\n<\/div>\n\n\t<\/figcaption>\n<\/figure>\n<\/article>\n\n\n\n<article class=\"post visible description-off product type-product post-53932 status-publish last instock product_cat-pflanzkubel-aluminium product_cat-pflanzkuebel-mit-rollen-aut has-post-thumbnail shipping-taxable purchasable product-type-simple\">\n\n\t<figure class=\"woocom-project\">\n\t<div class=\"woo-buttons-on-img\">\n\n\t\t<a href=\"https:\/\/worldofflowerpots.com\/aut\/sortiment\/pflanzkuebel-auf-rollen-aus-aluminium-in-anthrazit\/\" class=\"alignnone layzr-bg\"><img loading=\"lazy\" decoding=\"async\" width=\"250\" height=\"188\" src=\"data:image\/svg+xml;charset=utf-8,%3Csvg xmlns%3D&#039;http%3A%2F%2Fwww.w3.org%2F2000%2Fsvg&#039; viewBox%3D&#039;0 0 250 188&#039;%2F%3E\" class=\"attachment-woocommerce_thumbnail size-woocommerce_thumbnail lazy-load preload-me\" alt=\"Pflanzk\u00fcbel auf rollen IVO\" data-src=\"https:\/\/worldofflowerpots.com\/wp-content\/uploads\/2019\/01\/Pflanzk\u00fcbel-auf-rollen-Ivo-Mobile-250x188.jpg\" data-srcset=\"https:\/\/worldofflowerpots.com\/wp-content\/uploads\/2019\/01\/Pflanzk\u00fcbel-auf-rollen-Ivo-Mobile-250x188.jpg 250w, https:\/\/worldofflowerpots.com\/wp-content\/uploads\/2019\/01\/Pflanzk\u00fcbel-auf-rollen-Ivo-Mobile-300x225.jpg 300w, https:\/\/worldofflowerpots.com\/wp-content\/uploads\/2019\/01\/Pflanzk\u00fcbel-auf-rollen-Ivo-Mobile-768x576.jpg 768w, https:\/\/worldofflowerpots.com\/wp-content\/uploads\/2019\/01\/Pflanzk\u00fcbel-auf-rollen-Ivo-Mobile-1024x768.jpg 1024w, https:\/\/worldofflowerpots.com\/wp-content\/uploads\/2019\/01\/Pflanzk\u00fcbel-auf-rollen-Ivo-Mobile-600x450.jpg 600w\" \/><\/a>\t\t\n\n\t<\/div>\n\t<figcaption class=\"woocom-list-content\">\n\n\t\t<div class=\"woocommerce-product-details__short-description\">\n\t<p>Material: 2 mm Aluminiumblech<br \/>\nFarbe: Pulverbeschichtung<br \/>\nStandard: RAL9016,7012,7021<br \/>\nAb 5 St\u00fcck jede Ral Farbe m\u00f6glich<br \/>\nGewicht : 21kg<br \/>\nAbmessungen B600mm\u00a0H617mm L600mm<br \/>\nUV-resistent, Wetterfest<br \/>\n<strong>Frostbest\u00e4ndig bei gew\u00e4hrleistetem Wasserablauf<\/strong><\/p>\n<\/div>\n\n\t<\/figcaption>\n<\/figure>\n<\/article>\n\n<\/div><\/div>[\/vc_column][\/vc_row]<\/p>\n","protected":false},"excerpt":{"rendered":"<p>[vc_row bg_type=&#8221;image&#8221; parallax_style=&#8221;vcpb-default&#8221; bg_image_new=&#8221;id^50225|url^https:\/\/worldofflowerpots.com\/wp-content\/uploads\/2019\/01\/donice-biurowe-dla-firm-z-aluminium-1024&#215;603.jpg|caption^null|alt^null|title^donice-biurowe-dla-firm-z-aluminium-1024&#215;603|description^null&#8221; bg_image_repeat=&#8221;no-repeat&#8221; bg_override=&#8221;ex-full&#8221; enable_overlay=&#8221;enable_overlay_value&#8221; overlay_color=&#8221;rgba(0,0,0,0.2)&#8221; css=&#8221;.vc_custom_1549235106886{padding-top: 150px !important;padding-bottom: 150px !important;}&#8221;][vc_column offset=&#8221;vc_col-lg-offset-1 vc_col-lg-10 vc_col-md-offset-1 vc_col-md-10&#8243;][\/vc_column][\/vc_row][vc_row css=&#8221;.vc_custom_1548698054848{border-bottom-width: 1px !important;padding-top: 40px !important;padding-bottom: 20px !important;border-bottom-color: #ededed !important;border-bottom-style: solid !important;}&#8221;][vc_column css=&#8221;.vc_custom_1548516273032{padding-bottom: 30px !important;}&#8221; offset=&#8221;vc_col-lg-offset-1 vc_col-lg-10 vc_col-md-offset-1 vc_col-md-10&#8243;][\/vc_column][vc_column css=&#8221;.vc_custom_1545305019274{padding-bottom: 30px !important;}&#8221;][\/vc_column][\/vc_row]<\/p>\n","protected":false},"author":1,"featured_media":0,"parent":0,"menu_order":0,"comment_status":"closed","ping_status":"closed","template":"","meta":{"_acf_changed":false},"class_list":["post-53907","page","type-page","status-publish","hentry","description-off"],"acf":[],"yoast_head":"<!-- This site is optimized with the Yoast SEO plugin v27.5 - https:\/\/yoast.com\/product\/yoast-seo-wordpress\/ -->\n<title>Pflanzk\u00fcbel Raumteiler | World of Flowerpots<\/title>\n<meta name=\"description\" content=\"In Gastronomie oder in Arztpraxen k\u00f6nnen mit wenig Aufwand separate Bereiche geschaffen werden. Mit Pflanzk\u00fcbel als Raumteiler\" \/>\n<meta name=\"robots\" content=\"index, follow, max-snippet:-1, max-image-preview:large, max-video-preview:-1\" \/>\n<link rel=\"canonical\" href=\"https:\/\/worldofflowerpots.com\/pflanzkubel-raumteiler\/\" \/>\n<meta property=\"og:locale\" content=\"de_DE\" \/>\n<meta property=\"og:type\" content=\"article\" \/>\n<meta property=\"og:title\" content=\"Pflanzk\u00fcbel Raumteiler | World of Flowerpots\" \/>\n<meta property=\"og:description\" content=\"In Gastronomie oder in Arztpraxen k\u00f6nnen mit wenig Aufwand separate Bereiche geschaffen werden. Mit Pflanzk\u00fcbel als Raumteiler\" \/>\n<meta property=\"og:url\" content=\"https:\/\/worldofflowerpots.com\/pflanzkubel-raumteiler\/\" \/>\n<meta property=\"og:site_name\" content=\"World of Flowerpots\" \/>\n<meta property=\"article:modified_time\" content=\"2019-04-17T18:26:52+00:00\" \/>\n<meta name=\"twitter:card\" content=\"summary_large_image\" \/>\n<meta name=\"twitter:label1\" content=\"Est. reading time\" \/>\n\t<meta name=\"twitter:data1\" content=\"2 minutes\" \/>\n<script type=\"application\/ld+json\" class=\"yoast-schema-graph\">{\"@context\":\"https:\\\/\\\/schema.org\",\"@graph\":[{\"@type\":\"WebPage\",\"@id\":\"https:\\\/\\\/worldofflowerpots.com\\\/pflanzkubel-raumteiler\\\/\",\"url\":\"https:\\\/\\\/worldofflowerpots.com\\\/pflanzkubel-raumteiler\\\/\",\"name\":\"Pflanzk\u00fcbel Raumteiler | World of Flowerpots\",\"isPartOf\":{\"@id\":\"https:\\\/\\\/worldofflowerpots.com\\\/#website\"},\"datePublished\":\"2019-02-05T13:38:15+00:00\",\"dateModified\":\"2019-04-17T18:26:52+00:00\",\"description\":\"In Gastronomie oder in Arztpraxen k\u00f6nnen mit wenig Aufwand separate Bereiche geschaffen werden. Mit Pflanzk\u00fcbel als Raumteiler\",\"breadcrumb\":{\"@id\":\"https:\\\/\\\/worldofflowerpots.com\\\/pflanzkubel-raumteiler\\\/#breadcrumb\"},\"inLanguage\":\"de-AUT\",\"potentialAction\":[{\"@type\":\"ReadAction\",\"target\":[\"https:\\\/\\\/worldofflowerpots.com\\\/pflanzkubel-raumteiler\\\/\"]}]},{\"@type\":\"BreadcrumbList\",\"@id\":\"https:\\\/\\\/worldofflowerpots.com\\\/pflanzkubel-raumteiler\\\/#breadcrumb\",\"itemListElement\":[{\"@type\":\"ListItem\",\"position\":1,\"name\":\"Strona g\u0142\u00f3wna\",\"item\":\"https:\\\/\\\/worldofflowerpots.com\\\/home\\\/\"},{\"@type\":\"ListItem\",\"position\":2,\"name\":\"Pflanzk\u00fcbel Raumteiler\"}]},{\"@type\":\"WebSite\",\"@id\":\"https:\\\/\\\/worldofflowerpots.com\\\/#website\",\"url\":\"https:\\\/\\\/worldofflowerpots.com\\\/\",\"name\":\"World of Flowerpots\",\"description\":\"producent donic ozdobnych\",\"potentialAction\":[{\"@type\":\"SearchAction\",\"target\":{\"@type\":\"EntryPoint\",\"urlTemplate\":\"https:\\\/\\\/worldofflowerpots.com\\\/?s={search_term_string}\"},\"query-input\":{\"@type\":\"PropertyValueSpecification\",\"valueRequired\":true,\"valueName\":\"search_term_string\"}}],\"inLanguage\":\"de-AUT\"}]}<\/script>\n<!-- \/ Yoast SEO plugin. -->","yoast_head_json":{"title":"Pflanzk\u00fcbel Raumteiler | World of Flowerpots","description":"In Gastronomie oder in Arztpraxen k\u00f6nnen mit wenig Aufwand separate Bereiche geschaffen werden. Mit Pflanzk\u00fcbel als Raumteiler","robots":{"index":"index","follow":"follow","max-snippet":"max-snippet:-1","max-image-preview":"max-image-preview:large","max-video-preview":"max-video-preview:-1"},"canonical":"https:\/\/worldofflowerpots.com\/pflanzkubel-raumteiler\/","og_locale":"de_DE","og_type":"article","og_title":"Pflanzk\u00fcbel Raumteiler | World of Flowerpots","og_description":"In Gastronomie oder in Arztpraxen k\u00f6nnen mit wenig Aufwand separate Bereiche geschaffen werden. Mit Pflanzk\u00fcbel als Raumteiler","og_url":"https:\/\/worldofflowerpots.com\/pflanzkubel-raumteiler\/","og_site_name":"World of Flowerpots","article_modified_time":"2019-04-17T18:26:52+00:00","twitter_card":"summary_large_image","twitter_misc":{"Est. reading time":"2 minutes"},"schema":{"@context":"https:\/\/schema.org","@graph":[{"@type":"WebPage","@id":"https:\/\/worldofflowerpots.com\/pflanzkubel-raumteiler\/","url":"https:\/\/worldofflowerpots.com\/pflanzkubel-raumteiler\/","name":"Pflanzk\u00fcbel Raumteiler | World of Flowerpots","isPartOf":{"@id":"https:\/\/worldofflowerpots.com\/#website"},"datePublished":"2019-02-05T13:38:15+00:00","dateModified":"2019-04-17T18:26:52+00:00","description":"In Gastronomie oder in Arztpraxen k\u00f6nnen mit wenig Aufwand separate Bereiche geschaffen werden. Mit Pflanzk\u00fcbel als Raumteiler","breadcrumb":{"@id":"https:\/\/worldofflowerpots.com\/pflanzkubel-raumteiler\/#breadcrumb"},"inLanguage":"de-AUT","potentialAction":[{"@type":"ReadAction","target":["https:\/\/worldofflowerpots.com\/pflanzkubel-raumteiler\/"]}]},{"@type":"BreadcrumbList","@id":"https:\/\/worldofflowerpots.com\/pflanzkubel-raumteiler\/#breadcrumb","itemListElement":[{"@type":"ListItem","position":1,"name":"Strona g\u0142\u00f3wna","item":"https:\/\/worldofflowerpots.com\/home\/"},{"@type":"ListItem","position":2,"name":"Pflanzk\u00fcbel Raumteiler"}]},{"@type":"WebSite","@id":"https:\/\/worldofflowerpots.com\/#website","url":"https:\/\/worldofflowerpots.com\/","name":"World of Flowerpots","description":"producent donic ozdobnych","potentialAction":[{"@type":"SearchAction","target":{"@type":"EntryPoint","urlTemplate":"https:\/\/worldofflowerpots.com\/?s={search_term_string}"},"query-input":{"@type":"PropertyValueSpecification","valueRequired":true,"valueName":"search_term_string"}}],"inLanguage":"de-AUT"}]}},"_links":{"self":[{"href":"https:\/\/worldofflowerpots.com\/aut\/wp-json\/wp\/v2\/pages\/53907","targetHints":{"allow":["GET"]}}],"collection":[{"href":"https:\/\/worldofflowerpots.com\/aut\/wp-json\/wp\/v2\/pages"}],"about":[{"href":"https:\/\/worldofflowerpots.com\/aut\/wp-json\/wp\/v2\/types\/page"}],"author":[{"embeddable":true,"href":"https:\/\/worldofflowerpots.com\/aut\/wp-json\/wp\/v2\/users\/1"}],"replies":[{"embeddable":true,"href":"https:\/\/worldofflowerpots.com\/aut\/wp-json\/wp\/v2\/comments?post=53907"}],"version-history":[{"count":3,"href":"https:\/\/worldofflowerpots.com\/aut\/wp-json\/wp\/v2\/pages\/53907\/revisions"}],"predecessor-version":[{"id":59671,"href":"https:\/\/worldofflowerpots.com\/aut\/wp-json\/wp\/v2\/pages\/53907\/revisions\/59671"}],"wp:attachment":[{"href":"https:\/\/worldofflowerpots.com\/aut\/wp-json\/wp\/v2\/media?parent=53907"}],"curies":[{"name":"wp","href":"https:\/\/api.w.org\/{rel}","templated":true}]}}