{"id":53957,"date":"2019-01-18T15:11:58","date_gmt":"2019-01-18T14:11:58","guid":{"rendered":"https:\/\/worldofflowerpots.com\/sklep\/pflanzkubel-fiberglas-rechteckig-emilio-4\/"},"modified":"2019-04-15T13:42:39","modified_gmt":"2019-04-15T11:42:39","slug":"pflanzkubel-fiberglas-rechteckig-emilio-4","status":"publish","type":"product","link":"https:\/\/worldofflowerpots.com\/aut\/sortiment\/pflanzkubel-fiberglas-rechteckig-emilio-4\/","title":{"rendered":"Pflanzk\u00fcbel fiberglas rechteckig Emilio 4"},"content":{"rendered":"<h2>Pflanzk\u00fcbel fiberglas rechteckig im zeitlosen Design<\/h2>\n<p>Der Pflanzk\u00fcbel fiberglas rechteckig \u201eEmilio 4\u201d besticht mit seiner zeitlosen Eleganz. Der rechteckige und schlanke Kasten eignet sich hervorragend zur stilvollen Gestaltung von Terassen und anderen Au\u00dfenanlagen. Dunkles und extrem widerstandsf\u00e4higes Fiberglas machen den Blumenkasten \u201eEmilio 4\u201d zu einem vielseitig einsetzbaren Element der geschmackvollen Terassengestaltung. Seine schlanke und hohe Form geben der Bepflanzung im Blumenkasten \u201eEmilio 4\u201d einen eindrucksvollen Effekt.<\/p>\n<h2>Gro\u00dfes F\u00fcllverm\u00f6gen bei beeindruckender Leichtigkeit<\/h2>\n<p>\u201eEmilio 4\u201d hat eine L\u00e4nge von 1500 cm. Mit einer Tiefe von 40 cm garantiert der Blumenkasten ein F\u00fcllverm\u00f6gen von 430 Litern. Dennoch ist \u201eEmilio 4\u201d mit 19 Kilogramm ein wirkliches Leichtgewicht unter den Blumenk\u00fcbeln. Diese Leichtigkeit trotz seiner Gr\u00f6\u00dfe ist auf das Material Fiberglas zur\u00fcckzuf\u00fchren. Fiberglas ist nicht nur leicht, sondern extrem witterungsresistent, was den Blumenkasten \u201eEmilio 4\u201d zu einem hervorragenden Begleiter f\u00fcr den Au\u00dfenbereich macht. Durch seine bequeme H\u00f6he von 500 cm wird ein angenehmes Einsetzen der Pflanzen garantiert.<\/p>\n<h2>Formsch\u00f6nheit durch schlichte Konstruktion<\/h2>\n<p>Der schlichte Blumenkasten \u201eEmilio 4\u201d setzt Bepflanzungen gekonnt in Szene. Das dunkle Fiberglas setzt einen sch\u00f6nen Kontrast vor Wandfl\u00e4chen und versch\u00f6nert Terassen oder Balkone auf geschmackvolle Art. Ab einer Bestellung von vier Blumenk\u00fcbeln dieser Art kann due Farbe der \u00e4u\u00dferen Oberfl\u00e4che nach den individuellen W\u00fcnschen des Kunden gestaltet werden.<\/p>\n","protected":false},"excerpt":{"rendered":"<p>Material : Fiberglas<br \/>\nFarben: RAL 9010,9016,7045,7012,7021,9005<br \/>\nAndere RAL Farben Mindestabnahme 5 St\u00fcck<br \/>\nUV-resistent Isoliert mit Styropor<br \/>\nGewicht :19kg<br \/>\nAbmessungen B500mm H600mm L1500mm<br \/>\nWetterfest<br \/>\nFrostbest\u00e4ndig bei gew\u00e4hrleistetem Wasserablauf<\/p>\n","protected":false},"featured_media":59067,"template":"","meta":{"_acf_changed":false},"product_brand":[],"product_cat":[396],"product_tag":[],"class_list":{"0":"post-53957","1":"product","2":"type-product","3":"status-publish","4":"has-post-thumbnail","6":"product_cat-pflanzkubel-fiberglas","7":"description-off","8":"tm-has-options","10":"first","11":"instock","12":"shipping-taxable","13":"purchasable","14":"product-type-simple"},"acf":[],"yoast_head":"<!-- This site is optimized with the Yoast SEO plugin v27.5 - https:\/\/yoast.com\/product\/yoast-seo-wordpress\/ -->\n<title>Pflanzk\u00fcbel fiberglas rechteckig im zeitlosen Design<\/title>\n<meta name=\"description\" content=\"Pflanzk\u00fcbel fiberglas rechteckig setzt Bepflanzungen gekonnt in Szene.Diese Leichtigkeit trotz seiner Gr\u00f6\u00dfe ist auf das Material Fiberglas zur\u00fcckzuf\u00fchren.\" \/>\n<meta name=\"robots\" content=\"index, follow, max-snippet:-1, max-image-preview:large, max-video-preview:-1\" \/>\n<link rel=\"canonical\" href=\"https:\/\/worldofflowerpots.com\/sklep\/pflanzkubel-fiberglas-rechteckig-emilio-4\/\" \/>\n<meta property=\"og:locale\" content=\"de_DE\" \/>\n<meta property=\"og:type\" content=\"article\" \/>\n<meta property=\"og:title\" content=\"Pflanzk\u00fcbel fiberglas rechteckig im zeitlosen Design\" \/>\n<meta property=\"og:description\" content=\"Pflanzk\u00fcbel fiberglas rechteckig setzt Bepflanzungen gekonnt in Szene.Diese Leichtigkeit trotz seiner Gr\u00f6\u00dfe ist auf das Material Fiberglas zur\u00fcckzuf\u00fchren.\" \/>\n<meta property=\"og:url\" content=\"https:\/\/worldofflowerpots.com\/sklep\/pflanzkubel-fiberglas-rechteckig-emilio-4\/\" \/>\n<meta property=\"og:site_name\" content=\"World of Flowerpots\" \/>\n<meta property=\"article:modified_time\" content=\"2019-04-15T11:42:39+00:00\" \/>\n<meta property=\"og:image\" content=\"https:\/\/worldofflowerpots.com\/wp-content\/uploads\/2019\/01\/pflanzk\u00fcbel-fiberglas-rechteckig-Emilio-4.jpg\" \/>\n\t<meta property=\"og:image:width\" content=\"1920\" \/>\n\t<meta property=\"og:image:height\" content=\"1080\" \/>\n\t<meta property=\"og:image:type\" content=\"image\/jpeg\" \/>\n<meta name=\"twitter:card\" content=\"summary_large_image\" \/>\n<meta name=\"twitter:label1\" content=\"Est. reading time\" \/>\n\t<meta name=\"twitter:data1\" content=\"1 minute\" \/>\n<script type=\"application\/ld+json\" class=\"yoast-schema-graph\">{\"@context\":\"https:\\\/\\\/schema.org\",\"@graph\":[{\"@type\":\"WebPage\",\"@id\":\"https:\\\/\\\/worldofflowerpots.com\\\/sklep\\\/pflanzkubel-fiberglas-rechteckig-emilio-4\\\/\",\"url\":\"https:\\\/\\\/worldofflowerpots.com\\\/sklep\\\/pflanzkubel-fiberglas-rechteckig-emilio-4\\\/\",\"name\":\"Pflanzk\u00fcbel fiberglas rechteckig im zeitlosen Design\",\"isPartOf\":{\"@id\":\"https:\\\/\\\/worldofflowerpots.com\\\/#website\"},\"primaryImageOfPage\":{\"@id\":\"https:\\\/\\\/worldofflowerpots.com\\\/sklep\\\/pflanzkubel-fiberglas-rechteckig-emilio-4\\\/#primaryimage\"},\"image\":{\"@id\":\"https:\\\/\\\/worldofflowerpots.com\\\/sklep\\\/pflanzkubel-fiberglas-rechteckig-emilio-4\\\/#primaryimage\"},\"thumbnailUrl\":\"https:\\\/\\\/worldofflowerpots.com\\\/wp-content\\\/uploads\\\/2019\\\/01\\\/pflanzk\u00fcbel-fiberglas-rechteckig-Emilio-4.jpg\",\"datePublished\":\"2019-01-18T14:11:58+00:00\",\"dateModified\":\"2019-04-15T11:42:39+00:00\",\"description\":\"Pflanzk\u00fcbel fiberglas rechteckig setzt Bepflanzungen gekonnt in Szene.Diese Leichtigkeit trotz seiner Gr\u00f6\u00dfe ist auf das Material Fiberglas zur\u00fcckzuf\u00fchren.\",\"breadcrumb\":{\"@id\":\"https:\\\/\\\/worldofflowerpots.com\\\/sklep\\\/pflanzkubel-fiberglas-rechteckig-emilio-4\\\/#breadcrumb\"},\"inLanguage\":\"de-AUT\",\"potentialAction\":[{\"@type\":\"ReadAction\",\"target\":[\"https:\\\/\\\/worldofflowerpots.com\\\/sklep\\\/pflanzkubel-fiberglas-rechteckig-emilio-4\\\/\"]}]},{\"@type\":\"ImageObject\",\"inLanguage\":\"de-AUT\",\"@id\":\"https:\\\/\\\/worldofflowerpots.com\\\/sklep\\\/pflanzkubel-fiberglas-rechteckig-emilio-4\\\/#primaryimage\",\"url\":\"https:\\\/\\\/worldofflowerpots.com\\\/wp-content\\\/uploads\\\/2019\\\/01\\\/pflanzk\u00fcbel-fiberglas-rechteckig-Emilio-4.jpg\",\"contentUrl\":\"https:\\\/\\\/worldofflowerpots.com\\\/wp-content\\\/uploads\\\/2019\\\/01\\\/pflanzk\u00fcbel-fiberglas-rechteckig-Emilio-4.jpg\",\"width\":1920,\"height\":1080},{\"@type\":\"BreadcrumbList\",\"@id\":\"https:\\\/\\\/worldofflowerpots.com\\\/sklep\\\/pflanzkubel-fiberglas-rechteckig-emilio-4\\\/#breadcrumb\",\"itemListElement\":[{\"@type\":\"ListItem\",\"position\":1,\"name\":\"Strona g\u0142\u00f3wna\",\"item\":\"https:\\\/\\\/worldofflowerpots.com\\\/home\\\/\"},{\"@type\":\"ListItem\",\"position\":2,\"name\":\"Shop\",\"item\":\"https:\\\/\\\/worldofflowerpots.com\\\/sortiment\\\/\"},{\"@type\":\"ListItem\",\"position\":3,\"name\":\"Pflanzk\u00fcbel fiberglas rechteckig Emilio 4\"}]},{\"@type\":\"WebSite\",\"@id\":\"https:\\\/\\\/worldofflowerpots.com\\\/#website\",\"url\":\"https:\\\/\\\/worldofflowerpots.com\\\/\",\"name\":\"World of Flowerpots\",\"description\":\"producent donic ozdobnych\",\"potentialAction\":[{\"@type\":\"SearchAction\",\"target\":{\"@type\":\"EntryPoint\",\"urlTemplate\":\"https:\\\/\\\/worldofflowerpots.com\\\/?s={search_term_string}\"},\"query-input\":{\"@type\":\"PropertyValueSpecification\",\"valueRequired\":true,\"valueName\":\"search_term_string\"}}],\"inLanguage\":\"de-AUT\"}]}<\/script>\n<!-- \/ Yoast SEO plugin. -->","yoast_head_json":{"title":"Pflanzk\u00fcbel fiberglas rechteckig im zeitlosen Design","description":"Pflanzk\u00fcbel fiberglas rechteckig setzt Bepflanzungen gekonnt in Szene.Diese Leichtigkeit trotz seiner Gr\u00f6\u00dfe ist auf das Material Fiberglas zur\u00fcckzuf\u00fchren.","robots":{"index":"index","follow":"follow","max-snippet":"max-snippet:-1","max-image-preview":"max-image-preview:large","max-video-preview":"max-video-preview:-1"},"canonical":"https:\/\/worldofflowerpots.com\/sklep\/pflanzkubel-fiberglas-rechteckig-emilio-4\/","og_locale":"de_DE","og_type":"article","og_title":"Pflanzk\u00fcbel fiberglas rechteckig im zeitlosen Design","og_description":"Pflanzk\u00fcbel fiberglas rechteckig setzt Bepflanzungen gekonnt in Szene.Diese Leichtigkeit trotz seiner Gr\u00f6\u00dfe ist auf das Material Fiberglas zur\u00fcckzuf\u00fchren.","og_url":"https:\/\/worldofflowerpots.com\/sklep\/pflanzkubel-fiberglas-rechteckig-emilio-4\/","og_site_name":"World of Flowerpots","article_modified_time":"2019-04-15T11:42:39+00:00","og_image":[{"width":1920,"height":1080,"url":"https:\/\/worldofflowerpots.com\/wp-content\/uploads\/2019\/01\/pflanzk\u00fcbel-fiberglas-rechteckig-Emilio-4.jpg","type":"image\/jpeg"}],"twitter_card":"summary_large_image","twitter_misc":{"Est. reading time":"1 minute"},"schema":{"@context":"https:\/\/schema.org","@graph":[{"@type":"WebPage","@id":"https:\/\/worldofflowerpots.com\/sklep\/pflanzkubel-fiberglas-rechteckig-emilio-4\/","url":"https:\/\/worldofflowerpots.com\/sklep\/pflanzkubel-fiberglas-rechteckig-emilio-4\/","name":"Pflanzk\u00fcbel fiberglas rechteckig im zeitlosen Design","isPartOf":{"@id":"https:\/\/worldofflowerpots.com\/#website"},"primaryImageOfPage":{"@id":"https:\/\/worldofflowerpots.com\/sklep\/pflanzkubel-fiberglas-rechteckig-emilio-4\/#primaryimage"},"image":{"@id":"https:\/\/worldofflowerpots.com\/sklep\/pflanzkubel-fiberglas-rechteckig-emilio-4\/#primaryimage"},"thumbnailUrl":"https:\/\/worldofflowerpots.com\/wp-content\/uploads\/2019\/01\/pflanzk\u00fcbel-fiberglas-rechteckig-Emilio-4.jpg","datePublished":"2019-01-18T14:11:58+00:00","dateModified":"2019-04-15T11:42:39+00:00","description":"Pflanzk\u00fcbel fiberglas rechteckig setzt Bepflanzungen gekonnt in Szene.Diese Leichtigkeit trotz seiner Gr\u00f6\u00dfe ist auf das Material Fiberglas zur\u00fcckzuf\u00fchren.","breadcrumb":{"@id":"https:\/\/worldofflowerpots.com\/sklep\/pflanzkubel-fiberglas-rechteckig-emilio-4\/#breadcrumb"},"inLanguage":"de-AUT","potentialAction":[{"@type":"ReadAction","target":["https:\/\/worldofflowerpots.com\/sklep\/pflanzkubel-fiberglas-rechteckig-emilio-4\/"]}]},{"@type":"ImageObject","inLanguage":"de-AUT","@id":"https:\/\/worldofflowerpots.com\/sklep\/pflanzkubel-fiberglas-rechteckig-emilio-4\/#primaryimage","url":"https:\/\/worldofflowerpots.com\/wp-content\/uploads\/2019\/01\/pflanzk\u00fcbel-fiberglas-rechteckig-Emilio-4.jpg","contentUrl":"https:\/\/worldofflowerpots.com\/wp-content\/uploads\/2019\/01\/pflanzk\u00fcbel-fiberglas-rechteckig-Emilio-4.jpg","width":1920,"height":1080},{"@type":"BreadcrumbList","@id":"https:\/\/worldofflowerpots.com\/sklep\/pflanzkubel-fiberglas-rechteckig-emilio-4\/#breadcrumb","itemListElement":[{"@type":"ListItem","position":1,"name":"Strona g\u0142\u00f3wna","item":"https:\/\/worldofflowerpots.com\/home\/"},{"@type":"ListItem","position":2,"name":"Shop","item":"https:\/\/worldofflowerpots.com\/sortiment\/"},{"@type":"ListItem","position":3,"name":"Pflanzk\u00fcbel fiberglas rechteckig Emilio 4"}]},{"@type":"WebSite","@id":"https:\/\/worldofflowerpots.com\/#website","url":"https:\/\/worldofflowerpots.com\/","name":"World of Flowerpots","description":"producent donic ozdobnych","potentialAction":[{"@type":"SearchAction","target":{"@type":"EntryPoint","urlTemplate":"https:\/\/worldofflowerpots.com\/?s={search_term_string}"},"query-input":{"@type":"PropertyValueSpecification","valueRequired":true,"valueName":"search_term_string"}}],"inLanguage":"de-AUT"}]}},"_links":{"self":[{"href":"https:\/\/worldofflowerpots.com\/aut\/wp-json\/wp\/v2\/product\/53957","targetHints":{"allow":["GET"]}}],"collection":[{"href":"https:\/\/worldofflowerpots.com\/aut\/wp-json\/wp\/v2\/product"}],"about":[{"href":"https:\/\/worldofflowerpots.com\/aut\/wp-json\/wp\/v2\/types\/product"}],"wp:featuredmedia":[{"embeddable":true,"href":"https:\/\/worldofflowerpots.com\/aut\/wp-json\/wp\/v2\/media\/59067"}],"wp:attachment":[{"href":"https:\/\/worldofflowerpots.com\/aut\/wp-json\/wp\/v2\/media?parent=53957"}],"wp:term":[{"taxonomy":"product_brand","embeddable":true,"href":"https:\/\/worldofflowerpots.com\/aut\/wp-json\/wp\/v2\/product_brand?post=53957"},{"taxonomy":"product_cat","embeddable":true,"href":"https:\/\/worldofflowerpots.com\/aut\/wp-json\/wp\/v2\/product_cat?post=53957"},{"taxonomy":"product_tag","embeddable":true,"href":"https:\/\/worldofflowerpots.com\/aut\/wp-json\/wp\/v2\/product_tag?post=53957"}],"curies":[{"name":"wp","href":"https:\/\/api.w.org\/{rel}","templated":true}]}}