{"id":53958,"date":"2019-01-18T15:11:58","date_gmt":"2019-01-18T14:11:58","guid":{"rendered":"https:\/\/worldofflowerpots.com\/sklep\/blumenkubel-fiberglas-grau-emilio-3\/"},"modified":"2019-04-15T13:40:34","modified_gmt":"2019-04-15T11:40:34","slug":"blumenkubel-fiberglas-grau-emilio-3","status":"publish","type":"product","link":"https:\/\/worldofflowerpots.com\/aut\/sortiment\/blumenkubel-fiberglas-grau-emilio-3\/","title":{"rendered":"Blumenk\u00fcbel fiberglas grau Emilio 3"},"content":{"rendered":"<h2>Elegante L\u00f6sungen zum Begr\u00fcnung des Hauses<\/h2>\n<p>Herk\u00f6mmliche Blumenk\u00fcbel fiberglas grau sehen h\u00e4ufig gleich und nicht originell aus. In jedem Bauhaus und Gartencenter gibt es die K\u00fcbel zu kaufen und die Nachbarin erinnert Sie vermutlich daran, dass sie die gleichen K\u00fcbel erst k\u00fcrzlich erworben hat. Damit Sie eine individuelle L\u00f6sung f\u00fcr ihre Pflanzen finden, wurde der Pflanzk\u00fcbel \u201eEmilio\u201d entworfen.<\/p>\n<h2>Klare Linien \u00fcberzeugen durch modernes Design<\/h2>\n<p>Innovativ und klar strukturiert wurde der Blumenk\u00fcbel fiberglas grau \u201eEmilio\u201d konzipiert. Durch eine Gesamtbreite von nur 50cm f\u00fcgt sich \u201eEmilio\u201d in jede Lage ein. Eine angenehme H\u00f6he von 80cm verhindert etwaige R\u00fcckenprobleme beim Pflanzen und die Farbe der K\u00e4sten kann ggf. beliebig ver\u00e4ndert werden. Dank seiner klaren Form und seiner Standfestigkeit ben\u00f6tigt \u201eEmilio\u201d keine zus\u00e4tzlichen Halterungen. Wenn Sie den K\u00fcbel einmal versetzen m\u00f6chten, wird auch dies durch die eingebaute Fieberglastechnologie zum Kinderspiel, denn bei seiner Gr\u00f6\u00dfe bringt \u201eEmilio\u201d nur ein Gewicht von 16kg auf die Waage.<\/p>\n<h2>Die Vielfalt der M\u00f6glichkeiten mit \u201eEmilio\u201d<\/h2>\n<p>Mit \u201eEmilio\u201d fallen die \u00fcblichen Fragen weg. Die Platzfrage erledigt sich, dank seiner\u00a0 Form, bereits beim Anblick des K\u00fcbels. Auch die Standortfrage muss nicht sofort beantwortet werden, denn \u201eEmilio\u201d l\u00e4sst sich immer wieder verschieben.<\/p>\n<h2>Auch der Blumen kasten Emilio 3 aus der Reihe Emilio ist aus Fiberglas gefertigt<\/h2>\n<p>Mit seinen Abmessungen eignet sich das Pflanzgef\u00e4\u00df Emilio 3 ideal als gr\u00fcner Raumteiler, da er mit gro\u00dfen Pflanzen bepflanzt werden kann, die beispielsweise Sitzecken vor neugierigen Blicken abschirmen. Der Pflanzk\u00fcbel Emilio 3 ist in 10 verschiedenen Farben erh\u00e4ltlich, von Wei\u00df \u00fcber rot bis hin zu Anthrazit. Ab einer Bestellmenge von 4 St\u00fcck besteht die M\u00f6glichkeit, die Farbe individuell zu gestalten.<\/p>\n","protected":false},"excerpt":{"rendered":"<p>Material : Fiberglas<br \/>\nFarben: RAL 9010,9016,7045,7012,7021,9005<br \/>\nAndere RAL Farben Mindestabnahme 5 St\u00fcck<br \/>\nUV-resistent Isoliert mit Styropor<br \/>\nGewicht :12kg<br \/>\nAbmessungen B500mm H600mm L1200mm<br \/>\nWetterfest<br \/>\nFrostbest\u00e4ndig bei gew\u00e4hrleistetem Wasserablauf<\/p>\n","protected":false},"featured_media":59057,"template":"","meta":{"_acf_changed":false},"product_brand":[],"product_cat":[396],"product_tag":[],"class_list":{"0":"post-53958","1":"product","2":"type-product","3":"status-publish","4":"has-post-thumbnail","6":"product_cat-pflanzkubel-fiberglas","7":"description-off","8":"tm-has-options","10":"first","11":"instock","12":"shipping-taxable","13":"purchasable","14":"product-type-simple"},"acf":[],"yoast_head":"<!-- This site is optimized with the Yoast SEO plugin v27.5 - https:\/\/yoast.com\/product\/yoast-seo-wordpress\/ -->\n<title>Blumenk\u00fcbel fiberglas grau elegante L\u00f6sungen zum Begr\u00fcnung<\/title>\n<meta name=\"description\" content=\"Klare Linien \u00fcberzeugen durch modernes Design der Blumenk\u00fcbel fiberglas in grau eine individuelle L\u00f6sung f\u00fcr ihre Pflanzen\" \/>\n<meta name=\"robots\" content=\"index, follow, max-snippet:-1, max-image-preview:large, max-video-preview:-1\" \/>\n<link rel=\"canonical\" href=\"https:\/\/worldofflowerpots.com\/sklep\/blumenkubel-fiberglas-grau-emilio-3\/\" \/>\n<meta property=\"og:locale\" content=\"de_DE\" \/>\n<meta property=\"og:type\" content=\"article\" \/>\n<meta property=\"og:title\" content=\"Blumenk\u00fcbel fiberglas grau elegante L\u00f6sungen zum Begr\u00fcnung\" \/>\n<meta property=\"og:description\" content=\"Klare Linien \u00fcberzeugen durch modernes Design der Blumenk\u00fcbel fiberglas in grau eine individuelle L\u00f6sung f\u00fcr ihre Pflanzen\" \/>\n<meta property=\"og:url\" content=\"https:\/\/worldofflowerpots.com\/sklep\/blumenkubel-fiberglas-grau-emilio-3\/\" \/>\n<meta property=\"og:site_name\" content=\"World of Flowerpots\" \/>\n<meta property=\"article:modified_time\" content=\"2019-04-15T11:40:34+00:00\" \/>\n<meta property=\"og:image\" content=\"https:\/\/worldofflowerpots.com\/wp-content\/uploads\/2019\/01\/blumenk\u00fcbel-fiberglas-grau-Emilio-3.jpg\" \/>\n\t<meta property=\"og:image:width\" content=\"1920\" \/>\n\t<meta property=\"og:image:height\" content=\"1080\" \/>\n\t<meta property=\"og:image:type\" content=\"image\/jpeg\" \/>\n<meta name=\"twitter:card\" content=\"summary_large_image\" \/>\n<meta name=\"twitter:label1\" content=\"Est. reading time\" \/>\n\t<meta name=\"twitter:data1\" content=\"1 minute\" \/>\n<script type=\"application\/ld+json\" class=\"yoast-schema-graph\">{\"@context\":\"https:\\\/\\\/schema.org\",\"@graph\":[{\"@type\":\"WebPage\",\"@id\":\"https:\\\/\\\/worldofflowerpots.com\\\/sklep\\\/blumenkubel-fiberglas-grau-emilio-3\\\/\",\"url\":\"https:\\\/\\\/worldofflowerpots.com\\\/sklep\\\/blumenkubel-fiberglas-grau-emilio-3\\\/\",\"name\":\"Blumenk\u00fcbel fiberglas grau elegante L\u00f6sungen zum Begr\u00fcnung\",\"isPartOf\":{\"@id\":\"https:\\\/\\\/worldofflowerpots.com\\\/#website\"},\"primaryImageOfPage\":{\"@id\":\"https:\\\/\\\/worldofflowerpots.com\\\/sklep\\\/blumenkubel-fiberglas-grau-emilio-3\\\/#primaryimage\"},\"image\":{\"@id\":\"https:\\\/\\\/worldofflowerpots.com\\\/sklep\\\/blumenkubel-fiberglas-grau-emilio-3\\\/#primaryimage\"},\"thumbnailUrl\":\"https:\\\/\\\/worldofflowerpots.com\\\/wp-content\\\/uploads\\\/2019\\\/01\\\/blumenk\u00fcbel-fiberglas-grau-Emilio-3.jpg\",\"datePublished\":\"2019-01-18T14:11:58+00:00\",\"dateModified\":\"2019-04-15T11:40:34+00:00\",\"description\":\"Klare Linien \u00fcberzeugen durch modernes Design der Blumenk\u00fcbel fiberglas in grau eine individuelle L\u00f6sung f\u00fcr ihre Pflanzen\",\"breadcrumb\":{\"@id\":\"https:\\\/\\\/worldofflowerpots.com\\\/sklep\\\/blumenkubel-fiberglas-grau-emilio-3\\\/#breadcrumb\"},\"inLanguage\":\"de-AUT\",\"potentialAction\":[{\"@type\":\"ReadAction\",\"target\":[\"https:\\\/\\\/worldofflowerpots.com\\\/sklep\\\/blumenkubel-fiberglas-grau-emilio-3\\\/\"]}]},{\"@type\":\"ImageObject\",\"inLanguage\":\"de-AUT\",\"@id\":\"https:\\\/\\\/worldofflowerpots.com\\\/sklep\\\/blumenkubel-fiberglas-grau-emilio-3\\\/#primaryimage\",\"url\":\"https:\\\/\\\/worldofflowerpots.com\\\/wp-content\\\/uploads\\\/2019\\\/01\\\/blumenk\u00fcbel-fiberglas-grau-Emilio-3.jpg\",\"contentUrl\":\"https:\\\/\\\/worldofflowerpots.com\\\/wp-content\\\/uploads\\\/2019\\\/01\\\/blumenk\u00fcbel-fiberglas-grau-Emilio-3.jpg\",\"width\":1920,\"height\":1080},{\"@type\":\"BreadcrumbList\",\"@id\":\"https:\\\/\\\/worldofflowerpots.com\\\/sklep\\\/blumenkubel-fiberglas-grau-emilio-3\\\/#breadcrumb\",\"itemListElement\":[{\"@type\":\"ListItem\",\"position\":1,\"name\":\"Strona g\u0142\u00f3wna\",\"item\":\"https:\\\/\\\/worldofflowerpots.com\\\/home\\\/\"},{\"@type\":\"ListItem\",\"position\":2,\"name\":\"Shop\",\"item\":\"https:\\\/\\\/worldofflowerpots.com\\\/sortiment\\\/\"},{\"@type\":\"ListItem\",\"position\":3,\"name\":\"Blumenk\u00fcbel fiberglas grau Emilio 3\"}]},{\"@type\":\"WebSite\",\"@id\":\"https:\\\/\\\/worldofflowerpots.com\\\/#website\",\"url\":\"https:\\\/\\\/worldofflowerpots.com\\\/\",\"name\":\"World of Flowerpots\",\"description\":\"producent donic ozdobnych\",\"potentialAction\":[{\"@type\":\"SearchAction\",\"target\":{\"@type\":\"EntryPoint\",\"urlTemplate\":\"https:\\\/\\\/worldofflowerpots.com\\\/?s={search_term_string}\"},\"query-input\":{\"@type\":\"PropertyValueSpecification\",\"valueRequired\":true,\"valueName\":\"search_term_string\"}}],\"inLanguage\":\"de-AUT\"}]}<\/script>\n<!-- \/ Yoast SEO plugin. -->","yoast_head_json":{"title":"Blumenk\u00fcbel fiberglas grau elegante L\u00f6sungen zum Begr\u00fcnung","description":"Klare Linien \u00fcberzeugen durch modernes Design der Blumenk\u00fcbel fiberglas in grau eine individuelle L\u00f6sung f\u00fcr ihre Pflanzen","robots":{"index":"index","follow":"follow","max-snippet":"max-snippet:-1","max-image-preview":"max-image-preview:large","max-video-preview":"max-video-preview:-1"},"canonical":"https:\/\/worldofflowerpots.com\/sklep\/blumenkubel-fiberglas-grau-emilio-3\/","og_locale":"de_DE","og_type":"article","og_title":"Blumenk\u00fcbel fiberglas grau elegante L\u00f6sungen zum Begr\u00fcnung","og_description":"Klare Linien \u00fcberzeugen durch modernes Design der Blumenk\u00fcbel fiberglas in grau eine individuelle L\u00f6sung f\u00fcr ihre Pflanzen","og_url":"https:\/\/worldofflowerpots.com\/sklep\/blumenkubel-fiberglas-grau-emilio-3\/","og_site_name":"World of Flowerpots","article_modified_time":"2019-04-15T11:40:34+00:00","og_image":[{"width":1920,"height":1080,"url":"https:\/\/worldofflowerpots.com\/wp-content\/uploads\/2019\/01\/blumenk\u00fcbel-fiberglas-grau-Emilio-3.jpg","type":"image\/jpeg"}],"twitter_card":"summary_large_image","twitter_misc":{"Est. reading time":"1 minute"},"schema":{"@context":"https:\/\/schema.org","@graph":[{"@type":"WebPage","@id":"https:\/\/worldofflowerpots.com\/sklep\/blumenkubel-fiberglas-grau-emilio-3\/","url":"https:\/\/worldofflowerpots.com\/sklep\/blumenkubel-fiberglas-grau-emilio-3\/","name":"Blumenk\u00fcbel fiberglas grau elegante L\u00f6sungen zum Begr\u00fcnung","isPartOf":{"@id":"https:\/\/worldofflowerpots.com\/#website"},"primaryImageOfPage":{"@id":"https:\/\/worldofflowerpots.com\/sklep\/blumenkubel-fiberglas-grau-emilio-3\/#primaryimage"},"image":{"@id":"https:\/\/worldofflowerpots.com\/sklep\/blumenkubel-fiberglas-grau-emilio-3\/#primaryimage"},"thumbnailUrl":"https:\/\/worldofflowerpots.com\/wp-content\/uploads\/2019\/01\/blumenk\u00fcbel-fiberglas-grau-Emilio-3.jpg","datePublished":"2019-01-18T14:11:58+00:00","dateModified":"2019-04-15T11:40:34+00:00","description":"Klare Linien \u00fcberzeugen durch modernes Design der Blumenk\u00fcbel fiberglas in grau eine individuelle L\u00f6sung f\u00fcr ihre Pflanzen","breadcrumb":{"@id":"https:\/\/worldofflowerpots.com\/sklep\/blumenkubel-fiberglas-grau-emilio-3\/#breadcrumb"},"inLanguage":"de-AUT","potentialAction":[{"@type":"ReadAction","target":["https:\/\/worldofflowerpots.com\/sklep\/blumenkubel-fiberglas-grau-emilio-3\/"]}]},{"@type":"ImageObject","inLanguage":"de-AUT","@id":"https:\/\/worldofflowerpots.com\/sklep\/blumenkubel-fiberglas-grau-emilio-3\/#primaryimage","url":"https:\/\/worldofflowerpots.com\/wp-content\/uploads\/2019\/01\/blumenk\u00fcbel-fiberglas-grau-Emilio-3.jpg","contentUrl":"https:\/\/worldofflowerpots.com\/wp-content\/uploads\/2019\/01\/blumenk\u00fcbel-fiberglas-grau-Emilio-3.jpg","width":1920,"height":1080},{"@type":"BreadcrumbList","@id":"https:\/\/worldofflowerpots.com\/sklep\/blumenkubel-fiberglas-grau-emilio-3\/#breadcrumb","itemListElement":[{"@type":"ListItem","position":1,"name":"Strona g\u0142\u00f3wna","item":"https:\/\/worldofflowerpots.com\/home\/"},{"@type":"ListItem","position":2,"name":"Shop","item":"https:\/\/worldofflowerpots.com\/sortiment\/"},{"@type":"ListItem","position":3,"name":"Blumenk\u00fcbel fiberglas grau Emilio 3"}]},{"@type":"WebSite","@id":"https:\/\/worldofflowerpots.com\/#website","url":"https:\/\/worldofflowerpots.com\/","name":"World of Flowerpots","description":"producent donic ozdobnych","potentialAction":[{"@type":"SearchAction","target":{"@type":"EntryPoint","urlTemplate":"https:\/\/worldofflowerpots.com\/?s={search_term_string}"},"query-input":{"@type":"PropertyValueSpecification","valueRequired":true,"valueName":"search_term_string"}}],"inLanguage":"de-AUT"}]}},"_links":{"self":[{"href":"https:\/\/worldofflowerpots.com\/aut\/wp-json\/wp\/v2\/product\/53958","targetHints":{"allow":["GET"]}}],"collection":[{"href":"https:\/\/worldofflowerpots.com\/aut\/wp-json\/wp\/v2\/product"}],"about":[{"href":"https:\/\/worldofflowerpots.com\/aut\/wp-json\/wp\/v2\/types\/product"}],"wp:featuredmedia":[{"embeddable":true,"href":"https:\/\/worldofflowerpots.com\/aut\/wp-json\/wp\/v2\/media\/59057"}],"wp:attachment":[{"href":"https:\/\/worldofflowerpots.com\/aut\/wp-json\/wp\/v2\/media?parent=53958"}],"wp:term":[{"taxonomy":"product_brand","embeddable":true,"href":"https:\/\/worldofflowerpots.com\/aut\/wp-json\/wp\/v2\/product_brand?post=53958"},{"taxonomy":"product_cat","embeddable":true,"href":"https:\/\/worldofflowerpots.com\/aut\/wp-json\/wp\/v2\/product_cat?post=53958"},{"taxonomy":"product_tag","embeddable":true,"href":"https:\/\/worldofflowerpots.com\/aut\/wp-json\/wp\/v2\/product_tag?post=53958"}],"curies":[{"name":"wp","href":"https:\/\/api.w.org\/{rel}","templated":true}]}}