{"id":53960,"date":"2019-01-18T15:11:36","date_gmt":"2019-01-18T14:11:36","guid":{"rendered":"https:\/\/worldofflowerpots.com\/sklep\/pflanzgefase-innen-emilio-1\/"},"modified":"2019-04-15T14:13:28","modified_gmt":"2019-04-15T12:13:28","slug":"pflanzgefase-innen-emilio-1","status":"publish","type":"product","link":"https:\/\/worldofflowerpots.com\/aut\/sortiment\/pflanzgefase-innen-emilio-1\/","title":{"rendered":"Pflanzgef\u00e4\u00dfe innen Emilio 1"},"content":{"rendered":"<h2>Bei World Of Flowerpots finden Kunden f\u00fcr jeden Zweck und f\u00fcr jede Pflanze das passende Pflanzgef\u00e4\u00dfe innen<\/h2>\n<p>Mit dem Pflanzgef\u00e4\u00dfe innen bieten wir Privat- sowie Gesch\u00e4ftskunden ein optisch ansprechendes Pflanzbeh\u00e4ltnis f\u00fcr ihr Gesch\u00e4fts- oder Privatgrundst\u00fcck. Das in einem modernen und zeitlosen Design gehaltene Produkt ist aus Fiberglas gefertigt.Das zeichnet sich daher durch seine hohe Festigkeit und Witterungsbest\u00e4ndigkeit, aber zugleich auch durch sein geringes Eigengewicht aus.<\/p>\n<h2>Emilio 1 pflanzk\u00fcbel anthrazit als Raumteiler<\/h2>\n<p>Die Blumen kasten aus der Reihe Emilio sind besonders beliebt, weil sie vielseitig einsetzbar sind und gro\u00dfes Volumen mit geringem Eigengewicht kombinieren. Das liegt daran, dass sie aus Fiberglas gefertigt sind, einem leichten, aber festen und witterungsbest\u00e4ndigen Verbundmaterial. Durch eine H\u00f6he und Breite von jeweils 80 Zentimetern und eine Tiefe von 15 Zentimetern bietet der\u00a0 vor allem Pflanzen mit tiefen Wurzeln wie beispielsweise Gr\u00e4sern optimalen Halt. Des Weiteren l\u00e4sst er sich durch seine geringe Breite gut als Abtrennung verschiedener Bereich wie\u00a0 Grundst\u00fccken oder Balkonen nutzen. Aber auch einzeln stehend in R\u00e4umen oder Randbereichen von Grundst\u00fccken gibt \u201eEmilio 1\u201c immer eine gute Figur ab.<\/p>\n<h2>Der schlanke blumenk\u00fcbel Emilio 1<\/h2>\n<p>Bei einem Fassungsverm\u00f6gen von 160 Liter bringt er gerade einmal 17 Kilogramm Eigengewicht auf die Waage. Durch seine lange, schmale Form und relativ gro\u00dfe H\u00f6he eignet sich der Blumen kasten\u00a0 hervorragend f\u00fcr den Einsatz als Raumteiler oder als Sichtschutz von Terrassen. Er braucht kein Untergestell, sondern kann direkt auf den Boden platziert werden. Auch tief wurzelnde Pflanzen f\u00fchlen sich darin wohl und k\u00f6nnen sich gut verankern.<\/p>\n<p>F\u00fcr eine optimale Anpassung an Ihre bestehenden Objekte oder Geb\u00e4ude haben Sie die M\u00f6glichkeit, ab einer Bestellmenge von 4 Pflanzk\u00fcbeln die Farbe des Produktes nach ihren pers\u00f6nlichen W\u00fcnschen individuell auf unserer Website zu personalisieren.<\/p>\n","protected":false},"excerpt":{"rendered":"<p>Material : Fiberglas<br \/>\nFarben: RAL 9010,9016,7045,7012,7021,9005<br \/>\nAndere RAL Farben Mindestabnahme 5 St\u00fcck<br \/>\nUV-resistent Isoliert mit Styropor<br \/>\nGewicht :17kg<br \/>\nAbmessungen B250mm H800mm L900mm<br \/>\nWetterfest<br \/>\nFrostbest\u00e4ndig bei gew\u00e4hrleistetem Wasserablauf<\/p>\n","protected":false},"featured_media":59087,"template":"","meta":{"_acf_changed":false},"product_brand":[],"product_cat":[396],"product_tag":[],"class_list":{"0":"post-53960","1":"product","2":"type-product","3":"status-publish","4":"has-post-thumbnail","6":"product_cat-pflanzkubel-fiberglas","7":"description-off","8":"tm-has-options","10":"first","11":"instock","12":"shipping-taxable","13":"purchasable","14":"product-type-simple"},"acf":[],"yoast_head":"<!-- This site is optimized with the Yoast SEO plugin v27.5 - https:\/\/yoast.com\/product\/yoast-seo-wordpress\/ -->\n<title>Pflanzgef\u00e4\u00dfe innen hervorragend f\u00fcr den Einsatz als Raumteiler<\/title>\n<meta name=\"description\" content=\"Mit dem Pflanzgef\u00e4\u00dfe innen bieten wir Privat- sowie Gesch\u00e4ftskunden ein optisch ansprechendes Pflanzbeh\u00e4ltnis f\u00fcr ihr Gesch\u00e4fts- oder Privatgrundst\u00fcck.\" \/>\n<meta name=\"robots\" content=\"index, follow, max-snippet:-1, max-image-preview:large, max-video-preview:-1\" \/>\n<link rel=\"canonical\" href=\"https:\/\/worldofflowerpots.com\/sklep\/pflanzgefase-innen-emilio-1\/\" \/>\n<meta property=\"og:locale\" content=\"de_DE\" \/>\n<meta property=\"og:type\" content=\"article\" \/>\n<meta property=\"og:title\" content=\"Pflanzgef\u00e4\u00dfe innen hervorragend f\u00fcr den Einsatz als Raumteiler\" \/>\n<meta property=\"og:description\" content=\"Mit dem Pflanzgef\u00e4\u00dfe innen bieten wir Privat- sowie Gesch\u00e4ftskunden ein optisch ansprechendes Pflanzbeh\u00e4ltnis f\u00fcr ihr Gesch\u00e4fts- oder Privatgrundst\u00fcck.\" \/>\n<meta property=\"og:url\" content=\"https:\/\/worldofflowerpots.com\/sklep\/pflanzgefase-innen-emilio-1\/\" \/>\n<meta property=\"og:site_name\" content=\"World of Flowerpots\" \/>\n<meta property=\"article:modified_time\" content=\"2019-04-15T12:13:28+00:00\" \/>\n<meta property=\"og:image\" content=\"https:\/\/worldofflowerpots.com\/wp-content\/uploads\/2019\/01\/Pflanzgef\u00e4\u00dfe-innen-Emilio-1.jpg\" \/>\n\t<meta property=\"og:image:width\" content=\"1920\" \/>\n\t<meta property=\"og:image:height\" content=\"1080\" \/>\n\t<meta property=\"og:image:type\" content=\"image\/jpeg\" \/>\n<meta name=\"twitter:card\" content=\"summary_large_image\" \/>\n<meta name=\"twitter:label1\" content=\"Est. reading time\" \/>\n\t<meta name=\"twitter:data1\" content=\"2 minutes\" \/>\n<script type=\"application\/ld+json\" class=\"yoast-schema-graph\">{\"@context\":\"https:\\\/\\\/schema.org\",\"@graph\":[{\"@type\":\"WebPage\",\"@id\":\"https:\\\/\\\/worldofflowerpots.com\\\/sklep\\\/pflanzgefase-innen-emilio-1\\\/\",\"url\":\"https:\\\/\\\/worldofflowerpots.com\\\/sklep\\\/pflanzgefase-innen-emilio-1\\\/\",\"name\":\"Pflanzgef\u00e4\u00dfe innen hervorragend f\u00fcr den Einsatz als Raumteiler\",\"isPartOf\":{\"@id\":\"https:\\\/\\\/worldofflowerpots.com\\\/#website\"},\"primaryImageOfPage\":{\"@id\":\"https:\\\/\\\/worldofflowerpots.com\\\/sklep\\\/pflanzgefase-innen-emilio-1\\\/#primaryimage\"},\"image\":{\"@id\":\"https:\\\/\\\/worldofflowerpots.com\\\/sklep\\\/pflanzgefase-innen-emilio-1\\\/#primaryimage\"},\"thumbnailUrl\":\"https:\\\/\\\/worldofflowerpots.com\\\/wp-content\\\/uploads\\\/2019\\\/01\\\/Pflanzgef\u00e4\u00dfe-innen-Emilio-1.jpg\",\"datePublished\":\"2019-01-18T14:11:36+00:00\",\"dateModified\":\"2019-04-15T12:13:28+00:00\",\"description\":\"Mit dem Pflanzgef\u00e4\u00dfe innen bieten wir Privat- sowie Gesch\u00e4ftskunden ein optisch ansprechendes Pflanzbeh\u00e4ltnis f\u00fcr ihr Gesch\u00e4fts- oder Privatgrundst\u00fcck.\",\"breadcrumb\":{\"@id\":\"https:\\\/\\\/worldofflowerpots.com\\\/sklep\\\/pflanzgefase-innen-emilio-1\\\/#breadcrumb\"},\"inLanguage\":\"de-AUT\",\"potentialAction\":[{\"@type\":\"ReadAction\",\"target\":[\"https:\\\/\\\/worldofflowerpots.com\\\/sklep\\\/pflanzgefase-innen-emilio-1\\\/\"]}]},{\"@type\":\"ImageObject\",\"inLanguage\":\"de-AUT\",\"@id\":\"https:\\\/\\\/worldofflowerpots.com\\\/sklep\\\/pflanzgefase-innen-emilio-1\\\/#primaryimage\",\"url\":\"https:\\\/\\\/worldofflowerpots.com\\\/wp-content\\\/uploads\\\/2019\\\/01\\\/Pflanzgef\u00e4\u00dfe-innen-Emilio-1.jpg\",\"contentUrl\":\"https:\\\/\\\/worldofflowerpots.com\\\/wp-content\\\/uploads\\\/2019\\\/01\\\/Pflanzgef\u00e4\u00dfe-innen-Emilio-1.jpg\",\"width\":1920,\"height\":1080},{\"@type\":\"BreadcrumbList\",\"@id\":\"https:\\\/\\\/worldofflowerpots.com\\\/sklep\\\/pflanzgefase-innen-emilio-1\\\/#breadcrumb\",\"itemListElement\":[{\"@type\":\"ListItem\",\"position\":1,\"name\":\"Strona g\u0142\u00f3wna\",\"item\":\"https:\\\/\\\/worldofflowerpots.com\\\/home\\\/\"},{\"@type\":\"ListItem\",\"position\":2,\"name\":\"Shop\",\"item\":\"https:\\\/\\\/worldofflowerpots.com\\\/sortiment\\\/\"},{\"@type\":\"ListItem\",\"position\":3,\"name\":\"Pflanzgef\u00e4\u00dfe innen Emilio 1\"}]},{\"@type\":\"WebSite\",\"@id\":\"https:\\\/\\\/worldofflowerpots.com\\\/#website\",\"url\":\"https:\\\/\\\/worldofflowerpots.com\\\/\",\"name\":\"World of Flowerpots\",\"description\":\"producent donic ozdobnych\",\"potentialAction\":[{\"@type\":\"SearchAction\",\"target\":{\"@type\":\"EntryPoint\",\"urlTemplate\":\"https:\\\/\\\/worldofflowerpots.com\\\/?s={search_term_string}\"},\"query-input\":{\"@type\":\"PropertyValueSpecification\",\"valueRequired\":true,\"valueName\":\"search_term_string\"}}],\"inLanguage\":\"de-AUT\"}]}<\/script>\n<!-- \/ Yoast SEO plugin. -->","yoast_head_json":{"title":"Pflanzgef\u00e4\u00dfe innen hervorragend f\u00fcr den Einsatz als Raumteiler","description":"Mit dem Pflanzgef\u00e4\u00dfe innen bieten wir Privat- sowie Gesch\u00e4ftskunden ein optisch ansprechendes Pflanzbeh\u00e4ltnis f\u00fcr ihr Gesch\u00e4fts- oder Privatgrundst\u00fcck.","robots":{"index":"index","follow":"follow","max-snippet":"max-snippet:-1","max-image-preview":"max-image-preview:large","max-video-preview":"max-video-preview:-1"},"canonical":"https:\/\/worldofflowerpots.com\/sklep\/pflanzgefase-innen-emilio-1\/","og_locale":"de_DE","og_type":"article","og_title":"Pflanzgef\u00e4\u00dfe innen hervorragend f\u00fcr den Einsatz als Raumteiler","og_description":"Mit dem Pflanzgef\u00e4\u00dfe innen bieten wir Privat- sowie Gesch\u00e4ftskunden ein optisch ansprechendes Pflanzbeh\u00e4ltnis f\u00fcr ihr Gesch\u00e4fts- oder Privatgrundst\u00fcck.","og_url":"https:\/\/worldofflowerpots.com\/sklep\/pflanzgefase-innen-emilio-1\/","og_site_name":"World of Flowerpots","article_modified_time":"2019-04-15T12:13:28+00:00","og_image":[{"width":1920,"height":1080,"url":"https:\/\/worldofflowerpots.com\/wp-content\/uploads\/2019\/01\/Pflanzgef\u00e4\u00dfe-innen-Emilio-1.jpg","type":"image\/jpeg"}],"twitter_card":"summary_large_image","twitter_misc":{"Est. reading time":"2 minutes"},"schema":{"@context":"https:\/\/schema.org","@graph":[{"@type":"WebPage","@id":"https:\/\/worldofflowerpots.com\/sklep\/pflanzgefase-innen-emilio-1\/","url":"https:\/\/worldofflowerpots.com\/sklep\/pflanzgefase-innen-emilio-1\/","name":"Pflanzgef\u00e4\u00dfe innen hervorragend f\u00fcr den Einsatz als Raumteiler","isPartOf":{"@id":"https:\/\/worldofflowerpots.com\/#website"},"primaryImageOfPage":{"@id":"https:\/\/worldofflowerpots.com\/sklep\/pflanzgefase-innen-emilio-1\/#primaryimage"},"image":{"@id":"https:\/\/worldofflowerpots.com\/sklep\/pflanzgefase-innen-emilio-1\/#primaryimage"},"thumbnailUrl":"https:\/\/worldofflowerpots.com\/wp-content\/uploads\/2019\/01\/Pflanzgef\u00e4\u00dfe-innen-Emilio-1.jpg","datePublished":"2019-01-18T14:11:36+00:00","dateModified":"2019-04-15T12:13:28+00:00","description":"Mit dem Pflanzgef\u00e4\u00dfe innen bieten wir Privat- sowie Gesch\u00e4ftskunden ein optisch ansprechendes Pflanzbeh\u00e4ltnis f\u00fcr ihr Gesch\u00e4fts- oder Privatgrundst\u00fcck.","breadcrumb":{"@id":"https:\/\/worldofflowerpots.com\/sklep\/pflanzgefase-innen-emilio-1\/#breadcrumb"},"inLanguage":"de-AUT","potentialAction":[{"@type":"ReadAction","target":["https:\/\/worldofflowerpots.com\/sklep\/pflanzgefase-innen-emilio-1\/"]}]},{"@type":"ImageObject","inLanguage":"de-AUT","@id":"https:\/\/worldofflowerpots.com\/sklep\/pflanzgefase-innen-emilio-1\/#primaryimage","url":"https:\/\/worldofflowerpots.com\/wp-content\/uploads\/2019\/01\/Pflanzgef\u00e4\u00dfe-innen-Emilio-1.jpg","contentUrl":"https:\/\/worldofflowerpots.com\/wp-content\/uploads\/2019\/01\/Pflanzgef\u00e4\u00dfe-innen-Emilio-1.jpg","width":1920,"height":1080},{"@type":"BreadcrumbList","@id":"https:\/\/worldofflowerpots.com\/sklep\/pflanzgefase-innen-emilio-1\/#breadcrumb","itemListElement":[{"@type":"ListItem","position":1,"name":"Strona g\u0142\u00f3wna","item":"https:\/\/worldofflowerpots.com\/home\/"},{"@type":"ListItem","position":2,"name":"Shop","item":"https:\/\/worldofflowerpots.com\/sortiment\/"},{"@type":"ListItem","position":3,"name":"Pflanzgef\u00e4\u00dfe innen Emilio 1"}]},{"@type":"WebSite","@id":"https:\/\/worldofflowerpots.com\/#website","url":"https:\/\/worldofflowerpots.com\/","name":"World of Flowerpots","description":"producent donic ozdobnych","potentialAction":[{"@type":"SearchAction","target":{"@type":"EntryPoint","urlTemplate":"https:\/\/worldofflowerpots.com\/?s={search_term_string}"},"query-input":{"@type":"PropertyValueSpecification","valueRequired":true,"valueName":"search_term_string"}}],"inLanguage":"de-AUT"}]}},"_links":{"self":[{"href":"https:\/\/worldofflowerpots.com\/aut\/wp-json\/wp\/v2\/product\/53960","targetHints":{"allow":["GET"]}}],"collection":[{"href":"https:\/\/worldofflowerpots.com\/aut\/wp-json\/wp\/v2\/product"}],"about":[{"href":"https:\/\/worldofflowerpots.com\/aut\/wp-json\/wp\/v2\/types\/product"}],"wp:featuredmedia":[{"embeddable":true,"href":"https:\/\/worldofflowerpots.com\/aut\/wp-json\/wp\/v2\/media\/59087"}],"wp:attachment":[{"href":"https:\/\/worldofflowerpots.com\/aut\/wp-json\/wp\/v2\/media?parent=53960"}],"wp:term":[{"taxonomy":"product_brand","embeddable":true,"href":"https:\/\/worldofflowerpots.com\/aut\/wp-json\/wp\/v2\/product_brand?post=53960"},{"taxonomy":"product_cat","embeddable":true,"href":"https:\/\/worldofflowerpots.com\/aut\/wp-json\/wp\/v2\/product_cat?post=53960"},{"taxonomy":"product_tag","embeddable":true,"href":"https:\/\/worldofflowerpots.com\/aut\/wp-json\/wp\/v2\/product_tag?post=53960"}],"curies":[{"name":"wp","href":"https:\/\/api.w.org\/{rel}","templated":true}]}}