{"id":52351,"date":"2019-02-05T14:30:47","date_gmt":"2019-02-05T13:30:47","guid":{"rendered":"https:\/\/worldofflowerpots.com\/terrassen-blumenkubel\/"},"modified":"2019-04-17T21:15:25","modified_gmt":"2019-04-17T19:15:25","slug":"terrassen-blumenkubel","status":"publish","type":"page","link":"https:\/\/worldofflowerpots.com\/de\/terrassen-blumenkubel\/","title":{"rendered":"Terrassen Blumenk\u00fcbel"},"content":{"rendered":"<p>[vc_row bg_type=&#8220;image&#8220; parallax_style=&#8220;vcpb-default&#8220; bg_image_new=&#8220;id^50374|url^https:\/\/worldofflowerpots.com\/wp-content\/uploads\/2019\/01\/Donice-betonowe-z-polimerobetonu-na-balkonie.jpg|caption^null|alt^null|title^Donice-betonowe-z-polimerobetonu-na-balkonie|description^null&#8220; bg_image_repeat=&#8220;no-repeat&#8220; bg_override=&#8220;ex-full&#8220; enable_overlay=&#8220;enable_overlay_value&#8220; overlay_color=&#8220;rgba(0,0,0,0.2)&#8220; css=&#8220;.vc_custom_1549234539230{padding-top: 150px !important;padding-bottom: 150px !important;}&#8220;][vc_column offset=&#8220;vc_col-lg-offset-1 vc_col-lg-10 vc_col-md-offset-1 vc_col-md-10&#8243;]<div id=\"ultimate-heading-313269f35281938db\" class=\"uvc-heading ult-adjust-bottom-margin ultimate-heading-313269f35281938db uvc-9276 \" data-hspacer=\"no_spacer\"  data-halign=\"center\" style=\"text-align:center\"><div class=\"uvc-heading-spacer no_spacer\" style=\"top\"><\/div><div class=\"uvc-main-heading ult-responsive\"  data-ultimate-target='.uvc-heading.ultimate-heading-313269f35281938db h1'  data-responsive-json-new='{\"font-size\":\"desktop:34px;mobile:24px;\",\"line-height\":\"desktop:44px;mobile:34px;\"}' ><h1 style=\"font-family:&#039;Poppins&#039;;font-weight:300;color:#ffffff;margin-bottom:42px;\">Terrassen Blumenk\u00fcbel auch aus Beton<\/h1><\/div><div class=\"uvc-sub-heading ult-responsive\"  data-ultimate-target='.uvc-heading.ultimate-heading-313269f35281938db .uvc-sub-heading '  data-responsive-json-new='{\"font-size\":\"desktop:16px;\",\"line-height\":\"desktop:28px;\"}'  style=\"font-family:&#039;Open Sans&#039;;font-weight:normal;font-style:normal;color:#f4f4f4;\"><\/p>\n<div class=\"hidden-mob\">Pflanzk\u00fcbel f\u00fcr die Terrasse und den Au\u00dfenbereich aus Terrakotta oder Fiberglas sind besonders gut \u00a0geeignet. Durch die verwendeten Werkstoffe halten sie selbst ung\u00fcnstigen Witterungsbedingungen stand. Ob Hitze, Regen oder Schnee: Den robusten Pflanzk\u00fcbeln kann keine Wetterlage etwas anhaben.<\/div>\n<p><\/div><\/div>[\/vc_column][\/vc_row][vc_row css=&#8220;.vc_custom_1548698054848{border-bottom-width: 1px !important;padding-top: 40px !important;padding-bottom: 20px !important;border-bottom-color: #ededed !important;border-bottom-style: solid !important;}&#8220;][vc_column css=&#8220;.vc_custom_1548516273032{padding-bottom: 30px !important;}&#8220; offset=&#8220;vc_col-lg-offset-1 vc_col-lg-10 vc_col-md-offset-1 vc_col-md-10&#8243;]<div id=\"ultimate-heading-832969f352819393b\" class=\"uvc-heading ult-adjust-bottom-margin ultimate-heading-832969f352819393b uvc-796 \" data-hspacer=\"no_spacer\"  data-halign=\"center\" style=\"text-align:center\"><div class=\"uvc-heading-spacer no_spacer\" style=\"top\"><\/div><div class=\"uvc-main-heading ult-responsive\"  data-ultimate-target='.uvc-heading.ultimate-heading-832969f352819393b h2'  data-responsive-json-new='{\"font-size\":\"desktop:28px;mobile:20px;\",\"line-height\":\"desktop:38px;mobile:30px;\"}' ><h2 style=\"font-family:&#039;Poppins&#039;;font-weight:300;margin-bottom:42px;\">Pflanzk\u00fcbel f\u00fcr Terrasse: f\u00fcr jedes Gew\u00e4chs das passende Zuhause<\/h2><\/div><div class=\"uvc-sub-heading ult-responsive\"  data-ultimate-target='.uvc-heading.ultimate-heading-832969f352819393b .uvc-sub-heading '  data-responsive-json-new='{\"font-size\":\"desktop:16px;\",\"line-height\":\"desktop:28px;\"}'  style=\"font-family:&#039;Open Sans&#039;;font-weight:300;\">Da Blumenk\u00fcbel Terrasse in jeder beliebigen Form und Gr\u00f6\u00dfe erh\u00e4ltlich sind, eignen sie sich auch f\u00fcr jedes Gew\u00e4chs. Kleine Beh\u00e4lter sind ein ideales Zuhause f\u00fcr Kr\u00e4uter oder Palmen, in gro\u00dfen Exemplaren sind Pflanzen gut aufgehoben, die \u00fcber ein \u00fcppiges Wurzelwerk verf\u00fcgen. In jedem Fall verwandeln Pflanzk\u00fcbel die Terrasse in eine ansprechende Wohlf\u00fchloase.<\/div><\/div>[\/vc_column][vc_column css=&#8220;.vc_custom_1545305019274{padding-bottom: 30px !important;}&#8220;]<div class=\"woocommerce columns-4 \"><div class=\"wf-container dt-products  woo-hover products loading-effect-fade-in description-on-hover cart-btn-on-img wc-img-hover hide-description wc-grid\" data-padding=\"0px\" data-cur-page=\"1\" data-desktop-columns-num=\"4\" data-v-tablet-columns-num=\"2\" data-h-tablet-columns-num=\"3\" data-phone-columns-num=\"1\">\n\n<article class=\"post visible description-off tm-has-options product type-product post-52677 status-publish first instock product_cat-pflanzkuebel-beton has-post-thumbnail shipping-taxable purchasable product-type-simple\">\n\n\t<figure class=\"woocom-project\">\n\t<div class=\"woo-buttons-on-img\">\n\n\t\t<a href=\"https:\/\/worldofflowerpots.com\/de\/sortiment\/beton-blumentopf-rebecca\/\" class=\"alignnone layzr-bg\"><img loading=\"lazy\" decoding=\"async\" width=\"250\" height=\"188\" src=\"data:image\/svg+xml;charset=utf-8,%3Csvg xmlns%3D&#039;http%3A%2F%2Fwww.w3.org%2F2000%2Fsvg&#039; viewBox%3D&#039;0 0 250 188&#039;%2F%3E\" class=\"attachment-woocommerce_thumbnail size-woocommerce_thumbnail lazy-load preload-me\" alt=\"Beton Blumentopf Rebecca\" data-src=\"https:\/\/worldofflowerpots.com\/wp-content\/uploads\/2019\/01\/beton-blumentopf-Rebecca-250x188.jpg\" \/><img loading=\"lazy\" decoding=\"async\" width=\"250\" height=\"188\" src=\"data:image\/svg+xml;charset=utf-8,%3Csvg xmlns%3D&#039;http%3A%2F%2Fwww.w3.org%2F2000%2Fsvg&#039; viewBox%3D&#039;0 0 250 188&#039;%2F%3E\" class=\"show-on-hover back-image lazy-load preload-me\" alt=\"\" data-src=\"https:\/\/worldofflowerpots.com\/wp-content\/uploads\/2019\/01\/Donica-ogrodowa-betonowa-rebecca-biala-z-polimerobetonu-250x188.jpg\" \/><\/a>\t\t\n\n\t<\/div>\n\t<figcaption class=\"woocom-list-content\">\n\n\t\t<div class=\"woocommerce-product-details__short-description\">\n\t<p>Pflanzk\u00fcbel beton Rebecca<br \/>\nMaterial Beton (UHPC)<br \/>\nGewicht :75kg<br \/>\nAbmessungen: \u2300660mm, H665mm<br \/>\nFarben: Grau, Schwarz, Weiss<br \/>\nUV-resistent<br \/>\nRobust und Stabil<br \/>\nWetterfest<br \/>\nFrostbest\u00e4ndig bei gew\u00e4hrleistetem Wasserablauf<\/p>\n<\/div>\n\n\t<\/figcaption>\n<\/figure>\n<\/article>\n\n\n\n<article class=\"post visible description-off product type-product post-52170 status-publish instock product_cat-pflanzkuebel-fiberglas has-post-thumbnail shipping-taxable purchasable product-type-simple\">\n\n\t<figure class=\"woocom-project\">\n\t<div class=\"woo-buttons-on-img\">\n\n\t\t<a href=\"https:\/\/worldofflowerpots.com\/de\/sortiment\/blumenkubel-fiberglas-aussen-emilio-6\/\" class=\"alignnone layzr-bg\"><img loading=\"lazy\" decoding=\"async\" width=\"250\" height=\"188\" src=\"data:image\/svg+xml;charset=utf-8,%3Csvg xmlns%3D&#039;http%3A%2F%2Fwww.w3.org%2F2000%2Fsvg&#039; viewBox%3D&#039;0 0 250 188&#039;%2F%3E\" class=\"attachment-woocommerce_thumbnail size-woocommerce_thumbnail lazy-load preload-me\" alt=\"Blumenk\u00fcbel fiberglas aussen Emilio 6\" data-src=\"https:\/\/worldofflowerpots.com\/wp-content\/uploads\/2019\/01\/blumenk\u00fcbel-fiberglas-aussen-Emilio-6-250x188.jpg\" \/><\/a>\t\t\n\n\t<\/div>\n\t<figcaption class=\"woocom-list-content\">\n\n\t\t<div class=\"woocommerce-product-details__short-description\">\n\t<p>Material : Fiberglas<br \/>\nFarben: RAL 9010,9016,7045,7012,7021,9005<br \/>\nAndere RAL Farben Mindestabnahme 5 St\u00fcck<br \/>\nUV-resistent Isoliert mit Styropor<br \/>\nGewicht :27kg<br \/>\nAbmessungen B500mm H400mm L2300mm<br \/>\nWetterfest<br \/>\nFrostbest\u00e4ndig bei gew\u00e4hrleistetem Wasserablauf<\/p>\n<\/div>\n\n\t<\/figcaption>\n<\/figure>\n<\/article>\n\n\n\n<article class=\"post visible description-off product type-product post-52514 status-publish instock product_cat-pflanzkuebel-fiberglas has-post-thumbnail shipping-taxable purchasable product-type-simple\">\n\n\t<figure class=\"woocom-project\">\n\t<div class=\"woo-buttons-on-img\">\n\n\t\t<a href=\"https:\/\/worldofflowerpots.com\/de\/sortiment\/blumentopf-gross-marco-10\/\" class=\"alignnone layzr-bg\"><img loading=\"lazy\" decoding=\"async\" width=\"250\" height=\"188\" src=\"data:image\/svg+xml;charset=utf-8,%3Csvg xmlns%3D&#039;http%3A%2F%2Fwww.w3.org%2F2000%2Fsvg&#039; viewBox%3D&#039;0 0 250 188&#039;%2F%3E\" class=\"attachment-woocommerce_thumbnail size-woocommerce_thumbnail lazy-load preload-me\" alt=\"Blumentopf gross Marco 10\" data-src=\"https:\/\/worldofflowerpots.com\/wp-content\/uploads\/2019\/01\/Blumentopf-gross-Marco-10-250x188.jpg\" \/><\/a>\t\t\n\n\t<\/div>\n\t<figcaption class=\"woocom-list-content\">\n\n\t\t<div class=\"woocommerce-product-details__short-description\">\n\t<p>Material : Fiberglas<br \/>\nFarben: RAL 9010,9016,7045,7012,7021,9005<br \/>\nAndere RAL Farben Mindestabnahme 5 St\u00fcck<br \/>\nUV-resistent Isoliert mit Styropor<br \/>\nGewicht :36kg<br \/>\nAbmessungen B1200mm H800mm L1200mm<br \/>\nWetterfest<br \/>\nFrostbest\u00e4ndig bei gew\u00e4hrleistetem Wasserablauf<\/p>\n<\/div>\n\n\t<\/figcaption>\n<\/figure>\n<\/article>\n\n\n\n<article class=\"post visible description-off product type-product post-52428 status-publish last instock product_cat-pflanzkuebel-aluminium has-post-thumbnail shipping-taxable purchasable product-type-simple\">\n\n\t<figure class=\"woocom-project\">\n\t<div class=\"woo-buttons-on-img\">\n\n\t\t<a href=\"https:\/\/worldofflowerpots.com\/de\/sortiment\/grosse-pflanzkubel-edoardo-5\/\" class=\"alignnone layzr-bg\"><img loading=\"lazy\" decoding=\"async\" width=\"250\" height=\"188\" src=\"data:image\/svg+xml;charset=utf-8,%3Csvg xmlns%3D&#039;http%3A%2F%2Fwww.w3.org%2F2000%2Fsvg&#039; viewBox%3D&#039;0 0 250 188&#039;%2F%3E\" class=\"attachment-woocommerce_thumbnail size-woocommerce_thumbnail lazy-load preload-me\" alt=\"Grosse Pflanzk\u00fcbel Edoardo 5\" data-src=\"https:\/\/worldofflowerpots.com\/wp-content\/uploads\/2019\/01\/Grosse-pflanzk\u00fcbel-Edoard-5-250x188.jpg\" \/><\/a>\t\t\n\n\t<\/div>\n\t<figcaption class=\"woocom-list-content\">\n\n\t\t<div class=\"woocommerce-product-details__short-description\">\n\t<p>Material: 2 mm Aluminiumblech<br \/>\nFarbe: Pulverbeschichtung<br \/>\nStandard: RAL9016,7012,7021<br \/>\nAb 5 St\u00fcck jede Ral Farbe m\u00f6glich<br \/>\nGewicht : 50kg<br \/>\nAbmessungen B500mm H800mm L1500mm<br \/>\nUV-resistent, Wetterfest<br \/>\nFrostbest\u00e4ndig bei gew\u00e4hrleistetem Wasserablauf<\/p>\n<\/div>\n\n\t<\/figcaption>\n<\/figure>\n<\/article>\n\n\n\n<article class=\"post visible description-off product type-product post-52405 status-publish first instock product_cat-pflanzkuebel-aluminium has-post-thumbnail shipping-taxable purchasable product-type-simple\">\n\n\t<figure class=\"woocom-project\">\n\t<div class=\"woo-buttons-on-img\">\n\n\t\t<a href=\"https:\/\/worldofflowerpots.com\/de\/sortiment\/metall-blumenkubel-vittorio-1\/\" class=\"alignnone layzr-bg\"><img loading=\"lazy\" decoding=\"async\" width=\"250\" height=\"188\" src=\"data:image\/svg+xml;charset=utf-8,%3Csvg xmlns%3D&#039;http%3A%2F%2Fwww.w3.org%2F2000%2Fsvg&#039; viewBox%3D&#039;0 0 250 188&#039;%2F%3E\" class=\"attachment-woocommerce_thumbnail size-woocommerce_thumbnail lazy-load preload-me\" alt=\"Metall Blumenk\u00fcbel Vittorio 1\" data-src=\"https:\/\/worldofflowerpots.com\/wp-content\/uploads\/2019\/01\/Metall-blumenk\u00fcbel-Vittorio-1-250x188.jpg\" \/><\/a>\t\t\n\n\t<\/div>\n\t<figcaption class=\"woocom-list-content\">\n\n\t\t<div class=\"woocommerce-product-details__short-description\">\n\t<p>Material: 2 mm Aluminiumblech<br \/>\nFarbe: Pulverbeschichtung<br \/>\nStandard: RAL9016,7012,7021<br \/>\nAb 5 St\u00fcck jede Ral Farbe m\u00f6glich<br \/>\nGewicht : 13kg<br \/>\nAbmessungen B400mm H800mm L400mm<br \/>\nUV-resistent, Wetterfest<br \/>\nFrostbest\u00e4ndig bei gew\u00e4hrleistetem Wasserablauf<\/p>\n<\/div>\n\n\t<\/figcaption>\n<\/figure>\n<\/article>\n\n\n\n<article class=\"post visible description-off product type-product post-52402 status-publish instock product_cat-pflanzkuebel-aluminium has-post-thumbnail shipping-taxable purchasable product-type-simple\">\n\n\t<figure class=\"woocom-project\">\n\t<div class=\"woo-buttons-on-img\">\n\n\t\t<a href=\"https:\/\/worldofflowerpots.com\/de\/sortiment\/metall-blumentopf-vittorio-2\/\" class=\"alignnone layzr-bg\"><img loading=\"lazy\" decoding=\"async\" width=\"250\" height=\"188\" src=\"data:image\/svg+xml;charset=utf-8,%3Csvg xmlns%3D&#039;http%3A%2F%2Fwww.w3.org%2F2000%2Fsvg&#039; viewBox%3D&#039;0 0 250 188&#039;%2F%3E\" class=\"attachment-woocommerce_thumbnail size-woocommerce_thumbnail lazy-load preload-me\" alt=\"Metall blumentopf Vittorio 2\" data-src=\"https:\/\/worldofflowerpots.com\/wp-content\/uploads\/2019\/01\/metall-blumentopf-Vittorio-2-250x188.jpg\" \/><\/a>\t\t\n\n\t<\/div>\n\t<figcaption class=\"woocom-list-content\">\n\n\t\t<div class=\"woocommerce-product-details__short-description\">\n\t<p>Material: 2 mm Aluminiumblech<br \/>\nFarbe: Pulverbeschichtung<br \/>\nStandard: RAL9016,7012,7021<br \/>\nAb 5 St\u00fcck jede Ral Farbe m\u00f6glich<br \/>\nGewicht : 16kg<br \/>\nAbmessungen B400mm H1000mm L400mm<br \/>\nUV-resistent, Wetterfest<br \/>\nFrostbest\u00e4ndig bei gew\u00e4hrleistetem Wasserablauf<\/p>\n<\/div>\n\n\t<\/figcaption>\n<\/figure>\n<\/article>\n\n\n\n<article class=\"post visible description-off product type-product post-52431 status-publish instock product_cat-pflanzkuebel-aluminium has-post-thumbnail shipping-taxable purchasable product-type-simple\">\n\n\t<figure class=\"woocom-project\">\n\t<div class=\"woo-buttons-on-img\">\n\n\t\t<a href=\"https:\/\/worldofflowerpots.com\/de\/sortiment\/metall-pflanzkubel-edoardo-4\/\" class=\"alignnone layzr-bg\"><img loading=\"lazy\" decoding=\"async\" width=\"250\" height=\"188\" src=\"data:image\/svg+xml;charset=utf-8,%3Csvg xmlns%3D&#039;http%3A%2F%2Fwww.w3.org%2F2000%2Fsvg&#039; viewBox%3D&#039;0 0 250 188&#039;%2F%3E\" class=\"attachment-woocommerce_thumbnail size-woocommerce_thumbnail lazy-load preload-me\" alt=\"Metall Pflanzk\u00fcbel Edoardo 4\" data-src=\"https:\/\/worldofflowerpots.com\/wp-content\/uploads\/2019\/01\/Metall-Pflanzk\u00fcbel-Edoardo-4-250x188.jpg\" \/><\/a>\t\t\n\n\t<\/div>\n\t<figcaption class=\"woocom-list-content\">\n\n\t\t<div class=\"woocommerce-product-details__short-description\">\n\t<p>Material: 2 mm Aluminiumblech<br \/>\nFarbe: Pulverbeschichtung<br \/>\nStandard: RAL9016,7012,7021<br \/>\nAb 5 St\u00fcck jede Ral Farbe m\u00f6glich<br \/>\nGewicht : 37kg<br \/>\nAbmessungen B500mm H600mm L2000mm<br \/>\nUV-resistent, Wetterfest<br \/>\nFrostbest\u00e4ndig bei gew\u00e4hrleistetem Wasserablauf<\/p>\n<\/div>\n\n\t<\/figcaption>\n<\/figure>\n<\/article>\n\n\n\n<article class=\"post visible description-off product type-product post-52796 status-publish last instock product_cat-pflanzkuebel-cortenstahl has-post-thumbnail shipping-taxable purchasable product-type-simple\">\n\n\t<figure class=\"woocom-project\">\n\t<div class=\"woo-buttons-on-img\">\n\n\t\t<a href=\"https:\/\/worldofflowerpots.com\/de\/sortiment\/pflanzgefase-aus-cortenstahl-vaso-3\/\" class=\"alignnone layzr-bg\"><img loading=\"lazy\" decoding=\"async\" width=\"250\" height=\"188\" src=\"data:image\/svg+xml;charset=utf-8,%3Csvg xmlns%3D&#039;http%3A%2F%2Fwww.w3.org%2F2000%2Fsvg&#039; viewBox%3D&#039;0 0 250 188&#039;%2F%3E\" class=\"attachment-woocommerce_thumbnail size-woocommerce_thumbnail lazy-load preload-me\" alt=\"Pflanzgef\u00e4\u00dfe aus cortenstahl Vaso 3\" data-src=\"https:\/\/worldofflowerpots.com\/wp-content\/uploads\/2019\/01\/pflanzgef\u00e4\u00dfe-aus-cortenstahl-Vaso-3-250x188.jpg\" \/><\/a>\t\t\n\n\t<\/div>\n\t<figcaption class=\"woocom-list-content\">\n\n\t\t<div class=\"woocommerce-product-details__short-description\">\n\t<p>Material : 2 mm Cortenstahl<br \/>\nIsoliert mit Styropor<br \/>\nGewicht :60kg<br \/>\nAbmessungen \u2205950mm H1000mm<br \/>\nRobust und Stabil<br \/>\nWetterfest<br \/>\nFrostbest\u00e4ndig bei gew\u00e4hrleistetem Wasserablauf<\/p>\n<\/div>\n\n\t<\/figcaption>\n<\/figure>\n<\/article>\n\n\n\n<article class=\"post visible description-off product type-product post-52420 status-publish first instock product_cat-pflanzkuebel-aluminium has-post-thumbnail shipping-taxable purchasable product-type-simple\">\n\n\t<figure class=\"woocom-project\">\n\t<div class=\"woo-buttons-on-img\">\n\n\t\t<a href=\"https:\/\/worldofflowerpots.com\/de\/sortiment\/pflanzgefasse-metall-silvestro-2\/\" class=\"alignnone layzr-bg\"><img loading=\"lazy\" decoding=\"async\" width=\"250\" height=\"188\" src=\"data:image\/svg+xml;charset=utf-8,%3Csvg xmlns%3D&#039;http%3A%2F%2Fwww.w3.org%2F2000%2Fsvg&#039; viewBox%3D&#039;0 0 250 188&#039;%2F%3E\" class=\"attachment-woocommerce_thumbnail size-woocommerce_thumbnail lazy-load preload-me\" alt=\"Pflanzgef\u00e4sse Metall Silvestro 2\" data-src=\"https:\/\/worldofflowerpots.com\/wp-content\/uploads\/2019\/01\/Pflanzgef\u00e4sse-Metall-Silvestro-2-250x188.jpg\" \/><\/a>\t\t\n\n\t<\/div>\n\t<figcaption class=\"woocom-list-content\">\n\n\t\t<div class=\"woocommerce-product-details__short-description\">\n\t<p>Material: 2 mm Aluminiumblech<br \/>\nFarbe: Pulverbeschichtung<br \/>\nStandard: RAL9016,7012,7021<br \/>\nAb 5 St\u00fcck jede Ral Farbe m\u00f6glich<br \/>\nGewicht : 23kg<br \/>\nAbmessungen: \u2300800mm, H800mm<br \/>\nUV-resistent, Wetterfest<br \/>\nFrostbest\u00e4ndig bei gew\u00e4hrleistetem Wasserablauf<\/p>\n<\/div>\n\n\t<\/figcaption>\n<\/figure>\n<\/article>\n\n\n\n<article class=\"post visible description-off product type-product post-52452 status-publish instock product_cat-pflanzkuebel-aluminium has-post-thumbnail shipping-taxable purchasable product-type-simple\">\n\n\t<figure class=\"woocom-project\">\n\t<div class=\"woo-buttons-on-img\">\n\n\t\t<a href=\"https:\/\/worldofflowerpots.com\/de\/sortiment\/pflanzkubel-anthrazit-eckig-alessio-5\/\" class=\"alignnone layzr-bg\"><img loading=\"lazy\" decoding=\"async\" width=\"250\" height=\"188\" src=\"data:image\/svg+xml;charset=utf-8,%3Csvg xmlns%3D&#039;http%3A%2F%2Fwww.w3.org%2F2000%2Fsvg&#039; viewBox%3D&#039;0 0 250 188&#039;%2F%3E\" class=\"attachment-woocommerce_thumbnail size-woocommerce_thumbnail lazy-load preload-me\" alt=\"Pflanzk\u00fcbel anthrazit eckig Alessio 5\" data-src=\"https:\/\/worldofflowerpots.com\/wp-content\/uploads\/2019\/01\/pflanzk\u00fcbel-anthrazit-eckig-Alessio-5-250x188.jpg\" \/><\/a>\t\t\n\n\t<\/div>\n\t<figcaption class=\"woocom-list-content\">\n\n\t\t<div class=\"woocommerce-product-details__short-description\">\n\t<p>Material: 2 mm Aluminiumblech<br \/>\nFarbe: Pulverbeschichtung<br \/>\nStandard: RAL9016,7012,7021<br \/>\nAb 5 St\u00fcck jede Ral Farbe m\u00f6glich<br \/>\nGewicht : 34kg<br \/>\nAbmessungen B1000mm H800mm L1000mm<br \/>\nUV-resistent, Wetterfest<br \/>\nFrostbest\u00e4ndig bei gew\u00e4hrleistetem Wasserablauf<\/p>\n<\/div>\n\n\t<\/figcaption>\n<\/figure>\n<\/article>\n\n\n\n<article class=\"post visible description-off product type-product post-52399 status-publish instock product_cat-pflanzkuebel-aluminium has-post-thumbnail shipping-taxable purchasable product-type-simple\">\n\n\t<figure class=\"woocom-project\">\n\t<div class=\"woo-buttons-on-img\">\n\n\t\t<a href=\"https:\/\/worldofflowerpots.com\/de\/sortiment\/pflanzkubel-aus-metall-vittorio-3\/\" class=\"alignnone layzr-bg\"><img loading=\"lazy\" decoding=\"async\" width=\"250\" height=\"188\" src=\"data:image\/svg+xml;charset=utf-8,%3Csvg xmlns%3D&#039;http%3A%2F%2Fwww.w3.org%2F2000%2Fsvg&#039; viewBox%3D&#039;0 0 250 188&#039;%2F%3E\" class=\"attachment-woocommerce_thumbnail size-woocommerce_thumbnail lazy-load preload-me\" alt=\"Pflanzk\u00fcbel aus Metall Vittorio 3\" data-src=\"https:\/\/worldofflowerpots.com\/wp-content\/uploads\/2019\/01\/Pflanzk\u00fcbel-aus-Metall-Vittorio-3-250x188.jpg\" \/><\/a>\t\t\n\n\t<\/div>\n\t<figcaption class=\"woocom-list-content\">\n\n\t\t<div class=\"woocommerce-product-details__short-description\">\n\t<p>Material: 2 mm Aluminiumblech<br \/>\nFarbe: Pulverbeschichtung<br \/>\nStandard: RAL9016,7012,7021<br \/>\nAb 5 St\u00fcck jede Ral Farbe m\u00f6glich<br \/>\nGewicht : 20kg<br \/>\nAbmessungen B500mm H1000mm L500mm<br \/>\nUV-resistent, Wetterfest<br \/>\nFrostbest\u00e4ndig bei gew\u00e4hrleistetem Wasserablauf<\/p>\n<\/div>\n\n\t<\/figcaption>\n<\/figure>\n<\/article>\n\n\n\n<article class=\"post visible description-off product type-product post-52586 status-publish last instock product_cat-pflanzkuebel-beton has-post-thumbnail shipping-taxable purchasable product-type-simple\">\n\n\t<figure class=\"woocom-project\">\n\t<div class=\"woo-buttons-on-img\">\n\n\t\t<a href=\"https:\/\/worldofflowerpots.com\/de\/sortiment\/pflanzkubel-beton-anthrazit-cristina\/\" class=\"alignnone layzr-bg\"><img loading=\"lazy\" decoding=\"async\" width=\"250\" height=\"188\" src=\"data:image\/svg+xml;charset=utf-8,%3Csvg xmlns%3D&#039;http%3A%2F%2Fwww.w3.org%2F2000%2Fsvg&#039; viewBox%3D&#039;0 0 250 188&#039;%2F%3E\" class=\"attachment-woocommerce_thumbnail size-woocommerce_thumbnail lazy-load preload-me\" alt=\"Pflanzk\u00fcbel beton anthrazit Cristina\" data-src=\"https:\/\/worldofflowerpots.com\/wp-content\/uploads\/2019\/01\/Pflanzk\u00fcbel-beton-anthrazit-Cristina-250x188.jpg\" \/><img loading=\"lazy\" decoding=\"async\" width=\"250\" height=\"188\" src=\"data:image\/svg+xml;charset=utf-8,%3Csvg xmlns%3D&#039;http%3A%2F%2Fwww.w3.org%2F2000%2Fsvg&#039; viewBox%3D&#039;0 0 250 188&#039;%2F%3E\" class=\"show-on-hover back-image lazy-load preload-me\" alt=\"\" data-src=\"https:\/\/worldofflowerpots.com\/wp-content\/uploads\/2019\/01\/donice-ogrodowe-Cristina-bia\u0142y-250x188.jpg\" \/><\/a>\t\t\n\n\t<\/div>\n\t<figcaption class=\"woocom-list-content\">\n\n\t\t<div class=\"woocommerce-product-details__short-description\">\n\t<p>Pflanzk\u00fcbel beton Cristina<br \/>\nMaterial Beton (UHPC)<br \/>\nGewicht :80kg<br \/>\nAbmessungen B 500mm H500mm L500mm<br \/>\nFarben: Grau, Schwarz, Weiss<br \/>\nUV-resistent<br \/>\nRobust und Stabil<br \/>\nWetterfest<br \/>\nFrostbest\u00e4ndig bei gew\u00e4hrleistetem Wasserablauf<\/p>\n<\/div>\n\n\t<\/figcaption>\n<\/figure>\n<\/article>\n\n\n\n<article class=\"post visible description-off product type-product post-52463 status-publish first instock product_cat-pflanzkuebel-aluminium has-post-thumbnail shipping-taxable purchasable product-type-simple\">\n\n\t<figure class=\"woocom-project\">\n\t<div class=\"woo-buttons-on-img\">\n\n\t\t<a href=\"https:\/\/worldofflowerpots.com\/de\/sortiment\/pflanzkubel-eckig-anthrazit-alessio-2\/\" class=\"alignnone layzr-bg\"><img loading=\"lazy\" decoding=\"async\" width=\"250\" height=\"188\" src=\"data:image\/svg+xml;charset=utf-8,%3Csvg xmlns%3D&#039;http%3A%2F%2Fwww.w3.org%2F2000%2Fsvg&#039; viewBox%3D&#039;0 0 250 188&#039;%2F%3E\" class=\"attachment-woocommerce_thumbnail size-woocommerce_thumbnail lazy-load preload-me\" alt=\"Pflanzk\u00fcbel eckig anthrazit Alessio 2\" data-src=\"https:\/\/worldofflowerpots.com\/wp-content\/uploads\/2019\/01\/pflanzk\u00fcbel-eckig-anthrazit-Alessio-2-250x188.jpg\" \/><\/a>\t\t\n\n\t<\/div>\n\t<figcaption class=\"woocom-list-content\">\n\n\t\t<div class=\"woocommerce-product-details__short-description\">\n\t<p>Material: 2 mm Aluminiumblech<br \/>\nFarbe: Pulverbeschichtung<br \/>\nStandard: RAL9016,7012,7021<br \/>\nAb 5 St\u00fcck jede Ral Farbe m\u00f6glich<br \/>\nGewicht : 16kg<br \/>\nAbmessungen B600mm H600mm L600mm<br \/>\nUV-resistent, Wetterfest<br \/>\nFrostbest\u00e4ndig bei gew\u00e4hrleistetem Wasserablauf<\/p>\n<\/div>\n\n\t<\/figcaption>\n<\/figure>\n<\/article>\n\n\n\n<article class=\"post visible description-off product type-product post-52440 status-publish instock product_cat-pflanzkuebel-aluminium has-post-thumbnail shipping-taxable purchasable product-type-simple\">\n\n\t<figure class=\"woocom-project\">\n\t<div class=\"woo-buttons-on-img\">\n\n\t\t<a href=\"https:\/\/worldofflowerpots.com\/de\/sortiment\/pflanzkubel-frostsicher-anthrazit-edoardo-1\/\" class=\"alignnone layzr-bg\"><img loading=\"lazy\" decoding=\"async\" width=\"250\" height=\"188\" src=\"data:image\/svg+xml;charset=utf-8,%3Csvg xmlns%3D&#039;http%3A%2F%2Fwww.w3.org%2F2000%2Fsvg&#039; viewBox%3D&#039;0 0 250 188&#039;%2F%3E\" class=\"attachment-woocommerce_thumbnail size-woocommerce_thumbnail lazy-load preload-me\" alt=\"pflanzk\u00fcbel frostsicher anthrazit Edoardo 1\" data-src=\"https:\/\/worldofflowerpots.com\/wp-content\/uploads\/2019\/01\/pflanzk\u00fcbel-frostsicher-Edoardo-1-250x188.jpg\" \/><\/a>\t\t\n\n\t<\/div>\n\t<figcaption class=\"woocom-list-content\">\n\n\t\t<div class=\"woocommerce-product-details__short-description\">\n\t<p>Material: 2 mm Aluminiumblech<br \/>\nFarbe: Pulverbeschichtung<br \/>\nStandard: RAL9016,7012,7021<br \/>\nAb 5 St\u00fcck jede Ral Farbe m\u00f6glich<br \/>\nGewicht : 20kg<br \/>\nAbmessungen B300mm H800mm L900mm<br \/>\nUV-resistent, Wetterfest<br \/>\nFrostbest\u00e4ndig bei gew\u00e4hrleistetem Wasserablauf<\/p>\n<\/div>\n\n\t<\/figcaption>\n<\/figure>\n<\/article>\n\n\n\n<article class=\"post visible description-off product type-product post-52434 status-publish instock product_cat-pflanzkuebel-aluminium has-post-thumbnail shipping-taxable purchasable product-type-simple\">\n\n\t<figure class=\"woocom-project\">\n\t<div class=\"woo-buttons-on-img\">\n\n\t\t<a href=\"https:\/\/worldofflowerpots.com\/de\/sortiment\/pflanzkubel-metall-edoardo-3\/\" class=\"alignnone layzr-bg\"><img loading=\"lazy\" decoding=\"async\" width=\"250\" height=\"188\" src=\"data:image\/svg+xml;charset=utf-8,%3Csvg xmlns%3D&#039;http%3A%2F%2Fwww.w3.org%2F2000%2Fsvg&#039; viewBox%3D&#039;0 0 250 188&#039;%2F%3E\" class=\"attachment-woocommerce_thumbnail size-woocommerce_thumbnail lazy-load preload-me\" alt=\"Pflanzk\u00fcbel metall Edoardo 3\" data-src=\"https:\/\/worldofflowerpots.com\/wp-content\/uploads\/2019\/01\/pflanzk\u00fcbel-metall-Edoardo-3-250x188.jpg\" \/><\/a>\t\t\n\n\t<\/div>\n\t<figcaption class=\"woocom-list-content\">\n\n\t\t<div class=\"woocommerce-product-details__short-description\">\n\t<p>Material: 2 mm Aluminiumblech<br \/>\nFarbe: Pulverbeschichtung<br \/>\nStandard: RAL9016,7012,7021<br \/>\nAb 5 St\u00fcck jede Ral Farbe m\u00f6glich<br \/>\nGewicht : 29kg<br \/>\nAbmessungen B500mm H600mm L1500mm<br \/>\nUV-resistent, Wetterfest<br \/>\nFrostbest\u00e4ndig bei gew\u00e4hrleistetem Wasserablauf<\/p>\n<\/div>\n\n\t<\/figcaption>\n<\/figure>\n<\/article>\n\n\n\n<article class=\"post visible description-off product type-product post-52466 status-publish last instock product_cat-pflanzkuebel-aluminium has-post-thumbnail shipping-taxable purchasable product-type-simple\">\n\n\t<figure class=\"woocom-project\">\n\t<div class=\"woo-buttons-on-img\">\n\n\t\t<a href=\"https:\/\/worldofflowerpots.com\/de\/sortiment\/pflanzkubel-quadratisch-50x50-alessio-1\/\" class=\"alignnone layzr-bg\"><img loading=\"lazy\" decoding=\"async\" width=\"250\" height=\"188\" src=\"data:image\/svg+xml;charset=utf-8,%3Csvg xmlns%3D&#039;http%3A%2F%2Fwww.w3.org%2F2000%2Fsvg&#039; viewBox%3D&#039;0 0 250 188&#039;%2F%3E\" class=\"attachment-woocommerce_thumbnail size-woocommerce_thumbnail lazy-load preload-me\" alt=\"Pflanzk\u00fcbel quadratisch 50\u00d750 Alessio 1\" data-src=\"https:\/\/worldofflowerpots.com\/wp-content\/uploads\/2019\/01\/Pflanzk\u00fcbel-quadratisch-50x50-Alessio-1-250x188.jpg\" \/><\/a>\t\t\n\n\t<\/div>\n\t<figcaption class=\"woocom-list-content\">\n\n\t\t<div class=\"woocommerce-product-details__short-description\">\n\t<p>Material: 2 mm Aluminiumblech<br \/>\nFarbe: Pulverbeschichtung<br \/>\nStandard: RAL9016,7012,7021<br \/>\nAb 5 St\u00fcck jede Ral Farbe m\u00f6glich<br \/>\nGewicht : 12kg<br \/>\nAbmessungen B500mm H500mm L500mm<br \/>\nUV-resistent, Wetterfest<br \/>\nFrostbest\u00e4ndig bei gew\u00e4hrleistetem Wasserablauf<\/p>\n<\/div>\n\n\t<\/figcaption>\n<\/figure>\n<\/article>\n\n\n\n<article class=\"post visible description-off product type-product post-52553 status-publish first instock product_cat-pflanzkuebel-beton has-post-thumbnail shipping-taxable purchasable product-type-simple\">\n\n\t<figure class=\"woocom-project\">\n\t<div class=\"woo-buttons-on-img\">\n\n\t\t<a href=\"https:\/\/worldofflowerpots.com\/de\/sortiment\/pflanzkubel-rund-beton-la-piccola\/\" class=\"alignnone layzr-bg\"><img loading=\"lazy\" decoding=\"async\" width=\"250\" height=\"188\" src=\"data:image\/svg+xml;charset=utf-8,%3Csvg xmlns%3D&#039;http%3A%2F%2Fwww.w3.org%2F2000%2Fsvg&#039; viewBox%3D&#039;0 0 250 188&#039;%2F%3E\" class=\"attachment-woocommerce_thumbnail size-woocommerce_thumbnail lazy-load preload-me\" alt=\"Pflanzk\u00fcbel rund beton Model La Piccola\" data-src=\"https:\/\/worldofflowerpots.com\/wp-content\/uploads\/2019\/01\/Pflanzk\u00fcbel-rund-beton-La-Piccola-250x188.jpg\" \/><\/a>\t\t\n\n\t<\/div>\n\t<figcaption class=\"woocom-list-content\">\n\n\t\t<div class=\"woocommerce-product-details__short-description\">\n\t<p>Gewicht :68kg<br \/>\nAbmessungen \u00a0H580mm \u2205580mm<br \/>\nFarben: Grau, Schwarz, Weiss<br \/>\nUV-resistent<br \/>\nRobust und Stabil<br \/>\nWetterfest<br \/>\n<strong>Frostbest\u00e4ndig bei gew\u00e4hrleistetem Wasserablauf<\/strong><\/p>\n<\/div>\n\n\t<\/figcaption>\n<\/figure>\n<\/article>\n\n\n\n<article class=\"post visible description-off product type-product post-52808 status-publish instock product_cat-pflanzkuebel-cortenstahl has-post-thumbnail shipping-taxable purchasable product-type-simple\">\n\n\t<figure class=\"woocom-project\">\n\t<div class=\"woo-buttons-on-img\">\n\n\t\t<a href=\"https:\/\/worldofflowerpots.com\/de\/sortiment\/pflanztrog-cortenstahl-vaso-7\/\" class=\"alignnone layzr-bg\"><img loading=\"lazy\" decoding=\"async\" width=\"250\" height=\"188\" src=\"data:image\/svg+xml;charset=utf-8,%3Csvg xmlns%3D&#039;http%3A%2F%2Fwww.w3.org%2F2000%2Fsvg&#039; viewBox%3D&#039;0 0 250 188&#039;%2F%3E\" class=\"attachment-woocommerce_thumbnail size-woocommerce_thumbnail lazy-load preload-me\" alt=\"pflanztrog cortenstahl Vaso 7\" data-src=\"https:\/\/worldofflowerpots.com\/wp-content\/uploads\/2019\/01\/pflanztrog-cortenstahl-Vaso-7-250x188.jpg\" \/><\/a>\t\t\n\n\t<\/div>\n\t<figcaption class=\"woocom-list-content\">\n\n\t\t<div class=\"woocommerce-product-details__short-description\">\n\t<p>Material : 2 mm Cortenstahl<br \/>\nIsoliert mit Styropor<br \/>\nGewicht :45kg<br \/>\nAbmessungen \u2205850mm H950mm<br \/>\nRobust und Stabil<br \/>\nWetterfest<br \/>\nFrostbest\u00e4ndig bei gew\u00e4hrleistetem Wasserablauf<\/p>\n<\/div>\n\n\t<\/figcaption>\n<\/figure>\n<\/article>\n\n\n\n<article class=\"post visible description-off product type-product post-52411 status-publish instock product_cat-pflanzkuebel-aluminium has-post-thumbnail shipping-taxable purchasable product-type-simple\">\n\n\t<figure class=\"woocom-project\">\n\t<div class=\"woo-buttons-on-img\">\n\n\t\t<a href=\"https:\/\/worldofflowerpots.com\/de\/sortiment\/pflanztrog-metall-tiziano-2\/\" class=\"alignnone layzr-bg\"><img loading=\"lazy\" decoding=\"async\" width=\"250\" height=\"188\" src=\"data:image\/svg+xml;charset=utf-8,%3Csvg xmlns%3D&#039;http%3A%2F%2Fwww.w3.org%2F2000%2Fsvg&#039; viewBox%3D&#039;0 0 250 188&#039;%2F%3E\" class=\"attachment-woocommerce_thumbnail size-woocommerce_thumbnail lazy-load preload-me\" alt=\"Pflanztrog Metall Tiziano 2\" data-src=\"https:\/\/worldofflowerpots.com\/wp-content\/uploads\/2019\/01\/pflanztrog-metall-Tiziano-2-250x188.jpg\" \/><\/a>\t\t\n\n\t<\/div>\n\t<figcaption class=\"woocom-list-content\">\n\n\t\t<div class=\"woocommerce-product-details__short-description\">\n\t<p>Material: 2 mm Aluminiumblech<br \/>\nFarbe: Pulverbeschichtung<br \/>\nStandard: RAL9016,7012,7021<br \/>\nAb 5 St\u00fcck jede Ral Farbe m\u00f6glich<br \/>\nGewicht : 24kg<br \/>\nAbmessungen \u2205800mm H800mm<br \/>\nUV-resistent, Wetterfest<br \/>\nFrostbest\u00e4ndig bei gew\u00e4hrleistetem Wasserablauf<\/p>\n<\/div>\n\n\t<\/figcaption>\n<\/figure>\n<\/article>\n\n\n\n<article class=\"post visible description-off product type-product post-52417 status-publish last instock product_cat-pflanzkuebel-aluminium has-post-thumbnail shipping-taxable purchasable product-type-simple\">\n\n\t<figure class=\"woocom-project\">\n\t<div class=\"woo-buttons-on-img\">\n\n\t\t<a href=\"https:\/\/worldofflowerpots.com\/de\/sortiment\/pflanztroge-metall-silvestro-3\/\" class=\"alignnone layzr-bg\"><img loading=\"lazy\" decoding=\"async\" width=\"250\" height=\"188\" src=\"data:image\/svg+xml;charset=utf-8,%3Csvg xmlns%3D&#039;http%3A%2F%2Fwww.w3.org%2F2000%2Fsvg&#039; viewBox%3D&#039;0 0 250 188&#039;%2F%3E\" class=\"attachment-woocommerce_thumbnail size-woocommerce_thumbnail lazy-load preload-me\" alt=\"Pflanztr\u00f6ge metall Silvestro 3\" data-src=\"https:\/\/worldofflowerpots.com\/wp-content\/uploads\/2019\/01\/Pflanztr\u00f6ge-metall-Silvestro-3-250x188.jpg\" \/><\/a>\t\t\n\n\t<\/div>\n\t<figcaption class=\"woocom-list-content\">\n\n\t\t<div class=\"woocommerce-product-details__short-description\">\n\t<p>Material: 2 mm Aluminiumblech<br \/>\nFarbe: Pulverbeschichtung<br \/>\nStandard: RAL9016,7012,7021<br \/>\nAb 5 St\u00fcck jede Ral Farbe m\u00f6glich<br \/>\nGewicht : 36kg<br \/>\nAbmessungen: \u23001000mm, H1000mm<br \/>\nUV-resistent, Wetterfest<br \/>\nFrostbest\u00e4ndig bei gew\u00e4hrleistetem Wasserablauf<\/p>\n<\/div>\n\n\t<\/figcaption>\n<\/figure>\n<\/article>\n\n\n\n<article class=\"post visible description-off product type-product post-52449 status-publish first instock product_cat-pflanzkuebel-aluminium has-post-thumbnail shipping-taxable purchasable product-type-simple\">\n\n\t<figure class=\"woocom-project\">\n\t<div class=\"woo-buttons-on-img\">\n\n\t\t<a href=\"https:\/\/worldofflowerpots.com\/de\/sortiment\/wetterfeste-pflanzkubel-alessio-6\/\" class=\"alignnone layzr-bg\"><img loading=\"lazy\" decoding=\"async\" width=\"250\" height=\"188\" src=\"data:image\/svg+xml;charset=utf-8,%3Csvg xmlns%3D&#039;http%3A%2F%2Fwww.w3.org%2F2000%2Fsvg&#039; viewBox%3D&#039;0 0 250 188&#039;%2F%3E\" class=\"attachment-woocommerce_thumbnail size-woocommerce_thumbnail lazy-load preload-me\" alt=\"Wetterfeste pflanzk\u00fcbel Alessio 6\" data-src=\"https:\/\/worldofflowerpots.com\/wp-content\/uploads\/2019\/01\/wetterfeste-pflanzk\u00fcbel-Alessio-6-250x188.jpg\" \/><\/a>\t\t\n\n\t<\/div>\n\t<figcaption class=\"woocom-list-content\">\n\n\t\t<div class=\"woocommerce-product-details__short-description\">\n\t<p>Material: 2 mm Aluminiumblech<br \/>\nFarbe: Pulverbeschichtung<br \/>\nStandard: RAL9016,7012,7021<br \/>\nAb 5 St\u00fcck jede Ral Farbe m\u00f6glich<br \/>\nGewicht : 45kg<br \/>\nAbmessungen B1000mm H1000mm L1000mm<br \/>\nUV-resistent, Wetterfest<br \/>\nFrostbest\u00e4ndig bei gew\u00e4hrleistetem Wasserablauf<\/p>\n<\/div>\n\n\t<\/figcaption>\n<\/figure>\n<\/article>\n\n<\/div><\/div>[\/vc_column][\/vc_row]<\/p>\n","protected":false},"excerpt":{"rendered":"<p>[vc_row bg_type=&#8220;image&#8220; parallax_style=&#8220;vcpb-default&#8220; bg_image_new=&#8220;id^50374|url^https:\/\/worldofflowerpots.com\/wp-content\/uploads\/2019\/01\/Donice-betonowe-z-polimerobetonu-na-balkonie.jpg|caption^null|alt^null|title^Donice-betonowe-z-polimerobetonu-na-balkonie|description^null&#8220; bg_image_repeat=&#8220;no-repeat&#8220; bg_override=&#8220;ex-full&#8220; enable_overlay=&#8220;enable_overlay_value&#8220; overlay_color=&#8220;rgba(0,0,0,0.2)&#8220; css=&#8220;.vc_custom_1549234539230{padding-top: 150px !important;padding-bottom: 150px !important;}&#8220;][vc_column offset=&#8220;vc_col-lg-offset-1 vc_col-lg-10 vc_col-md-offset-1 vc_col-md-10&#8243;][\/vc_column][\/vc_row][vc_row css=&#8220;.vc_custom_1548698054848{border-bottom-width: 1px !important;padding-top: 40px !important;padding-bottom: 20px !important;border-bottom-color: #ededed !important;border-bottom-style: solid !important;}&#8220;][vc_column css=&#8220;.vc_custom_1548516273032{padding-bottom: 30px !important;}&#8220; offset=&#8220;vc_col-lg-offset-1 vc_col-lg-10 vc_col-md-offset-1 vc_col-md-10&#8243;][\/vc_column][vc_column css=&#8220;.vc_custom_1545305019274{padding-bottom: 30px !important;}&#8220;][\/vc_column][\/vc_row]<\/p>\n","protected":false},"author":1,"featured_media":0,"parent":0,"menu_order":0,"comment_status":"closed","ping_status":"closed","template":"","meta":{"_acf_changed":false},"class_list":["post-52351","page","type-page","status-publish","hentry","description-off"],"acf":[],"yoast_head":"<!-- This site is optimized with the Yoast SEO plugin v27.5 - https:\/\/yoast.com\/product\/yoast-seo-wordpress\/ -->\n<title>Terrassen Blumenk\u00fcbel | Blumenk\u00fcbel World of Flowerpots<\/title>\n<meta name=\"description\" content=\"Pflanzk\u00fcbel f\u00fcr die Terrasse und den Au\u00dfenbereich in jeder beliebigen Form und Gr\u00f6\u00dfe erh\u00e4ltlich. Schwer oder leicht aus Beton oder Aluminium.\" \/>\n<meta name=\"robots\" content=\"index, follow, max-snippet:-1, max-image-preview:large, max-video-preview:-1\" \/>\n<link rel=\"canonical\" href=\"https:\/\/worldofflowerpots.com\/terrassen-blumenkubel\/\" \/>\n<meta property=\"og:locale\" content=\"de_DE\" \/>\n<meta property=\"og:type\" content=\"article\" \/>\n<meta property=\"og:title\" content=\"Terrassen Blumenk\u00fcbel | Blumenk\u00fcbel World of Flowerpots\" \/>\n<meta property=\"og:description\" content=\"Pflanzk\u00fcbel f\u00fcr die Terrasse und den Au\u00dfenbereich in jeder beliebigen Form und Gr\u00f6\u00dfe erh\u00e4ltlich. Schwer oder leicht aus Beton oder Aluminium.\" \/>\n<meta property=\"og:url\" content=\"https:\/\/worldofflowerpots.com\/terrassen-blumenkubel\/\" \/>\n<meta property=\"og:site_name\" content=\"Blumenk\u00fcbel World of Flowerpots\" \/>\n<meta property=\"article:modified_time\" content=\"2019-04-17T19:15:25+00:00\" \/>\n<meta name=\"twitter:card\" content=\"summary_large_image\" \/>\n<meta name=\"twitter:label1\" content=\"Gesch\u00e4tzte Lesezeit\" \/>\n\t<meta name=\"twitter:data1\" content=\"2\u00a0Minuten\" \/>\n<script type=\"application\/ld+json\" class=\"yoast-schema-graph\">{\"@context\":\"https:\\\/\\\/schema.org\",\"@graph\":[{\"@type\":\"WebPage\",\"@id\":\"https:\\\/\\\/worldofflowerpots.com\\\/terrassen-blumenkubel\\\/\",\"url\":\"https:\\\/\\\/worldofflowerpots.com\\\/terrassen-blumenkubel\\\/\",\"name\":\"Terrassen Blumenk\u00fcbel | Blumenk\u00fcbel World of Flowerpots\",\"isPartOf\":{\"@id\":\"https:\\\/\\\/worldofflowerpots.com\\\/#website\"},\"datePublished\":\"2019-02-05T13:30:47+00:00\",\"dateModified\":\"2019-04-17T19:15:25+00:00\",\"description\":\"Pflanzk\u00fcbel f\u00fcr die Terrasse und den Au\u00dfenbereich in jeder beliebigen Form und Gr\u00f6\u00dfe erh\u00e4ltlich. Schwer oder leicht aus Beton oder Aluminium.\",\"breadcrumb\":{\"@id\":\"https:\\\/\\\/worldofflowerpots.com\\\/terrassen-blumenkubel\\\/#breadcrumb\"},\"inLanguage\":\"de\",\"potentialAction\":[{\"@type\":\"ReadAction\",\"target\":[\"https:\\\/\\\/worldofflowerpots.com\\\/terrassen-blumenkubel\\\/\"]}]},{\"@type\":\"BreadcrumbList\",\"@id\":\"https:\\\/\\\/worldofflowerpots.com\\\/terrassen-blumenkubel\\\/#breadcrumb\",\"itemListElement\":[{\"@type\":\"ListItem\",\"position\":1,\"name\":\"Strona g\u0142\u00f3wna\",\"item\":\"https:\\\/\\\/worldofflowerpots.com\\\/blumenkuebel-grosse-auswahl\\\/\"},{\"@type\":\"ListItem\",\"position\":2,\"name\":\"Terrassen Blumenk\u00fcbel\"}]},{\"@type\":\"WebSite\",\"@id\":\"https:\\\/\\\/worldofflowerpots.com\\\/#website\",\"url\":\"https:\\\/\\\/worldofflowerpots.com\\\/\",\"name\":\"Blumenk\u00fcbel World of Flowerpots\",\"description\":\"Pflanzk\u00fcbel beton, blumentr\u00f6ge, blumenk\u00fcbel gro\u00df, cortenstahl, fiberglas\",\"potentialAction\":[{\"@type\":\"SearchAction\",\"target\":{\"@type\":\"EntryPoint\",\"urlTemplate\":\"https:\\\/\\\/worldofflowerpots.com\\\/?s={search_term_string}\"},\"query-input\":{\"@type\":\"PropertyValueSpecification\",\"valueRequired\":true,\"valueName\":\"search_term_string\"}}],\"inLanguage\":\"de\"}]}<\/script>\n<!-- \/ Yoast SEO plugin. -->","yoast_head_json":{"title":"Terrassen Blumenk\u00fcbel | Blumenk\u00fcbel World of Flowerpots","description":"Pflanzk\u00fcbel f\u00fcr die Terrasse und den Au\u00dfenbereich in jeder beliebigen Form und Gr\u00f6\u00dfe erh\u00e4ltlich. Schwer oder leicht aus Beton oder Aluminium.","robots":{"index":"index","follow":"follow","max-snippet":"max-snippet:-1","max-image-preview":"max-image-preview:large","max-video-preview":"max-video-preview:-1"},"canonical":"https:\/\/worldofflowerpots.com\/terrassen-blumenkubel\/","og_locale":"de_DE","og_type":"article","og_title":"Terrassen Blumenk\u00fcbel | Blumenk\u00fcbel World of Flowerpots","og_description":"Pflanzk\u00fcbel f\u00fcr die Terrasse und den Au\u00dfenbereich in jeder beliebigen Form und Gr\u00f6\u00dfe erh\u00e4ltlich. Schwer oder leicht aus Beton oder Aluminium.","og_url":"https:\/\/worldofflowerpots.com\/terrassen-blumenkubel\/","og_site_name":"Blumenk\u00fcbel World of Flowerpots","article_modified_time":"2019-04-17T19:15:25+00:00","twitter_card":"summary_large_image","twitter_misc":{"Gesch\u00e4tzte Lesezeit":"2\u00a0Minuten"},"schema":{"@context":"https:\/\/schema.org","@graph":[{"@type":"WebPage","@id":"https:\/\/worldofflowerpots.com\/terrassen-blumenkubel\/","url":"https:\/\/worldofflowerpots.com\/terrassen-blumenkubel\/","name":"Terrassen Blumenk\u00fcbel | Blumenk\u00fcbel World of Flowerpots","isPartOf":{"@id":"https:\/\/worldofflowerpots.com\/#website"},"datePublished":"2019-02-05T13:30:47+00:00","dateModified":"2019-04-17T19:15:25+00:00","description":"Pflanzk\u00fcbel f\u00fcr die Terrasse und den Au\u00dfenbereich in jeder beliebigen Form und Gr\u00f6\u00dfe erh\u00e4ltlich. Schwer oder leicht aus Beton oder Aluminium.","breadcrumb":{"@id":"https:\/\/worldofflowerpots.com\/terrassen-blumenkubel\/#breadcrumb"},"inLanguage":"de","potentialAction":[{"@type":"ReadAction","target":["https:\/\/worldofflowerpots.com\/terrassen-blumenkubel\/"]}]},{"@type":"BreadcrumbList","@id":"https:\/\/worldofflowerpots.com\/terrassen-blumenkubel\/#breadcrumb","itemListElement":[{"@type":"ListItem","position":1,"name":"Strona g\u0142\u00f3wna","item":"https:\/\/worldofflowerpots.com\/blumenkuebel-grosse-auswahl\/"},{"@type":"ListItem","position":2,"name":"Terrassen Blumenk\u00fcbel"}]},{"@type":"WebSite","@id":"https:\/\/worldofflowerpots.com\/#website","url":"https:\/\/worldofflowerpots.com\/","name":"Blumenk\u00fcbel World of Flowerpots","description":"Pflanzk\u00fcbel beton, blumentr\u00f6ge, blumenk\u00fcbel gro\u00df, cortenstahl, fiberglas","potentialAction":[{"@type":"SearchAction","target":{"@type":"EntryPoint","urlTemplate":"https:\/\/worldofflowerpots.com\/?s={search_term_string}"},"query-input":{"@type":"PropertyValueSpecification","valueRequired":true,"valueName":"search_term_string"}}],"inLanguage":"de"}]}},"_links":{"self":[{"href":"https:\/\/worldofflowerpots.com\/de\/wp-json\/wp\/v2\/pages\/52351","targetHints":{"allow":["GET"]}}],"collection":[{"href":"https:\/\/worldofflowerpots.com\/de\/wp-json\/wp\/v2\/pages"}],"about":[{"href":"https:\/\/worldofflowerpots.com\/de\/wp-json\/wp\/v2\/types\/page"}],"author":[{"embeddable":true,"href":"https:\/\/worldofflowerpots.com\/de\/wp-json\/wp\/v2\/users\/1"}],"replies":[{"embeddable":true,"href":"https:\/\/worldofflowerpots.com\/de\/wp-json\/wp\/v2\/comments?post=52351"}],"version-history":[{"count":6,"href":"https:\/\/worldofflowerpots.com\/de\/wp-json\/wp\/v2\/pages\/52351\/revisions"}],"predecessor-version":[{"id":59673,"href":"https:\/\/worldofflowerpots.com\/de\/wp-json\/wp\/v2\/pages\/52351\/revisions\/59673"}],"wp:attachment":[{"href":"https:\/\/worldofflowerpots.com\/de\/wp-json\/wp\/v2\/media?parent=52351"}],"curies":[{"name":"wp","href":"https:\/\/api.w.org\/{rel}","templated":true}]}}