{"id":52478,"date":"2019-01-18T15:11:36","date_gmt":"2019-01-18T14:11:36","guid":{"rendered":"https:\/\/worldofflowerpots.com\/sklep\/unkategorisiert\/blumenkubel-aus-fiberglas-emilio-2\/"},"modified":"2019-04-15T14:15:35","modified_gmt":"2019-04-15T12:15:35","slug":"blumenkubel-aus-fiberglas-emilio-2","status":"publish","type":"product","link":"https:\/\/worldofflowerpots.com\/de\/sortiment\/blumenkubel-aus-fiberglas-emilio-2\/","title":{"rendered":"Blumenk\u00fcbel aus Fiberglas Emilio 2"},"content":{"rendered":"<h2>Eleganter und vielf\u00e4ltig einsetzbarer Blumenk\u00fcbel \u201eEmilio 2\u201d<\/h2>\n<p>Der Blumenk\u00fcbel aus fiberglas \u201eEmilio 2\u201d von World of Flowerpots besticht mit seiner schlichten Eleganz und klarer Formsch\u00f6nheit. Der quaderf\u00f6rmige Korpus besteht aus hochwertigen Fiberglas, was das Pflanzengef\u00e4\u00df \u201eEmilio 2\u201d zu einem perfekten Element der Au\u00dfenraumgestaltung macht. Eine hohe Witterungsbest\u00e4ndigkeit und eine gro\u00dfz\u00fcgige Pflanzfl\u00e4che sind die praktischen Eigenschaften von \u201eEmilio 2\u201d, die jede Au\u00dfenlage bereichern. Durch seine geringe H\u00f6he entfalten hohe Gr\u00e4ser und rankende Gew\u00e4chse eine besonders sch\u00f6ne und attraktive Wirkungskraft.<\/p>\n<h2>Qualitativ hochwertige Verarbeitung und intelligente Konstruktion<\/h2>\n<p>Der Blumenk\u00fcbel aus fiberglas \u201eEmilio 2\u201d erm\u00f6glicht mit einer Breite von 1000 cm und einer Tiefe von 40 cm einen gro\u00dfen Gestaltungspielraum. Er ist 40 cm hoch, was ein angenehmes Pflanzen erm\u00f6glicht. \u201eEmilio 2\u201d hat ein Gewicht von 13 Kilogramm und garantiert eine hervorragende Standsicherheit. Mit einem Fassungsvolumen von 140 Litern wird den Pflanzen gen\u00fcgend Raum f\u00fcr ihre Wurzelentwicklung erm\u00f6glicht. Die sichere Innenverschalung garantiert einen ausgeglichen Wasserhaushalt von \u201eEmilio 2\u201d und erm\u00f6glicht ein hervorragendes Pflanzenwachstum.<\/p>\n<h2>Individuelle und stilvolle Gestaltungsm\u00f6glichkeiten<\/h2>\n<p>Durch seine schlichte Form eignet sich Blumen kasten \u201eEmilio 2\u201d zur stilvollen Gestaltung unterschiedlichster Ambiente. Besonders als Raumteiler oder zur Begrenzung von Terassenseiten eignet sich \u201eEmilio 2\u201d. Bei einer Bestellung von mehr als 4 Pflanzengef\u00e4\u00dfen dieser Art kann die Farbe der Au\u00dfenoberfl\u00e4che individuell gestaltet werden.<\/p>\n","protected":false},"excerpt":{"rendered":"<p>Material : Fiberglas<br \/>\nFarben: RAL 9010,9016,7045,7012,7021,9005<br \/>\nAndere RAL Farben Mindestabnahme 5 St\u00fcck<br \/>\nUV-resistent Isoliert mit Styropor<br \/>\nGewicht :13kg<br \/>\nAbmessungen B400mm H400mm L10000mm<br \/>\nWetterfest<br \/>\nFrostbest\u00e4ndig bei gew\u00e4hrleistetem Wasserablauf<\/p>\n","protected":false},"featured_media":59096,"template":"","meta":{"_acf_changed":false},"product_brand":[],"product_cat":[268],"product_tag":[],"class_list":{"0":"post-52478","1":"product","2":"type-product","3":"status-publish","4":"has-post-thumbnail","6":"product_cat-pflanzkuebel-fiberglas","7":"description-off","8":"tm-has-options","10":"first","11":"instock","12":"shipping-taxable","13":"purchasable","14":"product-type-simple"},"acf":[],"yoast_head":"<!-- This site is optimized with the Yoast SEO plugin v27.5 - https:\/\/yoast.com\/product\/yoast-seo-wordpress\/ -->\n<title>Blumenk\u00fcbel aus fiberglas mit seiner schlichten Eleganz und klarer Form<\/title>\n<meta name=\"description\" content=\"Eleganter und vielf\u00e4ltig einsetzbarer Blumenk\u00fcbel aus fiberglas. Besonders als Raumteiler oder zur Begrenzung von Terassenseiten eignet sich unsere Emilio 2\" \/>\n<meta name=\"robots\" content=\"index, follow, max-snippet:-1, max-image-preview:large, max-video-preview:-1\" \/>\n<link rel=\"canonical\" href=\"https:\/\/worldofflowerpots.com\/sklep\/blumenkubel-aus-fiberglas-emilio-2\/\" \/>\n<meta property=\"og:locale\" content=\"de_DE\" \/>\n<meta property=\"og:type\" content=\"article\" \/>\n<meta property=\"og:title\" content=\"Blumenk\u00fcbel aus fiberglas mit seiner schlichten Eleganz und klarer Form\" \/>\n<meta property=\"og:description\" content=\"Eleganter und vielf\u00e4ltig einsetzbarer Blumenk\u00fcbel aus fiberglas. Besonders als Raumteiler oder zur Begrenzung von Terassenseiten eignet sich unsere Emilio 2\" \/>\n<meta property=\"og:url\" content=\"https:\/\/worldofflowerpots.com\/sklep\/blumenkubel-aus-fiberglas-emilio-2\/\" \/>\n<meta property=\"og:site_name\" content=\"Blumenk\u00fcbel World of Flowerpots\" \/>\n<meta property=\"article:modified_time\" content=\"2019-04-15T12:15:35+00:00\" \/>\n<meta property=\"og:image\" content=\"https:\/\/worldofflowerpots.com\/wp-content\/uploads\/2019\/01\/blumenk\u00fcbel-aus-fiberglas-Emilio-2.jpg\" \/>\n\t<meta property=\"og:image:width\" content=\"1920\" \/>\n\t<meta property=\"og:image:height\" content=\"1080\" \/>\n\t<meta property=\"og:image:type\" content=\"image\/jpeg\" \/>\n<meta name=\"twitter:card\" content=\"summary_large_image\" \/>\n<meta name=\"twitter:label1\" content=\"Gesch\u00e4tzte Lesezeit\" \/>\n\t<meta name=\"twitter:data1\" content=\"1\u00a0Minute\" \/>\n<script type=\"application\/ld+json\" class=\"yoast-schema-graph\">{\"@context\":\"https:\\\/\\\/schema.org\",\"@graph\":[{\"@type\":\"WebPage\",\"@id\":\"https:\\\/\\\/worldofflowerpots.com\\\/sklep\\\/blumenkubel-aus-fiberglas-emilio-2\\\/\",\"url\":\"https:\\\/\\\/worldofflowerpots.com\\\/sklep\\\/blumenkubel-aus-fiberglas-emilio-2\\\/\",\"name\":\"Blumenk\u00fcbel aus fiberglas mit seiner schlichten Eleganz und klarer Form\",\"isPartOf\":{\"@id\":\"https:\\\/\\\/worldofflowerpots.com\\\/#website\"},\"primaryImageOfPage\":{\"@id\":\"https:\\\/\\\/worldofflowerpots.com\\\/sklep\\\/blumenkubel-aus-fiberglas-emilio-2\\\/#primaryimage\"},\"image\":{\"@id\":\"https:\\\/\\\/worldofflowerpots.com\\\/sklep\\\/blumenkubel-aus-fiberglas-emilio-2\\\/#primaryimage\"},\"thumbnailUrl\":\"https:\\\/\\\/worldofflowerpots.com\\\/wp-content\\\/uploads\\\/2019\\\/01\\\/blumenk\u00fcbel-aus-fiberglas-Emilio-2.jpg\",\"datePublished\":\"2019-01-18T14:11:36+00:00\",\"dateModified\":\"2019-04-15T12:15:35+00:00\",\"description\":\"Eleganter und vielf\u00e4ltig einsetzbarer Blumenk\u00fcbel aus fiberglas. Besonders als Raumteiler oder zur Begrenzung von Terassenseiten eignet sich unsere Emilio 2\",\"breadcrumb\":{\"@id\":\"https:\\\/\\\/worldofflowerpots.com\\\/sklep\\\/blumenkubel-aus-fiberglas-emilio-2\\\/#breadcrumb\"},\"inLanguage\":\"de\",\"potentialAction\":[{\"@type\":\"ReadAction\",\"target\":[\"https:\\\/\\\/worldofflowerpots.com\\\/sklep\\\/blumenkubel-aus-fiberglas-emilio-2\\\/\"]}]},{\"@type\":\"ImageObject\",\"inLanguage\":\"de\",\"@id\":\"https:\\\/\\\/worldofflowerpots.com\\\/sklep\\\/blumenkubel-aus-fiberglas-emilio-2\\\/#primaryimage\",\"url\":\"https:\\\/\\\/worldofflowerpots.com\\\/wp-content\\\/uploads\\\/2019\\\/01\\\/blumenk\u00fcbel-aus-fiberglas-Emilio-2.jpg\",\"contentUrl\":\"https:\\\/\\\/worldofflowerpots.com\\\/wp-content\\\/uploads\\\/2019\\\/01\\\/blumenk\u00fcbel-aus-fiberglas-Emilio-2.jpg\",\"width\":1920,\"height\":1080},{\"@type\":\"BreadcrumbList\",\"@id\":\"https:\\\/\\\/worldofflowerpots.com\\\/sklep\\\/blumenkubel-aus-fiberglas-emilio-2\\\/#breadcrumb\",\"itemListElement\":[{\"@type\":\"ListItem\",\"position\":1,\"name\":\"Strona g\u0142\u00f3wna\",\"item\":\"https:\\\/\\\/worldofflowerpots.com\\\/blumenkuebel-grosse-auswahl\\\/\"},{\"@type\":\"ListItem\",\"position\":2,\"name\":\"Shop\",\"item\":\"https:\\\/\\\/worldofflowerpots.com\\\/sortiment\\\/\"},{\"@type\":\"ListItem\",\"position\":3,\"name\":\"Blumenk\u00fcbel aus Fiberglas Emilio 2\"}]},{\"@type\":\"WebSite\",\"@id\":\"https:\\\/\\\/worldofflowerpots.com\\\/#website\",\"url\":\"https:\\\/\\\/worldofflowerpots.com\\\/\",\"name\":\"Blumenk\u00fcbel World of Flowerpots\",\"description\":\"Pflanzk\u00fcbel beton, blumentr\u00f6ge, blumenk\u00fcbel gro\u00df, cortenstahl, fiberglas\",\"potentialAction\":[{\"@type\":\"SearchAction\",\"target\":{\"@type\":\"EntryPoint\",\"urlTemplate\":\"https:\\\/\\\/worldofflowerpots.com\\\/?s={search_term_string}\"},\"query-input\":{\"@type\":\"PropertyValueSpecification\",\"valueRequired\":true,\"valueName\":\"search_term_string\"}}],\"inLanguage\":\"de\"}]}<\/script>\n<!-- \/ Yoast SEO plugin. -->","yoast_head_json":{"title":"Blumenk\u00fcbel aus fiberglas mit seiner schlichten Eleganz und klarer Form","description":"Eleganter und vielf\u00e4ltig einsetzbarer Blumenk\u00fcbel aus fiberglas. Besonders als Raumteiler oder zur Begrenzung von Terassenseiten eignet sich unsere Emilio 2","robots":{"index":"index","follow":"follow","max-snippet":"max-snippet:-1","max-image-preview":"max-image-preview:large","max-video-preview":"max-video-preview:-1"},"canonical":"https:\/\/worldofflowerpots.com\/sklep\/blumenkubel-aus-fiberglas-emilio-2\/","og_locale":"de_DE","og_type":"article","og_title":"Blumenk\u00fcbel aus fiberglas mit seiner schlichten Eleganz und klarer Form","og_description":"Eleganter und vielf\u00e4ltig einsetzbarer Blumenk\u00fcbel aus fiberglas. Besonders als Raumteiler oder zur Begrenzung von Terassenseiten eignet sich unsere Emilio 2","og_url":"https:\/\/worldofflowerpots.com\/sklep\/blumenkubel-aus-fiberglas-emilio-2\/","og_site_name":"Blumenk\u00fcbel World of Flowerpots","article_modified_time":"2019-04-15T12:15:35+00:00","og_image":[{"width":1920,"height":1080,"url":"https:\/\/worldofflowerpots.com\/wp-content\/uploads\/2019\/01\/blumenk\u00fcbel-aus-fiberglas-Emilio-2.jpg","type":"image\/jpeg"}],"twitter_card":"summary_large_image","twitter_misc":{"Gesch\u00e4tzte Lesezeit":"1\u00a0Minute"},"schema":{"@context":"https:\/\/schema.org","@graph":[{"@type":"WebPage","@id":"https:\/\/worldofflowerpots.com\/sklep\/blumenkubel-aus-fiberglas-emilio-2\/","url":"https:\/\/worldofflowerpots.com\/sklep\/blumenkubel-aus-fiberglas-emilio-2\/","name":"Blumenk\u00fcbel aus fiberglas mit seiner schlichten Eleganz und klarer Form","isPartOf":{"@id":"https:\/\/worldofflowerpots.com\/#website"},"primaryImageOfPage":{"@id":"https:\/\/worldofflowerpots.com\/sklep\/blumenkubel-aus-fiberglas-emilio-2\/#primaryimage"},"image":{"@id":"https:\/\/worldofflowerpots.com\/sklep\/blumenkubel-aus-fiberglas-emilio-2\/#primaryimage"},"thumbnailUrl":"https:\/\/worldofflowerpots.com\/wp-content\/uploads\/2019\/01\/blumenk\u00fcbel-aus-fiberglas-Emilio-2.jpg","datePublished":"2019-01-18T14:11:36+00:00","dateModified":"2019-04-15T12:15:35+00:00","description":"Eleganter und vielf\u00e4ltig einsetzbarer Blumenk\u00fcbel aus fiberglas. Besonders als Raumteiler oder zur Begrenzung von Terassenseiten eignet sich unsere Emilio 2","breadcrumb":{"@id":"https:\/\/worldofflowerpots.com\/sklep\/blumenkubel-aus-fiberglas-emilio-2\/#breadcrumb"},"inLanguage":"de","potentialAction":[{"@type":"ReadAction","target":["https:\/\/worldofflowerpots.com\/sklep\/blumenkubel-aus-fiberglas-emilio-2\/"]}]},{"@type":"ImageObject","inLanguage":"de","@id":"https:\/\/worldofflowerpots.com\/sklep\/blumenkubel-aus-fiberglas-emilio-2\/#primaryimage","url":"https:\/\/worldofflowerpots.com\/wp-content\/uploads\/2019\/01\/blumenk\u00fcbel-aus-fiberglas-Emilio-2.jpg","contentUrl":"https:\/\/worldofflowerpots.com\/wp-content\/uploads\/2019\/01\/blumenk\u00fcbel-aus-fiberglas-Emilio-2.jpg","width":1920,"height":1080},{"@type":"BreadcrumbList","@id":"https:\/\/worldofflowerpots.com\/sklep\/blumenkubel-aus-fiberglas-emilio-2\/#breadcrumb","itemListElement":[{"@type":"ListItem","position":1,"name":"Strona g\u0142\u00f3wna","item":"https:\/\/worldofflowerpots.com\/blumenkuebel-grosse-auswahl\/"},{"@type":"ListItem","position":2,"name":"Shop","item":"https:\/\/worldofflowerpots.com\/sortiment\/"},{"@type":"ListItem","position":3,"name":"Blumenk\u00fcbel aus Fiberglas Emilio 2"}]},{"@type":"WebSite","@id":"https:\/\/worldofflowerpots.com\/#website","url":"https:\/\/worldofflowerpots.com\/","name":"Blumenk\u00fcbel World of Flowerpots","description":"Pflanzk\u00fcbel beton, blumentr\u00f6ge, blumenk\u00fcbel gro\u00df, cortenstahl, fiberglas","potentialAction":[{"@type":"SearchAction","target":{"@type":"EntryPoint","urlTemplate":"https:\/\/worldofflowerpots.com\/?s={search_term_string}"},"query-input":{"@type":"PropertyValueSpecification","valueRequired":true,"valueName":"search_term_string"}}],"inLanguage":"de"}]}},"_links":{"self":[{"href":"https:\/\/worldofflowerpots.com\/de\/wp-json\/wp\/v2\/product\/52478","targetHints":{"allow":["GET"]}}],"collection":[{"href":"https:\/\/worldofflowerpots.com\/de\/wp-json\/wp\/v2\/product"}],"about":[{"href":"https:\/\/worldofflowerpots.com\/de\/wp-json\/wp\/v2\/types\/product"}],"wp:featuredmedia":[{"embeddable":true,"href":"https:\/\/worldofflowerpots.com\/de\/wp-json\/wp\/v2\/media\/59096"}],"wp:attachment":[{"href":"https:\/\/worldofflowerpots.com\/de\/wp-json\/wp\/v2\/media?parent=52478"}],"wp:term":[{"taxonomy":"product_brand","embeddable":true,"href":"https:\/\/worldofflowerpots.com\/de\/wp-json\/wp\/v2\/product_brand?post=52478"},{"taxonomy":"product_cat","embeddable":true,"href":"https:\/\/worldofflowerpots.com\/de\/wp-json\/wp\/v2\/product_cat?post=52478"},{"taxonomy":"product_tag","embeddable":true,"href":"https:\/\/worldofflowerpots.com\/de\/wp-json\/wp\/v2\/product_tag?post=52478"}],"curies":[{"name":"wp","href":"https:\/\/api.w.org\/{rel}","templated":true}]}}