{"id":52484,"date":"2019-01-18T15:11:35","date_gmt":"2019-01-18T14:11:35","guid":{"rendered":"https:\/\/worldofflowerpots.com\/sklep\/unkategorisiert\/blumenkubel-fur-terrasse-carlo-5\/"},"modified":"2019-04-15T14:17:48","modified_gmt":"2019-04-15T12:17:48","slug":"blumenkubel-fur-terrasse-carlo-5","status":"publish","type":"product","link":"https:\/\/worldofflowerpots.com\/de\/sortiment\/blumenkubel-fur-terrasse-carlo-5\/","title":{"rendered":"Blumenk\u00fcbel f\u00fcr terrasse Carlo 5"},"content":{"rendered":"<h2>Der Blumenk\u00fcbel f\u00fcr terrasse ist der gr\u00f6\u00dfte aus der Carlo-Reihe des Sortiments<\/h2>\n<p>Wie die anderen Blumenk\u00fcbel f\u00fcr terrasse in dieser Reihe besteht der K\u00fcbel aus Fiberglas, einem Material mit hervorragenden mechanischen Eigenschaften, die es ideal f\u00fcr Pflanzgef\u00e4\u00dfe geeignet machen. Der trendige Pflanzk\u00fcbel Fiberglas Modell Carlo 5 geh\u00f6rt zur beliebten modernen K\u00fcbelserie Carlo. Alle Pflanzk\u00fcbel Fiberglas dieser Serie begeistern mit glatten und strukturierten Oberfl\u00e4chen in vielen Farben.<\/p>\n<h2>Weniger Gewicht viel Volumen<\/h2>\n<p>Dank der Tiefe der K\u00fcbel sind alle Modelle f\u00fcr Pflanzen geeignet, die ein weit verzweigtes Wurzelwerk w\u00e4hrend ihres Wachstums entwickeln. Auch Carlo 5 bietet mit einem Volumen ausreichend Platz f\u00fcr anspruchsvolle Wurzeln. Zusammen mit dem geringen Eigengewicht erh\u00e4lt dieser Pflanzk\u00fcbel Fiberglas im Garten, auf der Terrasse und auf dem Dachgarten die perfekte Standsicherheit. Das Modell Carlo 5 ist in leerem Zustand ein Leichtgewicht und kann ohne fremde Hilfe an jeden Platz in Haus und Garten verschoben werden. Der vielseitige K\u00fcbel sieht auch in Kombination mit anderen Gef\u00e4\u00dfen der Serie Carlo optisch ansprechend aus. Das hochwertige Material Fiberglas ist witterungsbest\u00e4ndig, so dass weder Wind und Wetter noch hohe Temperaturschwankungen die exklusive Optik des leicht zu pflegenden K\u00fcbels ver\u00e4ndern.<\/p>\n<h2>Der Pflanzk\u00fcbel Carlo 5 hat einen quadratischen Querschnitt<\/h2>\n<p>Dabei ist der Blumenk\u00fcbel f\u00fcr terrasse 100 Zentimeter hoch. Das macht ihn gut geeignet f\u00fcr Pflanzen, die tiefe Wurzeln ausbilden. In dem Pflanzk\u00fcbel haben die Gew\u00e4chse viel Platz, um ein gutes Wurzelsystem zu bilden, da der Pflanzk\u00fcbel Carlo 5 ein Fassungsverm\u00f6gen von 230 Liter hat. Trotz dieses gro\u00dfen Volumens betr\u00e4gt sein Eigengewicht gerade einmal 19 Kilogramm. Der Pflanzk\u00fcbel Carlo 5 ist in verschiedenen Farben erh\u00e4ltlich, die von Wei\u00df \u00fcber Gr\u00fcn oder Rot bis Anthrazit reichen. Ab einer Bestellmenge von 4 St\u00fcck kann die Farbe individuell gestaltet werden.<\/p>\n","protected":false},"excerpt":{"rendered":"<p>Material : Fiberglas<br \/>\nFarben: RAL 9010,9016,7045,7012,7021,9005<br \/>\nAndere RAL Farben Mindestabnahme 5 St\u00fcck<br \/>\nUV-resistent Isoliert mit Styropor<br \/>\nGewicht :19kg<br \/>\nAbmessungen B500mm H1000mm L500mm<br \/>\nWetterfest<br \/>\nFrostbest\u00e4ndig bei gew\u00e4hrleistetem Wasserablauf<\/p>\n","protected":false},"featured_media":59106,"template":"","meta":{"_acf_changed":false},"product_brand":[],"product_cat":[268],"product_tag":[],"class_list":{"0":"post-52484","1":"product","2":"type-product","3":"status-publish","4":"has-post-thumbnail","6":"product_cat-pflanzkuebel-fiberglas","7":"description-off","8":"tm-has-options","10":"first","11":"instock","12":"shipping-taxable","13":"purchasable","14":"product-type-simple"},"acf":[],"yoast_head":"<!-- This site is optimized with the Yoast SEO plugin v27.5 - https:\/\/yoast.com\/product\/yoast-seo-wordpress\/ -->\n<title>Blumenk\u00fcbel f\u00fcr terrasse besteht aus Fiberglas ist witterungsbest\u00e4ndig<\/title>\n<meta name=\"description\" content=\"Der vielseitige Blumenk\u00fcbel f\u00fcr terrasse sieht auch in Kombination mit anderen Gef\u00e4\u00dfen der Serie Carlo optisch ansprechend aus.\" \/>\n<meta name=\"robots\" content=\"index, follow, max-snippet:-1, max-image-preview:large, max-video-preview:-1\" \/>\n<link rel=\"canonical\" href=\"https:\/\/worldofflowerpots.com\/sklep\/blumenkubel-fur-terrasse-carlo-5\/\" \/>\n<meta property=\"og:locale\" content=\"de_DE\" \/>\n<meta property=\"og:type\" content=\"article\" \/>\n<meta property=\"og:title\" content=\"Blumenk\u00fcbel f\u00fcr terrasse besteht aus Fiberglas ist witterungsbest\u00e4ndig\" \/>\n<meta property=\"og:description\" content=\"Der vielseitige Blumenk\u00fcbel f\u00fcr terrasse sieht auch in Kombination mit anderen Gef\u00e4\u00dfen der Serie Carlo optisch ansprechend aus.\" \/>\n<meta property=\"og:url\" content=\"https:\/\/worldofflowerpots.com\/sklep\/blumenkubel-fur-terrasse-carlo-5\/\" \/>\n<meta property=\"og:site_name\" content=\"Blumenk\u00fcbel World of Flowerpots\" \/>\n<meta property=\"article:modified_time\" content=\"2019-04-15T12:17:48+00:00\" \/>\n<meta property=\"og:image\" content=\"https:\/\/worldofflowerpots.com\/wp-content\/uploads\/2019\/01\/blumenk\u00fcbel-f\u00fcr-terrasse-Carlo-5.jpg\" \/>\n\t<meta property=\"og:image:width\" content=\"1920\" \/>\n\t<meta property=\"og:image:height\" content=\"1080\" \/>\n\t<meta property=\"og:image:type\" content=\"image\/jpeg\" \/>\n<meta name=\"twitter:card\" content=\"summary_large_image\" \/>\n<meta name=\"twitter:label1\" content=\"Gesch\u00e4tzte Lesezeit\" \/>\n\t<meta name=\"twitter:data1\" content=\"2\u00a0Minuten\" \/>\n<script type=\"application\/ld+json\" class=\"yoast-schema-graph\">{\"@context\":\"https:\\\/\\\/schema.org\",\"@graph\":[{\"@type\":\"WebPage\",\"@id\":\"https:\\\/\\\/worldofflowerpots.com\\\/sklep\\\/blumenkubel-fur-terrasse-carlo-5\\\/\",\"url\":\"https:\\\/\\\/worldofflowerpots.com\\\/sklep\\\/blumenkubel-fur-terrasse-carlo-5\\\/\",\"name\":\"Blumenk\u00fcbel f\u00fcr terrasse besteht aus Fiberglas ist witterungsbest\u00e4ndig\",\"isPartOf\":{\"@id\":\"https:\\\/\\\/worldofflowerpots.com\\\/#website\"},\"primaryImageOfPage\":{\"@id\":\"https:\\\/\\\/worldofflowerpots.com\\\/sklep\\\/blumenkubel-fur-terrasse-carlo-5\\\/#primaryimage\"},\"image\":{\"@id\":\"https:\\\/\\\/worldofflowerpots.com\\\/sklep\\\/blumenkubel-fur-terrasse-carlo-5\\\/#primaryimage\"},\"thumbnailUrl\":\"https:\\\/\\\/worldofflowerpots.com\\\/wp-content\\\/uploads\\\/2019\\\/01\\\/blumenk\u00fcbel-f\u00fcr-terrasse-Carlo-5.jpg\",\"datePublished\":\"2019-01-18T14:11:35+00:00\",\"dateModified\":\"2019-04-15T12:17:48+00:00\",\"description\":\"Der vielseitige Blumenk\u00fcbel f\u00fcr terrasse sieht auch in Kombination mit anderen Gef\u00e4\u00dfen der Serie Carlo optisch ansprechend aus.\",\"breadcrumb\":{\"@id\":\"https:\\\/\\\/worldofflowerpots.com\\\/sklep\\\/blumenkubel-fur-terrasse-carlo-5\\\/#breadcrumb\"},\"inLanguage\":\"de\",\"potentialAction\":[{\"@type\":\"ReadAction\",\"target\":[\"https:\\\/\\\/worldofflowerpots.com\\\/sklep\\\/blumenkubel-fur-terrasse-carlo-5\\\/\"]}]},{\"@type\":\"ImageObject\",\"inLanguage\":\"de\",\"@id\":\"https:\\\/\\\/worldofflowerpots.com\\\/sklep\\\/blumenkubel-fur-terrasse-carlo-5\\\/#primaryimage\",\"url\":\"https:\\\/\\\/worldofflowerpots.com\\\/wp-content\\\/uploads\\\/2019\\\/01\\\/blumenk\u00fcbel-f\u00fcr-terrasse-Carlo-5.jpg\",\"contentUrl\":\"https:\\\/\\\/worldofflowerpots.com\\\/wp-content\\\/uploads\\\/2019\\\/01\\\/blumenk\u00fcbel-f\u00fcr-terrasse-Carlo-5.jpg\",\"width\":1920,\"height\":1080},{\"@type\":\"BreadcrumbList\",\"@id\":\"https:\\\/\\\/worldofflowerpots.com\\\/sklep\\\/blumenkubel-fur-terrasse-carlo-5\\\/#breadcrumb\",\"itemListElement\":[{\"@type\":\"ListItem\",\"position\":1,\"name\":\"Strona g\u0142\u00f3wna\",\"item\":\"https:\\\/\\\/worldofflowerpots.com\\\/blumenkuebel-grosse-auswahl\\\/\"},{\"@type\":\"ListItem\",\"position\":2,\"name\":\"Shop\",\"item\":\"https:\\\/\\\/worldofflowerpots.com\\\/sortiment\\\/\"},{\"@type\":\"ListItem\",\"position\":3,\"name\":\"Blumenk\u00fcbel f\u00fcr terrasse Carlo 5\"}]},{\"@type\":\"WebSite\",\"@id\":\"https:\\\/\\\/worldofflowerpots.com\\\/#website\",\"url\":\"https:\\\/\\\/worldofflowerpots.com\\\/\",\"name\":\"Blumenk\u00fcbel World of Flowerpots\",\"description\":\"Pflanzk\u00fcbel beton, blumentr\u00f6ge, blumenk\u00fcbel gro\u00df, cortenstahl, fiberglas\",\"potentialAction\":[{\"@type\":\"SearchAction\",\"target\":{\"@type\":\"EntryPoint\",\"urlTemplate\":\"https:\\\/\\\/worldofflowerpots.com\\\/?s={search_term_string}\"},\"query-input\":{\"@type\":\"PropertyValueSpecification\",\"valueRequired\":true,\"valueName\":\"search_term_string\"}}],\"inLanguage\":\"de\"}]}<\/script>\n<!-- \/ Yoast SEO plugin. -->","yoast_head_json":{"title":"Blumenk\u00fcbel f\u00fcr terrasse besteht aus Fiberglas ist witterungsbest\u00e4ndig","description":"Der vielseitige Blumenk\u00fcbel f\u00fcr terrasse sieht auch in Kombination mit anderen Gef\u00e4\u00dfen der Serie Carlo optisch ansprechend aus.","robots":{"index":"index","follow":"follow","max-snippet":"max-snippet:-1","max-image-preview":"max-image-preview:large","max-video-preview":"max-video-preview:-1"},"canonical":"https:\/\/worldofflowerpots.com\/sklep\/blumenkubel-fur-terrasse-carlo-5\/","og_locale":"de_DE","og_type":"article","og_title":"Blumenk\u00fcbel f\u00fcr terrasse besteht aus Fiberglas ist witterungsbest\u00e4ndig","og_description":"Der vielseitige Blumenk\u00fcbel f\u00fcr terrasse sieht auch in Kombination mit anderen Gef\u00e4\u00dfen der Serie Carlo optisch ansprechend aus.","og_url":"https:\/\/worldofflowerpots.com\/sklep\/blumenkubel-fur-terrasse-carlo-5\/","og_site_name":"Blumenk\u00fcbel World of Flowerpots","article_modified_time":"2019-04-15T12:17:48+00:00","og_image":[{"width":1920,"height":1080,"url":"https:\/\/worldofflowerpots.com\/wp-content\/uploads\/2019\/01\/blumenk\u00fcbel-f\u00fcr-terrasse-Carlo-5.jpg","type":"image\/jpeg"}],"twitter_card":"summary_large_image","twitter_misc":{"Gesch\u00e4tzte Lesezeit":"2\u00a0Minuten"},"schema":{"@context":"https:\/\/schema.org","@graph":[{"@type":"WebPage","@id":"https:\/\/worldofflowerpots.com\/sklep\/blumenkubel-fur-terrasse-carlo-5\/","url":"https:\/\/worldofflowerpots.com\/sklep\/blumenkubel-fur-terrasse-carlo-5\/","name":"Blumenk\u00fcbel f\u00fcr terrasse besteht aus Fiberglas ist witterungsbest\u00e4ndig","isPartOf":{"@id":"https:\/\/worldofflowerpots.com\/#website"},"primaryImageOfPage":{"@id":"https:\/\/worldofflowerpots.com\/sklep\/blumenkubel-fur-terrasse-carlo-5\/#primaryimage"},"image":{"@id":"https:\/\/worldofflowerpots.com\/sklep\/blumenkubel-fur-terrasse-carlo-5\/#primaryimage"},"thumbnailUrl":"https:\/\/worldofflowerpots.com\/wp-content\/uploads\/2019\/01\/blumenk\u00fcbel-f\u00fcr-terrasse-Carlo-5.jpg","datePublished":"2019-01-18T14:11:35+00:00","dateModified":"2019-04-15T12:17:48+00:00","description":"Der vielseitige Blumenk\u00fcbel f\u00fcr terrasse sieht auch in Kombination mit anderen Gef\u00e4\u00dfen der Serie Carlo optisch ansprechend aus.","breadcrumb":{"@id":"https:\/\/worldofflowerpots.com\/sklep\/blumenkubel-fur-terrasse-carlo-5\/#breadcrumb"},"inLanguage":"de","potentialAction":[{"@type":"ReadAction","target":["https:\/\/worldofflowerpots.com\/sklep\/blumenkubel-fur-terrasse-carlo-5\/"]}]},{"@type":"ImageObject","inLanguage":"de","@id":"https:\/\/worldofflowerpots.com\/sklep\/blumenkubel-fur-terrasse-carlo-5\/#primaryimage","url":"https:\/\/worldofflowerpots.com\/wp-content\/uploads\/2019\/01\/blumenk\u00fcbel-f\u00fcr-terrasse-Carlo-5.jpg","contentUrl":"https:\/\/worldofflowerpots.com\/wp-content\/uploads\/2019\/01\/blumenk\u00fcbel-f\u00fcr-terrasse-Carlo-5.jpg","width":1920,"height":1080},{"@type":"BreadcrumbList","@id":"https:\/\/worldofflowerpots.com\/sklep\/blumenkubel-fur-terrasse-carlo-5\/#breadcrumb","itemListElement":[{"@type":"ListItem","position":1,"name":"Strona g\u0142\u00f3wna","item":"https:\/\/worldofflowerpots.com\/blumenkuebel-grosse-auswahl\/"},{"@type":"ListItem","position":2,"name":"Shop","item":"https:\/\/worldofflowerpots.com\/sortiment\/"},{"@type":"ListItem","position":3,"name":"Blumenk\u00fcbel f\u00fcr terrasse Carlo 5"}]},{"@type":"WebSite","@id":"https:\/\/worldofflowerpots.com\/#website","url":"https:\/\/worldofflowerpots.com\/","name":"Blumenk\u00fcbel World of Flowerpots","description":"Pflanzk\u00fcbel beton, blumentr\u00f6ge, blumenk\u00fcbel gro\u00df, cortenstahl, fiberglas","potentialAction":[{"@type":"SearchAction","target":{"@type":"EntryPoint","urlTemplate":"https:\/\/worldofflowerpots.com\/?s={search_term_string}"},"query-input":{"@type":"PropertyValueSpecification","valueRequired":true,"valueName":"search_term_string"}}],"inLanguage":"de"}]}},"_links":{"self":[{"href":"https:\/\/worldofflowerpots.com\/de\/wp-json\/wp\/v2\/product\/52484","targetHints":{"allow":["GET"]}}],"collection":[{"href":"https:\/\/worldofflowerpots.com\/de\/wp-json\/wp\/v2\/product"}],"about":[{"href":"https:\/\/worldofflowerpots.com\/de\/wp-json\/wp\/v2\/types\/product"}],"wp:featuredmedia":[{"embeddable":true,"href":"https:\/\/worldofflowerpots.com\/de\/wp-json\/wp\/v2\/media\/59106"}],"wp:attachment":[{"href":"https:\/\/worldofflowerpots.com\/de\/wp-json\/wp\/v2\/media?parent=52484"}],"wp:term":[{"taxonomy":"product_brand","embeddable":true,"href":"https:\/\/worldofflowerpots.com\/de\/wp-json\/wp\/v2\/product_brand?post=52484"},{"taxonomy":"product_cat","embeddable":true,"href":"https:\/\/worldofflowerpots.com\/de\/wp-json\/wp\/v2\/product_cat?post=52484"},{"taxonomy":"product_tag","embeddable":true,"href":"https:\/\/worldofflowerpots.com\/de\/wp-json\/wp\/v2\/product_tag?post=52484"}],"curies":[{"name":"wp","href":"https:\/\/api.w.org\/{rel}","templated":true}]}}