{"id":52799,"date":"2019-01-18T15:06:22","date_gmt":"2019-01-18T14:06:22","guid":{"rendered":"https:\/\/worldofflowerpots.com\/sklep\/unkategorisiert\/pflanzkubel-corten-vaso-4\/"},"modified":"2019-04-11T14:34:11","modified_gmt":"2019-04-11T12:34:11","slug":"pflanzkubel-corten-vaso-4","status":"publish","type":"product","link":"https:\/\/worldofflowerpots.com\/de\/sortiment\/pflanzkubel-corten-vaso-4\/","title":{"rendered":"Pflanzk\u00fcbel corten Vaso 4"},"content":{"rendered":"<h2>Der Pflanzentopf zur einmaligen Dekoration<\/h2>\n<p>Fr\u00fchling und Sommer sind die perfekten Zeiten um den Garten und die Terrasse mit modernen Pflanzk\u00fcbel corten aufzupeppen. Blument\u00f6pfe f\u00fcr drau\u00dfen bieten eine ideale Grundlage, um eine kleine, bunte Oase zu schaffen. Ob man sich nun f\u00fcr Pflanztrog rund oder eckig entscheidet, sollte sich nach der restlichen Gestaltung richten. Je sch\u00f6ner das Wetter wird, desto mehr Zeit verbringen die Menschen drau\u00dfen. Hier sollen sie sich selbstverst\u00e4ndlich wohlf\u00fchlen und vielleicht sogar ein kleines bisschen ruhe finden. Durch Blument\u00f6pfe f\u00fcr drau\u00dfen k\u00f6nnen sowohl der Garten wie auch die Terrasse, die Dachterrasse oder der Balkon versch\u00f6nert werden. Ein Pflanzentopf kann bestens als Dekoration eingesetzt werden. Durch Pflanzen, die ihr neues Zuhause beispielsweise in Pflanztrog rund oder eckig finden, kann mehr Privatsph\u00e4re, eine gewisse Struktur und auch ein sehr gem\u00fctliches Ambiente auf die Terrasse gebracht werden.<\/p>\n<h2>Pflanzk\u00fcbel corten k\u00f6nnen alles versch\u00f6nern<\/h2>\n<p>Bei der Wahl der richtigen Pflanzgef\u00e4\u00dfe kann nicht nur die restliche Gestaltung dienen, sondern auch die bereits vorhandenen Gartenm\u00f6bel. Haben diese klare Linien und einen minimalistischen Stil, so sollten sich auch die Pflanzk\u00fcbel corten diesem Stil anpassen. Verf\u00fcgen die Gartenm\u00f6bel jedoch \u00fcber aufwendige Verzierungen und sind recht gro\u00df, so sollte dies auch f\u00fcr die Blument\u00f6pfe gelten. Bei der Auswahl der perfekten Pflanzent\u00f6pfe sollten stets die Gr\u00f6\u00dfe, die Farbe und die Form ber\u00fccksichtigt werden, damit diese, in Verbindung mit der Umgebung, ein einheitliches Gesamtbild ergeben.<\/p>\n<h2>Richtige Gr\u00f6sse<\/h2>\n<p>Der hohe Pflanztrog Vaso 4 f\u00fcgt sich perfekt in die Serie der Vaso K\u00fcbel ein. Er ist bestens f\u00fcr Pflanzen geeignet, die sich mit vielen Wurzeln im Erdreich ausbreiten. Der Vaso 4 bietet Stauden, Rosen und auch Kr\u00e4utern sowie jedem Immergr\u00fcn mit einem Volumen von 120 Litern ausreichend Lebensgrundlage. Der K\u00fcbel \u00fcberzeugt nicht nur im Arrangement im Garten, am Wegesrand und auf dem Balkon. Auch im Wintergarten sorgt diese runde Version, die sich von unten nach oben konisch entwickelt, f\u00fcr bewundernde Blicke.<br \/>\nRost passt zu allen pflanzen<br \/>\nAufgrund der feinen nat\u00fcrlichen Farbe Rost passt das aparte Modell Vaso 4 zu jeder Art von Pflanze. Tiefgr\u00fcn, Hellgr\u00fcn und auch rote Blattgew\u00e4chse sowie laubabwerfende Holzgew\u00e4chse lassen sich bestens zu diesem K\u00fcbel kombinieren. Der Vaso 4 kann daher sowohl in der Gruppe mit anderen K\u00fcbeln als auch alleine stehen. Der Vaso 4 ist mit 25 Kilogramm Eigengewicht auf jedem Boden standfest. Dennoch l\u00e4sst er sich leicht von einer Stelle an die andere verschieben, so dass G\u00e4rtner mit der Serie Vaso ihren Garten nach Lust und Laune immer wieder neu arrangieren k\u00f6nnen. Insbesondere die Kombination mit anderen Modellen der Serie Vaso bietet einen reizvollen Look in einem nat\u00fcrlichen Rostton.<\/p>\n","protected":false},"excerpt":{"rendered":"<p>Material : 2 mm Cortenstahl<br \/>\nIsoliert mit Styropor<br \/>\nGewicht :25kg<br \/>\nAbmessungen \u2205600mm H600mm<br \/>\nRobust und Stabil<br \/>\nWetterfest<br \/>\nFrostbest\u00e4ndig bei gew\u00e4hrleistetem Wasserablauf<\/p>\n","protected":false},"featured_media":58658,"template":"","meta":{"_acf_changed":false},"product_brand":[],"product_cat":[270],"product_tag":[],"class_list":{"0":"post-52799","1":"product","2":"type-product","3":"status-publish","4":"has-post-thumbnail","6":"product_cat-pflanzkuebel-cortenstahl","7":"description-off","8":"tm-has-options","10":"first","11":"instock","12":"shipping-taxable","13":"purchasable","14":"product-type-simple"},"acf":[],"yoast_head":"<!-- This site is optimized with the Yoast SEO plugin v27.5 - https:\/\/yoast.com\/product\/yoast-seo-wordpress\/ -->\n<title>Pflanzk\u00fcbel aus corten k\u00f6nnen alles versch\u00f6nern mit reizvollen Look<\/title>\n<meta name=\"description\" content=\"Fr\u00fchling und Sommer sind die perfekten Zeiten um den Garten und die Terrasse mit modernen Pflanzk\u00fcbel corten aufzupeppen.\" \/>\n<meta name=\"robots\" content=\"index, follow, max-snippet:-1, max-image-preview:large, max-video-preview:-1\" \/>\n<link rel=\"canonical\" href=\"https:\/\/worldofflowerpots.com\/sklep\/pflanzkubel-corten-vaso-4\/\" \/>\n<meta property=\"og:locale\" content=\"de_DE\" \/>\n<meta property=\"og:type\" content=\"article\" \/>\n<meta property=\"og:title\" content=\"Pflanzk\u00fcbel aus corten k\u00f6nnen alles versch\u00f6nern mit reizvollen Look\" \/>\n<meta property=\"og:description\" content=\"Fr\u00fchling und Sommer sind die perfekten Zeiten um den Garten und die Terrasse mit modernen Pflanzk\u00fcbel corten aufzupeppen.\" \/>\n<meta property=\"og:url\" content=\"https:\/\/worldofflowerpots.com\/sklep\/pflanzkubel-corten-vaso-4\/\" \/>\n<meta property=\"og:site_name\" content=\"Blumenk\u00fcbel World of Flowerpots\" \/>\n<meta property=\"article:modified_time\" content=\"2019-04-11T12:34:11+00:00\" \/>\n<meta property=\"og:image\" content=\"https:\/\/worldofflowerpots.com\/wp-content\/uploads\/2019\/01\/pflanzk\u00fcbel-corten-Vaso-4.jpg\" \/>\n\t<meta property=\"og:image:width\" content=\"2280\" \/>\n\t<meta property=\"og:image:height\" content=\"1612\" \/>\n\t<meta property=\"og:image:type\" content=\"image\/jpeg\" \/>\n<meta name=\"twitter:card\" content=\"summary_large_image\" \/>\n<meta name=\"twitter:label1\" content=\"Gesch\u00e4tzte Lesezeit\" \/>\n\t<meta name=\"twitter:data1\" content=\"2\u00a0Minuten\" \/>\n<script type=\"application\/ld+json\" class=\"yoast-schema-graph\">{\"@context\":\"https:\\\/\\\/schema.org\",\"@graph\":[{\"@type\":\"WebPage\",\"@id\":\"https:\\\/\\\/worldofflowerpots.com\\\/sklep\\\/pflanzkubel-corten-vaso-4\\\/\",\"url\":\"https:\\\/\\\/worldofflowerpots.com\\\/sklep\\\/pflanzkubel-corten-vaso-4\\\/\",\"name\":\"Pflanzk\u00fcbel aus corten k\u00f6nnen alles versch\u00f6nern mit reizvollen Look\",\"isPartOf\":{\"@id\":\"https:\\\/\\\/worldofflowerpots.com\\\/#website\"},\"primaryImageOfPage\":{\"@id\":\"https:\\\/\\\/worldofflowerpots.com\\\/sklep\\\/pflanzkubel-corten-vaso-4\\\/#primaryimage\"},\"image\":{\"@id\":\"https:\\\/\\\/worldofflowerpots.com\\\/sklep\\\/pflanzkubel-corten-vaso-4\\\/#primaryimage\"},\"thumbnailUrl\":\"https:\\\/\\\/worldofflowerpots.com\\\/wp-content\\\/uploads\\\/2019\\\/01\\\/pflanzk\u00fcbel-corten-Vaso-4.jpg\",\"datePublished\":\"2019-01-18T14:06:22+00:00\",\"dateModified\":\"2019-04-11T12:34:11+00:00\",\"description\":\"Fr\u00fchling und Sommer sind die perfekten Zeiten um den Garten und die Terrasse mit modernen Pflanzk\u00fcbel corten aufzupeppen.\",\"breadcrumb\":{\"@id\":\"https:\\\/\\\/worldofflowerpots.com\\\/sklep\\\/pflanzkubel-corten-vaso-4\\\/#breadcrumb\"},\"inLanguage\":\"de\",\"potentialAction\":[{\"@type\":\"ReadAction\",\"target\":[\"https:\\\/\\\/worldofflowerpots.com\\\/sklep\\\/pflanzkubel-corten-vaso-4\\\/\"]}]},{\"@type\":\"ImageObject\",\"inLanguage\":\"de\",\"@id\":\"https:\\\/\\\/worldofflowerpots.com\\\/sklep\\\/pflanzkubel-corten-vaso-4\\\/#primaryimage\",\"url\":\"https:\\\/\\\/worldofflowerpots.com\\\/wp-content\\\/uploads\\\/2019\\\/01\\\/pflanzk\u00fcbel-corten-Vaso-4.jpg\",\"contentUrl\":\"https:\\\/\\\/worldofflowerpots.com\\\/wp-content\\\/uploads\\\/2019\\\/01\\\/pflanzk\u00fcbel-corten-Vaso-4.jpg\",\"width\":2280,\"height\":1612},{\"@type\":\"BreadcrumbList\",\"@id\":\"https:\\\/\\\/worldofflowerpots.com\\\/sklep\\\/pflanzkubel-corten-vaso-4\\\/#breadcrumb\",\"itemListElement\":[{\"@type\":\"ListItem\",\"position\":1,\"name\":\"Strona g\u0142\u00f3wna\",\"item\":\"https:\\\/\\\/worldofflowerpots.com\\\/blumenkuebel-grosse-auswahl\\\/\"},{\"@type\":\"ListItem\",\"position\":2,\"name\":\"Shop\",\"item\":\"https:\\\/\\\/worldofflowerpots.com\\\/sortiment\\\/\"},{\"@type\":\"ListItem\",\"position\":3,\"name\":\"Pflanzk\u00fcbel corten Vaso 4\"}]},{\"@type\":\"WebSite\",\"@id\":\"https:\\\/\\\/worldofflowerpots.com\\\/#website\",\"url\":\"https:\\\/\\\/worldofflowerpots.com\\\/\",\"name\":\"Blumenk\u00fcbel World of Flowerpots\",\"description\":\"Pflanzk\u00fcbel beton, blumentr\u00f6ge, blumenk\u00fcbel gro\u00df, cortenstahl, fiberglas\",\"potentialAction\":[{\"@type\":\"SearchAction\",\"target\":{\"@type\":\"EntryPoint\",\"urlTemplate\":\"https:\\\/\\\/worldofflowerpots.com\\\/?s={search_term_string}\"},\"query-input\":{\"@type\":\"PropertyValueSpecification\",\"valueRequired\":true,\"valueName\":\"search_term_string\"}}],\"inLanguage\":\"de\"}]}<\/script>\n<!-- \/ Yoast SEO plugin. -->","yoast_head_json":{"title":"Pflanzk\u00fcbel aus corten k\u00f6nnen alles versch\u00f6nern mit reizvollen Look","description":"Fr\u00fchling und Sommer sind die perfekten Zeiten um den Garten und die Terrasse mit modernen Pflanzk\u00fcbel corten aufzupeppen.","robots":{"index":"index","follow":"follow","max-snippet":"max-snippet:-1","max-image-preview":"max-image-preview:large","max-video-preview":"max-video-preview:-1"},"canonical":"https:\/\/worldofflowerpots.com\/sklep\/pflanzkubel-corten-vaso-4\/","og_locale":"de_DE","og_type":"article","og_title":"Pflanzk\u00fcbel aus corten k\u00f6nnen alles versch\u00f6nern mit reizvollen Look","og_description":"Fr\u00fchling und Sommer sind die perfekten Zeiten um den Garten und die Terrasse mit modernen Pflanzk\u00fcbel corten aufzupeppen.","og_url":"https:\/\/worldofflowerpots.com\/sklep\/pflanzkubel-corten-vaso-4\/","og_site_name":"Blumenk\u00fcbel World of Flowerpots","article_modified_time":"2019-04-11T12:34:11+00:00","og_image":[{"width":2280,"height":1612,"url":"https:\/\/worldofflowerpots.com\/wp-content\/uploads\/2019\/01\/pflanzk\u00fcbel-corten-Vaso-4.jpg","type":"image\/jpeg"}],"twitter_card":"summary_large_image","twitter_misc":{"Gesch\u00e4tzte Lesezeit":"2\u00a0Minuten"},"schema":{"@context":"https:\/\/schema.org","@graph":[{"@type":"WebPage","@id":"https:\/\/worldofflowerpots.com\/sklep\/pflanzkubel-corten-vaso-4\/","url":"https:\/\/worldofflowerpots.com\/sklep\/pflanzkubel-corten-vaso-4\/","name":"Pflanzk\u00fcbel aus corten k\u00f6nnen alles versch\u00f6nern mit reizvollen Look","isPartOf":{"@id":"https:\/\/worldofflowerpots.com\/#website"},"primaryImageOfPage":{"@id":"https:\/\/worldofflowerpots.com\/sklep\/pflanzkubel-corten-vaso-4\/#primaryimage"},"image":{"@id":"https:\/\/worldofflowerpots.com\/sklep\/pflanzkubel-corten-vaso-4\/#primaryimage"},"thumbnailUrl":"https:\/\/worldofflowerpots.com\/wp-content\/uploads\/2019\/01\/pflanzk\u00fcbel-corten-Vaso-4.jpg","datePublished":"2019-01-18T14:06:22+00:00","dateModified":"2019-04-11T12:34:11+00:00","description":"Fr\u00fchling und Sommer sind die perfekten Zeiten um den Garten und die Terrasse mit modernen Pflanzk\u00fcbel corten aufzupeppen.","breadcrumb":{"@id":"https:\/\/worldofflowerpots.com\/sklep\/pflanzkubel-corten-vaso-4\/#breadcrumb"},"inLanguage":"de","potentialAction":[{"@type":"ReadAction","target":["https:\/\/worldofflowerpots.com\/sklep\/pflanzkubel-corten-vaso-4\/"]}]},{"@type":"ImageObject","inLanguage":"de","@id":"https:\/\/worldofflowerpots.com\/sklep\/pflanzkubel-corten-vaso-4\/#primaryimage","url":"https:\/\/worldofflowerpots.com\/wp-content\/uploads\/2019\/01\/pflanzk\u00fcbel-corten-Vaso-4.jpg","contentUrl":"https:\/\/worldofflowerpots.com\/wp-content\/uploads\/2019\/01\/pflanzk\u00fcbel-corten-Vaso-4.jpg","width":2280,"height":1612},{"@type":"BreadcrumbList","@id":"https:\/\/worldofflowerpots.com\/sklep\/pflanzkubel-corten-vaso-4\/#breadcrumb","itemListElement":[{"@type":"ListItem","position":1,"name":"Strona g\u0142\u00f3wna","item":"https:\/\/worldofflowerpots.com\/blumenkuebel-grosse-auswahl\/"},{"@type":"ListItem","position":2,"name":"Shop","item":"https:\/\/worldofflowerpots.com\/sortiment\/"},{"@type":"ListItem","position":3,"name":"Pflanzk\u00fcbel corten Vaso 4"}]},{"@type":"WebSite","@id":"https:\/\/worldofflowerpots.com\/#website","url":"https:\/\/worldofflowerpots.com\/","name":"Blumenk\u00fcbel World of Flowerpots","description":"Pflanzk\u00fcbel beton, blumentr\u00f6ge, blumenk\u00fcbel gro\u00df, cortenstahl, fiberglas","potentialAction":[{"@type":"SearchAction","target":{"@type":"EntryPoint","urlTemplate":"https:\/\/worldofflowerpots.com\/?s={search_term_string}"},"query-input":{"@type":"PropertyValueSpecification","valueRequired":true,"valueName":"search_term_string"}}],"inLanguage":"de"}]}},"_links":{"self":[{"href":"https:\/\/worldofflowerpots.com\/de\/wp-json\/wp\/v2\/product\/52799","targetHints":{"allow":["GET"]}}],"collection":[{"href":"https:\/\/worldofflowerpots.com\/de\/wp-json\/wp\/v2\/product"}],"about":[{"href":"https:\/\/worldofflowerpots.com\/de\/wp-json\/wp\/v2\/types\/product"}],"wp:featuredmedia":[{"embeddable":true,"href":"https:\/\/worldofflowerpots.com\/de\/wp-json\/wp\/v2\/media\/58658"}],"wp:attachment":[{"href":"https:\/\/worldofflowerpots.com\/de\/wp-json\/wp\/v2\/media?parent=52799"}],"wp:term":[{"taxonomy":"product_brand","embeddable":true,"href":"https:\/\/worldofflowerpots.com\/de\/wp-json\/wp\/v2\/product_brand?post=52799"},{"taxonomy":"product_cat","embeddable":true,"href":"https:\/\/worldofflowerpots.com\/de\/wp-json\/wp\/v2\/product_cat?post=52799"},{"taxonomy":"product_tag","embeddable":true,"href":"https:\/\/worldofflowerpots.com\/de\/wp-json\/wp\/v2\/product_tag?post=52799"}],"curies":[{"name":"wp","href":"https:\/\/api.w.org\/{rel}","templated":true}]}}