{"id":10,"date":"2018-12-20T00:14:26","date_gmt":"2018-12-19T23:14:26","guid":{"rendered":"https:\/\/worldofflowerpots.com\/?page_id=10"},"modified":"2019-04-16T10:28:41","modified_gmt":"2019-04-16T08:28:41","slug":"producent-donic-ozdobnych","status":"publish","type":"page","link":"https:\/\/worldofflowerpots.com\/pl\/","title":{"rendered":"Strona g\u0142\u00f3wna"},"content":{"rendered":"<p>[vc_row css_animation=&#8221;none&#8221; css=&#8221;.vc_custom_1548680160171{border-bottom-width: 1px !important;padding-top: 40px !important;padding-bottom: 20px !important;border-bottom-color: #ededed !important;border-bottom-style: solid !important;}&#8221;][vc_column width=&#8221;1\/6&#8243; css=&#8221;.vc_custom_1548515875519{padding-bottom: 40px !important;}&#8221;]<div class=\"shortcode-single-image-wrap alignnone  vc_custom_1546943957302\" ><div class=\"shortcode-single-image\"><div class=\"fancy-media-wrap\" style=\"\"><a href=\"https:\/\/worldofflowerpots.com\/donice-betonowe-xxl\/\" class=\" layzr-bg rollover\" style=\"\" aria-label=\"Image\"><img loading=\"lazy\" decoding=\"async\" class=\"preload-me lazy-load\" src=\"data:image\/svg+xml,%3Csvg%20xmlns%3D&#39;http%3A%2F%2Fwww.w3.org%2F2000%2Fsvg&#39;%20viewBox%3D&#39;0%200%20300%20166&#39;%2F%3E\" data-src=\"https:\/\/worldofflowerpots.com\/wp-content\/uploads\/2018\/12\/pflanzkuebel-beton-schale-mit-sitzring-schwarz-matteo-ring-300x167.jpg\" data-srcset=\"https:\/\/worldofflowerpots.com\/wp-content\/uploads\/2018\/12\/pflanzkuebel-beton-schale-mit-sitzring-schwarz-matteo-ring-300x167.jpg 300w\" width=\"300\" height=\"166\"  data-dt-location=\"https:\/\/worldofflowerpots.com\/pl\/producent-donic-ozdobnych\/pflanzkuebel-beton-schale-mit-sitzring-schwarz-matteo-ring-300x167\/\" alt=\"\" \/><\/a><\/div><\/div><\/div><div id=\"ultimate-heading-369269f38b51d1f01\" class=\"uvc-heading ult-adjust-bottom-margin ultimate-heading-369269f38b51d1f01 uvc-403 \" data-hspacer=\"no_spacer\"  data-halign=\"center\" style=\"text-align:center\"><div class=\"uvc-heading-spacer no_spacer\" style=\"top\"><\/div><div class=\"uvc-sub-heading ult-responsive\"  data-ultimate-target='.uvc-heading.ultimate-heading-369269f38b51d1f01 .uvc-sub-heading '  data-responsive-json-new='{\"font-size\":\"desktop:22px;\",\"line-height\":\"desktop:28px;\"}'  style=\"font-family:&#039;Poppins&#039;;font-weight:300;color:#333333;\">Donice<br \/>\nbetonowe<\/div><\/div>[\/vc_column][vc_column width=&#8221;1\/6&#8243; css=&#8221;.vc_custom_1548515879212{padding-bottom: 40px !important;}&#8221;]<div class=\"shortcode-single-image-wrap alignnone  vc_custom_1546943969320\" ><div class=\"shortcode-single-image\"><div class=\"fancy-media-wrap\" style=\"\"><a href=\"https:\/\/worldofflowerpots.com\/donice-aluminiowe\/\" class=\" layzr-bg rollover\" style=\"\" aria-label=\"Image\"><img loading=\"lazy\" decoding=\"async\" class=\"preload-me lazy-load\" src=\"data:image\/svg+xml,%3Csvg%20xmlns%3D&#39;http%3A%2F%2Fwww.w3.org%2F2000%2Fsvg&#39;%20viewBox%3D&#39;0%200%20300%20166&#39;%2F%3E\" data-src=\"https:\/\/worldofflowerpots.com\/wp-content\/uploads\/2018\/12\/pflanzkuebel-xxl-tiziano-3-aluminium-300x167.jpg\" data-srcset=\"https:\/\/worldofflowerpots.com\/wp-content\/uploads\/2018\/12\/pflanzkuebel-xxl-tiziano-3-aluminium-300x167.jpg 300w\" width=\"300\" height=\"166\"  data-dt-location=\"https:\/\/worldofflowerpots.com\/pl\/producent-donic-ozdobnych\/pflanzkuebel-xxl-tiziano-3-aluminium-300x167\/\" alt=\"\" \/><\/a><\/div><\/div><\/div><div id=\"ultimate-heading-878769f38b51d23a2\" class=\"uvc-heading ult-adjust-bottom-margin ultimate-heading-878769f38b51d23a2 uvc-7448 \" data-hspacer=\"no_spacer\"  data-halign=\"center\" style=\"text-align:center\"><div class=\"uvc-heading-spacer no_spacer\" style=\"top\"><\/div><div class=\"uvc-sub-heading ult-responsive\"  data-ultimate-target='.uvc-heading.ultimate-heading-878769f38b51d23a2 .uvc-sub-heading '  data-responsive-json-new='{\"font-size\":\"desktop:22px;\",\"line-height\":\"desktop:28px;\"}'  style=\"font-family:&#039;Poppins&#039;;font-weight:300;color:#333333;\">Donice<br \/>\naluminiowe<\/div><\/div>[\/vc_column][vc_column width=&#8221;1\/6&#8243; css=&#8221;.vc_custom_1548515882565{padding-bottom: 40px !important;}&#8221;]<div class=\"shortcode-single-image-wrap alignnone  vc_custom_1546943983891\" ><div class=\"shortcode-single-image\"><div class=\"fancy-media-wrap\" style=\"\"><a href=\"https:\/\/worldofflowerpots.com\/donice-corten\/\" class=\" layzr-bg rollover\" style=\"\" aria-label=\"Image\"><img loading=\"lazy\" decoding=\"async\" class=\"preload-me lazy-load\" src=\"data:image\/svg+xml,%3Csvg%20xmlns%3D&#39;http%3A%2F%2Fwww.w3.org%2F2000%2Fsvg&#39;%20viewBox%3D&#39;0%200%20300%20166&#39;%2F%3E\" data-src=\"https:\/\/worldofflowerpots.com\/wp-content\/uploads\/2018\/12\/pflanztrog-cubi4-300x167.jpg\" data-srcset=\"https:\/\/worldofflowerpots.com\/wp-content\/uploads\/2018\/12\/pflanztrog-cubi4-300x167.jpg 300w\" width=\"300\" height=\"166\"  data-dt-location=\"https:\/\/worldofflowerpots.com\/pl\/producent-donic-ozdobnych\/pflanztrog-cubi4-300x167\/\" alt=\"\" \/><\/a><\/div><\/div><\/div><div id=\"ultimate-heading-58769f38b51d27fe\" class=\"uvc-heading ult-adjust-bottom-margin ultimate-heading-58769f38b51d27fe uvc-9181 \" data-hspacer=\"no_spacer\"  data-halign=\"center\" style=\"text-align:center\"><div class=\"uvc-heading-spacer no_spacer\" style=\"top\"><\/div><div class=\"uvc-sub-heading ult-responsive\"  data-ultimate-target='.uvc-heading.ultimate-heading-58769f38b51d27fe .uvc-sub-heading '  data-responsive-json-new='{\"font-size\":\"desktop:22px;\",\"line-height\":\"desktop:28px;\"}'  style=\"font-family:&#039;Poppins&#039;;font-weight:300;color:#333333;\">Donice<br \/>\nCorten<\/div><\/div>[\/vc_column][vc_column width=&#8221;1\/6&#8243; css=&#8221;.vc_custom_1548515886281{padding-bottom: 40px !important;}&#8221;]<div class=\"shortcode-single-image-wrap alignnone  vc_custom_1546943992381\" ><div class=\"shortcode-single-image\"><div class=\"fancy-media-wrap\" style=\"\"><a href=\"https:\/\/worldofflowerpots.com\/donice-plastikowe\/\" class=\" layzr-bg rollover\" style=\"\" aria-label=\"Image\"><img loading=\"lazy\" decoding=\"async\" class=\"preload-me lazy-load\" src=\"data:image\/svg+xml,%3Csvg%20xmlns%3D&#39;http%3A%2F%2Fwww.w3.org%2F2000%2Fsvg&#39;%20viewBox%3D&#39;0%200%20300%20166&#39;%2F%3E\" data-src=\"https:\/\/worldofflowerpots.com\/wp-content\/uploads\/2018\/12\/pflanzkuebel-fiberglas-HOME-300x167.jpg\" data-srcset=\"https:\/\/worldofflowerpots.com\/wp-content\/uploads\/2018\/12\/pflanzkuebel-fiberglas-HOME-300x167.jpg 300w\" width=\"300\" height=\"166\"  data-dt-location=\"https:\/\/worldofflowerpots.com\/pl\/producent-donic-ozdobnych\/pflanzkuebel-fiberglas-home-300x167\/\" alt=\"\" \/><\/a><\/div><\/div><\/div><div id=\"ultimate-heading-89069f38b51d2c1e\" class=\"uvc-heading ult-adjust-bottom-margin ultimate-heading-89069f38b51d2c1e uvc-8787 \" data-hspacer=\"no_spacer\"  data-halign=\"center\" style=\"text-align:center\"><div class=\"uvc-heading-spacer no_spacer\" style=\"top\"><\/div><div class=\"uvc-sub-heading ult-responsive\"  data-ultimate-target='.uvc-heading.ultimate-heading-89069f38b51d2c1e .uvc-sub-heading '  data-responsive-json-new='{\"font-size\":\"desktop:22px;\",\"line-height\":\"desktop:28px;\"}'  style=\"font-family:&#039;Poppins&#039;;font-weight:300;color:#333333;\">Donice<br \/>\nplastikowe<\/div><\/div>[\/vc_column][vc_column width=&#8221;1\/6&#8243;]<div class=\"shortcode-single-image-wrap alignnone  vc_custom_1555080119133\" ><div class=\"shortcode-single-image\"><div class=\"fancy-media-wrap\" style=\"\"><a href=\"https:\/\/worldofflowerpots.com\/donice-stone\/\" class=\" layzr-bg rollover\" style=\"\" aria-label=\"Image\"><img loading=\"lazy\" decoding=\"async\" class=\"preload-me lazy-load\" src=\"data:image\/svg+xml,%3Csvg%20xmlns%3D&#39;http%3A%2F%2Fwww.w3.org%2F2000%2Fsvg&#39;%20viewBox%3D&#39;0%200%20300%20165&#39;%2F%3E\" data-src=\"https:\/\/worldofflowerpots.com\/wp-content\/uploads\/2019\/04\/stone-home-icon-1-1.jpg\" data-srcset=\"https:\/\/worldofflowerpots.com\/wp-content\/uploads\/2019\/04\/stone-home-icon-1-1.jpg 300w\" width=\"300\" height=\"165\"  data-dt-location=\"https:\/\/worldofflowerpots.com\/pl\/producent-donic-ozdobnych\/stone-home-icon-1-1\/\" alt=\"\" \/><\/a><\/div><\/div><\/div><div id=\"ultimate-heading-10069f38b51d304c\" class=\"uvc-heading ult-adjust-bottom-margin ultimate-heading-10069f38b51d304c uvc-250 \" data-hspacer=\"no_spacer\"  data-halign=\"center\" style=\"text-align:center\"><div class=\"uvc-heading-spacer no_spacer\" style=\"top\"><\/div><div class=\"uvc-sub-heading ult-responsive\"  data-ultimate-target='.uvc-heading.ultimate-heading-10069f38b51d304c .uvc-sub-heading '  data-responsive-json-new='{\"font-size\":\"desktop:22px;\",\"line-height\":\"desktop:28px;\"}'  style=\"font-family:&#039;Poppins&#039;;font-weight:300;color:#333333;\">Donice STONE<br \/>\n<em>Nowo\u015b\u0107<\/em><\/div><\/div>[\/vc_column][vc_column width=&#8221;1\/6&#8243; css=&#8221;.vc_custom_1548515890114{padding-bottom: 40px !important;}&#8221;]<div class=\"shortcode-single-image-wrap alignnone  vc_custom_1546944012954\" ><div class=\"shortcode-single-image\"><div class=\"fancy-media-wrap\" style=\"\"><a href=\"https:\/\/worldofflowerpots.com\/paleniska-corten\/\" class=\" layzr-bg rollover\" style=\"\" aria-label=\"Image\"><img loading=\"lazy\" decoding=\"async\" class=\"preload-me lazy-load\" src=\"data:image\/svg+xml,%3Csvg%20xmlns%3D&#39;http%3A%2F%2Fwww.w3.org%2F2000%2Fsvg&#39;%20viewBox%3D&#39;0%200%20300%20166&#39;%2F%3E\" data-src=\"https:\/\/worldofflowerpots.com\/wp-content\/uploads\/2018\/12\/feuerstelle-fuer-garten-fiamma-300x167.jpg\" data-srcset=\"https:\/\/worldofflowerpots.com\/wp-content\/uploads\/2018\/12\/feuerstelle-fuer-garten-fiamma-300x167.jpg 300w\" width=\"300\" height=\"166\"  data-dt-location=\"https:\/\/worldofflowerpots.com\/pl\/producent-donic-ozdobnych\/feuerstelle-fuer-garten-fiamma-300x167\/\" alt=\"\" \/><\/a><\/div><\/div><\/div><div id=\"ultimate-heading-328269f38b51d345b\" class=\"uvc-heading ult-adjust-bottom-margin ultimate-heading-328269f38b51d345b uvc-5228 \" data-hspacer=\"no_spacer\"  data-halign=\"center\" style=\"text-align:center\"><div class=\"uvc-heading-spacer no_spacer\" style=\"top\"><\/div><div class=\"uvc-sub-heading ult-responsive\"  data-ultimate-target='.uvc-heading.ultimate-heading-328269f38b51d345b .uvc-sub-heading '  data-responsive-json-new='{\"font-size\":\"desktop:22px;\",\"line-height\":\"desktop:28px;\"}'  style=\"font-family:&#039;Poppins&#039;;font-weight:300;color:#333333;\">Paleniska<br \/>\nCorten<\/div><\/div>[\/vc_column][\/vc_row][vc_row css=&#8221;.vc_custom_1545305025106{padding-top: 40px !important;padding-bottom: 60px !important;}&#8221;][vc_column css=&#8221;.vc_custom_1548516273032{padding-bottom: 30px !important;}&#8221; offset=&#8221;vc_col-lg-offset-1 vc_col-lg-10 vc_col-md-offset-1 vc_col-md-10&#8243;]<div id=\"ultimate-heading-888869f38b51d3488\" class=\"uvc-heading ult-adjust-bottom-margin ultimate-heading-888869f38b51d3488 uvc-29 \" data-hspacer=\"no_spacer\"  data-halign=\"center\" style=\"text-align:center\"><div class=\"uvc-heading-spacer no_spacer\" style=\"top\"><\/div><div class=\"uvc-main-heading ult-responsive\"  data-ultimate-target='.uvc-heading.ultimate-heading-888869f38b51d3488 h1'  data-responsive-json-new='{\"font-size\":\"desktop:28px;mobile:20px;\",\"line-height\":\"desktop:38px;mobile:30px;\"}' ><h1 style=\"font-family:&#039;Poppins&#039;;font-weight:300;margin-bottom:42px;\">Producent doniczek World Of Flowerpods<\/h1><\/div><div class=\"uvc-sub-heading ult-responsive\"  data-ultimate-target='.uvc-heading.ultimate-heading-888869f38b51d3488 .uvc-sub-heading '  data-responsive-json-new='{\"font-size\":\"desktop:16px;\",\"line-height\":\"desktop:28px;\"}'  style=\"font-family:&#039;Open Sans&#039;;font-weight:300;\">W naszej ofercie znajd\u0105 Pa\u0144stwo donice pasuj\u0105ce do ka\u017cdego wn\u0119trza. Ma\u0142e i du\u017ce, kwadratowe, okr\u0105g\u0142e i pod\u0142u\u017cne, ekskluzywne doniczki ozdobne\u2026 Ka\u017cdy znajdzie co\u015b dla siebie! Do wn\u0119trz proponujemy donice fiberglas oraz aluminiowe. Kwiaty dodadz\u0105 ciep\u0142a i uroku ka\u017cdemu wn\u0119trzu. S\u0105 idealnym dope\u0142nieniem aran\u017cacji. Kreuj\u0105c pomieszczenie czy ogr\u00f3d w nowoczesnej estetyce, warto wykorzysta\u0107 donice z lekkich materia\u0142\u00f3w. Donice dzi\u0119ki u\u017cyciu tworzyw takich jak mata szklana, \u017celkot i \u017cywica, zyska\u0142y now\u0105, wy\u017csz\u0105 jako\u015b\u0107. W designie wykorzystane zosta\u0142y proste formy bry\u0142, dzi\u0119ki czemu doskonale wpisuj\u0105 si\u0119 w modny, modernistyczny styl.<\/div><\/div>[\/vc_column][vc_column css=&#8221;.vc_custom_1545305019274{padding-bottom: 30px !important;}&#8221;]<div class=\"woocommerce columns-4 \"><div class=\"wf-container dt-products  woo-hover products loading-effect-fade-in description-on-hover cart-btn-on-img wc-img-hover hide-description wc-grid\" data-padding=\"0px\" data-cur-page=\"1\" data-desktop-columns-num=\"4\" data-v-tablet-columns-num=\"2\" data-h-tablet-columns-num=\"3\" data-phone-columns-num=\"1\">\n\n<article class=\"post visible description-off tm-has-options product type-product post-50934 status-publish first instock product_cat-donice-z-wlokna-szklanego-plastiku product_tag-donice-ogrodowe product_tag-donice-tarasowe product_tag-donice-wewnetrzne has-post-thumbnail shipping-taxable purchasable product-type-simple\">\n\n\t<figure class=\"woocom-project\">\n\t<div class=\"woo-buttons-on-img\">\n\n\t\t<a href=\"https:\/\/worldofflowerpots.com\/pl\/sklep\/donica-prostokatna-emilio-5\/\" class=\"alignnone layzr-bg\"><img loading=\"lazy\" decoding=\"async\" width=\"250\" height=\"188\" src=\"data:image\/svg+xml;charset=utf-8,%3Csvg xmlns%3D&#039;http%3A%2F%2Fwww.w3.org%2F2000%2Fsvg&#039; viewBox%3D&#039;0 0 250 188&#039;%2F%3E\" class=\"attachment-woocommerce_thumbnail size-woocommerce_thumbnail lazy-load preload-me\" alt=\"Donica prostok\u0105tna Emilio 5\" data-src=\"https:\/\/worldofflowerpots.com\/wp-content\/uploads\/2019\/01\/producent-donic-z-w\u0142\u00f3kna-szklanego-Emilio-5-250x188.jpg\" \/><\/a>\t\t\n\n\t<\/div>\n\t<figcaption class=\"woocom-list-content\">\n\n\t\t<div class=\"woocommerce-product-details__short-description\">\n\t<p>Donica plastikowa z w\u0142\u00f3kna szklanego Emilio 5 z w\u0142\u00f3kna szklanego oraz \u017cywicy do stosowania wewn\u0105trz jako donica lub jako os\u0142onka. Donice dost\u0119pne we wszystkich kolorach palety RAL w wersji matowej i w po\u0142ysku. Donice s\u0105 wyposa\u017cone w otwory odp\u0142ywowe w dnie (na wyra\u017ane \u017cyczenie klienta mo\u017ce zosta\u0107 wykonana bez otworu odp\u0142ywowego), boczne \u015bcianki wy\u0142o\u017cone s\u0105 styropianem. Wymiary donicy: d\u0142ugo\u015b\u0107: 200 cm, szeroko\u015b\u0107: 50 cm, wysoko\u015b\u0107: 60 cm.<\/p>\n<\/div>\n\n\t<\/figcaption>\n<\/figure>\n<\/article>\n\n\n\n<article class=\"post visible description-off product type-product post-50876 status-publish instock product_cat-donice-z-wlokna-szklanego-plastiku product_tag-donice-wewnetrzne has-post-thumbnail shipping-taxable purchasable product-type-simple\">\n\n\t<figure class=\"woocom-project\">\n\t<div class=\"woo-buttons-on-img\">\n\n\t\t<a href=\"https:\/\/worldofflowerpots.com\/pl\/sklep\/duze-plastikowe-donice-marco-10\/\" class=\"alignnone layzr-bg\"><img loading=\"lazy\" decoding=\"async\" width=\"250\" height=\"188\" src=\"data:image\/svg+xml;charset=utf-8,%3Csvg xmlns%3D&#039;http%3A%2F%2Fwww.w3.org%2F2000%2Fsvg&#039; viewBox%3D&#039;0 0 250 188&#039;%2F%3E\" class=\"attachment-woocommerce_thumbnail size-woocommerce_thumbnail lazy-load preload-me\" alt=\"Du\u017ce plastikowe donice Marco 10\" data-src=\"https:\/\/worldofflowerpots.com\/wp-content\/uploads\/2019\/01\/Du\u017ce-plastikowe-donice-Marco-10-250x188.jpg\" \/><\/a>\t\t\n\n\t<\/div>\n\t<figcaption class=\"woocom-list-content\">\n\n\t\t<div class=\"woocommerce-product-details__short-description\">\n\t<p>Donica plastikowa z w\u0142\u00f3kna szklanego Marco 10 z w\u0142\u00f3kna szklanego oraz \u017cywicy do stosowania wewn\u0105trz jako donica lub jako os\u0142onka. Donice dost\u0119pne we wszystkich kolorach palety RAL w wersji matowej i w po\u0142ysku. Donice s\u0105 wyposa\u017cone w otwory odp\u0142ywowe w dnie (na wyra\u017ane \u017cyczenie klienta mo\u017ce zosta\u0107 wykonana bez otworu odp\u0142ywowego), boczne \u015bcianki wy\u0142o\u017cone s\u0105 styropianem. Wymiary donicy: d\u0142ugo\u015b\u0107: 120 cm, szeroko\u015b\u0107: 120 cm, wysoko\u015b\u0107: 80 cm.<\/p>\n<\/div>\n\n\t<\/figcaption>\n<\/figure>\n<\/article>\n\n\n\n<article class=\"post visible description-off product type-product post-50935 status-publish instock product_cat-donice-z-aluminium product_tag-donice-aluminiowe product_tag-donice-balkonowe product_tag-donice-ogrodowe product_tag-donice-tarasowe product_tag-donice-wewnetrzne has-post-thumbnail shipping-taxable purchasable product-type-simple\">\n\n\t<figure class=\"woocom-project\">\n\t<div class=\"woo-buttons-on-img\">\n\n\t\t<a href=\"https:\/\/worldofflowerpots.com\/pl\/sklep\/kwadratowa-donica-aluminiowa-alessio-1\/\" class=\"alignnone layzr-bg\"><img loading=\"lazy\" decoding=\"async\" width=\"250\" height=\"188\" src=\"data:image\/svg+xml;charset=utf-8,%3Csvg xmlns%3D&#039;http%3A%2F%2Fwww.w3.org%2F2000%2Fsvg&#039; viewBox%3D&#039;0 0 250 188&#039;%2F%3E\" class=\"attachment-woocommerce_thumbnail size-woocommerce_thumbnail lazy-load preload-me\" alt=\"Kwadratowa donica aluminiowa Alessio 1\" data-src=\"https:\/\/worldofflowerpots.com\/wp-content\/uploads\/2019\/01\/Donica-aluminiowa-Alessio_2-1-250x188.jpg\" \/><\/a>\t\t\n\n\t<\/div>\n\t<figcaption class=\"woocom-list-content\">\n\n\t\t<div class=\"woocommerce-product-details__short-description\">\n\t<p>Donica aluminiowa Alessio 1 produkowana jest we wszystkich kolorach palety RAL. Donica produkowana jest w standardzie z otworami odp\u0142ywowymi. Waga to :12kg, a wymiary : d\u0142ugo\u015b\u0107:50cm, wysoko\u015b\u0107:50cm, wysoko\u015b\u0107:50cm. Zalecane stosowanie jako donica tarasowa.<\/p>\n<\/div>\n\n\t<\/figcaption>\n<\/figure>\n<\/article>\n\n\n\n<article class=\"post visible description-off product type-product post-50961 status-publish last instock product_cat-donice-z-aluminium product_tag-donice-aluminiowe product_tag-donice-balkonowe product_tag-donice-ogrodowe product_tag-donice-tarasowe product_tag-donice-wewnetrzne has-post-thumbnail shipping-taxable purchasable product-type-simple\">\n\n\t<figure class=\"woocom-project\">\n\t<div class=\"woo-buttons-on-img\">\n\n\t\t<a href=\"https:\/\/worldofflowerpots.com\/pl\/sklep\/prostokatne-donice-malowane-proszkowo-edoardo-5\/\" class=\"alignnone layzr-bg\"><img loading=\"lazy\" decoding=\"async\" width=\"250\" height=\"188\" src=\"data:image\/svg+xml;charset=utf-8,%3Csvg xmlns%3D&#039;http%3A%2F%2Fwww.w3.org%2F2000%2Fsvg&#039; viewBox%3D&#039;0 0 250 188&#039;%2F%3E\" class=\"attachment-woocommerce_thumbnail size-woocommerce_thumbnail lazy-load preload-me\" alt=\"Prostok\u0105tne donice malowane proszkowo Edoardo 5\" data-src=\"https:\/\/worldofflowerpots.com\/wp-content\/uploads\/2019\/01\/Prostok\u0105tne-donice-malowane-proszkowo-Edoard_5-250x188.jpg\" \/><\/a>\t\t\n\n\t<\/div>\n\t<figcaption class=\"woocom-list-content\">\n\n\t\t<div class=\"woocommerce-product-details__short-description\">\n\t<p>Donica aluminiowa Edoardo 5 produkowana jest we wszystkich kolorach palety RAL. Donica produkowana jest w standardzie z otworami odp\u0142ywowymi. Waga to :50kg, a wymiary : d\u0142ugo\u015b\u0107:150cm, szeroko\u015b\u0107:50cm, wysoko\u015b\u0107:80cm. Zalecane stosowanie jako donica tarasowa.<\/p>\n<\/div>\n\n\t<\/figcaption>\n<\/figure>\n<\/article>\n\n<\/div><\/div>[\/vc_column][\/vc_row][vc_row bg_type=&#8221;image&#8221; parallax_style=&#8221;vcpb-default&#8221; bg_image_new=&#8221;id^51724|url^https:\/\/worldofflowerpots.com\/wp-content\/uploads\/2019\/01\/blumenkuebel-beton-martina-und-cristina-weiss-schwerin.jpg|caption^null|alt^null|title^blumenkuebel-beton-martina-und-cristina-weiss-schwerin|description^null&#8221; bg_image_repeat=&#8221;no-repeat&#8221; bg_override=&#8221;ex-full&#8221; enable_overlay=&#8221;enable_overlay_value&#8221; overlay_color=&#8221;rgba(0,0,0,0.2)&#8221; css=&#8221;.vc_custom_1548525174707{padding-top: 150px !important;padding-bottom: 150px !important;}&#8221;][vc_column offset=&#8221;vc_col-lg-offset-1 vc_col-lg-10 vc_col-md-offset-1 vc_col-md-10&#8243;]<div id=\"ultimate-heading-494669f38b51dcc0c\" class=\"uvc-heading ult-adjust-bottom-margin ultimate-heading-494669f38b51dcc0c uvc-3972 \" data-hspacer=\"no_spacer\"  data-halign=\"center\" style=\"text-align:center\"><div class=\"uvc-heading-spacer no_spacer\" style=\"top\"><\/div><div class=\"uvc-main-heading ult-responsive\"  data-ultimate-target='.uvc-heading.ultimate-heading-494669f38b51dcc0c h2'  data-responsive-json-new='{\"font-size\":\"desktop:34px;mobile:24px;\",\"line-height\":\"desktop:44px;mobile:34px;\"}' ><h2 style=\"font-family:&#039;Poppins&#039;;font-weight:300;color:#ffffff;margin-bottom:42px;\">Donice betonowe<\/h2><\/div><div class=\"uvc-sub-heading ult-responsive\"  data-ultimate-target='.uvc-heading.ultimate-heading-494669f38b51dcc0c .uvc-sub-heading '  data-responsive-json-new='{\"font-size\":\"desktop:16px;\",\"line-height\":\"desktop:28px;\"}'  style=\"font-family:&#039;Open Sans&#039;;font-weight:normal;font-style:normal;color:#f4f4f4;\"><\/p>\n<div class=\"hidden-mob\">Donice z ultra betonu staj\u0105 si\u0119 powszechne i bardzo popularne, g\u0142\u00f3wnie ze wzgl\u0119du na ich atrakcyjno\u015b\u0107, wysok\u0105 jako\u015b\u0107 i spos\u00f3b u\u017cytkowania. Donice z ultra betonu ustawiamy na zewn\u0105trz, w ogrodzie, na tarasie, werandzie, balkonie, placu rekreacyjnym czy te\u017c wok\u00f3\u0142 firm, biur, przychodni, szk\u00f3\u0142. S\u0105 niezwykle wytrzyma\u0142e, mrozoodporne, nie wymagaj\u0105 konserwacji i przede wszystkim \u015bwietnie si\u0119 prezentuj\u0105, zapewniaj\u0105c bezpiecze\u0144stwo aran\u017cacjom ro\u015blinnym znajduj\u0105cych si\u0119 w nich. Posiadaj\u0105 otwory odp\u0142ywowe, zapewniaj\u0105c odpowiedni\u0105 piel\u0119gnacj\u0119 kompozycji w niej umieszczonych. Wyst\u0119puj\u0105 w trzech podstawowych kolorach: bieli, szaro\u015bci i czerni. Wyr\u00f3\u017cniaj\u0105 si\u0119 pi\u0119knymi kszta\u0142tami o r\u00f3\u017cnorodnej wielko\u015bci. S\u0105 w\u015br\u00f3d nich niskie, przeznaczone dla ro\u015blin z p\u0142ytkim systemem ukorzenienia i g\u0142\u0119bokie, przeznaczone dla ro\u015blin z du\u017cymi i rozbudowanymi korzeniami. Aran\u017cuj\u0105c ro\u015blinno\u015b\u0107 trzeba zawsze bra\u0107 pod uwag\u0119 jakie rozmiary ro\u015bliny uzyskaj\u0105 na przyk\u0142ad po roku swojego rozwoju. Mo\u017cna na ich podstawie tworzy\u0107 przepi\u0119kne aran\u017cacje ro\u015blinne, nawet zawieraj\u0105ce prawdziwe, du\u017ce drzewa. Ziele\u0144, pi\u0119kne kolory kwiat\u00f3w i kolorystyka tego rodzaju donic \u015bwietnie si\u0119 komponuj\u0105.<\/div>\n<div class=\"gap\" style=\"line-height: 10px; height: 10px;\"><\/div>\n<p><a class=\"link-inside\" href=\"\/beton-polimerobeton\/\">Czytaj wi\u0119cej o donicach z betonu<\/a><\/div><\/div>[\/vc_column][\/vc_row][vc_row css=&#8221;.vc_custom_1548523350687{padding-top: 40px !important;padding-bottom: 60px !important;}&#8221;][vc_column]<div class=\"woocommerce columns-4 \"><div class=\"wf-container dt-products  woo-hover products loading-effect-fade-in description-on-hover cart-btn-on-img wc-img-hover hide-description wc-grid\" data-padding=\"0px\" data-cur-page=\"1\" data-desktop-columns-num=\"4\" data-v-tablet-columns-num=\"2\" data-h-tablet-columns-num=\"3\" data-phone-columns-num=\"1\">\n\n<article class=\"post visible description-off product type-product post-50817 status-publish first instock product_cat-donice-z-betonu product_tag-donice-betonowe product_tag-donice-ogrodowe has-post-thumbnail shipping-taxable purchasable product-type-simple\">\n\n\t<figure class=\"woocom-project\">\n\t<div class=\"woo-buttons-on-img\">\n\n\t\t<a href=\"https:\/\/worldofflowerpots.com\/pl\/sklep\/donice-betonowe-xxl-adamo\/\" class=\"alignnone layzr-bg\"><img loading=\"lazy\" decoding=\"async\" width=\"250\" height=\"188\" src=\"data:image\/svg+xml;charset=utf-8,%3Csvg xmlns%3D&#039;http%3A%2F%2Fwww.w3.org%2F2000%2Fsvg&#039; viewBox%3D&#039;0 0 250 188&#039;%2F%3E\" class=\"attachment-woocommerce_thumbnail size-woocommerce_thumbnail lazy-load preload-me\" alt=\"Donice betonowe XXL Adamo\" data-src=\"https:\/\/worldofflowerpots.com\/wp-content\/uploads\/2019\/01\/donice-betonowe-XXL-Adamo-czarny-1-250x188.jpg\" \/><img loading=\"lazy\" decoding=\"async\" width=\"250\" height=\"188\" src=\"data:image\/svg+xml;charset=utf-8,%3Csvg xmlns%3D&#039;http%3A%2F%2Fwww.w3.org%2F2000%2Fsvg&#039; viewBox%3D&#039;0 0 250 188&#039;%2F%3E\" class=\"show-on-hover back-image lazy-load preload-me\" alt=\"\" data-src=\"https:\/\/worldofflowerpots.com\/wp-content\/uploads\/2019\/01\/donica-betonowa-ogrodowa-Adamo-bia\u0142y-250x188.jpg\" \/><\/a>\t\t\n\n\t<\/div>\n\t<figcaption class=\"woocom-list-content\">\n\n\t\t<div class=\"woocommerce-product-details__short-description\">\n\t<p>Donica Adamo z betonu. Wyst\u0119puje w trzech podstawowych kolorach: bia\u0142ym, szarym oraz czarnym. Donica produkowana jest w standardzie z otworami odp\u0142ywowymi. Waga donicy to: 235 kg, a wymiary: d\u0142ugo\u015b\u0107: 100cm, szeroko\u015b\u0107: 100cm, wysoko\u015b\u0107: 80cm.<\/p>\n<\/div>\n\n\t<\/figcaption>\n<\/figure>\n<\/article>\n\n\n\n<article class=\"post visible description-off product type-product post-50798 status-publish instock product_cat-donice-z-betonu product_tag-donice-betonowe product_tag-donice-ogrodowe has-post-thumbnail shipping-taxable purchasable product-type-simple\">\n\n\t<figure class=\"woocom-project\">\n\t<div class=\"woo-buttons-on-img\">\n\n\t\t<a href=\"https:\/\/worldofflowerpots.com\/pl\/sklep\/donice-miejskie-tommaso\/\" class=\"alignnone layzr-bg\"><img loading=\"lazy\" decoding=\"async\" width=\"250\" height=\"188\" src=\"data:image\/svg+xml;charset=utf-8,%3Csvg xmlns%3D&#039;http%3A%2F%2Fwww.w3.org%2F2000%2Fsvg&#039; viewBox%3D&#039;0 0 250 188&#039;%2F%3E\" class=\"attachment-woocommerce_thumbnail size-woocommerce_thumbnail lazy-load preload-me\" alt=\"Donice miejskie Tommaso\" data-src=\"https:\/\/worldofflowerpots.com\/wp-content\/uploads\/2019\/01\/donice-miejskie-Tommaso-250x188.jpg\" \/><img loading=\"lazy\" decoding=\"async\" width=\"250\" height=\"188\" src=\"data:image\/svg+xml;charset=utf-8,%3Csvg xmlns%3D&#039;http%3A%2F%2Fwww.w3.org%2F2000%2Fsvg&#039; viewBox%3D&#039;0 0 250 188&#039;%2F%3E\" class=\"show-on-hover back-image lazy-load preload-me\" alt=\"\" data-src=\"https:\/\/worldofflowerpots.com\/wp-content\/uploads\/2019\/01\/Donica-ogrodowa-betonowa-tommaso-biala-z-polimerobetonu-250x188.jpg\" \/><\/a>\t\t\n\n\t<\/div>\n\t<figcaption class=\"woocom-list-content\">\n\n\t\t<div class=\"woocommerce-product-details__short-description\">\n\t<p>Donica Tommaso z betonu. Wyst\u0119puje w trzech podstawowych kolorach: bia\u0142ym, szarym oraz czarnym. Donica produkowana jest w standardzie z otworami odp\u0142ywowymi. Waga donicy to: 115 kg, a wymiary:\u00a0 \u015brednica:100 cm, wysoko\u015b\u0107: 60 cm.<\/p>\n<\/div>\n\n\t<\/figcaption>\n<\/figure>\n<\/article>\n\n\n\n<article class=\"post visible description-off product type-product post-50787 status-publish instock product_cat-donice-z-betonu product_tag-donice-betonowe product_tag-donice-ogrodowe has-post-thumbnail shipping-taxable purchasable product-type-simple\">\n\n\t<figure class=\"woocom-project\">\n\t<div class=\"woo-buttons-on-img\">\n\n\t\t<a href=\"https:\/\/worldofflowerpots.com\/pl\/sklep\/klasyczne-duze-donice-na-taras-luciano\/\" class=\"alignnone layzr-bg\"><img loading=\"lazy\" decoding=\"async\" width=\"250\" height=\"188\" src=\"data:image\/svg+xml;charset=utf-8,%3Csvg xmlns%3D&#039;http%3A%2F%2Fwww.w3.org%2F2000%2Fsvg&#039; viewBox%3D&#039;0 0 250 188&#039;%2F%3E\" class=\"attachment-woocommerce_thumbnail size-woocommerce_thumbnail lazy-load preload-me\" alt=\"Du\u017ce donice na Taras Luciano\" data-src=\"https:\/\/worldofflowerpots.com\/wp-content\/uploads\/2019\/01\/Du\u017ce-donice-na-taras-Luciano-250x188.jpg\" \/><img loading=\"lazy\" decoding=\"async\" width=\"250\" height=\"188\" src=\"data:image\/svg+xml;charset=utf-8,%3Csvg xmlns%3D&#039;http%3A%2F%2Fwww.w3.org%2F2000%2Fsvg&#039; viewBox%3D&#039;0 0 250 188&#039;%2F%3E\" class=\"show-on-hover back-image lazy-load preload-me\" alt=\"\" data-src=\"https:\/\/worldofflowerpots.com\/wp-content\/uploads\/2019\/01\/Donica-ogrodowa-betonowa-luciano-biala-z-polimerobetonu-250x188.jpg\" \/><\/a>\t\t\n\n\t<\/div>\n\t<figcaption class=\"woocom-list-content\">\n\n\t\t<div class=\"woocommerce-product-details__short-description\">\n\t<p>Donica Luciano z betonu. Wyst\u0119puje w trzech podstawowych kolorach: bia\u0142ym, szarym oraz czarnym. Donica produkowana jest w standardzie z otworami odp\u0142ywowymi. Waga donicy to: 85 kg, a wymiary: \u015brednica: 139 cm, wysoko\u015b\u0107: 98 cm.<\/p>\n<\/div>\n\n\t<\/figcaption>\n<\/figure>\n<\/article>\n\n\n\n<article class=\"post visible description-off product type-product post-50778 status-publish last instock product_cat-donice-z-betonu product_tag-donice-betonowe product_tag-donice-ogrodowe has-post-thumbnail shipping-taxable purchasable product-type-simple\">\n\n\t<figure class=\"woocom-project\">\n\t<div class=\"woo-buttons-on-img\">\n\n\t\t<a href=\"https:\/\/worldofflowerpots.com\/pl\/sklep\/nowoczesna-donica-betonowa-pietro\/\" class=\"alignnone layzr-bg\"><img loading=\"lazy\" decoding=\"async\" width=\"250\" height=\"188\" src=\"data:image\/svg+xml;charset=utf-8,%3Csvg xmlns%3D&#039;http%3A%2F%2Fwww.w3.org%2F2000%2Fsvg&#039; viewBox%3D&#039;0 0 250 188&#039;%2F%3E\" class=\"attachment-woocommerce_thumbnail size-woocommerce_thumbnail lazy-load preload-me\" alt=\"Nowoczesna Donica Betonowa Pietro\" data-src=\"https:\/\/worldofflowerpots.com\/wp-content\/uploads\/2019\/01\/Nowoczesna-donica-betonowa-Pietro-250x188.jpg\" \/><img loading=\"lazy\" decoding=\"async\" width=\"250\" height=\"188\" src=\"data:image\/svg+xml;charset=utf-8,%3Csvg xmlns%3D&#039;http%3A%2F%2Fwww.w3.org%2F2000%2Fsvg&#039; viewBox%3D&#039;0 0 250 188&#039;%2F%3E\" class=\"show-on-hover back-image lazy-load preload-me\" alt=\"\" data-src=\"https:\/\/worldofflowerpots.com\/wp-content\/uploads\/2019\/01\/Donica-ogrodowa-betonowa-pietro-bia\u0142a-z-polimerobetonu-250x188.jpg\" \/><\/a>\t\t\n\n\t<\/div>\n\t<figcaption class=\"woocom-list-content\">\n\n\t\t<div class=\"woocommerce-product-details__short-description\">\n\t<p>Donica Pietro z betonu (ultra betonu). Wyst\u0119puje w trzech podstawowych kolorach: bia\u0142ym, szarym oraz czarnym. Donica produkowana jest w standardzie z otworami odp\u0142ywowymi. Waga donicy to: 200 kg, a wymiary:\u00a0 \u015brednica: 126,5cm, wysoko\u015b\u0107: 84cm.<\/p>\n<\/div>\n\n\t<\/figcaption>\n<\/figure>\n<\/article>\n\n<\/div><\/div><div class=\" vc_custom_1551714288088 ubtn-ctn-center \"><a class=\"ubtn-link ult-adjust-bottom-margin ubtn-center ubtn-large \" href=\"https:\/\/worldofflowerpots.pl\/sklep\/\" title=\"Sklep\" ><button type=\"button\" id=\"ubtn-1691\"  class=\"ubtn ult-adjust-bottom-margin ult-responsive ubtn-large ubtn-no-hover-bg  none  ubtn-center   tooltip-69f38b51ed9d4\"  data-hover=\"#4c4c4c\" data-border-color=\"#333333\" data-bg=\"\" data-hover-bg=\"\" data-border-hover=\"#4c4c4c\" data-shadow-hover=\"\" data-shadow-click=\"none\" data-shadow=\"\" data-shd-shadow=\"\"  data-ultimate-target='#ubtn-1691'  data-responsive-json-new='{\"font-size\":\"desktop:16px;\",\"line-height\":\"desktop:27px;\"}'  style=\"font-family:&#039;Poppins&#039;;font-weight:500;border-radius:0px;border-width:1px;border-color:#333333;border-style:solid;color: #333333;\"><span class=\"ubtn-hover\" style=\"background-color:\"><\/span><span class=\"ubtn-data ubtn-text \" >Zobacz wszystkie<\/span><\/button><\/a><\/div>[\/vc_column][\/vc_row][vc_row bg_type=&#8221;image&#8221; parallax_style=&#8221;vcpb-default&#8221; bg_image_new=&#8221;id^51742|url^https:\/\/worldofflowerpots.com\/wp-content\/uploads\/2019\/01\/pflanzkuebel-gross-alessio-5-material-aluminium.jpg|caption^null|alt^null|title^pflanzkuebel-gross-alessio-5-material-aluminium|description^null&#8221; bg_image_repeat=&#8221;no-repeat&#8221; bg_override=&#8221;ex-full&#8221; enable_overlay=&#8221;enable_overlay_value&#8221; overlay_color=&#8221;rgba(0,0,0,0.2)&#8221; css=&#8221;.vc_custom_1548525073406{padding-top: 150px !important;padding-bottom: 150px !important;}&#8221;][vc_column offset=&#8221;vc_col-lg-offset-1 vc_col-lg-10 vc_col-md-offset-1 vc_col-md-10&#8243;]<div id=\"ultimate-heading-326569f38b51eda53\" class=\"uvc-heading ult-adjust-bottom-margin ultimate-heading-326569f38b51eda53 uvc-7714 \" data-hspacer=\"no_spacer\"  data-halign=\"center\" style=\"text-align:center\"><div class=\"uvc-heading-spacer no_spacer\" style=\"top\"><\/div><div class=\"uvc-main-heading ult-responsive\"  data-ultimate-target='.uvc-heading.ultimate-heading-326569f38b51eda53 h2'  data-responsive-json-new='{\"font-size\":\"desktop:34px;mobile:24px;\",\"line-height\":\"desktop:44px;mobile:34px;\"}' ><h2 style=\"font-family:&#039;Poppins&#039;;font-weight:300;color:#ffffff;margin-bottom:42px;\">Aluminiowe donice<\/h2><\/div><div class=\"uvc-sub-heading ult-responsive\"  data-ultimate-target='.uvc-heading.ultimate-heading-326569f38b51eda53 .uvc-sub-heading '  data-responsive-json-new='{\"font-size\":\"desktop:16px;\",\"line-height\":\"desktop:28px;\"}'  style=\"font-family:&#039;Open Sans&#039;;font-weight:normal;font-style:normal;color:#f4f4f4;\"><\/p>\n<div class=\"hidden-mob\">Wszystkie dost\u0119pne w naszej ofercie donice z blachy aluminiowej zosta\u0142y wykonane z blachy o grubo\u015bci 2 mm. Donice dodatkowo s\u0105 ob\u0142o\u017cone p\u0142yt\u0105 styropianow\u0105 o grubo\u015bci 2 cm. Taka konstrukcja sprawia, \u017ce donica jest lekka i jednocze\u015bnie wytrzyma\u0142a. Warstwa styropianu stanowi tak\u017ce ocieplenie donic na okres zimowy. Nasze donice aluminiowe dost\u0119pne s\u0105 w r\u00f3\u017cnych kszta\u0142tach i wielko\u015bciach \u2013 od wysokich, smuk\u0142ych donic w kszta\u0142cie graniastos\u0142upa o podstawie kwadratu, poprzez donice okr\u0105g\u0142e, sko\u0144czywszy na donicach przypominaj\u0105cych kszta\u0142tem skrzyni\u0119. Wszystkie dost\u0119pne w sprzeda\u017cy donice zosta\u0142y wyposa\u017cone w otwory odp\u0142ywowe. Aluminium jest materia\u0142em o du\u017cej odporno\u015bci na korozj\u0119. Dzi\u0119ki temu nasze donice z lekkich materia\u0142\u00f3w wykonane z aluminium doskonale sprawdzaj\u0105 si\u0119 na tarasach czy w ogrodach. Wi\u0119ksze donice nadaj\u0105 si\u0119 r\u00f3wnie\u017c do u\u017cytkowania w przestrzeni publicznej, czyli na skwerach, w parkach czy w pobli\u017cu przystank\u00f3w autobusowych. Niezale\u017cnie od kszta\u0142tu i wymiar\u00f3w wybranej donicy, mo\u017cemy pomalowa\u0107 j\u0105 na dowolny kolor z palety RAL.<\/div>\n<div class=\"gap\" style=\"line-height: 10px; height: 10px;\"><\/div>\n<p><a class=\"link-inside\" href=\"\/aluminium-glin\/\">Czytaj wi\u0119cej o donicach z aluminium<\/a><\/div><\/div>[\/vc_column][\/vc_row][vc_row css=&#8221;.vc_custom_1548523350687{padding-top: 40px !important;padding-bottom: 60px !important;}&#8221;][vc_column]<div class=\"woocommerce columns-4 \"><div class=\"wf-container dt-products  woo-hover products loading-effect-fade-in description-on-hover cart-btn-on-img wc-img-hover hide-description wc-grid\" data-padding=\"0px\" data-cur-page=\"1\" data-desktop-columns-num=\"4\" data-v-tablet-columns-num=\"2\" data-h-tablet-columns-num=\"3\" data-phone-columns-num=\"1\">\n\n<article class=\"post visible description-off product type-product post-50963 status-publish first instock product_cat-donice-z-aluminium product_tag-donice-aluminiowe product_tag-donice-balkonowe product_tag-donice-ogrodowe product_tag-donice-tarasowe product_tag-donice-wewnetrzne has-post-thumbnail shipping-taxable purchasable product-type-simple\">\n\n\t<figure class=\"woocom-project\">\n\t<div class=\"woo-buttons-on-img\">\n\n\t\t<a href=\"https:\/\/worldofflowerpots.com\/pl\/sklep\/aluminiowa-donica-stozkowa-silvestro-2\/\" class=\"alignnone layzr-bg\"><img loading=\"lazy\" decoding=\"async\" width=\"250\" height=\"188\" src=\"data:image\/svg+xml;charset=utf-8,%3Csvg xmlns%3D&#039;http%3A%2F%2Fwww.w3.org%2F2000%2Fsvg&#039; viewBox%3D&#039;0 0 250 188&#039;%2F%3E\" class=\"attachment-woocommerce_thumbnail size-woocommerce_thumbnail lazy-load preload-me\" alt=\"Aluminiowa donica sto\u017ckowa Silvestro 2\" data-src=\"https:\/\/worldofflowerpots.com\/wp-content\/uploads\/2019\/01\/Aluminiowa-donica-sto\u017ckowa-Silvestro_2-250x188.jpg\" \/><\/a>\t\t\n\n\t<\/div>\n\t<figcaption class=\"woocom-list-content\">\n\n\t\t<div class=\"woocommerce-product-details__short-description\">\n\t<p>Donica aluminiowa Silvestro 2 produkowana jest we wszystkich kolorach palety RAL. Donica produkowana jest w standardzie z otworami odp\u0142ywowymi. Waga to :23kg, a wymiary : \u015brednica:80cm , wysoko\u015b\u0107:80cm. Zalecane stosowanie jako donica tarasowa.<\/p>\n<\/div>\n\n\t<\/figcaption>\n<\/figure>\n<\/article>\n\n\n\n<article class=\"post visible description-off product type-product post-50975 status-publish instock product_cat-donice-z-aluminium product_tag-donice-aluminiowe product_tag-donice-balkonowe product_tag-donice-ogrodowe product_tag-donice-tarasowe product_tag-donice-wewnetrzne has-post-thumbnail shipping-taxable purchasable product-type-simple\">\n\n\t<figure class=\"woocom-project\">\n\t<div class=\"woo-buttons-on-img\">\n\n\t\t<a href=\"https:\/\/worldofflowerpots.com\/pl\/sklep\/aluminiowa-smukla-donica-vittorio-2\/\" class=\"alignnone layzr-bg\"><img loading=\"lazy\" decoding=\"async\" width=\"250\" height=\"188\" src=\"data:image\/svg+xml;charset=utf-8,%3Csvg xmlns%3D&#039;http%3A%2F%2Fwww.w3.org%2F2000%2Fsvg&#039; viewBox%3D&#039;0 0 250 188&#039;%2F%3E\" class=\"attachment-woocommerce_thumbnail size-woocommerce_thumbnail lazy-load preload-me\" alt=\"Aluminiowa smuk\u0142a donica Vittorio 2\" data-src=\"https:\/\/worldofflowerpots.com\/wp-content\/uploads\/2019\/01\/Aluminiowa-smuk\u0142a-donica-Vittorio_2-250x188.jpg\" \/><\/a>\t\t\n\n\t<\/div>\n\t<figcaption class=\"woocom-list-content\">\n\n\t\t<div class=\"woocommerce-product-details__short-description\">\n\t<p>Donica aluminiowa Vittorio 2 produkowana jest we wszystkich kolorach palety RAL. Donica produkowana jest w standardzie z otworami odp\u0142ywowymi. Waga to :16kg, a wymiary : d\u0142ugo\u015b\u0107:40cm, szeroko\u015b\u0107:40cm, wysoko\u015b\u0107:100cm. Zalecane stosowanie jako donica tarasowa.<\/p>\n<\/div>\n\n\t<\/figcaption>\n<\/figure>\n<\/article>\n\n\n\n<article class=\"post visible description-off product type-product post-56025 status-publish instock product_cat-donice-z-aluminium product_tag-donice-aluminiowe product_tag-donice-ogrodowe product_tag-donice-tarasowe product_tag-donice-wewnetrzne has-post-thumbnail shipping-taxable purchasable product-type-simple\">\n\n\t<figure class=\"woocom-project\">\n\t<div class=\"woo-buttons-on-img\">\n\n\t\t<a href=\"https:\/\/worldofflowerpots.com\/pl\/sklep\/dluga-doniczka-alessio-9\/\" class=\"alignnone layzr-bg\"><img loading=\"lazy\" decoding=\"async\" width=\"250\" height=\"188\" src=\"data:image\/svg+xml;charset=utf-8,%3Csvg xmlns%3D&#039;http%3A%2F%2Fwww.w3.org%2F2000%2Fsvg&#039; viewBox%3D&#039;0 0 250 188&#039;%2F%3E\" class=\"attachment-woocommerce_thumbnail size-woocommerce_thumbnail lazy-load preload-me\" alt=\"D\u0142uga doniczka Alessio 9\" data-src=\"https:\/\/worldofflowerpots.com\/wp-content\/uploads\/2019\/03\/d\u0142uga-doniczka-Alessio_9-250x188.jpg\" \/><\/a>\t\t\n\n\t<\/div>\n\t<figcaption class=\"woocom-list-content\">\n\n\t\t<div class=\"woocommerce-product-details__short-description\">\n\t<p>Donica aluminiowa Alessio 9 produkowana jest we wszystkich kolorach palety RAL. Donica produkowana jest w standardzie z otworami odp\u0142ywowymi. Waga to: 37 kg, a wymiary: d\u0142ugo\u015b\u0107: 230 cm, szeroko\u015b\u0107: 50 cm, wysoko\u015b\u0107: 40 cm. Zalecane stosowanie jako donica ogrodowa.<\/p>\n<\/div>\n\n\t<\/figcaption>\n<\/figure>\n<\/article>\n\n\n\n<article class=\"post visible description-off product type-product post-50960 status-publish last instock product_cat-donice-z-aluminium product_tag-donice-aluminiowe product_tag-donice-ogrodowe product_tag-donice-tarasowe product_tag-donice-wewnetrzne has-post-thumbnail shipping-taxable purchasable product-type-simple\">\n\n\t<figure class=\"woocom-project\">\n\t<div class=\"woo-buttons-on-img\">\n\n\t\t<a href=\"https:\/\/worldofflowerpots.com\/pl\/sklep\/dlugie-donice-aluminiowe-edoardo-4\/\" class=\"alignnone layzr-bg\"><img loading=\"lazy\" decoding=\"async\" width=\"250\" height=\"188\" src=\"data:image\/svg+xml;charset=utf-8,%3Csvg xmlns%3D&#039;http%3A%2F%2Fwww.w3.org%2F2000%2Fsvg&#039; viewBox%3D&#039;0 0 250 188&#039;%2F%3E\" class=\"attachment-woocommerce_thumbnail size-woocommerce_thumbnail lazy-load preload-me\" alt=\"D\u0142ugie donice aluminiowe Edoardo 4\" data-src=\"https:\/\/worldofflowerpots.com\/wp-content\/uploads\/2019\/01\/D\u0142ugie-donice-aluminiowe-Edoardo_4-250x188.jpg\" \/><\/a>\t\t\n\n\t<\/div>\n\t<figcaption class=\"woocom-list-content\">\n\n\t\t<div class=\"woocommerce-product-details__short-description\">\n\t<p>Donica aluminiowa Edoardo 4 produkowana jest we wszystkich kolorach palety RAL. Donica produkowana jest w standardzie z otworami odp\u0142ywowymi. Waga to: 37kg, a wymiary : d\u0142ugo\u015b\u0107:200cm, szeroko\u015b\u0107:50cm, wysoko\u015b\u0107:60cm. Zalecane stosowanie jako donica tarasowa.<\/p>\n<\/div>\n\n\t<\/figcaption>\n<\/figure>\n<\/article>\n\n<\/div><\/div><div class=\" vc_custom_1551714294836 ubtn-ctn-center \"><a class=\"ubtn-link ult-adjust-bottom-margin ubtn-center ubtn-large \" href=\"https:\/\/worldofflowerpots.pl\/sklep\/\" ><button type=\"button\" id=\"ubtn-6131\"  class=\"ubtn ult-adjust-bottom-margin ult-responsive ubtn-large ubtn-no-hover-bg  none  ubtn-center   tooltip-69f38b51f1aa5\"  data-hover=\"#4c4c4c\" data-border-color=\"#333333\" data-bg=\"\" data-hover-bg=\"\" data-border-hover=\"#4c4c4c\" data-shadow-hover=\"\" data-shadow-click=\"none\" data-shadow=\"\" data-shd-shadow=\"\"  data-ultimate-target='#ubtn-6131'  data-responsive-json-new='{\"font-size\":\"desktop:16px;\",\"line-height\":\"desktop:27px;\"}'  style=\"font-family:&#039;Poppins&#039;;font-weight:500;border-radius:0px;border-width:1px;border-color:#333333;border-style:solid;color: #333333;\"><span class=\"ubtn-hover\" style=\"background-color:\"><\/span><span class=\"ubtn-data ubtn-text \" >Zobacz wszystkie<\/span><\/button><\/a><\/div>[\/vc_column][\/vc_row][vc_row bg_type=&#8221;image&#8221; parallax_style=&#8221;vcpb-default&#8221; bg_image_new=&#8221;id^51756|url^https:\/\/worldofflowerpots.com\/wp-content\/uploads\/2019\/01\/pflanzkuebel-cortenstahl-cubi-8.jpg|caption^null|alt^null|title^pflanzkuebel-cortenstahl-cubi-8|description^null&#8221; bg_image_repeat=&#8221;no-repeat&#8221; bg_override=&#8221;ex-full&#8221; enable_overlay=&#8221;enable_overlay_value&#8221; overlay_color=&#8221;rgba(0,0,0,0.2)&#8221; css=&#8221;.vc_custom_1548670304417{padding-top: 150px !important;padding-bottom: 150px !important;}&#8221;][vc_column offset=&#8221;vc_col-lg-offset-1 vc_col-lg-10 vc_col-md-offset-1 vc_col-md-10&#8243;]<div id=\"ultimate-heading-344469f38b51f1afe\" class=\"uvc-heading ult-adjust-bottom-margin ultimate-heading-344469f38b51f1afe uvc-2884 \" data-hspacer=\"no_spacer\"  data-halign=\"center\" style=\"text-align:center\"><div class=\"uvc-heading-spacer no_spacer\" style=\"top\"><\/div><div class=\"uvc-main-heading ult-responsive\"  data-ultimate-target='.uvc-heading.ultimate-heading-344469f38b51f1afe h2'  data-responsive-json-new='{\"font-size\":\"desktop:34px;mobile:24px;\",\"line-height\":\"desktop:44px;mobile:34px;\"}' ><h2 style=\"font-family:&#039;Poppins&#039;;font-weight:300;color:#ffffff;margin-bottom:42px;\">Corten materia\u0142em na donice<\/h2><\/div><div class=\"uvc-sub-heading ult-responsive\"  data-ultimate-target='.uvc-heading.ultimate-heading-344469f38b51f1afe .uvc-sub-heading '  data-responsive-json-new='{\"font-size\":\"desktop:16px;\",\"line-height\":\"desktop:28px;\"}'  style=\"font-family:&#039;Open Sans&#039;;font-weight:normal;font-style:normal;color:#f4f4f4;\"><\/p>\n<div class=\"hidden-mob\">\n<p>Donice metalowe corten dost\u0119pne w naszej ofercie charakteryzuj\u0105 si\u0119 rdzawym nalotem kt\u00f3ry swoim niecodziennym urokiem zdobi ka\u017cd\u0105 przestrze\u0144. Istnieje r\u00f3wnie\u017c mo\u017cliwo\u015b\u0107 by zam\u00f3wi\u0107 doniczk\u0119 o wymiarach wykraczaj\u0105cych poza przedstawion\u0105 przez nas ofert\u0119.<\/p>\n<p>Urz\u0105d\u017a sw\u00f3j ogr\u00f3d ze smakiem, stosuj\u0105c donice ze stali corten. Ten bardzo oryginalny materia\u0142 imituje prawdziwe przerdzewienie, jednak jest to struktura czysto dekoracyjna. W ci\u0105gu kilkunastu miesi\u0119cy powierzchnia kortenowskiej stali dojrzewa. Jej ostateczny wygl\u0105d zale\u017cy od agresywno\u015bci \u015brodowiska i tworzy oryginalne tekstury.<\/p>\n<p>U\u017cywane na zewn\u0105trz donice ze stali corten to elegancja w czystej formie. \u015acianki donic, wykonane z kortenowskiej stali, w kontrolowany spos\u00f3b pokrywaj\u0105 si\u0119 rdzawym nalotem. Jest to proces powierzchowny i nie wi\u0105\u017ce si\u0119 z korozj\u0105 produktu, ma funkcj\u0119 czysto dekoracyjn\u0105. Doskonale sprawdza si\u0119 w nowoczesnych aran\u017cacjach.<\/p>\n<\/div>\n<div class=\"gap\" style=\"line-height: 10px; height: 10px;\"><\/div>\n<p><a class=\"link-inside\" href=\"https:\/\/worldofflowerpots.com\/naturalnie-postarzany-metal-corten\/\">Czytaj wi\u0119cej o donicach z metalu Corten<\/a><\/div><\/div>[\/vc_column][\/vc_row][vc_row css=&#8221;.vc_custom_1548523350687{padding-top: 40px !important;padding-bottom: 60px !important;}&#8221;][vc_column]<div class=\"woocommerce columns-4 \"><div class=\"wf-container dt-products  woo-hover products loading-effect-fade-in description-on-hover cart-btn-on-img wc-img-hover hide-description wc-grid\" data-padding=\"0px\" data-cur-page=\"1\" data-desktop-columns-num=\"4\" data-v-tablet-columns-num=\"2\" data-h-tablet-columns-num=\"3\" data-phone-columns-num=\"1\">\n\n<article class=\"post visible description-off product type-product post-50757 status-publish first instock product_cat-donice-ze-stali-corten product_tag-donice-ogrodowe product_tag-donice-z-cortenu product_tag-donice-z-efektem-rdzy has-post-thumbnail shipping-taxable purchasable product-type-simple\">\n\n\t<figure class=\"woocom-project\">\n\t<div class=\"woo-buttons-on-img\">\n\n\t\t<a href=\"https:\/\/worldofflowerpots.com\/pl\/sklep\/corten-blacha-cubi-11\/\" class=\"alignnone layzr-bg\"><img loading=\"lazy\" decoding=\"async\" width=\"250\" height=\"188\" src=\"data:image\/svg+xml;charset=utf-8,%3Csvg xmlns%3D&#039;http%3A%2F%2Fwww.w3.org%2F2000%2Fsvg&#039; viewBox%3D&#039;0 0 250 188&#039;%2F%3E\" class=\"attachment-woocommerce_thumbnail size-woocommerce_thumbnail lazy-load preload-me\" alt=\"Corten blacha Cubi 11\" data-src=\"https:\/\/worldofflowerpots.com\/wp-content\/uploads\/2019\/01\/Blacha-corten-Cubi_11-250x188.jpg\" \/><\/a>\t\t\n\n\t<\/div>\n\t<figcaption class=\"woocom-list-content\">\n\n\t\t<div class=\"woocommerce-product-details__short-description\">\n\t<p>Donica Cubi 11 z blachy cortenowej o grubo\u015bci 2 mm. W dnie posiada otwory odp\u0142ywowe, natomiast jej \u015bcianki ocieplone s\u0105 styropianem o grubo\u015bci 2cm. Wymiary donicy: d\u0142ugo\u015b\u0107: 120 cm, szeroko\u015b\u0107: 50 cm, wysoko\u015b\u0107: 60 cm.<\/p>\n<\/div>\n\n\t<\/figcaption>\n<\/figure>\n<\/article>\n\n\n\n<article class=\"post visible description-off product type-product post-50750 status-publish instock product_cat-donice-ze-stali-corten product_tag-donice-ogrodowe product_tag-donice-z-cortenu product_tag-donice-z-efektem-rdzy has-post-thumbnail shipping-taxable purchasable product-type-simple\">\n\n\t<figure class=\"woocom-project\">\n\t<div class=\"woo-buttons-on-img\">\n\n\t\t<a href=\"https:\/\/worldofflowerpots.com\/pl\/sklep\/donica-stozkowa-z-cortenu-vaso-6\/\" class=\"alignnone layzr-bg\"><img loading=\"lazy\" decoding=\"async\" width=\"250\" height=\"188\" src=\"data:image\/svg+xml;charset=utf-8,%3Csvg xmlns%3D&#039;http%3A%2F%2Fwww.w3.org%2F2000%2Fsvg&#039; viewBox%3D&#039;0 0 250 188&#039;%2F%3E\" class=\"attachment-woocommerce_thumbnail size-woocommerce_thumbnail lazy-load preload-me\" alt=\"Donica sto\u017ckowa z cortenu Vaso 6\" data-src=\"https:\/\/worldofflowerpots.com\/wp-content\/uploads\/2019\/01\/Donica-sto\u017ckowa-z-cortenu-Vaso_6-250x188.jpg\" \/><\/a>\t\t\n\n\t<\/div>\n\t<figcaption class=\"woocom-list-content\">\n\n\t\t<div class=\"woocommerce-product-details__short-description\">\n\t<p>Donica Vaso\u00a0 z blachy cortenowej o grubo\u015bci 2mm. W dnie posiada otwory odp\u0142ywowe, natomiast jej \u015bcianki ocieplone s\u0105 styropianem o grubo\u015bci 2cm. Wymiary donicy: \u015brednica: 85cm,\u00a0 wysoko\u015b\u0107: 95cm.<\/p>\n<\/div>\n\n\t<\/figcaption>\n<\/figure>\n<\/article>\n\n\n\n<article class=\"post visible description-off product type-product post-55615 status-publish instock product_cat-donice-ze-stali-corten product_tag-donice-ogrodowe product_tag-donice-z-cortenu product_tag-donice-z-efektem-rdzy has-post-thumbnail shipping-taxable purchasable product-type-simple\">\n\n\t<figure class=\"woocom-project\">\n\t<div class=\"woo-buttons-on-img\">\n\n\t\t<a href=\"https:\/\/worldofflowerpots.com\/pl\/sklep\/donica-trapezowa-daniele-corten\/\" class=\"alignnone layzr-bg\"><img loading=\"lazy\" decoding=\"async\" width=\"250\" height=\"188\" src=\"data:image\/svg+xml;charset=utf-8,%3Csvg xmlns%3D&#039;http%3A%2F%2Fwww.w3.org%2F2000%2Fsvg&#039; viewBox%3D&#039;0 0 250 188&#039;%2F%3E\" class=\"attachment-woocommerce_thumbnail size-woocommerce_thumbnail lazy-load preload-me\" alt=\"Donica trapezowa Daniele Corten\" data-src=\"https:\/\/worldofflowerpots.com\/wp-content\/uploads\/2019\/03\/donica-trapezowa-corten-Daniele-Corten-250x188.jpg\" \/><\/a>\t\t\n\n\t<\/div>\n\t<figcaption class=\"woocom-list-content\">\n\n\t\t<div class=\"woocommerce-product-details__short-description\">\n\t<p>Donica Daniele Corten z blachy cortenowej o grubo\u015bci 2 mm. W dnie posiada otwory odp\u0142ywowe, natomiast jej \u015bcianki ocieplone s\u0105 styropianem o grubo\u015bci 2 cm. Wymiary donicy: d\u0142ugo\u015b\u0107: 89,8 cm, szeroko\u015b\u0107: 89,8 cm, wysoko\u015b\u0107: 80,6 cm.<\/p>\n<\/div>\n\n\t<\/figcaption>\n<\/figure>\n<\/article>\n\n\n\n<article class=\"post visible description-off product type-product post-55825 status-publish last instock product_cat-donice-na-kolkach product_cat-donice-ze-stali-corten product_tag-donice-z-cortenu product_tag-donice-z-efektem-rdzy has-post-thumbnail shipping-taxable purchasable product-type-simple\">\n\n\t<figure class=\"woocom-project\">\n\t<div class=\"woo-buttons-on-img\">\n\n\t\t<a href=\"https:\/\/worldofflowerpots.com\/pl\/sklep\/donica-z-cortenu-na-kolkach-marcello-mobile\/\" class=\"alignnone layzr-bg\"><img loading=\"lazy\" decoding=\"async\" width=\"250\" height=\"188\" src=\"data:image\/svg+xml;charset=utf-8,%3Csvg xmlns%3D&#039;http%3A%2F%2Fwww.w3.org%2F2000%2Fsvg&#039; viewBox%3D&#039;0 0 250 188&#039;%2F%3E\" class=\"attachment-woocommerce_thumbnail size-woocommerce_thumbnail lazy-load preload-me\" alt=\"Donica z cortenu na k\u00f3\u0142kach Marcello Mobile\" data-src=\"https:\/\/worldofflowerpots.com\/wp-content\/uploads\/2019\/03\/donica-z-cortenu-na-k\u00f3\u0142kach-Marcello-Mobile-250x188.jpg\" \/><\/a>\t\t\n\n\t<\/div>\n\t<figcaption class=\"woocom-list-content\">\n\n\t\t<div class=\"woocommerce-product-details__short-description\">\n\t<p>Donica Marcello Mobile z blachy cortenowej o grubo\u015bci 2 mm. W dnie posiada otw\u00f3r odp\u0142ywowy, natomiast jej \u015bcianki ocieplone s\u0105 styropianem o grubo\u015bci 2 cm. Dzi\u0119ki zastosowaniu k\u00f3\u0142ek mo\u017cna bez problemu przestawi\u0107 donice w dowolne miejsce. Wymiary donicy: d\u0142ugo\u015b\u0107: 60 cm, szeroko\u015b\u0107: 60 cm, wysoko\u015b\u0107: 61,7 cm.<\/p>\n<\/div>\n\n\t<\/figcaption>\n<\/figure>\n<\/article>\n\n<\/div><\/div><div class=\" vc_custom_1551714301912 ubtn-ctn-center \"><a class=\"ubtn-link ult-adjust-bottom-margin ubtn-center ubtn-large \" href=\"https:\/\/worldofflowerpots.pl\/sklep\/\" ><button type=\"button\" id=\"ubtn-1960\"  class=\"ubtn ult-adjust-bottom-margin ult-responsive ubtn-large ubtn-no-hover-bg  none  ubtn-center   tooltip-69f38b5201b6e\"  data-hover=\"#4c4c4c\" data-border-color=\"#333333\" data-bg=\"\" data-hover-bg=\"\" data-border-hover=\"#4c4c4c\" data-shadow-hover=\"\" data-shadow-click=\"none\" data-shadow=\"\" data-shd-shadow=\"\"  data-ultimate-target='#ubtn-1960'  data-responsive-json-new='{\"font-size\":\"desktop:16px;\",\"line-height\":\"desktop:27px;\"}'  style=\"font-family:&#039;Poppins&#039;;font-weight:500;border-radius:0px;border-width:1px;border-color:#333333;border-style:solid;color: #333333;\"><span class=\"ubtn-hover\" style=\"background-color:\"><\/span><span class=\"ubtn-data ubtn-text \" >Zobacz wszystkie<\/span><\/button><\/a><\/div>[\/vc_column][\/vc_row][vc_row bg_type=&#8221;image&#8221; parallax_style=&#8221;vcpb-default&#8221; bg_image_new=&#8221;id^51762|url^https:\/\/worldofflowerpots.com\/wp-content\/uploads\/2019\/01\/pflanzkuebel-fiberglas-marco-1-home.jpg|caption^null|alt^null|title^pflanzkuebel-fiberglas-marco-1-home|description^null&#8221; bg_image_repeat=&#8221;no-repeat&#8221; bg_override=&#8221;ex-full&#8221; enable_overlay=&#8221;enable_overlay_value&#8221; overlay_color=&#8221;rgba(0,0,0,0.2)&#8221; css=&#8221;.vc_custom_1548670634696{padding-top: 150px !important;padding-bottom: 150px !important;}&#8221;][vc_column offset=&#8221;vc_col-lg-offset-1 vc_col-lg-10 vc_col-md-offset-1 vc_col-md-10&#8243;]<div id=\"ultimate-heading-568569f38b5201bec\" class=\"uvc-heading ult-adjust-bottom-margin ultimate-heading-568569f38b5201bec uvc-5499 \" data-hspacer=\"no_spacer\"  data-halign=\"center\" style=\"text-align:center\"><div class=\"uvc-heading-spacer no_spacer\" style=\"top\"><\/div><div class=\"uvc-main-heading ult-responsive\"  data-ultimate-target='.uvc-heading.ultimate-heading-568569f38b5201bec h2'  data-responsive-json-new='{\"font-size\":\"desktop:34px;mobile:24px;\",\"line-height\":\"desktop:44px;mobile:34px;\"}' ><h2 style=\"font-family:&#039;Poppins&#039;;font-weight:300;color:#ffffff;margin-bottom:42px;\">Kompozytowe donice<\/h2><\/div><div class=\"uvc-sub-heading ult-responsive\"  data-ultimate-target='.uvc-heading.ultimate-heading-568569f38b5201bec .uvc-sub-heading '  data-responsive-json-new='{\"font-size\":\"desktop:16px;\",\"line-height\":\"desktop:28px;\"}'  style=\"font-family:&#039;Open Sans&#039;;font-weight:normal;font-style:normal;color:#f4f4f4;\"><\/p>\n<div class=\"hidden-mob\">Wyroby kompozytowe czyli doniczki z lekkich materia\u0142\u00f3w. Alternatyw\u0105 dla donic wykonanych z aluminium s\u0105 wysokiej jako\u015bci donice wykonane z w\u0142\u00f3kna szklanego. S\u0105 to donice, kt\u00f3rych \u015bciany maj\u0105 grubo\u015b\u0107 od 2 do 3 milimetr\u00f3w. Odpowiednia mieszanka \u017cywicy poliestrowej, maty szklanej oraz dodatk\u00f3w utwardzaj\u0105cych sprawia, \u017ce donice pomimo tak cienkiej warstwy s\u0105 bardzo wytrzyma\u0142e. Podobnie jak w przypadku donic aluminiowych, do \u015bcian przykleja si\u0119 warstw\u0119 styropianu o grubo\u015bci 2 cm. Dzi\u0119ki takiej izolacji, bardziej odporne na mr\u00f3z ro\u015bliny wieloletnie mog\u0105 zimowa\u0107 na zewn\u0105trz. Tak samo jak w przypadku donic aluminiowych, posiadamy szerok\u0105 gam\u0119 wzor\u00f3w i kolor\u00f3w. Na \u017cyczenie ka\u017cda z donic mo\u017ce zosta\u0107 pomalowana dowolnym kolorem z palety RAL.<\/div>\n<div class=\"gap\" style=\"line-height: 10px; height: 10px;\"><\/div>\n<p><a class=\"link-inside\" href=\"https:\/\/worldofflowerpots.com\/plastik-wlokno-szklane-fiberglass\/\">Czytaj wi\u0119cej o donicach z w\u0142\u00f3kna szklanego<\/a><\/div><\/div>[\/vc_column][\/vc_row][vc_row css=&#8221;.vc_custom_1548523350687{padding-top: 40px !important;padding-bottom: 60px !important;}&#8221;][vc_column]<div class=\"woocommerce columns-4 \"><div class=\"wf-container dt-products  woo-hover products loading-effect-fade-in description-on-hover cart-btn-on-img wc-img-hover hide-description wc-grid\" data-padding=\"0px\" data-cur-page=\"1\" data-desktop-columns-num=\"4\" data-v-tablet-columns-num=\"2\" data-h-tablet-columns-num=\"3\" data-phone-columns-num=\"1\">\n\n<article class=\"post visible description-off product type-product post-50988 status-publish first instock product_cat-donice-z-wlokna-szklanego-plastiku product_tag-donice-ogrodowe product_tag-donice-tarasowe product_tag-donice-wewnetrzne has-post-thumbnail shipping-taxable purchasable product-type-simple\">\n\n\t<figure class=\"woocom-project\">\n\t<div class=\"woo-buttons-on-img\">\n\n\t\t<a href=\"https:\/\/worldofflowerpots.com\/pl\/sklep\/dlugie-donice-z-wlokna-szklanego-emilio-6\/\" class=\"alignnone layzr-bg\"><img loading=\"lazy\" decoding=\"async\" width=\"250\" height=\"188\" src=\"data:image\/svg+xml;charset=utf-8,%3Csvg xmlns%3D&#039;http%3A%2F%2Fwww.w3.org%2F2000%2Fsvg&#039; viewBox%3D&#039;0 0 250 188&#039;%2F%3E\" class=\"attachment-woocommerce_thumbnail size-woocommerce_thumbnail lazy-load preload-me\" alt=\"D\u0142ugie donice z w\u0142\u00f3kna szklanego Emilio 6\" data-src=\"https:\/\/worldofflowerpots.com\/wp-content\/uploads\/2019\/01\/D\u0142ugie-donice-z-w\u0142\u00f3kna-szklanego-Emilio-6-250x188.jpg\" \/><\/a>\t\t\n\n\t<\/div>\n\t<figcaption class=\"woocom-list-content\">\n\n\t\t<div class=\"woocommerce-product-details__short-description\">\n\t<p>Donica plastikowa z w\u0142\u00f3kna szklanego Emilio 6 z w\u0142\u00f3kna szklanego oraz \u017cywicy do stosowania wewn\u0105trz jako donica lub jako os\u0142onka. Donice dost\u0119pne we wszystkich kolorach palety RAL w wersji matowej i w po\u0142ysku. Donice s\u0105 wyposa\u017cone w otwory odp\u0142ywowe w dnie (na wyra\u017ane \u017cyczenie klienta mo\u017ce zosta\u0107 wykonana bez otworu odp\u0142ywowego), boczne \u015bcianki wy\u0142o\u017cone s\u0105 styropianem. Wymiary donicy: d\u0142ugo\u015b\u0107: 230 cm, szeroko\u015b\u0107: 50 cm, wysoko\u015b\u0107: 40 cm.<\/p>\n<\/div>\n\n\t<\/figcaption>\n<\/figure>\n<\/article>\n\n\n\n<article class=\"post visible description-off product type-product post-50860 status-publish instock product_cat-donice-z-wlokna-szklanego-plastiku product_tag-donice-wewnetrzne has-post-thumbnail shipping-taxable purchasable product-type-simple\">\n\n\t<figure class=\"woocom-project\">\n\t<div class=\"woo-buttons-on-img\">\n\n\t\t<a href=\"https:\/\/worldofflowerpots.com\/pl\/sklep\/donica-marco-6\/\" class=\"alignnone layzr-bg\"><img loading=\"lazy\" decoding=\"async\" width=\"250\" height=\"188\" src=\"data:image\/svg+xml;charset=utf-8,%3Csvg xmlns%3D&#039;http%3A%2F%2Fwww.w3.org%2F2000%2Fsvg&#039; viewBox%3D&#039;0 0 250 188&#039;%2F%3E\" class=\"attachment-woocommerce_thumbnail size-woocommerce_thumbnail lazy-load preload-me\" alt=\"Donica Marco 6\" data-src=\"https:\/\/worldofflowerpots.com\/wp-content\/uploads\/2019\/01\/producent-doniczek-z-w\u0142\u00f3kna-szklanego-Marco-6-250x188.jpg\" \/><\/a>\t\t\n\n\t<\/div>\n\t<figcaption class=\"woocom-list-content\">\n\n\t\t<div class=\"woocommerce-product-details__short-description\">\n\t<p>Donica plastikowa z w\u0142\u00f3kna szklanego Marco 6 z w\u0142\u00f3kna szklanego oraz \u017cywicy do stosowania wewn\u0105trz jako donica lub jako os\u0142onka. Donice dost\u0119pne we wszystkich kolorach palety RAL w wersji matowej i w po\u0142ysku. Donice s\u0105 wyposa\u017cone w otwory odp\u0142ywowe w dnie (na wyra\u017ane \u017cyczenie klienta mo\u017ce zosta\u0107 wykonana bez otworu odp\u0142ywowego), boczne \u015bcianki wy\u0142o\u017cone s\u0105 styropianem. Wymiary donicy: d\u0142ugo\u015b\u0107: 100 cm, szeroko\u015b\u0107: 100 cm, wysoko\u015b\u0107: 40 cm.<\/p>\n<\/div>\n\n\t<\/figcaption>\n<\/figure>\n<\/article>\n\n\n\n<article class=\"post visible description-off product type-product post-50934 status-publish instock product_cat-donice-z-wlokna-szklanego-plastiku product_tag-donice-ogrodowe product_tag-donice-tarasowe product_tag-donice-wewnetrzne has-post-thumbnail shipping-taxable purchasable product-type-simple\">\n\n\t<figure class=\"woocom-project\">\n\t<div class=\"woo-buttons-on-img\">\n\n\t\t<a href=\"https:\/\/worldofflowerpots.com\/pl\/sklep\/donica-prostokatna-emilio-5\/\" class=\"alignnone layzr-bg\"><img loading=\"lazy\" decoding=\"async\" width=\"250\" height=\"188\" src=\"data:image\/svg+xml;charset=utf-8,%3Csvg xmlns%3D&#039;http%3A%2F%2Fwww.w3.org%2F2000%2Fsvg&#039; viewBox%3D&#039;0 0 250 188&#039;%2F%3E\" class=\"attachment-woocommerce_thumbnail size-woocommerce_thumbnail lazy-load preload-me\" alt=\"Donica prostok\u0105tna Emilio 5\" data-src=\"https:\/\/worldofflowerpots.com\/wp-content\/uploads\/2019\/01\/producent-donic-z-w\u0142\u00f3kna-szklanego-Emilio-5-250x188.jpg\" \/><\/a>\t\t\n\n\t<\/div>\n\t<figcaption class=\"woocom-list-content\">\n\n\t\t<div class=\"woocommerce-product-details__short-description\">\n\t<p>Donica plastikowa z w\u0142\u00f3kna szklanego Emilio 5 z w\u0142\u00f3kna szklanego oraz \u017cywicy do stosowania wewn\u0105trz jako donica lub jako os\u0142onka. Donice dost\u0119pne we wszystkich kolorach palety RAL w wersji matowej i w po\u0142ysku. Donice s\u0105 wyposa\u017cone w otwory odp\u0142ywowe w dnie (na wyra\u017ane \u017cyczenie klienta mo\u017ce zosta\u0107 wykonana bez otworu odp\u0142ywowego), boczne \u015bcianki wy\u0142o\u017cone s\u0105 styropianem. Wymiary donicy: d\u0142ugo\u015b\u0107: 200 cm, szeroko\u015b\u0107: 50 cm, wysoko\u015b\u0107: 60 cm.<\/p>\n<\/div>\n\n\t<\/figcaption>\n<\/figure>\n<\/article>\n\n\n\n<article class=\"post visible description-off product type-product post-50922 status-publish last instock product_cat-donice-z-wlokna-szklanego-plastiku product_tag-donice-balkonowe product_tag-donice-ogrodowe product_tag-donice-tarasowe product_tag-donice-wewnetrzne has-post-thumbnail shipping-taxable purchasable product-type-simple\">\n\n\t<figure class=\"woocom-project\">\n\t<div class=\"woo-buttons-on-img\">\n\n\t\t<a href=\"https:\/\/worldofflowerpots.com\/pl\/sklep\/donica-z-wlokna-szklanego-carlo-5\/\" class=\"alignnone layzr-bg\"><img loading=\"lazy\" decoding=\"async\" width=\"250\" height=\"188\" src=\"data:image\/svg+xml;charset=utf-8,%3Csvg xmlns%3D&#039;http%3A%2F%2Fwww.w3.org%2F2000%2Fsvg&#039; viewBox%3D&#039;0 0 250 188&#039;%2F%3E\" class=\"attachment-woocommerce_thumbnail size-woocommerce_thumbnail lazy-load preload-me\" alt=\"Donica z w\u0142\u00f3kna szklanego Carlo 5\" data-src=\"https:\/\/worldofflowerpots.com\/wp-content\/uploads\/2019\/01\/donica-z-w\u0142\u00f3kna-szklanego-Carlo-5-250x188.jpg\" \/><\/a>\t\t\n\n\t<\/div>\n\t<figcaption class=\"woocom-list-content\">\n\n\t\t<div class=\"woocommerce-product-details__short-description\">\n\t<p>Donica plastikowa z w\u0142\u00f3kna szklanego Carlo 5 z w\u0142\u00f3kna szklanego oraz \u017cywicy do stosowania wewn\u0105trz jako donica lub jako os\u0142onka. Donice dost\u0119pne we wszystkich kolorach palety RAL w wersji matowej i w po\u0142ysku. Donice s\u0105 wyposa\u017cone w otwory odp\u0142ywowe w dnie (na wyra\u017ane \u017cyczenie klienta mo\u017ce zosta\u0107 wykonana bez otworu odp\u0142ywowego), boczne \u015bcianki wy\u0142o\u017cone s\u0105 styropianem. Wymiary donicy: d\u0142ugo\u015b\u0107:50cm, szeroko\u015b\u0107:50cm, wysoko\u015b\u0107: 100cm.<\/p>\n<\/div>\n\n\t<\/figcaption>\n<\/figure>\n<\/article>\n\n<\/div><\/div><div class=\" vc_custom_1551714309260 ubtn-ctn-center \"><a class=\"ubtn-link ult-adjust-bottom-margin ubtn-center ubtn-large \" href=\"https:\/\/worldofflowerpots.pl\/sklep\/\" ><button type=\"button\" id=\"ubtn-6422\"  class=\"ubtn ult-adjust-bottom-margin ult-responsive ubtn-large ubtn-no-hover-bg  none  ubtn-center   tooltip-69f38b5209502\"  data-hover=\"#4c4c4c\" data-border-color=\"#333333\" data-bg=\"\" data-hover-bg=\"\" data-border-hover=\"#4c4c4c\" data-shadow-hover=\"\" data-shadow-click=\"none\" data-shadow=\"\" data-shd-shadow=\"\"  data-ultimate-target='#ubtn-6422'  data-responsive-json-new='{\"font-size\":\"desktop:16px;\",\"line-height\":\"desktop:27px;\"}'  style=\"font-family:&#039;Poppins&#039;;font-weight:500;border-radius:0px;border-width:1px;border-color:#333333;border-style:solid;color: #333333;\"><span class=\"ubtn-hover\" style=\"background-color:\"><\/span><span class=\"ubtn-data ubtn-text \" >Zobacz wszystkie<\/span><\/button><\/a><\/div>[\/vc_column][\/vc_row][vc_row bg_type=&#8221;image&#8221; parallax_style=&#8221;vcpb-default&#8221; bg_image_new=&#8221;id^51768|url^https:\/\/worldofflowerpots.com\/wp-content\/uploads\/2019\/01\/pflanzkuebel-beton-hydra-medio-grande-serie-design.jpg|caption^null|alt^null|title^pflanzkuebel-beton-hydra-medio-grande-serie-design|description^null&#8221; bg_image_repeat=&#8221;no-repeat&#8221; bg_override=&#8221;ex-full&#8221; enable_overlay=&#8221;enable_overlay_value&#8221; overlay_color=&#8221;rgba(0,0,0,0.2)&#8221; css=&#8221;.vc_custom_1548670887716{padding-top: 150px !important;padding-bottom: 150px !important;}&#8221;][vc_column offset=&#8221;vc_col-lg-offset-1 vc_col-lg-10 vc_col-md-offset-1 vc_col-md-10&#8243;]<div id=\"ultimate-heading-311569f38b5209562\" class=\"uvc-heading ult-adjust-bottom-margin ultimate-heading-311569f38b5209562 uvc-2546 \" data-hspacer=\"no_spacer\"  data-halign=\"center\" style=\"text-align:center\"><div class=\"uvc-heading-spacer no_spacer\" style=\"top\"><\/div><div class=\"uvc-main-heading ult-responsive\"  data-ultimate-target='.uvc-heading.ultimate-heading-311569f38b5209562 h2'  data-responsive-json-new='{\"font-size\":\"desktop:34px;mobile:24px;\",\"line-height\":\"desktop:44px;mobile:34px;\"}' ><h2 style=\"font-family:&#039;Poppins&#039;;font-weight:300;color:#ffffff;margin-bottom:42px;\">Donice z betonu architektonicznego<\/h2><\/div><div class=\"uvc-sub-heading ult-responsive\"  data-ultimate-target='.uvc-heading.ultimate-heading-311569f38b5209562 .uvc-sub-heading '  data-responsive-json-new='{\"font-size\":\"desktop:16px;\",\"line-height\":\"desktop:28px;\"}'  style=\"font-family:&#039;Open Sans&#039;;font-weight:normal;font-style:normal;color:#f4f4f4;\"><\/p>\n<div class=\"hidden-mob\">Donice z ultra betonu staj\u0105 si\u0119 powszechne i bardzo popularne, g\u0142\u00f3wnie ze wzgl\u0119du na ich atrakcyjno\u015b\u0107, wysok\u0105 jako\u015b\u0107 i spos\u00f3b u\u017cytkowania. Donice z ultra betonu ustawiamy na zewn\u0105trz, w ogrodzie, na tarasie, werandzie, balkonie, placu rekreacyjnym czy te\u017c wok\u00f3\u0142 firm, biur, przychodni, szk\u00f3\u0142. S\u0105 niezwykle wytrzyma\u0142e, mrozoodporne, nie wymagaj\u0105 konserwacji i przede wszystkim \u015bwietnie si\u0119 prezentuj\u0105, zapewniaj\u0105c bezpiecze\u0144stwo aran\u017cacjom ro\u015blinnym znajduj\u0105cych si\u0119 w nich. Posiadaj\u0105 otwory odp\u0142ywowe, zapewniaj\u0105c odpowiedni\u0105 piel\u0119gnacj\u0119 kompozycji w niej umieszczonych. Wyst\u0119puj\u0105 w trzech podstawowych kolorach: bieli, szaro\u015bci i czerni. Wyr\u00f3\u017cniaj\u0105 si\u0119 pi\u0119knymi kszta\u0142tami o r\u00f3\u017cnorodnej wielko\u015bci. S\u0105 w\u015br\u00f3d nich niskie, przeznaczone dla ro\u015blin z p\u0142ytkim systemem ukorzenienia i g\u0142\u0119bokie, przeznaczone dla ro\u015blin z du\u017cymi i rozbudowanymi korzeniami. Aran\u017cuj\u0105c ro\u015blinno\u015b\u0107 trzeba zawsze bra\u0107 pod uwag\u0119 jakie rozmiary ro\u015bliny uzyskaj\u0105 na przyk\u0142ad po roku swojego rozwoju. Mo\u017cna na ich podstawie tworzy\u0107 przepi\u0119kne aran\u017cacje ro\u015blinne, nawet zawieraj\u0105ce prawdziwe, du\u017ce drzewa. Ziele\u0144, pi\u0119kne kolory kwiat\u00f3w i kolorystyka tego rodzaju donic \u015bwietnie si\u0119 komponuj\u0105.<\/div>\n<div class=\"gap\" style=\"line-height: 10px; height: 10px;\"><\/div>\n<p><a class=\"link-inside\" href=\"https:\/\/worldofflowerpots.com\/beton-polimerobeton\/\">Czytaj wi\u0119cej o donicach z betonu architektonicznego<\/a><\/div><\/div>[\/vc_column][\/vc_row][vc_row css=&#8221;.vc_custom_1548523350687{padding-top: 40px !important;padding-bottom: 60px !important;}&#8221;][vc_column]<div class=\"woocommerce columns-4 \"><div class=\"wf-container dt-products  woo-hover products loading-effect-fade-in description-on-hover cart-btn-on-img wc-img-hover hide-description wc-grid\" data-padding=\"0px\" data-cur-page=\"1\" data-desktop-columns-num=\"4\" data-v-tablet-columns-num=\"2\" data-h-tablet-columns-num=\"3\" data-phone-columns-num=\"1\">\n\n<article class=\"post visible description-off product type-product post-50818 status-publish first instock product_cat-donice-z-betonu product_tag-donice-betonowe product_tag-donice-ogrodowe has-post-thumbnail shipping-taxable purchasable product-type-simple\">\n\n\t<figure class=\"woocom-project\">\n\t<div class=\"woo-buttons-on-img\">\n\n\t\t<a href=\"https:\/\/worldofflowerpots.com\/pl\/sklep\/donica-betonowa-xxl-do-ogrodu-hydra-1-ultra-beton\/\" class=\"alignnone layzr-bg\"><img loading=\"lazy\" decoding=\"async\" width=\"250\" height=\"188\" src=\"data:image\/svg+xml;charset=utf-8,%3Csvg xmlns%3D&#039;http%3A%2F%2Fwww.w3.org%2F2000%2Fsvg&#039; viewBox%3D&#039;0 0 250 188&#039;%2F%3E\" class=\"attachment-woocommerce_thumbnail size-woocommerce_thumbnail lazy-load preload-me\" alt=\"Donica Betonowa XXL do Ogrodu Hydra 1 - ultra beton\" data-src=\"https:\/\/worldofflowerpots.com\/wp-content\/uploads\/2019\/01\/Donica-ogrodowa-betonowa-Hydra-1-z-ultra-betonu-uhpc-250x188.jpg\" \/><\/a>\t\t\n\n\t<\/div>\n\t<figcaption class=\"woocom-list-content\">\n\n\t\t<div class=\"woocommerce-product-details__short-description\">\n\t<p>Donica Hydra 1 z betonu (ultra betonu). Wyst\u0119puje w trzech podstawowych kolorach : bia\u0142ym, szarym oraz czarnym. Donica produkowana jest w standardzie z otworami odp\u0142ywowymi. Waga donicy to 95 kg, a wymiary : \u015brednica: 80 cm, Wysoko\u015b\u0107: 70 cm.<\/p>\n<\/div>\n\n\t<\/figcaption>\n<\/figure>\n<\/article>\n\n\n\n<article class=\"post visible description-off product type-product post-50819 status-publish instock product_cat-donice-z-betonu product_tag-donice-betonowe product_tag-donice-ogrodowe has-post-thumbnail shipping-taxable purchasable product-type-simple\">\n\n\t<figure class=\"woocom-project\">\n\t<div class=\"woo-buttons-on-img\">\n\n\t\t<a href=\"https:\/\/worldofflowerpots.com\/pl\/sklep\/donica-betonowa-xxl-ogrodowa-hydra-2-ultra-beton\/\" class=\"alignnone layzr-bg\"><img loading=\"lazy\" decoding=\"async\" width=\"250\" height=\"188\" src=\"data:image\/svg+xml;charset=utf-8,%3Csvg xmlns%3D&#039;http%3A%2F%2Fwww.w3.org%2F2000%2Fsvg&#039; viewBox%3D&#039;0 0 250 188&#039;%2F%3E\" class=\"attachment-woocommerce_thumbnail size-woocommerce_thumbnail lazy-load preload-me\" alt=\"Donica Betonowa XXL Ogrodowa Hydra 2 - ultra beton\" data-src=\"https:\/\/worldofflowerpots.com\/wp-content\/uploads\/2019\/01\/Donica-ogrodowa-betonowa-Hydra-2-z-ultra-betonu-uhpc-250x188.jpg\" \/><\/a>\t\t\n\n\t<\/div>\n\t<figcaption class=\"woocom-list-content\">\n\n\t\t<div class=\"woocommerce-product-details__short-description\">\n\t<p>Donica Hydra 2 z betonu (ultra betonu). Wyst\u0119puje w trzech podstawowych kolorach : bia\u0142ym, szarym oraz czarnym. Donica produkowana jest w standardzie z otworami odp\u0142ywowymi. Waga donicy to 180 kg, a wymiary : \u015brednica: 120 cm, Wysoko\u015b\u0107: 80 cm.<\/p>\n<\/div>\n\n\t<\/figcaption>\n<\/figure>\n<\/article>\n\n\n\n<article class=\"post visible description-off product type-product post-50820 status-publish instock product_cat-donice-z-betonu product_tag-donice-betonowe product_tag-donice-ogrodowe has-post-thumbnail shipping-taxable purchasable product-type-simple\">\n\n\t<figure class=\"woocom-project\">\n\t<div class=\"woo-buttons-on-img\">\n\n\t\t<a href=\"https:\/\/worldofflowerpots.com\/pl\/sklep\/donice-z-betonu-architektonicznego-hydra-3-ultra-beton\/\" class=\"alignnone layzr-bg\"><img loading=\"lazy\" decoding=\"async\" width=\"250\" height=\"188\" src=\"data:image\/svg+xml;charset=utf-8,%3Csvg xmlns%3D&#039;http%3A%2F%2Fwww.w3.org%2F2000%2Fsvg&#039; viewBox%3D&#039;0 0 250 188&#039;%2F%3E\" class=\"attachment-woocommerce_thumbnail size-woocommerce_thumbnail lazy-load preload-me\" alt=\"Donice z betonu architektonicznego Hydra 3 - ultra beton\" data-src=\"https:\/\/worldofflowerpots.com\/wp-content\/uploads\/2019\/01\/donice-z-betonu-architektonicznego-Hydra-3-1-250x188.jpg\" \/><\/a>\t\t\n\n\t<\/div>\n\t<figcaption class=\"woocom-list-content\">\n\n\t\t<div class=\"woocommerce-product-details__short-description\">\n\t<p>Donica Hydra 3 z betonu (ultra betonu). Wyst\u0119puje w trzech podstawowych kolorach : bia\u0142ym, szarym oraz czarnym. Donica produkowana jest w standardzie z otworami odp\u0142ywowymi. Waga donicy to 220 kg, a wymiary : \u015brednica: 120 cm, Wysoko\u015b\u0107: 100 cm.<\/p>\n<\/div>\n\n\t<\/figcaption>\n<\/figure>\n<\/article>\n\n\n\n<article class=\"post visible description-off product type-product post-50827 status-publish last instock product_cat-donice-z-betonu product_tag-donice-betonowe product_tag-donice-ogrodowe has-post-thumbnail shipping-taxable purchasable product-type-simple\">\n\n\t<figure class=\"woocom-project\">\n\t<div class=\"woo-buttons-on-img\">\n\n\t\t<a href=\"https:\/\/worldofflowerpots.com\/pl\/sklep\/doniczki-betonowe-la-piccola\/\" class=\"alignnone layzr-bg\"><img loading=\"lazy\" decoding=\"async\" width=\"250\" height=\"188\" src=\"data:image\/svg+xml;charset=utf-8,%3Csvg xmlns%3D&#039;http%3A%2F%2Fwww.w3.org%2F2000%2Fsvg&#039; viewBox%3D&#039;0 0 250 188&#039;%2F%3E\" class=\"attachment-woocommerce_thumbnail size-woocommerce_thumbnail lazy-load preload-me\" alt=\"Doniczki betonowe La Piccola\" data-src=\"https:\/\/worldofflowerpots.com\/wp-content\/uploads\/2019\/01\/doniczki-betonowe-La-Piccola-2-250x188.jpg\" \/><\/a>\t\t\n\n\t<\/div>\n\t<figcaption class=\"woocom-list-content\">\n\n\t\t<div class=\"woocommerce-product-details__short-description\">\n\t<p>Donica La Piccola z betonu (ultra betonu). Wyst\u0119puje w trzech podstawowych kolorach : bia\u0142ym, szarym oraz czarnym. Donica produkowana jest w standardzie z otworami odp\u0142ywowymi. Waga donicy to 68 kg, a wymiary : \u015brednica: 58 cm, Wysoko\u015b\u0107: 48 cm.<\/p>\n<\/div>\n\n\t<\/figcaption>\n<\/figure>\n<\/article>\n\n<\/div><\/div><div class=\" vc_custom_1551714316236 ubtn-ctn-center \"><a class=\"ubtn-link ult-adjust-bottom-margin ubtn-center ubtn-large \" href=\"https:\/\/worldofflowerpots.pl\/sklep\/\" ><button type=\"button\" id=\"ubtn-2112\"  class=\"ubtn ult-adjust-bottom-margin ult-responsive ubtn-large ubtn-no-hover-bg  none  ubtn-center   tooltip-69f38b521b204\"  data-hover=\"#4c4c4c\" data-border-color=\"#333333\" data-bg=\"\" data-hover-bg=\"\" data-border-hover=\"#4c4c4c\" data-shadow-hover=\"\" data-shadow-click=\"none\" data-shadow=\"\" data-shd-shadow=\"\"  data-ultimate-target='#ubtn-2112'  data-responsive-json-new='{\"font-size\":\"desktop:16px;\",\"line-height\":\"desktop:27px;\"}'  style=\"font-family:&#039;Poppins&#039;;font-weight:500;border-radius:0px;border-width:1px;border-color:#333333;border-style:solid;color: #333333;\"><span class=\"ubtn-hover\" style=\"background-color:\"><\/span><span class=\"ubtn-data ubtn-text \" >Zobacz wszystkie<\/span><\/button><\/a><\/div>[\/vc_column][\/vc_row][vc_row bg_type=&#8221;image&#8221; parallax_style=&#8221;vcpb-default&#8221; bg_image_new=&#8221;id^51773|url^https:\/\/worldofflowerpots.com\/wp-content\/uploads\/2019\/01\/feuerstelle-fuer-garten-corten-fiamma.jpg|caption^null|alt^null|title^feuerstelle-fuer-garten-corten-fiamma|description^null&#8221; bg_image_repeat=&#8221;no-repeat&#8221; bg_override=&#8221;ex-full&#8221; enable_overlay=&#8221;enable_overlay_value&#8221; overlay_color=&#8221;rgba(0,0,0,0.2)&#8221; css=&#8221;.vc_custom_1548673489084{padding-top: 150px !important;padding-bottom: 150px !important;}&#8221;][vc_column offset=&#8221;vc_col-lg-offset-1 vc_col-lg-10 vc_col-md-offset-1 vc_col-md-10&#8243;]<div id=\"ultimate-heading-20369f38b521b281\" class=\"uvc-heading ult-adjust-bottom-margin ultimate-heading-20369f38b521b281 uvc-7143 \" data-hspacer=\"no_spacer\"  data-halign=\"center\" style=\"text-align:center\"><div class=\"uvc-heading-spacer no_spacer\" style=\"top\"><\/div><div class=\"uvc-main-heading ult-responsive\"  data-ultimate-target='.uvc-heading.ultimate-heading-20369f38b521b281 h2'  data-responsive-json-new='{\"font-size\":\"desktop:34px;mobile:24px;\",\"line-height\":\"desktop:44px;mobile:34px;\"}' ><h2 style=\"font-family:&#039;Poppins&#039;;font-weight:300;color:#ffffff;margin-bottom:42px;\">Paleniska ze stali Corten<\/h2><\/div><div class=\"uvc-sub-heading ult-responsive\"  data-ultimate-target='.uvc-heading.ultimate-heading-20369f38b521b281 .uvc-sub-heading '  data-responsive-json-new='{\"font-size\":\"desktop:16px;\",\"line-height\":\"desktop:28px;\"}'  style=\"font-family:&#039;Open Sans&#039;;font-weight:normal;font-style:normal;color:#f4f4f4;\"><\/p>\n<div class=\"hidden-mob\">\n<p>Paleniska Corten to doskona\u0142e rozwi\u0105zanie dla ka\u017cdego, kogo interesuj\u0105 nowatorskie, estetyczne i praktyczne elementy aran\u017cacji ogrodu. Wykorzystanie stali cortenowej gwarantuje pe\u0142n\u0105 odporno\u015b\u0107 na warunki atmosferyczne. Warstwa patyny pokrywaj\u0105ca paleniska nadaje im unikatowego wygl\u0105du, kt\u00f3ry podkre\u015bli charakter ogrodu.<\/p>\n<p>Oryginalny i nietypowy design pomo\u017ce stworzy\u0107 wyj\u0105tkowe miejsce, w kt\u00f3rym przyjemnie sp\u0119dzisz czas niezale\u017cnie od pory roku. Paleniska z cortenu pozwol\u0105 upiec kie\u0142baski na patyku latem, albo wypi\u0107 gor\u0105ce kakao zim\u0105, rozkoszuj\u0105c si\u0119 ciep\u0142em ogniska. Dzi\u0119ki temu zbudujesz niesamowity klimat, kt\u00f3ry zachwyci wszystkich domownik\u00f3w i go\u015bci.<\/p>\n<p>Paleniska Corten s\u0105 wyj\u0105tkowo wygodne w obs\u0142udze. Wystarczy umie\u015bci\u0107 je na twardym i r\u00f3wnym pod\u0142o\u017cu \u2013 nie wymagaj\u0105 specjalnego monta\u017cu ani konserwacji. Ich konstrukcja zapewnia pe\u0142ne bezpiecze\u0144stwo u\u017cytkowania. Jedyne, o co trzeba zadba\u0107, to regularne podsycanie p\u0142omienia.<\/p>\n<p>Je\u015bli zale\u017cy ci na wyj\u0105tkowej i funkcjonalnej przestrzeni w twoim ogrodzie, paleniska z cortenu spe\u0142ni\u0105 twoje oczekiwania.<\/p>\n<\/div>\n<div class=\"gap\" style=\"line-height: 10px; height: 10px;\"><\/div>\n<p><a class=\"link-inside\" href=\"https:\/\/worldofflowerpots.com\/naturalnie-postarzany-metal-corten\/\">Czytaj wi\u0119cej o donicach z betonu architektonicznego<\/a><\/div><\/div>[\/vc_column][\/vc_row][vc_row css=&#8221;.vc_custom_1548523350687{padding-top: 40px !important;padding-bottom: 60px !important;}&#8221;][vc_column]<div class=\"woocommerce columns-4 \"><div class=\"wf-container dt-products  woo-hover products loading-effect-fade-in description-on-hover cart-btn-on-img wc-img-hover hide-description wc-grid\" data-padding=\"0px\" data-cur-page=\"1\" data-desktop-columns-num=\"4\" data-v-tablet-columns-num=\"2\" data-h-tablet-columns-num=\"3\" data-phone-columns-num=\"1\">\n\n<article class=\"post visible description-off product type-product post-56041 status-publish first instock product_cat-paleniska-ze-stali-corten has-post-thumbnail shipping-taxable purchasable product-type-simple\">\n\n\t<figure class=\"woocom-project\">\n\t<div class=\"woo-buttons-on-img\">\n\n\t\t<a href=\"https:\/\/worldofflowerpots.com\/pl\/sklep\/miejsce-na-drewno-do-kominka-armadio-2\/\" class=\"alignnone layzr-bg\"><img loading=\"lazy\" decoding=\"async\" width=\"250\" height=\"188\" src=\"data:image\/svg+xml;charset=utf-8,%3Csvg xmlns%3D&#039;http%3A%2F%2Fwww.w3.org%2F2000%2Fsvg&#039; viewBox%3D&#039;0 0 250 188&#039;%2F%3E\" class=\"attachment-woocommerce_thumbnail size-woocommerce_thumbnail lazy-load preload-me\" alt=\"Miejsce na drewno do kominka Armadio 2\" data-src=\"https:\/\/worldofflowerpots.com\/wp-content\/uploads\/2019\/03\/miejsce-na-drewno-do-kominka-Armadio-2-250x188.jpg\" \/><\/a>\t\t\n\n\t<\/div>\n\t<figcaption class=\"woocom-list-content\">\n\n\t\t<div class=\"woocommerce-product-details__short-description\">\n\t<p>Pojemnik na drewno wykonany jest z blachy corten. Waga pojemnika to 50 kg, a wymiary: d\u0142ugo\u015b\u0107: 60 cm, szeroko\u015b\u0107: 50 cm, wysoko\u015b\u0107: 120 cm<\/p>\n<\/div>\n\n\t<\/figcaption>\n<\/figure>\n<\/article>\n\n\n\n<article class=\"post visible description-off product type-product post-55715 status-publish instock product_cat-paleniska-ze-stali-corten has-post-thumbnail shipping-taxable purchasable product-type-simple\">\n\n\t<figure class=\"woocom-project\">\n\t<div class=\"woo-buttons-on-img\">\n\n\t\t<a href=\"https:\/\/worldofflowerpots.com\/pl\/sklep\/okragle-palenisko-fiamma-tondo\/\" class=\"alignnone layzr-bg\"><img loading=\"lazy\" decoding=\"async\" width=\"250\" height=\"188\" src=\"data:image\/svg+xml;charset=utf-8,%3Csvg xmlns%3D&#039;http%3A%2F%2Fwww.w3.org%2F2000%2Fsvg&#039; viewBox%3D&#039;0 0 250 188&#039;%2F%3E\" class=\"attachment-woocommerce_thumbnail size-woocommerce_thumbnail lazy-load preload-me\" alt=\"Okr\u0105g\u0142e palenisko Fiamma Tondo\" data-src=\"https:\/\/worldofflowerpots.com\/wp-content\/uploads\/2019\/03\/Okr\u0105g\u0142e-palenisko-Fiamma-Tondo-250x188.jpg\" \/><\/a>\t\t\n\n\t<\/div>\n\t<figcaption class=\"woocom-list-content\">\n\n\t\t<div class=\"woocommerce-product-details__short-description\">\n\t<p>Palenisko wykonane jest z blachy corten. Palenisko\u00a0produkowane jest w standardzie z otworami zapewniaj\u0105cymi odpowiedni\u0105 cyrkulacj\u0119 powietrza. Waga paleniska to 174 kg, a wymiary: \u015brednica: 166 cm, Wysoko\u015b\u0107: 46,2 cm.<\/p>\n<\/div>\n\n\t<\/figcaption>\n<\/figure>\n<\/article>\n\n\n\n<article class=\"post visible description-off product type-product post-50987 status-publish instock product_cat-paleniska-ze-stali-corten has-post-thumbnail shipping-taxable purchasable product-type-simple\">\n\n\t<figure class=\"woocom-project\">\n\t<div class=\"woo-buttons-on-img\">\n\n\t\t<a href=\"https:\/\/worldofflowerpots.com\/pl\/sklep\/palenisko-metalowe-corten-fiamma\/\" class=\"alignnone layzr-bg\"><img loading=\"lazy\" decoding=\"async\" width=\"250\" height=\"188\" src=\"data:image\/svg+xml;charset=utf-8,%3Csvg xmlns%3D&#039;http%3A%2F%2Fwww.w3.org%2F2000%2Fsvg&#039; viewBox%3D&#039;0 0 250 188&#039;%2F%3E\" class=\"attachment-woocommerce_thumbnail size-woocommerce_thumbnail lazy-load preload-me\" alt=\"Palenisko metalowe - corten Fiamma\" data-src=\"https:\/\/worldofflowerpots.com\/wp-content\/uploads\/2019\/01\/Palenisko-ogrodowe-Fiamma-250x188.jpg\" \/><\/a>\t\t\n\n\t<\/div>\n\t<figcaption class=\"woocom-list-content\">\n\n\t\t<div class=\"woocommerce-product-details__short-description\">\n\t<p>Palenisko wykonane jest z blachy corten. Palenisko\u00a0produkowane jest w standardzie z otworami zapewniaj\u0105cymi odpowiedni\u0105 cyrkulacj\u0119 powietrza. Waga paleniska to 102 kg, a wymiary: \u015brednica: 120 cm, Wysoko\u015b\u0107: 40 cm.<\/p>\n<\/div>\n\n\t<\/figcaption>\n<\/figure>\n<\/article>\n\n\n\n<article class=\"post visible description-off product type-product post-56203 status-publish last instock product_cat-paleniska-ze-stali-corten has-post-thumbnail shipping-taxable purchasable product-type-simple\">\n\n\t<figure class=\"woocom-project\">\n\t<div class=\"woo-buttons-on-img\">\n\n\t\t<a href=\"https:\/\/worldofflowerpots.com\/pl\/sklep\/palenisko-w-ogrodzie-fiamma-piazza-2\/\" class=\"alignnone layzr-bg\"><img loading=\"lazy\" decoding=\"async\" width=\"250\" height=\"188\" src=\"data:image\/svg+xml;charset=utf-8,%3Csvg xmlns%3D&#039;http%3A%2F%2Fwww.w3.org%2F2000%2Fsvg&#039; viewBox%3D&#039;0 0 250 188&#039;%2F%3E\" class=\"attachment-woocommerce_thumbnail size-woocommerce_thumbnail lazy-load preload-me\" alt=\"Palenisko w ogrodzie Fiamma Piazza 2\" data-src=\"https:\/\/worldofflowerpots.com\/wp-content\/uploads\/2019\/03\/Palenisko-w-ogrodzie-Fiamma-Piazza-2-250x188.jpg\" \/><\/a>\t\t\n\n\t<\/div>\n\t<figcaption class=\"woocom-list-content\">\n\n\t\t<div class=\"woocommerce-product-details__short-description\">\n\t<p>Palenisko wykonane jest z blachy corten. Palenisko\u00a0produkowane jest w standardzie z otworami zapewniaj\u0105cymi odpowiedni\u0105 cyrkulacj\u0119 powietrza. Waga paleniska to 147 kg, a wymiary: d\u0142ugo\u015b\u0107: 121,6 cm, szeroko\u015b\u0107: 121,6 cm, wysoko\u015b\u0107: 51,2 cm.<\/p>\n<\/div>\n\n\t<\/figcaption>\n<\/figure>\n<\/article>\n\n<\/div><\/div><div class=\" vc_custom_1551714322796 ubtn-ctn-center \"><a class=\"ubtn-link ult-adjust-bottom-margin ubtn-center ubtn-large \" href=\"https:\/\/worldofflowerpots.pl\/sklep\/\" ><button type=\"button\" id=\"ubtn-7893\"  class=\"ubtn ult-adjust-bottom-margin ult-responsive ubtn-large ubtn-no-hover-bg  none  ubtn-center   tooltip-69f38b52256a7\"  data-hover=\"#4c4c4c\" data-border-color=\"#333333\" data-bg=\"\" data-hover-bg=\"\" data-border-hover=\"#4c4c4c\" data-shadow-hover=\"\" data-shadow-click=\"none\" data-shadow=\"\" data-shd-shadow=\"\"  data-ultimate-target='#ubtn-7893'  data-responsive-json-new='{\"font-size\":\"desktop:16px;\",\"line-height\":\"desktop:27px;\"}'  style=\"font-family:&#039;Poppins&#039;;font-weight:500;border-radius:0px;border-width:1px;border-color:#333333;border-style:solid;color: #333333;\"><span class=\"ubtn-hover\" style=\"background-color:\"><\/span><span class=\"ubtn-data ubtn-text \" >Zobacz wszystkie<\/span><\/button><\/a><\/div>[\/vc_column][\/vc_row][vc_row bg_type=&#8221;image&#8221; parallax_style=&#8221;vcpb-default&#8221; bg_image_new=&#8221;id^51779|url^https:\/\/worldofflowerpots.com\/wp-content\/uploads\/2019\/01\/pflanzkuebel-mit-rollen-shwarz-ivo.jpg|caption^null|alt^null|title^pflanzkuebel-mit-rollen-shwarz-ivo|description^null&#8221; bg_image_repeat=&#8221;no-repeat&#8221; bg_override=&#8221;ex-full&#8221; enable_overlay=&#8221;enable_overlay_value&#8221; overlay_color=&#8221;rgba(0,0,0,0.2)&#8221; css=&#8221;.vc_custom_1548676352206{padding-top: 150px !important;padding-bottom: 150px !important;}&#8221;][vc_column offset=&#8221;vc_col-lg-offset-1 vc_col-lg-10 vc_col-md-offset-1 vc_col-md-10&#8243;]<div id=\"ultimate-heading-18869f38b5225723\" class=\"uvc-heading ult-adjust-bottom-margin ultimate-heading-18869f38b5225723 uvc-5720 \" data-hspacer=\"no_spacer\"  data-halign=\"center\" style=\"text-align:center\"><div class=\"uvc-heading-spacer no_spacer\" style=\"top\"><\/div><div class=\"uvc-main-heading ult-responsive\"  data-ultimate-target='.uvc-heading.ultimate-heading-18869f38b5225723 h2'  data-responsive-json-new='{\"font-size\":\"desktop:34px;mobile:24px;\",\"line-height\":\"desktop:44px;mobile:34px;\"}' ><h2 style=\"font-family:&#039;Poppins&#039;;font-weight:300;color:#ffffff;margin-bottom:42px;\">Donice na k\u00f3\u0142kach<\/h2><\/div><div class=\"uvc-sub-heading ult-responsive\"  data-ultimate-target='.uvc-heading.ultimate-heading-18869f38b5225723 .uvc-sub-heading '  data-responsive-json-new='{\"font-size\":\"desktop:16px;\",\"line-height\":\"desktop:28px;\"}'  style=\"font-family:&#039;Open Sans&#039;;font-weight:normal;font-style:normal;color:#f4f4f4;\"><\/p>\n<div class=\"hidden-mob\">Szukasz donicy, kt\u00f3ra b\u0119dzie idealnym rozwi\u0105zaniem do mieszkania? Nie wiesz, jakiej ozdoby u\u017cy\u0107 w swoim ogrodzie, aby podkre\u015bli\u0107 wszystkie jego zalety? Jednym z najlepszych rozwi\u0105za\u0144, kt\u00f3re sprawdzi si\u0119 w ka\u017cdej przestrzeni s\u0105 wyj\u0105tkowe donice na k\u00f3\u0142kach, wykonane z aluminium i cortenu. Takie donice doskonale dope\u0142ni\u0105 nowoczesne wn\u0119trza. Do jednych z ich bardziej istotnych zalet zaliczy\u0107 nale\u017cy wysok\u0105 wytrzyma\u0142o\u015b\u0107 na uszkodzenia mechaniczne oraz na warunki atmosferyczne. Dzi\u0119ki zastosowanemu materia\u0142u o wysokiej jako\u015bci, donice nie b\u0119d\u0105 odbarwia\u0107 si\u0119 pod wp\u0142ywem dzia\u0142ania promieni s\u0142onecznych. S\u0105 r\u00f3wnie\u017c odpowiednio zabezpieczone przed dzia\u0142aniem mrozu. Nie ulegn\u0105 zniszczeniu, nawet je\u015bli sp\u0119dz\u0105 na zewn\u0105trz ca\u0142y rok.<\/div>\n<div class=\"gap\" style=\"line-height: 10px; height: 10px;\"><\/div>\n<p><a class=\"link-inside\" href=\"https:\/\/worldofflowerpots.com\/aluminium-glin\/\">Czytaj wi\u0119cej o donicach na k\u00f3\u0142kach<\/a><\/div><\/div>[\/vc_column][\/vc_row][vc_row css=&#8221;.vc_custom_1548523350687{padding-top: 40px !important;padding-bottom: 60px !important;}&#8221;][vc_column]<div class=\"woocommerce columns-4 \"><div class=\"wf-container dt-products  woo-hover products loading-effect-fade-in description-on-hover cart-btn-on-img wc-img-hover hide-description wc-grid\" data-padding=\"0px\" data-cur-page=\"1\" data-desktop-columns-num=\"4\" data-v-tablet-columns-num=\"2\" data-h-tablet-columns-num=\"3\" data-phone-columns-num=\"1\">\n\n<article class=\"post visible description-off product type-product post-50985 status-publish first instock product_cat-donice-na-kolkach product_cat-donice-z-aluminium product_tag-donice-aluminiowe product_tag-donice-wewnetrzne has-post-thumbnail shipping-taxable purchasable product-type-simple\">\n\n\t<figure class=\"woocom-project\">\n\t<div class=\"woo-buttons-on-img\">\n\n\t\t<a href=\"https:\/\/worldofflowerpots.com\/pl\/sklep\/donica-na-kolkach-ivo-mobile\/\" class=\"alignnone layzr-bg\"><img loading=\"lazy\" decoding=\"async\" width=\"250\" height=\"188\" src=\"data:image\/svg+xml;charset=utf-8,%3Csvg xmlns%3D&#039;http%3A%2F%2Fwww.w3.org%2F2000%2Fsvg&#039; viewBox%3D&#039;0 0 250 188&#039;%2F%3E\" class=\"attachment-woocommerce_thumbnail size-woocommerce_thumbnail lazy-load preload-me\" alt=\"Donica na k\u00f3\u0142kach Ivo Mobile\" data-src=\"https:\/\/worldofflowerpots.com\/wp-content\/uploads\/2019\/01\/Donica-na-k\u00f3\u0142kach-Ivo-Mobile-250x188.jpg\" data-srcset=\"https:\/\/worldofflowerpots.com\/wp-content\/uploads\/2019\/01\/Donica-na-k\u00f3\u0142kach-Ivo-Mobile-250x188.jpg 250w, https:\/\/worldofflowerpots.com\/wp-content\/uploads\/2019\/01\/Donica-na-k\u00f3\u0142kach-Ivo-Mobile-300x225.jpg 300w, https:\/\/worldofflowerpots.com\/wp-content\/uploads\/2019\/01\/Donica-na-k\u00f3\u0142kach-Ivo-Mobile-768x576.jpg 768w, https:\/\/worldofflowerpots.com\/wp-content\/uploads\/2019\/01\/Donica-na-k\u00f3\u0142kach-Ivo-Mobile-1024x768.jpg 1024w, https:\/\/worldofflowerpots.com\/wp-content\/uploads\/2019\/01\/Donica-na-k\u00f3\u0142kach-Ivo-Mobile-600x450.jpg 600w\" \/><\/a>\t\t\n\n\t<\/div>\n\t<figcaption class=\"woocom-list-content\">\n\n\t\t<div class=\"woocommerce-product-details__short-description\">\n\t<p>Donica Ivo Mobile z aluminium. Produkowana we wszystkich kolorach palety RAL (w macie lub po\u0142ysku). Donica w standardzie produkowana jest z otworami odp\u0142ywowymi w dnie. Dzi\u0119ki zastosowaniu k\u00f3\u0142ek mo\u017cna bez problemu przestawi\u0107 donice w dowolne miejsce. Wymiary donicy: szeroko\u015b\u0107: 60cm, d\u0142ugo\u015b\u0107:60cm, wysoko\u015b\u0107:60cm<\/p>\n<\/div>\n\n\t<\/figcaption>\n<\/figure>\n<\/article>\n\n\n\n<article class=\"post visible description-off product type-product post-55825 status-publish instock product_cat-donice-na-kolkach product_cat-donice-ze-stali-corten product_tag-donice-z-cortenu product_tag-donice-z-efektem-rdzy has-post-thumbnail shipping-taxable purchasable product-type-simple\">\n\n\t<figure class=\"woocom-project\">\n\t<div class=\"woo-buttons-on-img\">\n\n\t\t<a href=\"https:\/\/worldofflowerpots.com\/pl\/sklep\/donica-z-cortenu-na-kolkach-marcello-mobile\/\" class=\"alignnone layzr-bg\"><img loading=\"lazy\" decoding=\"async\" width=\"250\" height=\"188\" src=\"data:image\/svg+xml;charset=utf-8,%3Csvg xmlns%3D&#039;http%3A%2F%2Fwww.w3.org%2F2000%2Fsvg&#039; viewBox%3D&#039;0 0 250 188&#039;%2F%3E\" class=\"attachment-woocommerce_thumbnail size-woocommerce_thumbnail lazy-load preload-me\" alt=\"Donica z cortenu na k\u00f3\u0142kach Marcello Mobile\" data-src=\"https:\/\/worldofflowerpots.com\/wp-content\/uploads\/2019\/03\/donica-z-cortenu-na-k\u00f3\u0142kach-Marcello-Mobile-250x188.jpg\" \/><\/a>\t\t\n\n\t<\/div>\n\t<figcaption class=\"woocom-list-content\">\n\n\t\t<div class=\"woocommerce-product-details__short-description\">\n\t<p>Donica Marcello Mobile z blachy cortenowej o grubo\u015bci 2 mm. W dnie posiada otw\u00f3r odp\u0142ywowy, natomiast jej \u015bcianki ocieplone s\u0105 styropianem o grubo\u015bci 2 cm. Dzi\u0119ki zastosowaniu k\u00f3\u0142ek mo\u017cna bez problemu przestawi\u0107 donice w dowolne miejsce. Wymiary donicy: d\u0142ugo\u015b\u0107: 60 cm, szeroko\u015b\u0107: 60 cm, wysoko\u015b\u0107: 61,7 cm.<\/p>\n<\/div>\n\n\t<\/figcaption>\n<\/figure>\n<\/article>\n\n\n\n<article class=\"post visible description-off product type-product post-50984 status-publish instock product_cat-donice-na-kolkach product_cat-donice-z-aluminium product_tag-donice-aluminiowe product_tag-donice-wewnetrzne has-post-thumbnail shipping-taxable purchasable product-type-simple\">\n\n\t<figure class=\"woocom-project\">\n\t<div class=\"woo-buttons-on-img\">\n\n\t\t<a href=\"https:\/\/worldofflowerpots.com\/pl\/sklep\/kwadratowa-donica-na-kolkach-ernesto-mobile\/\" class=\"alignnone layzr-bg\"><img loading=\"lazy\" decoding=\"async\" width=\"250\" height=\"188\" src=\"data:image\/svg+xml;charset=utf-8,%3Csvg xmlns%3D&#039;http%3A%2F%2Fwww.w3.org%2F2000%2Fsvg&#039; viewBox%3D&#039;0 0 250 188&#039;%2F%3E\" class=\"attachment-woocommerce_thumbnail size-woocommerce_thumbnail lazy-load preload-me\" alt=\"Kwadratowa donica na k\u00f3\u0142kach\u00a0Ernesto Mobile\" data-src=\"https:\/\/worldofflowerpots.com\/wp-content\/uploads\/2019\/01\/Kwadratowa-donica-na-k\u00f3\u0142kach-Ernesto-Mobile-250x188.jpg\" data-srcset=\"https:\/\/worldofflowerpots.com\/wp-content\/uploads\/2019\/01\/Kwadratowa-donica-na-k\u00f3\u0142kach-Ernesto-Mobile-250x188.jpg 250w, https:\/\/worldofflowerpots.com\/wp-content\/uploads\/2019\/01\/Kwadratowa-donica-na-k\u00f3\u0142kach-Ernesto-Mobile-300x225.jpg 300w, https:\/\/worldofflowerpots.com\/wp-content\/uploads\/2019\/01\/Kwadratowa-donica-na-k\u00f3\u0142kach-Ernesto-Mobile-768x576.jpg 768w, https:\/\/worldofflowerpots.com\/wp-content\/uploads\/2019\/01\/Kwadratowa-donica-na-k\u00f3\u0142kach-Ernesto-Mobile-1024x768.jpg 1024w, https:\/\/worldofflowerpots.com\/wp-content\/uploads\/2019\/01\/Kwadratowa-donica-na-k\u00f3\u0142kach-Ernesto-Mobile-600x450.jpg 600w\" \/><\/a>\t\t\n\n\t<\/div>\n\t<figcaption class=\"woocom-list-content\">\n\n\t\t<div class=\"woocommerce-product-details__short-description\">\n\t<p>Donica Ernesto Mobile z aluminium. Produkowana we wszystkich kolorach palety RAL (w macie lub po\u0142ysku). Donica w standardzie produkowana jest z otworami odp\u0142ywowymi w dnie. Dzi\u0119ki zastosowaniu k\u00f3\u0142ek mo\u017cna bez problemu przestawi\u0107 donice w dowolne miejsce. Wymiary donicy: szeroko\u015b\u0107: 80 cm, d\u0142ugo\u015b\u0107: 80 cm, wysoko\u015b\u0107: 80cm.<\/p>\n<\/div>\n\n\t<\/figcaption>\n<\/figure>\n<\/article>\n\n\n\n<article class=\"post visible description-off product type-product post-56052 status-publish last instock product_cat-donice-na-kolkach product_cat-donice-ze-stali-corten product_tag-donice-z-cortenu product_tag-donice-z-efektem-rdzy has-post-thumbnail shipping-taxable purchasable product-type-simple\">\n\n\t<figure class=\"woocom-project\">\n\t<div class=\"woo-buttons-on-img\">\n\n\t\t<a href=\"https:\/\/worldofflowerpots.com\/pl\/sklep\/kwadratowa-donica-na-kolkach-z-cortenu-paolo-mobile\/\" class=\"alignnone layzr-bg\"><img loading=\"lazy\" decoding=\"async\" width=\"250\" height=\"188\" src=\"data:image\/svg+xml;charset=utf-8,%3Csvg xmlns%3D&#039;http%3A%2F%2Fwww.w3.org%2F2000%2Fsvg&#039; viewBox%3D&#039;0 0 250 188&#039;%2F%3E\" class=\"attachment-woocommerce_thumbnail size-woocommerce_thumbnail lazy-load preload-me\" alt=\"Kwadratowa donica na k\u00f3\u0142kach z cortenu Paolo Mobile\" data-src=\"https:\/\/worldofflowerpots.com\/wp-content\/uploads\/2019\/03\/kwadratowa-donica-na-k\u00f3\u0142kach-z-cortenu-Paolo-Mobile-250x188.jpg\" \/><\/a>\t\t\n\n\t<\/div>\n\t<figcaption class=\"woocom-list-content\">\n\n\t\t<div class=\"woocommerce-product-details__short-description\">\n\t<p>Donica Paolo Mobile z blachy cortenowej o grubo\u015bci 2 mm. W dnie posiada otw\u00f3r odp\u0142ywowy, natomiast jej \u015bcianki ocieplone s\u0105 styropianem o grubo\u015bci 2 cm. Dzi\u0119ki zastosowaniu k\u00f3\u0142ek mo\u017cna bez problemu przestawi\u0107 donice w dowolne miejsce. Wymiary donicy: d\u0142ugo\u015b\u0107: 80 cm, szeroko\u015b\u0107: 80 cm, wysoko\u015b\u0107: 82,5 cm.<\/p>\n<\/div>\n\n\t<\/figcaption>\n<\/figure>\n<\/article>\n\n<\/div><\/div><div class=\" vc_custom_1551714330277 ubtn-ctn-center \"><a class=\"ubtn-link ult-adjust-bottom-margin ubtn-center ubtn-large \" href=\"https:\/\/worldofflowerpots.pl\/sklep\/\" ><button type=\"button\" id=\"ubtn-1762\"  class=\"ubtn ult-adjust-bottom-margin ult-responsive ubtn-large ubtn-no-hover-bg  none  ubtn-center   tooltip-69f38b522ebf7\"  data-hover=\"#4c4c4c\" data-border-color=\"#333333\" data-bg=\"\" data-hover-bg=\"\" data-border-hover=\"#4c4c4c\" data-shadow-hover=\"\" data-shadow-click=\"none\" data-shadow=\"\" data-shd-shadow=\"\"  data-ultimate-target='#ubtn-1762'  data-responsive-json-new='{\"font-size\":\"desktop:16px;\",\"line-height\":\"desktop:27px;\"}'  style=\"font-family:&#039;Poppins&#039;;font-weight:500;border-radius:0px;border-width:1px;border-color:#333333;border-style:solid;color: #333333;\"><span class=\"ubtn-hover\" style=\"background-color:\"><\/span><span class=\"ubtn-data ubtn-text \" >Zobacz wszystkie<\/span><\/button><\/a><\/div>[\/vc_column][\/vc_row][vc_row bg_type=&#8221;image&#8221; parallax_style=&#8221;vcpb-default&#8221; bg_image_new=&#8221;id^56583|url^https:\/\/worldofflowerpots.com\/wp-content\/uploads\/2019\/03\/Donice-z-lekkich-materia\u0142\u00f3w-seria-stone.jpg|caption^null|alt^null|title^Donice z lekkich materia\u0142\u00f3w seria stone|description^null&#8221; bg_image_repeat=&#8221;no-repeat&#8221; bg_override=&#8221;ex-full&#8221; enable_overlay=&#8221;enable_overlay_value&#8221; overlay_color=&#8221;rgba(0,0,0,0.2)&#8221; css=&#8221;.vc_custom_1553869082239{padding-top: 150px !important;padding-bottom: 150px !important;}&#8221;][vc_column offset=&#8221;vc_col-lg-offset-1 vc_col-lg-10 vc_col-md-offset-1 vc_col-md-10&#8243;]<div id=\"ultimate-heading-53269f38b522ec71\" class=\"uvc-heading ult-adjust-bottom-margin ultimate-heading-53269f38b522ec71 uvc-9438 \" data-hspacer=\"no_spacer\"  data-halign=\"center\" style=\"text-align:center\"><div class=\"uvc-heading-spacer no_spacer\" style=\"top\"><\/div><div class=\"uvc-main-heading ult-responsive\"  data-ultimate-target='.uvc-heading.ultimate-heading-53269f38b522ec71 h2'  data-responsive-json-new='{\"font-size\":\"desktop:34px;mobile:24px;\",\"line-height\":\"desktop:44px;mobile:34px;\"}' ><h2 style=\"font-family:&#039;Poppins&#039;;font-weight:300;color:#ffffff;margin-bottom:42px;\">Donice Stone<\/h2><\/div><div class=\"uvc-sub-heading ult-responsive\"  data-ultimate-target='.uvc-heading.ultimate-heading-53269f38b522ec71 .uvc-sub-heading '  data-responsive-json-new='{\"font-size\":\"desktop:16px;\",\"line-height\":\"desktop:28px;\"}'  style=\"font-family:&#039;Open Sans&#039;;font-weight:normal;font-style:normal;color:#f4f4f4;\"><\/p>\n<div class=\"hidden-mob\">Donice z serii Stone s\u0105 ozdob\u0105 dom\u00f3w, taras\u00f3w, ogr\u00f3dk\u00f3w i balkon\u00f3w. Urzekaj\u0105 nie tylko swoim pi\u0119knym wygl\u0105dem, ale r\u00f3wnie\u017c solidnym wykonaniem. Przy ich produkcji zastosowano wysokiej jako\u015bci mieszanki kwarcu oraz \u017cywicy akrylowej, kt\u00f3r\u0105 pokrywa si\u0119 wn\u0119trze wykonane z w\u0142\u00f3kna szklanego. Takie po\u0142\u0105czenie powoduje unikalny wygl\u0105d, przypominaj\u0105cy kamie\u0144 naturalny lub beton. R\u0119cznie nak\u0142adana zewn\u0119trzna powierzchnia, decyduje o wyj\u0105tkowo\u015bci produktu. Materia\u0142 ten posiada liczne zalety m.in. bardzo dobr\u0105 wytrzyma\u0142o\u015b\u0107 na uszkodzenia czy te\u017c odporno\u015b\u0107 na warunki atmosferyczne (deszcz, s\u0142o\u0144ce czy te\u017c wiatr). Jest mrozoodporny oraz nie koroduje, przez co nadaje si\u0119 do u\u017cytku nie tylko w pomieszczeniach, ale r\u00f3wnie\u017c na zewn\u0105trz. Struktura zapewnia mo\u017cliwo\u015b\u0107 sadzenia kwiatk\u00f3w na taras czy balkon. Dobrej jako\u015bci wykonanie powoduje mo\u017cliwo\u015b\u0107 u\u017cytkowania przez d\u0142ugi czas, bez uszkodze\u0144 i poprawek. Donice mo\u017cna wybra\u0107 spo\u015br\u00f3d kilku jednolitych kolor\u00f3w m.in. bia\u0142ym, czarnym, szarym czy te\u017c br\u0105zowym. Dost\u0119pne s\u0105 r\u00f3wnie\u017c 2 efektowne wzory donic, przy kt\u00f3rych wyborze dost\u0119pne s\u0105 4 wersje kolorystyczne (dwa odcienie br\u0105zu, szary oraz czarny). Te lekkie donice s\u0105 stabilne co z pewno\u015bci\u0105 zapewnia wygod\u0119 u\u017cytkowania.<\/div>\n<div class=\"gap\" style=\"line-height: 10px; height: 10px;\"><\/div>\n<p><a class=\"link-inside\" href=\"https:\/\/worldofflowerpots.com\/donice-stone\/\">Czytaj wi\u0119cej o donicach Stone<\/a><\/div><\/div>[\/vc_column][\/vc_row][vc_row css=&#8221;.vc_custom_1548523350687{padding-top: 40px !important;padding-bottom: 60px !important;}&#8221;][vc_column]<div class=\"woocommerce columns-4 \"><div class=\"wf-container dt-products  woo-hover products loading-effect-fade-in description-on-hover cart-btn-on-img wc-img-hover hide-description wc-grid\" data-padding=\"0px\" data-cur-page=\"1\" data-desktop-columns-num=\"4\" data-v-tablet-columns-num=\"2\" data-h-tablet-columns-num=\"3\" data-phone-columns-num=\"1\">\n\n<article class=\"post visible description-off product type-product post-55551 status-publish first instock product_cat-donice-stone product_tag-donice-balkonowe product_tag-donice-ogrodowe product_tag-donice-tarasowe product_tag-donice-wewnetrzne has-post-thumbnail shipping-taxable purchasable product-type-simple\">\n\n\t<figure class=\"woocom-project\">\n\t<div class=\"woo-buttons-on-img\">\n\n\t\t<a href=\"https:\/\/worldofflowerpots.com\/pl\/sklep\/donice-balkonowe-andrea\/\" class=\"alignnone layzr-bg\"><img loading=\"lazy\" decoding=\"async\" width=\"250\" height=\"188\" src=\"data:image\/svg+xml;charset=utf-8,%3Csvg xmlns%3D&#039;http%3A%2F%2Fwww.w3.org%2F2000%2Fsvg&#039; viewBox%3D&#039;0 0 250 188&#039;%2F%3E\" class=\"attachment-woocommerce_thumbnail size-woocommerce_thumbnail lazy-load preload-me\" alt=\"Donice balkonowe Andrea\" data-src=\"https:\/\/worldofflowerpots.com\/wp-content\/uploads\/2019\/03\/donice-balkonowe-Andrea-250x188.jpg\" \/><\/a>\t\t\n\n\t<\/div>\n\t<figcaption class=\"woocom-list-content\">\n\n\t\t<div class=\"woocommerce-product-details__short-description\">\n\t<p>Donica Andrea z w\u0142\u00f3kna szklanego pokrytego kwarcem i \u017cywic\u0105 akrylow\u0105. Wyst\u0119puje w pi\u0119ciu podstawowych jednolitych kolorach: bia\u0142ym, szarym, czarnym i dw\u00f3ch odcieniach br\u0105zu. Dost\u0119pna tak\u017ce w dw\u00f3ch wzorach w czterech wersjach kolorystycznych. Donica produkowana jest w standardzie z otworami odp\u0142ywowymi. Waga donicy to: 8 kg, a wymiary: \u015brednica: 47 cm, wysoko\u015b\u0107: 64 cm.<\/p>\n<\/div>\n\n\t<\/figcaption>\n<\/figure>\n<\/article>\n\n\n\n<article class=\"post visible description-off product type-product post-55557 status-publish instock product_cat-donice-stone product_tag-donice-balkonowe product_tag-donice-ogrodowe product_tag-donice-tarasowe product_tag-donice-wewnetrzne has-post-thumbnail shipping-taxable purchasable product-type-simple\">\n\n\t<figure class=\"woocom-project\">\n\t<div class=\"woo-buttons-on-img\">\n\n\t\t<a href=\"https:\/\/worldofflowerpots.com\/pl\/sklep\/donice-do-salonu-federico\/\" class=\"alignnone layzr-bg\"><img loading=\"lazy\" decoding=\"async\" width=\"250\" height=\"188\" src=\"data:image\/svg+xml;charset=utf-8,%3Csvg xmlns%3D&#039;http%3A%2F%2Fwww.w3.org%2F2000%2Fsvg&#039; viewBox%3D&#039;0 0 250 188&#039;%2F%3E\" class=\"attachment-woocommerce_thumbnail size-woocommerce_thumbnail lazy-load preload-me\" alt=\"Donice do salonu Federico\" data-src=\"https:\/\/worldofflowerpots.com\/wp-content\/uploads\/2019\/03\/donice-do-salonu-Federico-250x188.jpg\" \/><\/a>\t\t\n\n\t<\/div>\n\t<figcaption class=\"woocom-list-content\">\n\n\t\t<div class=\"woocommerce-product-details__short-description\">\n\t<p>Donica Federico z w\u0142\u00f3kna szklanego pokrytego kwarcem i \u017cywic\u0105 akrylow\u0105. Wyst\u0119puje w pi\u0119ciu podstawowych jednolitych kolorach: bia\u0142ym, szarym, czarnym i dw\u00f3ch odcieniach br\u0105zu. Dost\u0119pna tak\u017ce w dw\u00f3ch wzorach w czterech wersjach kolorystycznych. Donica produkowana jest w standardzie z otworami odp\u0142ywowymi. Waga donicy to: 15 kg, a wymiary: \u015brednica: 45 cm, wysoko\u015b\u0107: 80 cm.<\/p>\n<\/div>\n\n\t<\/figcaption>\n<\/figure>\n<\/article>\n\n\n\n<article class=\"post visible description-off product type-product post-55532 status-publish instock product_cat-donice-stone product_tag-donice-balkonowe product_tag-donice-ogrodowe product_tag-donice-tarasowe product_tag-donice-wewnetrzne has-post-thumbnail shipping-taxable purchasable product-type-simple\">\n\n\t<figure class=\"woocom-project\">\n\t<div class=\"woo-buttons-on-img\">\n\n\t\t<a href=\"https:\/\/worldofflowerpots.com\/pl\/sklep\/donice-do-wnetrz-luigi\/\" class=\"alignnone layzr-bg\"><img loading=\"lazy\" decoding=\"async\" width=\"250\" height=\"188\" src=\"data:image\/svg+xml;charset=utf-8,%3Csvg xmlns%3D&#039;http%3A%2F%2Fwww.w3.org%2F2000%2Fsvg&#039; viewBox%3D&#039;0 0 250 188&#039;%2F%3E\" class=\"attachment-woocommerce_thumbnail size-woocommerce_thumbnail lazy-load preload-me\" alt=\"Donice do wn\u0119trz Luigi\" data-src=\"https:\/\/worldofflowerpots.com\/wp-content\/uploads\/2019\/03\/donice-do-wn\u0119trz-Luigi-250x188.jpg\" \/><\/a>\t\t\n\n\t<\/div>\n\t<figcaption class=\"woocom-list-content\">\n\n\t\t<div class=\"woocommerce-product-details__short-description\">\n\t<p>Donica Luigi z w\u0142\u00f3kna szklanego pokrytego kwarcem i \u017cywic\u0105 akrylow\u0105. Wyst\u0119puje w pi\u0119ciu podstawowych jednolitych kolorach: bia\u0142ym, szarym, czarnym i dw\u00f3ch odcieniach br\u0105zu. Dost\u0119pna tak\u017ce w dw\u00f3ch wzorach w czterech wersjach kolorystycznych. Donica produkowana jest w standardzie z otworami odp\u0142ywowymi. Waga donicy to: 16 kg, a wymiary: d\u0142ugo\u015b\u0107: 40 cm, szeroko\u015b\u0107: 40 cm, wysoko\u015b\u0107: 80 cm.<\/p>\n<\/div>\n\n\t<\/figcaption>\n<\/figure>\n<\/article>\n\n\n\n<article class=\"post visible description-off product type-product post-55513 status-publish last instock product_cat-donice-stone product_tag-donice-balkonowe product_tag-donice-ogrodowe product_tag-donice-tarasowe product_tag-donice-wewnetrzne has-post-thumbnail shipping-taxable purchasable product-type-simple\">\n\n\t<figure class=\"woocom-project\">\n\t<div class=\"woo-buttons-on-img\">\n\n\t\t<a href=\"https:\/\/worldofflowerpots.com\/pl\/sklep\/donice-kamienne-urano\/\" class=\"alignnone layzr-bg\"><img loading=\"lazy\" decoding=\"async\" width=\"250\" height=\"188\" src=\"data:image\/svg+xml;charset=utf-8,%3Csvg xmlns%3D&#039;http%3A%2F%2Fwww.w3.org%2F2000%2Fsvg&#039; viewBox%3D&#039;0 0 250 188&#039;%2F%3E\" class=\"attachment-woocommerce_thumbnail size-woocommerce_thumbnail lazy-load preload-me\" alt=\"Donice kamienne Urano\" data-src=\"https:\/\/worldofflowerpots.com\/wp-content\/uploads\/2019\/03\/donice-kamienne-Urano-250x188.jpg\" \/><\/a>\t\t\n\n\t<\/div>\n\t<figcaption class=\"woocom-list-content\">\n\n\t\t<div class=\"woocommerce-product-details__short-description\">\n\t<p>Donica Urano z w\u0142\u00f3kna szklanego pokrytego kwarcem i \u017cywic\u0105 akrylow\u0105. Wyst\u0119puje w pi\u0119ciu podstawowych jednolitych kolorach: bia\u0142ym, szarym, czarnym i dw\u00f3ch odcieniach br\u0105zu. Dost\u0119pna tak\u017ce w dw\u00f3ch wzorach w czterech wersjach kolorystycznych. Donica produkowana jest w standardzie z otworami odp\u0142ywowymi. Waga donicy to: 15 kg, a wymiary: d\u0142ugo\u015b\u0107: 50 cm, szeroko\u015b\u0107: 50 cm, wysoko\u015b\u0107: 50 cm.<\/p>\n<\/div>\n\n\t<\/figcaption>\n<\/figure>\n<\/article>\n\n<\/div><\/div><div class=\" vc_custom_1551714330277 ubtn-ctn-center \"><a class=\"ubtn-link ult-adjust-bottom-margin ubtn-center ubtn-large \" href=\"https:\/\/worldofflowerpots.pl\/sklep\/\" ><button type=\"button\" id=\"ubtn-9813\"  class=\"ubtn ult-adjust-bottom-margin ult-responsive ubtn-large ubtn-no-hover-bg  none  ubtn-center   tooltip-69f38b52326bd\"  data-hover=\"#4c4c4c\" data-border-color=\"#333333\" data-bg=\"\" data-hover-bg=\"\" data-border-hover=\"#4c4c4c\" data-shadow-hover=\"\" data-shadow-click=\"none\" data-shadow=\"\" data-shd-shadow=\"\"  data-ultimate-target='#ubtn-9813'  data-responsive-json-new='{\"font-size\":\"desktop:16px;\",\"line-height\":\"desktop:27px;\"}'  style=\"font-family:&#039;Poppins&#039;;font-weight:500;border-radius:0px;border-width:1px;border-color:#333333;border-style:solid;color: #333333;\"><span class=\"ubtn-hover\" style=\"background-color:\"><\/span><span class=\"ubtn-data ubtn-text \" >Zobacz wszystkie<\/span><\/button><\/a><\/div>[\/vc_column][\/vc_row][vc_row bg_type=&#8221;bg_color&#8221; bg_override=&#8221;ex-full&#8221; css=&#8221;.vc_custom_1548676969530{padding-top: 40px !important;padding-bottom: 60px !important;}&#8221; bg_color_value=&#8221;#f9f9f9&#8243;][vc_column]<div id=\"ultimate-heading-610269f38b5232713\" class=\"uvc-heading ult-adjust-bottom-margin ultimate-heading-610269f38b5232713 uvc-8190 \" data-hspacer=\"no_spacer\"  data-halign=\"center\" style=\"text-align:center\"><div class=\"uvc-heading-spacer no_spacer\" style=\"top\"><\/div><div class=\"uvc-main-heading ult-responsive\"  data-ultimate-target='.uvc-heading.ultimate-heading-610269f38b5232713 h2'  data-responsive-json-new='{\"font-size\":\"desktop:28px;mobile:20px;\",\"line-height\":\"desktop:38px;mobile:30px;\"}' ><h2 style=\"font-family:&#039;Poppins&#039;;font-weight:300;margin-bottom:60px;\">Najcz\u0119stsze pytania<\/h2><\/div><\/div><style type=\"text\/css\" data-type=\"the7_shortcodes-inline-css\">.blog-shortcode.blog-masonry-shortcode-id-ae4f71cd0dfbd1a0c5986f406ce4c76c.content-bg-on.classic-layout-list article {\n  background: #ffffff;\n  -webkit-box-shadow: none;\n  box-shadow: none;\n}\n.blog-shortcode.blog-masonry-shortcode-id-ae4f71cd0dfbd1a0c5986f406ce4c76c.dividers-on.classic-layout-list article {\n  margin-top: ;\n  padding-top: 0;\n  border-color: ;\n}\n.blog-shortcode.blog-masonry-shortcode-id-ae4f71cd0dfbd1a0c5986f406ce4c76c.dividers-on.classic-layout-list article:first-of-type {\n  margin-top: 0;\n  padding-top: 0;\n}\n.blog-shortcode.blog-masonry-shortcode-id-ae4f71cd0dfbd1a0c5986f406ce4c76c.classic-layout-list.mode-list .post-thumbnail-wrap {\n  width: ;\n}\n.blog-shortcode.blog-masonry-shortcode-id-ae4f71cd0dfbd1a0c5986f406ce4c76c.classic-layout-list.mode-list .post-entry-content {\n  width: calc(100% - );\n}\n.blog-shortcode.blog-masonry-shortcode-id-ae4f71cd0dfbd1a0c5986f406ce4c76c.classic-layout-list.mode-list .no-img .post-entry-content {\n  width: 100%;\n}\n.blog-shortcode.blog-masonry-shortcode-id-ae4f71cd0dfbd1a0c5986f406ce4c76c .filter-bg-decoration .filter-categories a.act {\n  color: #fff;\n}\n.blog-shortcode.blog-masonry-shortcode-id-ae4f71cd0dfbd1a0c5986f406ce4c76c:not(.mode-masonry) article {\n  margin-top: ;\n}\n.blog-shortcode.blog-masonry-shortcode-id-ae4f71cd0dfbd1a0c5986f406ce4c76c:not(.mode-masonry) article:first-of-type,\n.blog-shortcode.blog-masonry-shortcode-id-ae4f71cd0dfbd1a0c5986f406ce4c76c:not(.mode-masonry) article.visible.first:not(.product) {\n  margin-top: 0;\n}\n.blog-shortcode.blog-masonry-shortcode-id-ae4f71cd0dfbd1a0c5986f406ce4c76c.dividers-on:not(.mode-masonry) article {\n  margin-top: 0;\n  padding-top: ;\n}\n.blog-shortcode.blog-masonry-shortcode-id-ae4f71cd0dfbd1a0c5986f406ce4c76c.dividers-on:not(.mode-masonry) article:first-of-type,\n.blog-shortcode.blog-masonry-shortcode-id-ae4f71cd0dfbd1a0c5986f406ce4c76c.dividers-on:not(.mode-masonry) article.visible.first:not(.product) {\n  margin-top: 0;\n  padding-top: 0;\n}\n.blog-shortcode.blog-masonry-shortcode-id-ae4f71cd0dfbd1a0c5986f406ce4c76c .post-thumbnail-wrap {\n  padding: 0px 0px 0px 0px;\n}\n.blog-shortcode.blog-masonry-shortcode-id-ae4f71cd0dfbd1a0c5986f406ce4c76c.enable-bg-rollover .post-thumbnail-rollover:after {\n  background: ;\n  background: -webkit-linear-gradient();\n  background: linear-gradient();\n}\n.blog-shortcode.blog-masonry-shortcode-id-ae4f71cd0dfbd1a0c5986f406ce4c76c .gallery-zoom-ico {\n  width: 44px;\n  height: 44px;\n  line-height: 44px;\n  border-radius: 100px;\n  margin: -22px 0 0 -22px;\n  border-width: 0px;\n  color: #ffffff;\n}\n.bottom-overlap-layout-list.blog-shortcode.blog-masonry-shortcode-id-ae4f71cd0dfbd1a0c5986f406ce4c76c .gallery-zoom-ico {\n  margin-top: -72px;\n}\n.gradient-overlay-layout-list.blog-shortcode.blog-masonry-shortcode-id-ae4f71cd0dfbd1a0c5986f406ce4c76c .gallery-zoom-ico,\n.content-rollover-layout-list.blog-shortcode.blog-masonry-shortcode-id-ae4f71cd0dfbd1a0c5986f406ce4c76c .gallery-zoom-ico {\n  margin: 0 0 10px;\n}\n.content-align-center.gradient-overlay-layout-list.blog-shortcode.blog-masonry-shortcode-id-ae4f71cd0dfbd1a0c5986f406ce4c76c .gallery-zoom-ico,\n.content-align-center.content-rollover-layout-list.blog-shortcode.blog-masonry-shortcode-id-ae4f71cd0dfbd1a0c5986f406ce4c76c .gallery-zoom-ico {\n  margin: 0 auto 10px;\n}\n.dt-icon-bg-on.blog-shortcode.blog-masonry-shortcode-id-ae4f71cd0dfbd1a0c5986f406ce4c76c .gallery-zoom-ico {\n  background: rgba(255,255,255,0.3);\n  -webkit-box-shadow: none;\n  box-shadow: none;\n}\n.blog-shortcode.blog-masonry-shortcode-id-ae4f71cd0dfbd1a0c5986f406ce4c76c .gallery-zoom-ico > span,\n.blog-shortcode.blog-masonry-shortcode-id-ae4f71cd0dfbd1a0c5986f406ce4c76c .gallery-zoom-ico:before {\n  font-size: 32px;\n  line-height: 44px;\n}\n.blog-shortcode.blog-masonry-shortcode-id-ae4f71cd0dfbd1a0c5986f406ce4c76c .gallery-zoom-ico > span,\n.blog-shortcode.blog-masonry-shortcode-id-ae4f71cd0dfbd1a0c5986f406ce4c76c .gallery-zoom-ico:before {\n  color: #ffffff;\n}\n.blog-shortcode.blog-masonry-shortcode-id-ae4f71cd0dfbd1a0c5986f406ce4c76c .entry-title,\n.blog-shortcode.blog-masonry-shortcode-id-ae4f71cd0dfbd1a0c5986f406ce4c76c.owl-carousel .entry-title {\n  margin-bottom: 5px;\n}\n.blog-shortcode.blog-masonry-shortcode-id-ae4f71cd0dfbd1a0c5986f406ce4c76c .entry-meta {\n  margin-bottom: 15px;\n}\n.blog-shortcode.blog-masonry-shortcode-id-ae4f71cd0dfbd1a0c5986f406ce4c76c .portfolio-categories {\n  margin-bottom: 15px;\n}\n.blog-shortcode.blog-masonry-shortcode-id-ae4f71cd0dfbd1a0c5986f406ce4c76c .entry-excerpt {\n  margin-bottom: 5px;\n}\n.blog-shortcode.blog-masonry-shortcode-id-ae4f71cd0dfbd1a0c5986f406ce4c76c:not(.centered-layout-list) .post-entry-content {\n  padding: 25px 30px 30px 30px;\n}\n.blog-shortcode.blog-masonry-shortcode-id-ae4f71cd0dfbd1a0c5986f406ce4c76c:not(.centered-layout-list):not(.content-bg-on):not(.mode-list) .no-img .post-entry-content {\n  padding: 0;\n}\n.blog-shortcode.blog-masonry-shortcode-id-ae4f71cd0dfbd1a0c5986f406ce4c76c.content-bg-on:not(.classic-layout-list):not(.centered-layout-list) .post-entry-content {\n  background: #ffffff;\n  -webkit-box-shadow: none;\n  box-shadow: none;\n}\n@media screen and (max-width: ) {\n  .blog-shortcode.blog-masonry-shortcode-id-ae4f71cd0dfbd1a0c5986f406ce4c76c article {\n    -webkit-flex-flow: column nowrap;\n    -moz-flex-flow: column nowrap;\n    -ms-flex-flow: column nowrap;\n    flex-flow: column nowrap;\n    margin-top: 20px;\n  }\n  .blog-shortcode.blog-masonry-shortcode-id-ae4f71cd0dfbd1a0c5986f406ce4c76c.dividers-on article {\n    border: none;\n  }\n  .blog-shortcode.blog-masonry-shortcode-id-ae4f71cd0dfbd1a0c5986f406ce4c76c.content-bg-on.centered-layout-list article {\n    padding: 0;\n  }\n  .blog-shortcode.blog-masonry-shortcode-id-ae4f71cd0dfbd1a0c5986f406ce4c76c.blog-shortcode.dividers-on article,\n  .blog-shortcode.blog-masonry-shortcode-id-ae4f71cd0dfbd1a0c5986f406ce4c76c.dividers-on.classic-layout-list article {\n    margin-top: 20px;\n    padding: 0;\n  }\n  .blog-shortcode.blog-masonry-shortcode-id-ae4f71cd0dfbd1a0c5986f406ce4c76c.blog-shortcode.dividers-on article:first-of-type,\n  .blog-shortcode.blog-masonry-shortcode-id-ae4f71cd0dfbd1a0c5986f406ce4c76c.dividers-on.classic-layout-list article:first-of-type {\n    padding: 0;\n  }\n  #page .blog-shortcode.blog-masonry-shortcode-id-ae4f71cd0dfbd1a0c5986f406ce4c76c .post-thumbnail-wrap,\n  #page .blog-shortcode.blog-masonry-shortcode-id-ae4f71cd0dfbd1a0c5986f406ce4c76c .post-entry-content {\n    width: 100%;\n    margin: 0;\n    top: 0;\n  }\n  #page .blog-shortcode.blog-masonry-shortcode-id-ae4f71cd0dfbd1a0c5986f406ce4c76c .post-thumbnail-wrap {\n    padding: 0;\n  }\n  #page .blog-shortcode.blog-masonry-shortcode-id-ae4f71cd0dfbd1a0c5986f406ce4c76c .post-entry-content:after {\n    display: none;\n  }\n  #page .blog-shortcode.blog-masonry-shortcode-id-ae4f71cd0dfbd1a0c5986f406ce4c76c .project-even .post-thumbnail-wrap,\n  #page .blog-shortcode.blog-masonry-shortcode-id-ae4f71cd0dfbd1a0c5986f406ce4c76c.centered-layout-list .post-thumbnail-wrap {\n    -webkit-order: 0;\n    -moz-order: 0;\n    -ms-flex-order: 0;\n    order: 0;\n  }\n  #page .blog-shortcode.blog-masonry-shortcode-id-ae4f71cd0dfbd1a0c5986f406ce4c76c.centered-layout-list .post-entry-title-content {\n    -webkit-order: 1;\n    -moz-order: 1;\n    -ms-flex-order: 1;\n    order: 1;\n    width: 100%;\n    padding: 20px 20px 0;\n  }\n  #page .blog-shortcode.blog-masonry-shortcode-id-ae4f71cd0dfbd1a0c5986f406ce4c76c.centered-layout-list .post-entry-content {\n    -webkit-order: 2;\n    -moz-order: 2;\n    -ms-flex-order: 2;\n    order: 2;\n    padding-top: 0;\n  }\n  #page .blog-shortcode.blog-masonry-shortcode-id-ae4f71cd0dfbd1a0c5986f406ce4c76c .fancy-categories {\n    top: 10px;\n    left: 10px;\n    bottom: auto;\n    right: auto;\n  }\n  #page .blog-shortcode.blog-masonry-shortcode-id-ae4f71cd0dfbd1a0c5986f406ce4c76c .fancy-date a {\n    top: 10px;\n    right: 10px;\n    left: auto;\n    bottom: auto;\n  }\n  #page .blog-shortcode.blog-masonry-shortcode-id-ae4f71cd0dfbd1a0c5986f406ce4c76c .post-entry-content {\n    padding: 20px;\n  }\n  #page .blog-shortcode.blog-masonry-shortcode-id-ae4f71cd0dfbd1a0c5986f406ce4c76c .entry-title {\n    margin: 3px 0 5px;\n    font-size: 20px;\n    line-height: 26px;\n  }\n  #page .blog-shortcode.blog-masonry-shortcode-id-ae4f71cd0dfbd1a0c5986f406ce4c76c .entry-meta {\n    margin: 5px 0 5px;\n  }\n  #page .blog-shortcode.blog-masonry-shortcode-id-ae4f71cd0dfbd1a0c5986f406ce4c76c .entry-excerpt {\n    margin: 15px 0 0;\n  }\n  #page .blog-shortcode.blog-masonry-shortcode-id-ae4f71cd0dfbd1a0c5986f406ce4c76c .post-details {\n    margin: 5px 0 10px;\n  }\n  #page .blog-shortcode.blog-masonry-shortcode-id-ae4f71cd0dfbd1a0c5986f406ce4c76c .post-details.details-type-link {\n    margin-bottom: 2px;\n  }\n}\n.blog-shortcode.blog-masonry-shortcode-id-ae4f71cd0dfbd1a0c5986f406ce4c76c:not(.resize-by-browser-width) .dt-css-grid {\n  grid-row-gap: 30px;\n  grid-column-gap: 30px;\n  grid-template-columns: repeat(auto-fill,minmax(,1fr));\n}\n.blog-shortcode.blog-masonry-shortcode-id-ae4f71cd0dfbd1a0c5986f406ce4c76c:not(.resize-by-browser-width) .dt-css-grid .double-width {\n  grid-column: span 2;\n}\n.cssgridlegacy.no-cssgrid .blog-shortcode.blog-masonry-shortcode-id-ae4f71cd0dfbd1a0c5986f406ce4c76c:not(.resize-by-browser-width) .dt-css-grid,\n.no-cssgridlegacy.no-cssgrid .blog-shortcode.blog-masonry-shortcode-id-ae4f71cd0dfbd1a0c5986f406ce4c76c:not(.resize-by-browser-width) .dt-css-grid {\n  display: flex;\n  flex-flow: row wrap;\n  margin: -15px;\n}\n.cssgridlegacy.no-cssgrid .blog-shortcode.blog-masonry-shortcode-id-ae4f71cd0dfbd1a0c5986f406ce4c76c:not(.resize-by-browser-width) .dt-css-grid .wf-cell,\n.no-cssgridlegacy.no-cssgrid .blog-shortcode.blog-masonry-shortcode-id-ae4f71cd0dfbd1a0c5986f406ce4c76c:not(.resize-by-browser-width) .dt-css-grid .wf-cell {\n  flex: 1 0 ;\n  min-width: ;\n  max-width: 100%;\n  padding: 15px;\n  box-sizing: border-box;\n}\n.blog-shortcode.blog-masonry-shortcode-id-ae4f71cd0dfbd1a0c5986f406ce4c76c.resize-by-browser-width .dt-css-grid {\n  grid-template-columns: repeat(4,1fr);\n  grid-template-rows: auto;\n  grid-column-gap: 30px;\n  grid-row-gap: 30px;\n}\n.blog-shortcode.blog-masonry-shortcode-id-ae4f71cd0dfbd1a0c5986f406ce4c76c.resize-by-browser-width .dt-css-grid .double-width {\n  grid-column: span 2;\n}\n.cssgridlegacy.no-cssgrid .blog-shortcode.blog-masonry-shortcode-id-ae4f71cd0dfbd1a0c5986f406ce4c76c.resize-by-browser-width .dt-css-grid {\n  margin: -15px;\n}\n.cssgridlegacy.no-cssgrid .blog-shortcode.blog-masonry-shortcode-id-ae4f71cd0dfbd1a0c5986f406ce4c76c.resize-by-browser-width .dt-css-grid .wf-cell {\n  width: 25%;\n  padding: 15px;\n}\n.cssgridlegacy.no-cssgrid .blog-shortcode.blog-masonry-shortcode-id-ae4f71cd0dfbd1a0c5986f406ce4c76c.resize-by-browser-width .dt-css-grid .wf-cell.double-width {\n  width: calc(25%) * 2;\n}\n.blog-shortcode.blog-masonry-shortcode-id-ae4f71cd0dfbd1a0c5986f406ce4c76c.resize-by-browser-width:not(.centered-layout-list):not(.content-bg-on) .dt-css-grid {\n  grid-row-gap: 0px;\n}\n@media screen and (max-width: 1199px) {\n  .blog-shortcode.blog-masonry-shortcode-id-ae4f71cd0dfbd1a0c5986f406ce4c76c.resize-by-browser-width .dt-css-grid {\n    grid-template-columns: repeat(3,1fr);\n  }\n  .cssgridlegacy.no-cssgrid .blog-shortcode.blog-masonry-shortcode-id-ae4f71cd0dfbd1a0c5986f406ce4c76c.resize-by-browser-width .dt-css-grid .wf-cell,\n  .no-cssgridlegacy.no-cssgrid .blog-shortcode.blog-masonry-shortcode-id-ae4f71cd0dfbd1a0c5986f406ce4c76c.resize-by-browser-width .dt-css-grid .wf-cell {\n    width: 33.333333333333%;\n  }\n  .cssgridlegacy.no-cssgrid .blog-shortcode.blog-masonry-shortcode-id-ae4f71cd0dfbd1a0c5986f406ce4c76c.resize-by-browser-width .dt-css-grid .wf-cell.double-width,\n  .no-cssgridlegacy.no-cssgrid .blog-shortcode.blog-masonry-shortcode-id-ae4f71cd0dfbd1a0c5986f406ce4c76c.resize-by-browser-width .dt-css-grid .wf-cell.double-width {\n    width: calc(33.333333333333%)*2;\n  }\n}\n@media screen and (max-width: 991px) {\n  .blog-shortcode.blog-masonry-shortcode-id-ae4f71cd0dfbd1a0c5986f406ce4c76c.resize-by-browser-width .dt-css-grid {\n    grid-template-columns: repeat(2,1fr);\n  }\n  .cssgridlegacy.no-cssgrid .blog-shortcode.blog-masonry-shortcode-id-ae4f71cd0dfbd1a0c5986f406ce4c76c.resize-by-browser-width .dt-css-grid .wf-cell,\n  .no-cssgridlegacy.no-cssgrid .blog-shortcode.blog-masonry-shortcode-id-ae4f71cd0dfbd1a0c5986f406ce4c76c.resize-by-browser-width .dt-css-grid .wf-cell {\n    width: 50%;\n  }\n  .cssgridlegacy.no-cssgrid .blog-shortcode.blog-masonry-shortcode-id-ae4f71cd0dfbd1a0c5986f406ce4c76c.resize-by-browser-width .dt-css-grid .wf-cell.double-width,\n  .no-cssgridlegacy.no-cssgrid .blog-shortcode.blog-masonry-shortcode-id-ae4f71cd0dfbd1a0c5986f406ce4c76c.resize-by-browser-width .dt-css-grid .wf-cell.double-width {\n    width: calc(50%)*2;\n  }\n}\n@media screen and (max-width: 767px) {\n  .blog-shortcode.blog-masonry-shortcode-id-ae4f71cd0dfbd1a0c5986f406ce4c76c.resize-by-browser-width .dt-css-grid {\n    grid-template-columns: repeat(1,1fr);\n  }\n  .cssgridlegacy.no-cssgrid .blog-shortcode.blog-masonry-shortcode-id-ae4f71cd0dfbd1a0c5986f406ce4c76c.resize-by-browser-width .dt-css-grid .wf-cell,\n  .no-cssgridlegacy.no-cssgrid .blog-shortcode.blog-masonry-shortcode-id-ae4f71cd0dfbd1a0c5986f406ce4c76c.resize-by-browser-width .dt-css-grid .wf-cell {\n    width: 100%;\n  }\n  .cssgridlegacy.no-cssgrid .blog-shortcode.blog-masonry-shortcode-id-ae4f71cd0dfbd1a0c5986f406ce4c76c.resize-by-browser-width .dt-css-grid .wf-cell.double-width,\n  .no-cssgridlegacy.no-cssgrid .blog-shortcode.blog-masonry-shortcode-id-ae4f71cd0dfbd1a0c5986f406ce4c76c.resize-by-browser-width .dt-css-grid .wf-cell.double-width {\n    width: calc(100%)*2;\n  }\n}\n<\/style><div class=\"blog-shortcode blog-masonry-shortcode-id-ae4f71cd0dfbd1a0c5986f406ce4c76c mode-grid classic-layout-list content-bg-on jquery-filter meta-info-off dt-css-grid-wrap enable-bg-rollover dt-icon-bg-off resize-by-browser-width loading-effect-none description-under-image \" data-padding=\"15px\" data-cur-page=\"1\" data-post-limit=\"-1\" data-pagination-mode=\"none\" data-desktop-columns-num=\"4\" data-v-tablet-columns-num=\"2\" data-h-tablet-columns-num=\"3\" data-phone-columns-num=\"1\" data-width=\"0px\" data-columns=\"0\"><div class=\"dt-css-grid\" ><div class=\"visible wf-cell\" data-post-id=\"50407\" data-date=\"2019-01-13T22:50:04+01:00\" data-name=\"Jak\u0105 gwarancj\u0105 obj\u0119te s\u0105 donice?\"><article class=\"post project-odd visible no-img post-50407 type-post status-publish format-standard hentry category-faq category-36\" data-name=\"Jak\u0105 gwarancj\u0105 obj\u0119te s\u0105 donice?\" data-date=\"2019-01-13T22:50:04+01:00\">\n\n<div class=\"post-entry-content\">\n\n\t<h3 class=\"entry-title\">\n\t\t<a href=\"https:\/\/worldofflowerpots.com\/pl\/jaka-gwarancja-objete-sa-donice\/\" title=\"Jak\u0105 gwarancj\u0105 obj\u0119te s\u0105 donice?\" rel=\"bookmark\">Jak\u0105 gwarancj\u0105 obj\u0119te s\u0105 donice?<\/a>\n\t<\/h3>\n\n\t\n\t<div class=\"entry-excerpt\"><p>Okres gwarancyjny wynosi z regu\u0142y 2 lata. Gwarancja obejmuje stabilno\u015b\u0107 konstrukcji donic, sam materia\u0142 oraz&hellip;<\/p>\n<\/div>\n\t<a href=\"https:\/\/worldofflowerpots.com\/pl\/jaka-gwarancja-objete-sa-donice\/\" class=\"post-details details-type-link\" rel=\"nofollow\">Czytaj wi\u0119cej<i class=\"dt-icon-the7-arrow-03\" aria-hidden=\"true\"><\/i><\/a>\n<\/div><\/article><\/div><div class=\"visible wf-cell\" data-post-id=\"879\" data-date=\"2016-12-07T11:48:38+01:00\" data-name=\"Jak\u0105 gwarancj\u0105 obj\u0119te s\u0105 donice?\"><article class=\"post project-odd visible no-img post-879 type-post status-publish format-standard hentry category-faq category-36\" data-name=\"Jak\u0105 gwarancj\u0105 obj\u0119te s\u0105 donice?\" data-date=\"2016-12-07T11:48:38+01:00\">\n\n<div class=\"post-entry-content\">\n\n\t<h3 class=\"entry-title\">\n\t\t<a href=\"https:\/\/worldofflowerpots.com\/pl\/gwarancja-objete-sa-donice\/\" title=\"Jak\u0105 gwarancj\u0105 obj\u0119te s\u0105 donice?\" rel=\"bookmark\">Jak\u0105 gwarancj\u0105 obj\u0119te s\u0105 donice?<\/a>\n\t<\/h3>\n\n\t\n\t<div class=\"entry-excerpt\"><p>[vc_row][vc_column][vc_column_text] Okres gwarancyjny wynosi z regu\u0142y 2 lata. Gwarancja obejmuje stabilno\u015b\u0107 konstrukcji donic, sam materia\u0142&hellip;<\/p>\n<\/div>\n\t<a href=\"https:\/\/worldofflowerpots.com\/pl\/gwarancja-objete-sa-donice\/\" class=\"post-details details-type-link\" rel=\"nofollow\">Czytaj wi\u0119cej<i class=\"dt-icon-the7-arrow-03\" aria-hidden=\"true\"><\/i><\/a>\n<\/div><\/article><\/div><div class=\"visible wf-cell\" data-post-id=\"877\" data-date=\"2016-12-07T11:39:59+01:00\" data-name=\"Czy istnieje mo\u017cliwo\u015b\u0107 wykonania donic w macie jak i w po\u0142ysku?\"><article class=\"post project-odd visible no-img post-877 type-post status-publish format-standard hentry category-faq category-36\" data-name=\"Czy istnieje mo\u017cliwo\u015b\u0107 wykonania donic w macie jak i w po\u0142ysku?\" data-date=\"2016-12-07T11:39:59+01:00\">\n\n<div class=\"post-entry-content\">\n\n\t<h3 class=\"entry-title\">\n\t\t<a href=\"https:\/\/worldofflowerpots.com\/pl\/istnieje-mozliwosc-wykonania-donic-macie-polysku\/\" title=\"Czy istnieje mo\u017cliwo\u015b\u0107 wykonania donic w macie jak i w po\u0142ysku?\" rel=\"bookmark\">Czy istnieje mo\u017cliwo\u015b\u0107 wykonania donic w macie jak i w po\u0142ysku?<\/a>\n\t<\/h3>\n\n\t\n\t<div class=\"entry-excerpt\"><p>[vc_row][vc_column][vc_column_text] Matowy i b\u0142yszcz\u0105cy efekt powierzchni. Niestety, nie wszystkie rodzaje donic mo\u017cemy wykona\u0107 zar\u00f3wno w&hellip;<\/p>\n<\/div>\n\t<a href=\"https:\/\/worldofflowerpots.com\/pl\/istnieje-mozliwosc-wykonania-donic-macie-polysku\/\" class=\"post-details details-type-link\" rel=\"nofollow\">Czytaj wi\u0119cej<i class=\"dt-icon-the7-arrow-03\" aria-hidden=\"true\"><\/i><\/a>\n<\/div><\/article><\/div><div class=\"visible wf-cell\" data-post-id=\"875\" data-date=\"2016-12-07T11:32:38+01:00\" data-name=\"Jakie s\u0105 koszty transportu donic?\"><article class=\"post project-odd visible no-img post-875 type-post status-publish format-standard hentry category-faq category-36\" data-name=\"Jakie s\u0105 koszty transportu donic?\" data-date=\"2016-12-07T11:32:38+01:00\">\n\n<div class=\"post-entry-content\">\n\n\t<h3 class=\"entry-title\">\n\t\t<a href=\"https:\/\/worldofflowerpots.com\/pl\/sa-koszty-transportu-donic\/\" title=\"Jakie s\u0105 koszty transportu donic?\" rel=\"bookmark\">Jakie s\u0105 koszty transportu donic?<\/a>\n\t<\/h3>\n\n\t\n\t<div class=\"entry-excerpt\"><p>[vc_row][vc_column][vc_column_text] Koszty transportu donic ustalane s\u0105 indywidualnie i zale\u017c\u0105 od odleg\u0142o\u015bci miejsca docelowego od magazynu.&hellip;<\/p>\n<\/div>\n\t<a href=\"https:\/\/worldofflowerpots.com\/pl\/sa-koszty-transportu-donic\/\" class=\"post-details details-type-link\" rel=\"nofollow\">Czytaj wi\u0119cej<i class=\"dt-icon-the7-arrow-03\" aria-hidden=\"true\"><\/i><\/a>\n<\/div><\/article><\/div><div class=\"visible wf-cell\" data-post-id=\"872\" data-date=\"2016-12-07T11:24:56+01:00\" data-name=\"Jak pakowane s\u0105 donice?\"><article class=\"post project-odd visible no-img post-872 type-post status-publish format-standard hentry category-faq category-36\" data-name=\"Jak pakowane s\u0105 donice?\" data-date=\"2016-12-07T11:24:56+01:00\">\n\n<div class=\"post-entry-content\">\n\n\t<h3 class=\"entry-title\">\n\t\t<a href=\"https:\/\/worldofflowerpots.com\/pl\/pakowane-sa-donice\/\" title=\"Jak pakowane s\u0105 donice?\" rel=\"bookmark\">Jak pakowane s\u0105 donice?<\/a>\n\t<\/h3>\n\n\t\n\t<div class=\"entry-excerpt\"><p>[vc_row][vc_column][vc_column_text] Bezpiecze\u0144stwo donic jest naszym priorytetem. Zdaj\u0105c sobie spraw\u0119 z tego, \u017ce nasz towar musi&hellip;<\/p>\n<\/div>\n\t<a href=\"https:\/\/worldofflowerpots.com\/pl\/pakowane-sa-donice\/\" class=\"post-details details-type-link\" rel=\"nofollow\">Czytaj wi\u0119cej<i class=\"dt-icon-the7-arrow-03\" aria-hidden=\"true\"><\/i><\/a>\n<\/div><\/article><\/div><div class=\"visible wf-cell\" data-post-id=\"870\" data-date=\"2016-12-07T11:19:23+01:00\" data-name=\"Czy istnieje mo\u017cliwo\u015b\u0107 wykonania donic o wymiarach podanych przez klienta?\"><article class=\"post project-odd visible no-img post-870 type-post status-publish format-standard hentry category-faq category-36\" data-name=\"Czy istnieje mo\u017cliwo\u015b\u0107 wykonania donic o wymiarach podanych przez klienta?\" data-date=\"2016-12-07T11:19:23+01:00\">\n\n<div class=\"post-entry-content\">\n\n\t<h3 class=\"entry-title\">\n\t\t<a href=\"https:\/\/worldofflowerpots.com\/pl\/istnieje-mozliwosc-wykonania-donic-o-wymiarach-podanych-klienta\/\" title=\"Czy istnieje mo\u017cliwo\u015b\u0107 wykonania donic o wymiarach podanych przez klienta?\" rel=\"bookmark\">Czy istnieje mo\u017cliwo\u015b\u0107 wykonania donic o wymiarach podanych przez klienta?<\/a>\n\t<\/h3>\n\n\t\n\t<div class=\"entry-excerpt\"><p>[vc_row][vc_column][vc_column_text] Twoje wymarzone donice na wymiar. Chcesz obudowa\u0107 donicami przestrze\u0144 w ogrodzie lub na tarasie?&hellip;<\/p>\n<\/div>\n\t<a href=\"https:\/\/worldofflowerpots.com\/pl\/istnieje-mozliwosc-wykonania-donic-o-wymiarach-podanych-klienta\/\" class=\"post-details details-type-link\" rel=\"nofollow\">Czytaj wi\u0119cej<i class=\"dt-icon-the7-arrow-03\" aria-hidden=\"true\"><\/i><\/a>\n<\/div><\/article><\/div><div class=\"visible wf-cell\" data-post-id=\"868\" data-date=\"2016-12-07T11:08:24+01:00\" data-name=\"Jaki jest czas oczekiwania na realizacj\u0119 zam\u00f3wienia?\"><article class=\"post project-odd visible no-img post-868 type-post status-publish format-standard hentry category-faq category-36\" data-name=\"Jaki jest czas oczekiwania na realizacj\u0119 zam\u00f3wienia?\" data-date=\"2016-12-07T11:08:24+01:00\">\n\n<div class=\"post-entry-content\">\n\n\t<h3 class=\"entry-title\">\n\t\t<a href=\"https:\/\/worldofflowerpots.com\/pl\/czas-oczekiwania-realizacje-zamowienia\/\" title=\"Jaki jest czas oczekiwania na realizacj\u0119 zam\u00f3wienia?\" rel=\"bookmark\">Jaki jest czas oczekiwania na realizacj\u0119 zam\u00f3wienia?<\/a>\n\t<\/h3>\n\n\t\n\t<div class=\"entry-excerpt\"><p>[vc_row][vc_column][vc_column_text] Czas realizacji uzale\u017cniony jest przede wszystkim od rodzaju zam\u00f3wienia, a przede wszystkim materia\u0142u, z&hellip;<\/p>\n<\/div>\n\t<a href=\"https:\/\/worldofflowerpots.com\/pl\/czas-oczekiwania-realizacje-zamowienia\/\" class=\"post-details details-type-link\" rel=\"nofollow\">Czytaj wi\u0119cej<i class=\"dt-icon-the7-arrow-03\" aria-hidden=\"true\"><\/i><\/a>\n<\/div><\/article><\/div><div class=\"visible wf-cell\" data-post-id=\"866\" data-date=\"2016-12-07T11:05:10+01:00\" data-name=\"Jak\u0105 maj\u0105 grubo\u015b\u0107 \u015bcianki donic i czy donice s\u0105 ocieplane?\"><article class=\"post project-odd visible no-img post-866 type-post status-publish format-standard hentry category-faq category-36\" data-name=\"Jak\u0105 maj\u0105 grubo\u015b\u0107 \u015bcianki donic i czy donice s\u0105 ocieplane?\" data-date=\"2016-12-07T11:05:10+01:00\">\n\n<div class=\"post-entry-content\">\n\n\t<h3 class=\"entry-title\">\n\t\t<a href=\"https:\/\/worldofflowerpots.com\/pl\/maja-grubosc-scianki-donic-donice-sa-ocieplane\/\" title=\"Jak\u0105 maj\u0105 grubo\u015b\u0107 \u015bcianki donic i czy donice s\u0105 ocieplane?\" rel=\"bookmark\">Jak\u0105 maj\u0105 grubo\u015b\u0107 \u015bcianki donic i czy donice s\u0105 ocieplane?<\/a>\n\t<\/h3>\n\n\t\n\t<div class=\"entry-excerpt\"><p>[vc_row][vc_column][vc_column_text] Grubo\u015bci \u015bcianek oraz dodatkowe ocieplanie styropianem zale\u017c\u0105 od materia\u0142u z jakiego jest wykonana donica.&hellip;<\/p>\n<\/div>\n\t<a href=\"https:\/\/worldofflowerpots.com\/pl\/maja-grubosc-scianki-donic-donice-sa-ocieplane\/\" class=\"post-details details-type-link\" rel=\"nofollow\">Czytaj wi\u0119cej<i class=\"dt-icon-the7-arrow-03\" aria-hidden=\"true\"><\/i><\/a>\n<\/div><\/article><\/div><\/div><!-- iso-container|iso-grid --><\/div><div class=\" vc_custom_1551714343955 ubtn-ctn-center \"><a class=\"ubtn-link ult-adjust-bottom-margin ubtn-center ubtn-large \" href=\"https:\/\/worldofflowerpots.pl\/faq\/\" title=\"FAQ\" ><button type=\"button\" id=\"ubtn-1937\"  class=\"ubtn ult-adjust-bottom-margin ult-responsive ubtn-large ubtn-no-hover-bg  none  ubtn-center   tooltip-69f38b5238af0\"  data-hover=\"#4c4c4c\" data-border-color=\"#333333\" data-bg=\"\" data-hover-bg=\"\" data-border-hover=\"#4c4c4c\" data-shadow-hover=\"\" data-shadow-click=\"none\" data-shadow=\"\" data-shd-shadow=\"\"  data-ultimate-target='#ubtn-1937'  data-responsive-json-new='{\"font-size\":\"desktop:16px;\",\"line-height\":\"desktop:27px;\"}'  style=\"font-family:&#039;Poppins&#039;;font-weight:500;border-radius:0px;border-width:1px;border-color:#333333;border-style:solid;color: #333333;\"><span class=\"ubtn-hover\" style=\"background-color:\"><\/span><span class=\"ubtn-data ubtn-text \" >Zobacz wszystkie<\/span><\/button><\/a><\/div>[\/vc_column][\/vc_row][vc_row gap=&#8221;20&#8243; css=&#8221;.vc_custom_1548680176371{border-bottom-width: 1px !important;padding-top: 40px !important;padding-bottom: 20px !important;border-bottom-color: #ededed !important;border-bottom-style: solid !important;}&#8221;][vc_column css=&#8221;.vc_custom_1546881665108{padding-bottom: 30px !important;}&#8221;]<div id=\"ultimate-heading-747069f38b5238b4f\" class=\"uvc-heading ult-adjust-bottom-margin ultimate-heading-747069f38b5238b4f uvc-8475 \" data-hspacer=\"no_spacer\"  data-halign=\"center\" style=\"text-align:center\"><div class=\"uvc-heading-spacer no_spacer\" style=\"top\"><\/div><div class=\"uvc-main-heading ult-responsive\"  data-ultimate-target='.uvc-heading.ultimate-heading-747069f38b5238b4f h2'  data-responsive-json-new='{\"font-size\":\"desktop:28px;mobile:20px;\",\"line-height\":\"desktop:38px;mobile:30px;\"}' ><h2 style=\"font-family:&#039;Poppins&#039;;font-weight:300;margin-bottom:60px;\">Artyku\u0142y i porady<\/h2><\/div><\/div><style type=\"text\/css\" data-type=\"the7_shortcodes-inline-css\">.blog-carousel-shortcode.blog-carousel-shortcode-id-af3516b515d461c960acbebff83e2f5c.content-bg-on.classic-layout-list article {\n  background: #f9f9f9;\n  -webkit-box-shadow: none;\n  box-shadow: none;\n}\n.blog-carousel-shortcode.blog-carousel-shortcode-id-af3516b515d461c960acbebff83e2f5c.dividers-on.classic-layout-list article {\n  margin-top: ;\n  padding-top: 0;\n  border-color: ;\n}\n.blog-carousel-shortcode.blog-carousel-shortcode-id-af3516b515d461c960acbebff83e2f5c.dividers-on.classic-layout-list article:first-of-type {\n  margin-top: 0;\n  padding-top: 0;\n}\n.blog-carousel-shortcode.blog-carousel-shortcode-id-af3516b515d461c960acbebff83e2f5c.classic-layout-list.mode-list .post-thumbnail-wrap {\n  width: ;\n}\n.blog-carousel-shortcode.blog-carousel-shortcode-id-af3516b515d461c960acbebff83e2f5c.classic-layout-list.mode-list .post-entry-content {\n  width: calc(100% - );\n}\n.blog-carousel-shortcode.blog-carousel-shortcode-id-af3516b515d461c960acbebff83e2f5c.classic-layout-list.mode-list .no-img .post-entry-content {\n  width: 100%;\n}\n.blog-carousel-shortcode.blog-carousel-shortcode-id-af3516b515d461c960acbebff83e2f5c .filter-bg-decoration .filter-categories a.act {\n  color: #fff;\n}\n.blog-carousel-shortcode.blog-carousel-shortcode-id-af3516b515d461c960acbebff83e2f5c:not(.mode-masonry) article {\n  margin-top: ;\n}\n.blog-carousel-shortcode.blog-carousel-shortcode-id-af3516b515d461c960acbebff83e2f5c:not(.mode-masonry) article:first-of-type,\n.blog-carousel-shortcode.blog-carousel-shortcode-id-af3516b515d461c960acbebff83e2f5c:not(.mode-masonry) article.visible.first:not(.product) {\n  margin-top: 0;\n}\n.blog-carousel-shortcode.blog-carousel-shortcode-id-af3516b515d461c960acbebff83e2f5c.dividers-on:not(.mode-masonry) article {\n  margin-top: 0;\n  padding-top: ;\n}\n.blog-carousel-shortcode.blog-carousel-shortcode-id-af3516b515d461c960acbebff83e2f5c.dividers-on:not(.mode-masonry) article:first-of-type,\n.blog-carousel-shortcode.blog-carousel-shortcode-id-af3516b515d461c960acbebff83e2f5c.dividers-on:not(.mode-masonry) article.visible.first:not(.product) {\n  margin-top: 0;\n  padding-top: 0;\n}\n.blog-carousel-shortcode.blog-carousel-shortcode-id-af3516b515d461c960acbebff83e2f5c .post-thumbnail-wrap {\n  padding: 0px 0px 0px 0px;\n}\n.blog-carousel-shortcode.blog-carousel-shortcode-id-af3516b515d461c960acbebff83e2f5c.enable-bg-rollover .post-thumbnail-rollover:after {\n  background: ;\n  background: -webkit-linear-gradient();\n  background: linear-gradient();\n}\n.blog-carousel-shortcode.blog-carousel-shortcode-id-af3516b515d461c960acbebff83e2f5c .gallery-zoom-ico {\n  width: 44px;\n  height: 44px;\n  line-height: 44px;\n  border-radius: 100px;\n  margin: -22px 0 0 -22px;\n  border-width: 0px;\n  color: #ffffff;\n  background: none;\n}\n.bottom-overlap-layout-list.blog-carousel-shortcode.blog-carousel-shortcode-id-af3516b515d461c960acbebff83e2f5c .gallery-zoom-ico {\n  margin-top: -72px;\n}\n.gradient-overlay-layout-list.blog-carousel-shortcode.blog-carousel-shortcode-id-af3516b515d461c960acbebff83e2f5c .gallery-zoom-ico,\n.content-rollover-layout-list.blog-carousel-shortcode.blog-carousel-shortcode-id-af3516b515d461c960acbebff83e2f5c .gallery-zoom-ico {\n  margin: 0 0 10px;\n}\n.content-align-center.gradient-overlay-layout-list.blog-carousel-shortcode.blog-carousel-shortcode-id-af3516b515d461c960acbebff83e2f5c .gallery-zoom-ico,\n.content-align-center.content-rollover-layout-list.blog-carousel-shortcode.blog-carousel-shortcode-id-af3516b515d461c960acbebff83e2f5c .gallery-zoom-ico {\n  margin: 0 auto 10px;\n}\n.dt-icon-bg-on.blog-carousel-shortcode.blog-carousel-shortcode-id-af3516b515d461c960acbebff83e2f5c .gallery-zoom-ico {\n  background: rgba(255,255,255,0.3);\n  -webkit-box-shadow: none;\n  box-shadow: none;\n}\n.blog-carousel-shortcode.blog-carousel-shortcode-id-af3516b515d461c960acbebff83e2f5c .gallery-zoom-ico > span,\n.blog-carousel-shortcode.blog-carousel-shortcode-id-af3516b515d461c960acbebff83e2f5c .gallery-zoom-ico:before {\n  font-size: 32px;\n  line-height: 44px;\n}\n.blog-carousel-shortcode.blog-carousel-shortcode-id-af3516b515d461c960acbebff83e2f5c .gallery-zoom-ico > span,\n.blog-carousel-shortcode.blog-carousel-shortcode-id-af3516b515d461c960acbebff83e2f5c .gallery-zoom-ico:before {\n  color: #ffffff;\n  background: none;\n}\n.blog-carousel-shortcode.blog-carousel-shortcode-id-af3516b515d461c960acbebff83e2f5c .entry-title,\n.blog-carousel-shortcode.blog-carousel-shortcode-id-af3516b515d461c960acbebff83e2f5c.owl-carousel .entry-title {\n  margin-bottom: 5px;\n}\n.blog-carousel-shortcode.blog-carousel-shortcode-id-af3516b515d461c960acbebff83e2f5c .entry-meta {\n  margin-bottom: 15px;\n}\n.blog-carousel-shortcode.blog-carousel-shortcode-id-af3516b515d461c960acbebff83e2f5c .portfolio-categories {\n  margin-bottom: 15px;\n}\n.blog-carousel-shortcode.blog-carousel-shortcode-id-af3516b515d461c960acbebff83e2f5c .entry-excerpt {\n  margin-bottom: 5px;\n}\n.blog-carousel-shortcode.blog-carousel-shortcode-id-af3516b515d461c960acbebff83e2f5c:not(.centered-layout-list) .post-entry-content {\n  padding: 25px 30px 30px 30px;\n}\n.blog-carousel-shortcode.blog-carousel-shortcode-id-af3516b515d461c960acbebff83e2f5c:not(.centered-layout-list):not(.content-bg-on):not(.mode-list) .no-img .post-entry-content {\n  padding: 0;\n}\n.blog-carousel-shortcode.blog-carousel-shortcode-id-af3516b515d461c960acbebff83e2f5c.content-bg-on:not(.classic-layout-list):not(.centered-layout-list) .post-entry-content {\n  background: #f9f9f9;\n  -webkit-box-shadow: none;\n  box-shadow: none;\n}\n@media screen and (max-width: ) {\n  .blog-carousel-shortcode.blog-carousel-shortcode-id-af3516b515d461c960acbebff83e2f5c article {\n    -webkit-flex-flow: column nowrap;\n    -moz-flex-flow: column nowrap;\n    -ms-flex-flow: column nowrap;\n    flex-flow: column nowrap;\n    margin-top: 20px;\n  }\n  .blog-carousel-shortcode.blog-carousel-shortcode-id-af3516b515d461c960acbebff83e2f5c.dividers-on article {\n    border: none;\n  }\n  .blog-carousel-shortcode.blog-carousel-shortcode-id-af3516b515d461c960acbebff83e2f5c.content-bg-on.centered-layout-list article {\n    padding: 0;\n  }\n  .blog-carousel-shortcode.blog-carousel-shortcode-id-af3516b515d461c960acbebff83e2f5c.blog-shortcode.dividers-on article,\n  .blog-carousel-shortcode.blog-carousel-shortcode-id-af3516b515d461c960acbebff83e2f5c.dividers-on.classic-layout-list article {\n    margin-top: 20px;\n    padding: 0;\n  }\n  .blog-carousel-shortcode.blog-carousel-shortcode-id-af3516b515d461c960acbebff83e2f5c.blog-shortcode.dividers-on article:first-of-type,\n  .blog-carousel-shortcode.blog-carousel-shortcode-id-af3516b515d461c960acbebff83e2f5c.dividers-on.classic-layout-list article:first-of-type {\n    padding: 0;\n  }\n  #page .blog-carousel-shortcode.blog-carousel-shortcode-id-af3516b515d461c960acbebff83e2f5c .post-thumbnail-wrap,\n  #page .blog-carousel-shortcode.blog-carousel-shortcode-id-af3516b515d461c960acbebff83e2f5c .post-entry-content {\n    width: 100%;\n    margin: 0;\n    top: 0;\n  }\n  #page .blog-carousel-shortcode.blog-carousel-shortcode-id-af3516b515d461c960acbebff83e2f5c .post-thumbnail-wrap {\n    padding: 0;\n  }\n  #page .blog-carousel-shortcode.blog-carousel-shortcode-id-af3516b515d461c960acbebff83e2f5c .post-entry-content:after {\n    display: none;\n  }\n  #page .blog-carousel-shortcode.blog-carousel-shortcode-id-af3516b515d461c960acbebff83e2f5c .project-even .post-thumbnail-wrap,\n  #page .blog-carousel-shortcode.blog-carousel-shortcode-id-af3516b515d461c960acbebff83e2f5c.centered-layout-list .post-thumbnail-wrap {\n    -webkit-order: 0;\n    -moz-order: 0;\n    -ms-flex-order: 0;\n    order: 0;\n  }\n  #page .blog-carousel-shortcode.blog-carousel-shortcode-id-af3516b515d461c960acbebff83e2f5c.centered-layout-list .post-entry-title-content {\n    -webkit-order: 1;\n    -moz-order: 1;\n    -ms-flex-order: 1;\n    order: 1;\n    width: 100%;\n    padding: 20px 20px 0;\n  }\n  #page .blog-carousel-shortcode.blog-carousel-shortcode-id-af3516b515d461c960acbebff83e2f5c.centered-layout-list .post-entry-content {\n    -webkit-order: 2;\n    -moz-order: 2;\n    -ms-flex-order: 2;\n    order: 2;\n    padding-top: 0;\n  }\n  #page .blog-carousel-shortcode.blog-carousel-shortcode-id-af3516b515d461c960acbebff83e2f5c .fancy-categories {\n    top: 10px;\n    left: 10px;\n    bottom: auto;\n    right: auto;\n  }\n  #page .blog-carousel-shortcode.blog-carousel-shortcode-id-af3516b515d461c960acbebff83e2f5c .fancy-date a {\n    top: 10px;\n    right: 10px;\n    left: auto;\n    bottom: auto;\n  }\n  #page .blog-carousel-shortcode.blog-carousel-shortcode-id-af3516b515d461c960acbebff83e2f5c .post-entry-content {\n    padding: 20px;\n  }\n  #page .blog-carousel-shortcode.blog-carousel-shortcode-id-af3516b515d461c960acbebff83e2f5c .entry-title {\n    margin: 3px 0 5px;\n    font-size: 20px;\n    line-height: 26px;\n  }\n  #page .blog-carousel-shortcode.blog-carousel-shortcode-id-af3516b515d461c960acbebff83e2f5c .entry-meta {\n    margin: 5px 0 5px;\n  }\n  #page .blog-carousel-shortcode.blog-carousel-shortcode-id-af3516b515d461c960acbebff83e2f5c .entry-excerpt {\n    margin: 15px 0 0;\n  }\n  #page .blog-carousel-shortcode.blog-carousel-shortcode-id-af3516b515d461c960acbebff83e2f5c .post-details {\n    margin: 5px 0 10px;\n  }\n  #page .blog-carousel-shortcode.blog-carousel-shortcode-id-af3516b515d461c960acbebff83e2f5c .post-details.details-type-link {\n    margin-bottom: 2px;\n  }\n}\n.blog-carousel-shortcode.blog-carousel-shortcode-id-af3516b515d461c960acbebff83e2f5c .owl-nav a {\n  width: 36px;\n  height: 36px;\n  border-radius: 500px;\n}\n.dt-arrow-border-on.blog-carousel-shortcode.blog-carousel-shortcode-id-af3516b515d461c960acbebff83e2f5c .owl-nav a:not(:hover):before {\n  border-width: 0px;\n}\n.dt-arrow-hover-border-on.blog-carousel-shortcode.blog-carousel-shortcode-id-af3516b515d461c960acbebff83e2f5c .owl-nav a:hover:after {\n  border-width: 0px;\n}\n.blog-carousel-shortcode.blog-carousel-shortcode-id-af3516b515d461c960acbebff83e2f5c .owl-nav a.owl-prev {\n  top: 50%;\n  transform: translateY(calc(-50% + 0px));\n  left: -43px;\n}\n@media all and (-ms-high-contrast: none) {\n  .blog-carousel-shortcode.blog-carousel-shortcode-id-af3516b515d461c960acbebff83e2f5c .owl-nav a.owl-prev {\n    transform: translateY(-50%);\n    margin-top: 0px;\n  }\n}\n.blog-carousel-shortcode.blog-carousel-shortcode-id-af3516b515d461c960acbebff83e2f5c .owl-nav a.owl-prev i {\n  padding: 0px 0px 0px 0px;\n}\n.blog-carousel-shortcode.blog-carousel-shortcode-id-af3516b515d461c960acbebff83e2f5c .owl-nav a.owl-next {\n  top: 50%;\n  transform: translateY(calc(-50% + 0px));\n  right: -43px;\n}\n@media all and (-ms-high-contrast: none) {\n  .blog-carousel-shortcode.blog-carousel-shortcode-id-af3516b515d461c960acbebff83e2f5c .owl-nav a.owl-next {\n    transform: translateY(-50%);\n    margin-top: 0px;\n  }\n}\n.blog-carousel-shortcode.blog-carousel-shortcode-id-af3516b515d461c960acbebff83e2f5c .owl-nav a.owl-next i {\n  padding: 0px 0px 0px 0px;\n}\n.blog-carousel-shortcode.blog-carousel-shortcode-id-af3516b515d461c960acbebff83e2f5c .owl-nav i {\n  font-size: 24px;\n}\n.blog-carousel-shortcode.blog-carousel-shortcode-id-af3516b515d461c960acbebff83e2f5c .owl-nav a:hover i,\n.blog-carousel-shortcode.blog-carousel-shortcode-id-af3516b515d461c960acbebff83e2f5c .owl-nav a:hover i:before {\n  color: rgba(193,193,193,0.75);\n  background: none;\n}\n.blog-carousel-shortcode.blog-carousel-shortcode-id-af3516b515d461c960acbebff83e2f5c .owl-dots {\n  top: calc(100% + 20px);\n  left: 50%;\n  transform: translateX(calc(-50% + 0px));\n}\n@media all and (-ms-high-contrast: none) {\n  .blog-carousel-shortcode.blog-carousel-shortcode-id-af3516b515d461c960acbebff83e2f5c .owl-dots {\n    transform: translateX(-50%);\n    margin-left: 0px;\n  }\n}\n.blog-carousel-shortcode.blog-carousel-shortcode-id-af3516b515d461c960acbebff83e2f5c .owl-dot {\n  width: 10px;\n  height: 10px;\n  margin: 0 8px;\n}\n@media screen and (max-width: 778px) {\n  .blog-carousel-shortcode.blog-carousel-shortcode-id-af3516b515d461c960acbebff83e2f5c.hide-arrows .owl-nav a {\n    display: none;\n  }\n}\n@media screen and (max-width: 778px) {\n  .blog-carousel-shortcode.blog-carousel-shortcode-id-af3516b515d461c960acbebff83e2f5c.reposition-arrows .owl-nav .owl-prev {\n    top: 50%;\n    transform: translateY(calc(-50% + 0px));\n    left: 10px;\n  }\n  .blog-carousel-shortcode.blog-carousel-shortcode-id-af3516b515d461c960acbebff83e2f5c.reposition-arrows .owl-nav .owl-next {\n    top: 50%;\n    transform: translateY(calc(-50% + 0px));\n    right: 10px;\n  }\n}\n@media screen and (max-width: 778px) and all and (-ms-high-contrast: none) {\n  .blog-carousel-shortcode.blog-carousel-shortcode-id-af3516b515d461c960acbebff83e2f5c.reposition-arrows .owl-nav .owl-prev {\n    transform: translateY(-50%);\n    margin-top: 0px;\n  }\n}\n@media screen and (max-width: 778px) and all and (-ms-high-contrast: none) {\n  .blog-carousel-shortcode.blog-carousel-shortcode-id-af3516b515d461c960acbebff83e2f5c.reposition-arrows .owl-nav .owl-next {\n    transform: translateY(-50%);\n    margin-top: 0px;\n  }\n}\n<\/style><div class=\"owl-carousel blog-carousel-shortcode dt-owl-carousel-call blog-carousel-shortcode-id-af3516b515d461c960acbebff83e2f5c classic-layout-list content-bg-on scale-img dt-icon-bg-off bullets-small-dot-stroke reposition-arrows arrows-bg-off disable-arrows-hover-bg arrows-hover-bg-off  \" data-scroll-mode=\"1\" data-col-num=\"3\" data-wide-col-num=\"4\" data-laptop-col=\"3\" data-h-tablet-columns-num=\"3\" data-v-tablet-columns-num=\"2\" data-phone-columns-num=\"1\" data-auto-height=\"true\" data-col-gap=\"30\" data-stage-padding=\"0\" data-speed=\"600\" data-autoplay=\"false\" data-autoplay_speed=\"6000\" data-arrows=\"true\" data-bullet=\"false\" data-next-icon=\"icon-ar-021-r\" data-prev-icon=\"icon-ar-021-l\"><article class=\"post post-56511 type-post status-publish format-standard has-post-thumbnail hentry category-blog category-37\" data-name=\"Projekt ogrodu\" data-date=\"2019-03-27T17:43:01+01:00\">\n\n<div class=\"post-thumbnail-wrap\">\n\t<div class=\"post-thumbnail\">\n\t\t\n\t\t\n\t\t<a href=\"https:\/\/worldofflowerpots.com\/pl\/projekt-ogrodu\/\" class=\"post-thumbnail-rollover layzr-bg\" ><img loading=\"lazy\" decoding=\"async\" class=\"preload-me owl-lazy-load\" src=\"data:image\/svg+xml,%3Csvg%20xmlns%3D&#39;http%3A%2F%2Fwww.w3.org%2F2000%2Fsvg&#39;%20viewBox%3D&#39;0%200%20728%20485&#39;%2F%3E\" data-src=\"https:\/\/worldofflowerpots.com\/wp-content\/uploads\/2019\/03\/Projekt-ogrodu--728x485.jpg\" data-srcset=\"https:\/\/worldofflowerpots.com\/wp-content\/uploads\/2019\/03\/Projekt-ogrodu--728x485.jpg 728w, https:\/\/worldofflowerpots.com\/wp-content\/uploads\/2019\/03\/Projekt-ogrodu--1092x728.jpg 1092w\" alt=\"\" title=\"Projekt ogrodu 2\" width=\"728\" height=\"485\"  \/><\/a>\t<\/div>\n<\/div>\n\n\n<div class=\"post-entry-content\">\n\n\t<h3 class=\"entry-title\">\n\t\t<a href=\"https:\/\/worldofflowerpots.com\/pl\/projekt-ogrodu\/\" title=\"Projekt ogrodu\" rel=\"bookmark\">Projekt ogrodu<\/a>\n\t<\/h3>\n\n\t<div class=\"entry-meta\"><a href=\"https:\/\/worldofflowerpots.com\/pl\/2019\/03\/27\/\" title=\"17:43\" class=\"data-link\" rel=\"bookmark\"><time class=\"entry-date updated\" datetime=\"2019-03-27T17:43:01+01:00\">2019-03-27<\/time><\/a><\/div>\n\t<div class=\"entry-excerpt\"><p>Planowanie ogrodu wed\u0142ug w\u0142asnej wizji O ogrodzie zazwyczaj my\u015bli si\u0119&hellip;<\/p>\n<\/div>\n\t<a href=\"https:\/\/worldofflowerpots.com\/pl\/projekt-ogrodu\/\" class=\"post-details details-type-link\" rel=\"nofollow\">Czytaj wi\u0119cej<i class=\"dt-icon-the7-arrow-03\" aria-hidden=\"true\"><\/i><\/a>\n<\/div><\/article><article class=\"post post-56502 type-post status-publish format-standard has-post-thumbnail hentry category-blog category-37\" data-name=\"Aran\u017cacja ogrodu &#8211; temat do d\u0142ugich rozmy\u015bla\u0144\" data-date=\"2019-03-27T17:22:31+01:00\">\n\n<div class=\"post-thumbnail-wrap\">\n\t<div class=\"post-thumbnail\">\n\t\t\n\t\t\n\t\t<a href=\"https:\/\/worldofflowerpots.com\/pl\/aranzacja-ogrodu-temat-do-dlugich-rozmyslan\/\" class=\"post-thumbnail-rollover layzr-bg\" ><img loading=\"lazy\" decoding=\"async\" class=\"preload-me owl-lazy-load\" src=\"data:image\/svg+xml,%3Csvg%20xmlns%3D&#39;http%3A%2F%2Fwww.w3.org%2F2000%2Fsvg&#39;%20viewBox%3D&#39;0%200%20728%20485&#39;%2F%3E\" data-src=\"https:\/\/worldofflowerpots.com\/wp-content\/uploads\/2019\/03\/Aranz\u0307acja-ogrodu--728x485.jpg\" data-srcset=\"https:\/\/worldofflowerpots.com\/wp-content\/uploads\/2019\/03\/Aranz\u0307acja-ogrodu--728x485.jpg 728w, https:\/\/worldofflowerpots.com\/wp-content\/uploads\/2019\/03\/Aranz\u0307acja-ogrodu--1092x728.jpg 1092w\" alt=\"\" title=\"Aranz\u0307acja ogrodu\" width=\"728\" height=\"485\"  \/><\/a>\t<\/div>\n<\/div>\n\n\n<div class=\"post-entry-content\">\n\n\t<h3 class=\"entry-title\">\n\t\t<a href=\"https:\/\/worldofflowerpots.com\/pl\/aranzacja-ogrodu-temat-do-dlugich-rozmyslan\/\" title=\"Aran\u017cacja ogrodu &#8211; temat do d\u0142ugich rozmy\u015bla\u0144\" rel=\"bookmark\">Aran\u017cacja ogrodu &#8211; temat do d\u0142ugich rozmy\u015bla\u0144<\/a>\n\t<\/h3>\n\n\t<div class=\"entry-meta\"><a href=\"https:\/\/worldofflowerpots.com\/pl\/2019\/03\/27\/\" title=\"17:22\" class=\"data-link\" rel=\"bookmark\"><time class=\"entry-date updated\" datetime=\"2019-03-27T17:22:31+01:00\">2019-03-27<\/time><\/a><\/div>\n\t<div class=\"entry-excerpt\"><p>Idzie wiosna &#8211; urz\u0105dzamy ogr\u00f3d na nowo Przedwio\u015bnie i pocz\u0105tek&hellip;<\/p>\n<\/div>\n\t<a href=\"https:\/\/worldofflowerpots.com\/pl\/aranzacja-ogrodu-temat-do-dlugich-rozmyslan\/\" class=\"post-details details-type-link\" rel=\"nofollow\">Czytaj wi\u0119cej<i class=\"dt-icon-the7-arrow-03\" aria-hidden=\"true\"><\/i><\/a>\n<\/div><\/article><article class=\"post post-56500 type-post status-publish format-standard has-post-thumbnail hentry category-blog category-37\" data-name=\"Pi\u0119kny ogr\u00f3d nie tylko na du\u017cej przestrzeni\" data-date=\"2019-03-27T17:06:43+01:00\">\n\n<div class=\"post-thumbnail-wrap\">\n\t<div class=\"post-thumbnail\">\n\t\t\n\t\t\n\t\t<a href=\"https:\/\/worldofflowerpots.com\/pl\/piekny-ogrod-nie-tylko-na-duzej-przestrzeni\/\" class=\"post-thumbnail-rollover layzr-bg\" ><img loading=\"lazy\" decoding=\"async\" class=\"preload-me owl-lazy-load\" src=\"data:image\/svg+xml,%3Csvg%20xmlns%3D&#39;http%3A%2F%2Fwww.w3.org%2F2000%2Fsvg&#39;%20viewBox%3D&#39;0%200%20728%20485&#39;%2F%3E\" data-src=\"https:\/\/worldofflowerpots.com\/wp-content\/uploads\/2019\/03\/Pie\u0328kny-ogro\u0301d-728x485.jpg\" data-srcset=\"https:\/\/worldofflowerpots.com\/wp-content\/uploads\/2019\/03\/Pie\u0328kny-ogro\u0301d-728x485.jpg 728w, https:\/\/worldofflowerpots.com\/wp-content\/uploads\/2019\/03\/Pie\u0328kny-ogro\u0301d-1092x728.jpg 1092w\" alt=\"\" title=\"Pie\u0328kny ogro\u0301d\" width=\"728\" height=\"485\"  \/><\/a>\t<\/div>\n<\/div>\n\n\n<div class=\"post-entry-content\">\n\n\t<h3 class=\"entry-title\">\n\t\t<a href=\"https:\/\/worldofflowerpots.com\/pl\/piekny-ogrod-nie-tylko-na-duzej-przestrzeni\/\" title=\"Pi\u0119kny ogr\u00f3d nie tylko na du\u017cej przestrzeni\" rel=\"bookmark\">Pi\u0119kny ogr\u00f3d nie tylko na du\u017cej przestrzeni<\/a>\n\t<\/h3>\n\n\t<div class=\"entry-meta\"><a href=\"https:\/\/worldofflowerpots.com\/pl\/2019\/03\/27\/\" title=\"17:06\" class=\"data-link\" rel=\"bookmark\"><time class=\"entry-date updated\" datetime=\"2019-03-27T17:06:43+01:00\">2019-03-27<\/time><\/a><\/div>\n\t<div class=\"entry-excerpt\"><p>Pi\u0119kny ogr\u00f3d jak marzenie Ka\u017cdy posiadacz ogrodu pragnie, by jego&hellip;<\/p>\n<\/div>\n\t<a href=\"https:\/\/worldofflowerpots.com\/pl\/piekny-ogrod-nie-tylko-na-duzej-przestrzeni\/\" class=\"post-details details-type-link\" rel=\"nofollow\">Czytaj wi\u0119cej<i class=\"dt-icon-the7-arrow-03\" aria-hidden=\"true\"><\/i><\/a>\n<\/div><\/article><article class=\"post post-56462 type-post status-publish format-standard has-post-thumbnail hentry category-blog category-37\" data-name=\"M\u00f3j ogr\u00f3d &#8211; marzenie wielu mi\u0142o\u015bnik\u00f3w zieleni\" data-date=\"2019-03-27T12:27:42+01:00\">\n\n<div class=\"post-thumbnail-wrap\">\n\t<div class=\"post-thumbnail\">\n\t\t\n\t\t\n\t\t<a href=\"https:\/\/worldofflowerpots.com\/pl\/moj-ogrod-marzenie-wielu-milosnikow-zieleni\/\" class=\"post-thumbnail-rollover layzr-bg\" ><img loading=\"lazy\" decoding=\"async\" class=\"preload-me owl-lazy-load\" src=\"data:image\/svg+xml,%3Csvg%20xmlns%3D&#39;http%3A%2F%2Fwww.w3.org%2F2000%2Fsvg&#39;%20viewBox%3D&#39;0%200%20728%20485&#39;%2F%3E\" data-src=\"https:\/\/worldofflowerpots.com\/wp-content\/uploads\/2019\/03\/Mo\u0301j-ogro\u0301d-1-728x485.jpg\" data-srcset=\"https:\/\/worldofflowerpots.com\/wp-content\/uploads\/2019\/03\/Mo\u0301j-ogro\u0301d-1-728x485.jpg 728w, https:\/\/worldofflowerpots.com\/wp-content\/uploads\/2019\/03\/Mo\u0301j-ogro\u0301d-1-1092x728.jpg 1092w\" alt=\"\" title=\"Mo\u0301j ogro\u0301d\" width=\"728\" height=\"485\"  \/><\/a>\t<\/div>\n<\/div>\n\n\n<div class=\"post-entry-content\">\n\n\t<h3 class=\"entry-title\">\n\t\t<a href=\"https:\/\/worldofflowerpots.com\/pl\/moj-ogrod-marzenie-wielu-milosnikow-zieleni\/\" title=\"M\u00f3j ogr\u00f3d &#8211; marzenie wielu mi\u0142o\u015bnik\u00f3w zieleni\" rel=\"bookmark\">M\u00f3j ogr\u00f3d &#8211; marzenie wielu mi\u0142o\u015bnik\u00f3w zieleni<\/a>\n\t<\/h3>\n\n\t<div class=\"entry-meta\"><a href=\"https:\/\/worldofflowerpots.com\/pl\/2019\/03\/27\/\" title=\"12:27\" class=\"data-link\" rel=\"bookmark\"><time class=\"entry-date updated\" datetime=\"2019-03-27T12:27:42+01:00\">2019-03-27<\/time><\/a><\/div>\n\t<div class=\"entry-excerpt\"><p>M\u00f3j ogr\u00f3d marze\u0144 &#8211; projektowanie ogrod\u00f3w prywatnych Zachwycaj\u0105cy, ciekawy i&hellip;<\/p>\n<\/div>\n\t<a href=\"https:\/\/worldofflowerpots.com\/pl\/moj-ogrod-marzenie-wielu-milosnikow-zieleni\/\" class=\"post-details details-type-link\" rel=\"nofollow\">Czytaj wi\u0119cej<i class=\"dt-icon-the7-arrow-03\" aria-hidden=\"true\"><\/i><\/a>\n<\/div><\/article><article class=\"post post-56415 type-post status-publish format-standard has-post-thumbnail hentry category-blog category-37\" data-name=\"Ogrody przydomowe &#8211; inspiracje\" data-date=\"2019-03-26T15:58:22+01:00\">\n\n<div class=\"post-thumbnail-wrap\">\n\t<div class=\"post-thumbnail\">\n\t\t\n\t\t\n\t\t<a href=\"https:\/\/worldofflowerpots.com\/pl\/ogrody-przydomowe-inspiracje\/\" class=\"post-thumbnail-rollover layzr-bg\" ><img loading=\"lazy\" decoding=\"async\" class=\"preload-me owl-lazy-load\" src=\"data:image\/svg+xml,%3Csvg%20xmlns%3D&#39;http%3A%2F%2Fwww.w3.org%2F2000%2Fsvg&#39;%20viewBox%3D&#39;0%200%20728%20485&#39;%2F%3E\" data-src=\"https:\/\/worldofflowerpots.com\/wp-content\/uploads\/2019\/01\/pflanzkuebel-beton-angelo-farbe-schwarz-dachterrasse-728x485.jpg\" data-srcset=\"https:\/\/worldofflowerpots.com\/wp-content\/uploads\/2019\/01\/pflanzkuebel-beton-angelo-farbe-schwarz-dachterrasse-728x485.jpg 728w, https:\/\/worldofflowerpots.com\/wp-content\/uploads\/2019\/01\/pflanzkuebel-beton-angelo-farbe-schwarz-dachterrasse-1092x728.jpg 1092w\" alt=\"\" title=\"ogrody przydomowe\" width=\"728\" height=\"485\"  \/><\/a>\t<\/div>\n<\/div>\n\n\n<div class=\"post-entry-content\">\n\n\t<h3 class=\"entry-title\">\n\t\t<a href=\"https:\/\/worldofflowerpots.com\/pl\/ogrody-przydomowe-inspiracje\/\" title=\"Ogrody przydomowe &#8211; inspiracje\" rel=\"bookmark\">Ogrody przydomowe &#8211; inspiracje<\/a>\n\t<\/h3>\n\n\t<div class=\"entry-meta\"><a href=\"https:\/\/worldofflowerpots.com\/pl\/2019\/03\/26\/\" title=\"15:58\" class=\"data-link\" rel=\"bookmark\"><time class=\"entry-date updated\" datetime=\"2019-03-26T15:58:22+01:00\">2019-03-26<\/time><\/a><\/div>\n\t<div class=\"entry-excerpt\"><p>Urz\u0105dzanie ogrod\u00f3w przydomowych Ogrody przydomowe to wizyt\u00f3wki ka\u017cdego z w\u0142a\u015bcicieia.&hellip;<\/p>\n<\/div>\n\t<a href=\"https:\/\/worldofflowerpots.com\/pl\/ogrody-przydomowe-inspiracje\/\" class=\"post-details details-type-link\" rel=\"nofollow\">Czytaj wi\u0119cej<i class=\"dt-icon-the7-arrow-03\" aria-hidden=\"true\"><\/i><\/a>\n<\/div><\/article><article class=\"post post-56410 type-post status-publish format-standard has-post-thumbnail hentry category-blog category-37\" data-name=\"Jak wykona\u0107 nasadzenia?\" data-date=\"2019-03-26T14:45:50+01:00\">\n\n<div class=\"post-thumbnail-wrap\">\n\t<div class=\"post-thumbnail\">\n\t\t\n\t\t\n\t\t<a href=\"https:\/\/worldofflowerpots.com\/pl\/jak-wykonac-nasadzenia\/\" class=\"post-thumbnail-rollover layzr-bg\" ><img loading=\"lazy\" decoding=\"async\" class=\"preload-me owl-lazy-load\" src=\"data:image\/svg+xml,%3Csvg%20xmlns%3D&#39;http%3A%2F%2Fwww.w3.org%2F2000%2Fsvg&#39;%20viewBox%3D&#39;0%200%20728%20485&#39;%2F%3E\" data-src=\"https:\/\/worldofflowerpots.com\/wp-content\/uploads\/2019\/03\/Jak-wykonac\u0301-nasadzenia-728x485.jpg\" data-srcset=\"https:\/\/worldofflowerpots.com\/wp-content\/uploads\/2019\/03\/Jak-wykonac\u0301-nasadzenia-728x485.jpg 728w, https:\/\/worldofflowerpots.com\/wp-content\/uploads\/2019\/03\/Jak-wykonac\u0301-nasadzenia-1092x728.jpg 1092w\" alt=\"\" title=\"Jak wykonac\u0301 nasadzenia\" width=\"728\" height=\"485\"  \/><\/a>\t<\/div>\n<\/div>\n\n\n<div class=\"post-entry-content\">\n\n\t<h3 class=\"entry-title\">\n\t\t<a href=\"https:\/\/worldofflowerpots.com\/pl\/jak-wykonac-nasadzenia\/\" title=\"Jak wykona\u0107 nasadzenia?\" rel=\"bookmark\">Jak wykona\u0107 nasadzenia?<\/a>\n\t<\/h3>\n\n\t<div class=\"entry-meta\"><a href=\"https:\/\/worldofflowerpots.com\/pl\/2019\/03\/26\/\" title=\"14:45\" class=\"data-link\" rel=\"bookmark\"><time class=\"entry-date updated\" datetime=\"2019-03-26T14:45:50+01:00\">2019-03-26<\/time><\/a><\/div>\n\t<div class=\"entry-excerpt\"><p>Obsadzanie ro\u015blin w donicach Dla posiadaczy taras\u00f3w jedn\u0105 z najprzyjemniejszych&hellip;<\/p>\n<\/div>\n\t<a href=\"https:\/\/worldofflowerpots.com\/pl\/jak-wykonac-nasadzenia\/\" class=\"post-details details-type-link\" rel=\"nofollow\">Czytaj wi\u0119cej<i class=\"dt-icon-the7-arrow-03\" aria-hidden=\"true\"><\/i><\/a>\n<\/div><\/article><\/div>[\/vc_column][\/vc_row][vc_row css=&#8221;.vc_custom_1548680311284{padding-top: 40px !important;padding-bottom: 60px !important;}&#8221;][vc_column offset=&#8221;vc_col-lg-offset-1 vc_col-lg-10 vc_col-md-offset-1 vc_col-md-10&#8243;]<div id=\"ultimate-heading-373969f38b523e0f4\" class=\"uvc-heading ult-adjust-bottom-margin ultimate-heading-373969f38b523e0f4 uvc-9113 \" data-hspacer=\"no_spacer\"  data-halign=\"center\" style=\"text-align:center\"><div class=\"uvc-heading-spacer no_spacer\" style=\"top\"><\/div><div class=\"uvc-main-heading ult-responsive\"  data-ultimate-target='.uvc-heading.ultimate-heading-373969f38b523e0f4 h2'  data-responsive-json-new='{\"font-size\":\"desktop:28px;mobile:20px;\",\"line-height\":\"desktop:38px;mobile:30px;\"}' ><h2 style=\"font-family:&#039;Poppins&#039;;font-weight:300;margin-bottom:42px;\">Doniczki z lekkich materia\u0142\u00f3w a donice z betonu<\/h2><\/div><div class=\"uvc-sub-heading ult-responsive\"  data-ultimate-target='.uvc-heading.ultimate-heading-373969f38b523e0f4 .uvc-sub-heading '  data-responsive-json-new='{\"font-size\":\"desktop:16px;\",\"line-height\":\"desktop:28px;\"}'  style=\"font-family:&#039;Open Sans&#039;;font-weight:300;margin-bottom:60px;\">Nasza oferta obejmuje r\u00f3wnie\u017c donice betonowe oraz donice wykonane z Cortenu charakteryzuj\u0105cego si\u0119 rdzawym nalotem. W przeciwie\u0144stwie do donic z lekkich materia\u0142\u00f3w, donice betonowe s\u0105 zdecydowanie ci\u0119\u017csze, wi\u0119c nie nadaj\u0105 si\u0119 do zastosowa\u0144, w kt\u00f3rych maj\u0105 by\u0107 przemieszczane<\/div><\/div><div id=\"ultimate-heading-580969f38b523e12f\" class=\"uvc-heading ult-adjust-bottom-margin ultimate-heading-580969f38b523e12f uvc-9120 \" data-hspacer=\"no_spacer\"  data-halign=\"center\" style=\"text-align:center\"><div class=\"uvc-heading-spacer no_spacer\" style=\"top\"><\/div><div class=\"uvc-main-heading ult-responsive\"  data-ultimate-target='.uvc-heading.ultimate-heading-580969f38b523e12f h2'  data-responsive-json-new='{\"font-size\":\"desktop:28px;mobile:20px;\",\"line-height\":\"desktop:38px;mobile:30px;\"}' ><h2 style=\"font-family:&#039;Poppins&#039;;font-weight:300;margin-bottom:42px;\">Doniczki z lekkich materia\u0142\u00f3w w naszej ofercie<\/h2><\/div><div class=\"uvc-sub-heading ult-responsive\"  data-ultimate-target='.uvc-heading.ultimate-heading-580969f38b523e12f .uvc-sub-heading '  data-responsive-json-new='{\"font-size\":\"desktop:16px;\",\"line-height\":\"desktop:28px;\"}'  style=\"font-family:&#039;Open Sans&#039;;font-weight:300;margin-bottom:60px;\">Nasza oferta obejmuje dwa rodzaje donic z lekkich materia\u0142\u00f3w. S\u0105 to donice wykonane z w\u0142\u00f3kna szklanego, kt\u00f3re jest nast\u0119pnie lakierowane lub z blachy aluminiowej malowanej proszkowo.<\/div><\/div><div class=\" vc_custom_1551714351956 ubtn-ctn-center \"><a class=\"ubtn-link ult-adjust-bottom-margin ubtn-center ubtn-large \" href=\"https:\/\/worldofflowerpots.pl\/sklep\/\" ><button type=\"button\" id=\"ubtn-8496\"  class=\"ubtn ult-adjust-bottom-margin ult-responsive ubtn-large ubtn-no-hover-bg  none  ubtn-center   tooltip-69f38b523e164\"  data-hover=\"#4c4c4c\" data-border-color=\"#333333\" data-bg=\"\" data-hover-bg=\"\" data-border-hover=\"#4c4c4c\" data-shadow-hover=\"\" data-shadow-click=\"none\" data-shadow=\"\" data-shd-shadow=\"\"  data-ultimate-target='#ubtn-8496'  data-responsive-json-new='{\"font-size\":\"desktop:16px;\",\"line-height\":\"desktop:27px;\"}'  style=\"font-family:&#039;Poppins&#039;;font-weight:500;border-radius:0px;border-width:1px;border-color:#333333;border-style:solid;color: #333333;\"><span class=\"ubtn-hover\" style=\"background-color:\"><\/span><span class=\"ubtn-data ubtn-text \" >Przejd\u017a do sklepu<\/span><\/button><\/a><\/div>[\/vc_column][\/vc_row]<\/p>\n","protected":false},"excerpt":{"rendered":"<p>[vc_row css_animation=&#8221;none&#8221; css=&#8221;.vc_custom_1548680160171{border-bottom-width: 1px !important;padding-top: 40px !important;padding-bottom: 20px !important;border-bottom-color: #ededed !important;border-bottom-style: solid !important;}&#8221;][vc_column width=&#8221;1\/6&#8243; css=&#8221;.vc_custom_1548515875519{padding-bottom: 40px !important;}&#8221;][\/vc_column][vc_column width=&#8221;1\/6&#8243; css=&#8221;.vc_custom_1548515879212{padding-bottom: 40px !important;}&#8221;][\/vc_column][vc_column width=&#8221;1\/6&#8243; css=&#8221;.vc_custom_1548515882565{padding-bottom: 40px !important;}&#8221;][\/vc_column][vc_column width=&#8221;1\/6&#8243; css=&#8221;.vc_custom_1548515886281{padding-bottom: 40px !important;}&#8221;][\/vc_column][vc_column width=&#8221;1\/6&#8243;][\/vc_column][vc_column width=&#8221;1\/6&#8243; css=&#8221;.vc_custom_1548515890114{padding-bottom: 40px !important;}&#8221;][\/vc_column][\/vc_row][vc_row css=&#8221;.vc_custom_1545305025106{padding-top: 40px !important;padding-bottom: 60px !important;}&#8221;][vc_column css=&#8221;.vc_custom_1548516273032{padding-bottom: 30px !important;}&#8221; offset=&#8221;vc_col-lg-offset-1 vc_col-lg-10 vc_col-md-offset-1 vc_col-md-10&#8243;][\/vc_column][vc_column css=&#8221;.vc_custom_1545305019274{padding-bottom: 30px !important;}&#8221;][\/vc_column][\/vc_row][vc_row bg_type=&#8221;image&#8221; parallax_style=&#8221;vcpb-default&#8221; bg_image_new=&#8221;id^51724|url^https:\/\/worldofflowerpots.com\/wp-content\/uploads\/2019\/01\/blumenkuebel-beton-martina-und-cristina-weiss-schwerin.jpg|caption^null|alt^null|title^blumenkuebel-beton-martina-und-cristina-weiss-schwerin|description^null&#8221; bg_image_repeat=&#8221;no-repeat&#8221; bg_override=&#8221;ex-full&#8221; enable_overlay=&#8221;enable_overlay_value&#8221;&hellip;<\/p>\n","protected":false},"author":1,"featured_media":0,"parent":0,"menu_order":0,"comment_status":"closed","ping_status":"closed","template":"","meta":{"_acf_changed":false},"class_list":["post-10","page","type-page","status-publish","hentry","description-off"],"acf":[],"yoast_head":"<!-- This site is optimized with the Yoast SEO plugin v27.5 - https:\/\/yoast.com\/product\/yoast-seo-wordpress\/ -->\n<title>World of Flowerpots - producent donic ozdobnych<\/title>\n<meta name=\"description\" content=\"Du\u017cy asortyment donic z betonu, aluminium, cortenstali i kompozytu.\" \/>\n<meta name=\"robots\" content=\"index, follow, max-snippet:-1, max-image-preview:large, max-video-preview:-1\" \/>\n<link rel=\"canonical\" href=\"https:\/\/worldofflowerpots.com\/\" \/>\n<meta property=\"og:locale\" content=\"pl_PL\" \/>\n<meta property=\"og:type\" content=\"article\" \/>\n<meta property=\"og:title\" content=\"World of Flowerpots - producent donic ozdobnych\" \/>\n<meta property=\"og:description\" content=\"Du\u017cy asortyment donic z betonu, aluminium, cortenstali i kompozytu.\" \/>\n<meta property=\"og:url\" content=\"https:\/\/worldofflowerpots.com\/\" \/>\n<meta property=\"og:site_name\" content=\"World of Flowerpots\" \/>\n<meta property=\"article:modified_time\" content=\"2019-04-16T08:28:41+00:00\" \/>\n<meta name=\"twitter:card\" content=\"summary_large_image\" \/>\n<meta name=\"twitter:label1\" content=\"Szacowany czas czytania\" \/>\n\t<meta name=\"twitter:data1\" content=\"27 minut\" \/>\n<script type=\"application\/ld+json\" class=\"yoast-schema-graph\">{\"@context\":\"https:\\\/\\\/schema.org\",\"@graph\":[{\"@type\":\"WebPage\",\"@id\":\"https:\\\/\\\/worldofflowerpots.com\\\/\",\"url\":\"https:\\\/\\\/worldofflowerpots.com\\\/\",\"name\":\"World of Flowerpots - producent donic ozdobnych\",\"isPartOf\":{\"@id\":\"https:\\\/\\\/worldofflowerpots.com\\\/#website\"},\"datePublished\":\"2018-12-19T23:14:26+00:00\",\"dateModified\":\"2019-04-16T08:28:41+00:00\",\"description\":\"Du\u017cy asortyment donic z betonu, aluminium, cortenstali i kompozytu.\",\"breadcrumb\":{\"@id\":\"https:\\\/\\\/worldofflowerpots.com\\\/#breadcrumb\"},\"inLanguage\":\"pl-PL\",\"potentialAction\":[{\"@type\":\"ReadAction\",\"target\":[\"https:\\\/\\\/worldofflowerpots.com\\\/\"]}]},{\"@type\":\"BreadcrumbList\",\"@id\":\"https:\\\/\\\/worldofflowerpots.com\\\/#breadcrumb\",\"itemListElement\":[{\"@type\":\"ListItem\",\"position\":1,\"name\":\"Strona g\u0142\u00f3wna\",\"item\":\"https:\\\/\\\/worldofflowerpots.com\\\/\"},{\"@type\":\"ListItem\",\"position\":2,\"name\":\"Strona g\u0142\u00f3wna\"}]},{\"@type\":\"WebSite\",\"@id\":\"https:\\\/\\\/worldofflowerpots.com\\\/#website\",\"url\":\"https:\\\/\\\/worldofflowerpots.com\\\/\",\"name\":\"World of Flowerpots\",\"description\":\"producent donic ozdobnych\",\"potentialAction\":[{\"@type\":\"SearchAction\",\"target\":{\"@type\":\"EntryPoint\",\"urlTemplate\":\"https:\\\/\\\/worldofflowerpots.com\\\/?s={search_term_string}\"},\"query-input\":{\"@type\":\"PropertyValueSpecification\",\"valueRequired\":true,\"valueName\":\"search_term_string\"}}],\"inLanguage\":\"pl-PL\"}]}<\/script>\n<!-- \/ Yoast SEO plugin. -->","yoast_head_json":{"title":"World of Flowerpots - producent donic ozdobnych","description":"Du\u017cy asortyment donic z betonu, aluminium, cortenstali i kompozytu.","robots":{"index":"index","follow":"follow","max-snippet":"max-snippet:-1","max-image-preview":"max-image-preview:large","max-video-preview":"max-video-preview:-1"},"canonical":"https:\/\/worldofflowerpots.com\/","og_locale":"pl_PL","og_type":"article","og_title":"World of Flowerpots - producent donic ozdobnych","og_description":"Du\u017cy asortyment donic z betonu, aluminium, cortenstali i kompozytu.","og_url":"https:\/\/worldofflowerpots.com\/","og_site_name":"World of Flowerpots","article_modified_time":"2019-04-16T08:28:41+00:00","twitter_card":"summary_large_image","twitter_misc":{"Szacowany czas czytania":"27 minut"},"schema":{"@context":"https:\/\/schema.org","@graph":[{"@type":"WebPage","@id":"https:\/\/worldofflowerpots.com\/","url":"https:\/\/worldofflowerpots.com\/","name":"World of Flowerpots - producent donic ozdobnych","isPartOf":{"@id":"https:\/\/worldofflowerpots.com\/#website"},"datePublished":"2018-12-19T23:14:26+00:00","dateModified":"2019-04-16T08:28:41+00:00","description":"Du\u017cy asortyment donic z betonu, aluminium, cortenstali i kompozytu.","breadcrumb":{"@id":"https:\/\/worldofflowerpots.com\/#breadcrumb"},"inLanguage":"pl-PL","potentialAction":[{"@type":"ReadAction","target":["https:\/\/worldofflowerpots.com\/"]}]},{"@type":"BreadcrumbList","@id":"https:\/\/worldofflowerpots.com\/#breadcrumb","itemListElement":[{"@type":"ListItem","position":1,"name":"Strona g\u0142\u00f3wna","item":"https:\/\/worldofflowerpots.com\/"},{"@type":"ListItem","position":2,"name":"Strona g\u0142\u00f3wna"}]},{"@type":"WebSite","@id":"https:\/\/worldofflowerpots.com\/#website","url":"https:\/\/worldofflowerpots.com\/","name":"World of Flowerpots","description":"producent donic ozdobnych","potentialAction":[{"@type":"SearchAction","target":{"@type":"EntryPoint","urlTemplate":"https:\/\/worldofflowerpots.com\/?s={search_term_string}"},"query-input":{"@type":"PropertyValueSpecification","valueRequired":true,"valueName":"search_term_string"}}],"inLanguage":"pl-PL"}]}},"_links":{"self":[{"href":"https:\/\/worldofflowerpots.com\/pl\/wp-json\/wp\/v2\/pages\/10","targetHints":{"allow":["GET"]}}],"collection":[{"href":"https:\/\/worldofflowerpots.com\/pl\/wp-json\/wp\/v2\/pages"}],"about":[{"href":"https:\/\/worldofflowerpots.com\/pl\/wp-json\/wp\/v2\/types\/page"}],"author":[{"embeddable":true,"href":"https:\/\/worldofflowerpots.com\/pl\/wp-json\/wp\/v2\/users\/1"}],"replies":[{"embeddable":true,"href":"https:\/\/worldofflowerpots.com\/pl\/wp-json\/wp\/v2\/comments?post=10"}],"version-history":[{"count":193,"href":"https:\/\/worldofflowerpots.com\/pl\/wp-json\/wp\/v2\/pages\/10\/revisions"}],"predecessor-version":[{"id":59523,"href":"https:\/\/worldofflowerpots.com\/pl\/wp-json\/wp\/v2\/pages\/10\/revisions\/59523"}],"wp:attachment":[{"href":"https:\/\/worldofflowerpots.com\/pl\/wp-json\/wp\/v2\/media?parent=10"}],"curies":[{"name":"wp","href":"https:\/\/api.w.org\/{rel}","templated":true}]}}