{"id":50261,"date":"2019-01-07T14:19:58","date_gmt":"2019-01-07T13:19:58","guid":{"rendered":"https:\/\/worldofflowerpots.com\/?page_id=50261"},"modified":"2019-04-16T11:24:32","modified_gmt":"2019-04-16T09:24:32","slug":"donice-na-kolkach","status":"publish","type":"page","link":"https:\/\/worldofflowerpots.com\/pl\/donice-na-kolkach\/","title":{"rendered":"Donice na k\u00f3\u0142kach"},"content":{"rendered":"<p>[vc_row bg_type=&#8221;image&#8221; parallax_style=&#8221;vcpb-default&#8221; bg_image_new=&#8221;id^51919|url^https:\/\/worldofflowerpots.com\/wp-content\/uploads\/2019\/01\/Donice-aulminiowe-na-kolach-w-miejscu-pulbicznym.jpg|caption^null|alt^null|title^Donice-aulminiowe-na-kolach-w-miejscu-pulbicznym|description^null&#8221; bg_image_repeat=&#8221;no-repeat&#8221; bg_override=&#8221;ex-full&#8221; enable_overlay=&#8221;enable_overlay_value&#8221; overlay_color=&#8221;rgba(0,0,0,0.2)&#8221; css=&#8221;.vc_custom_1548716542217{padding-top: 150px !important;padding-bottom: 150px !important;}&#8221;][vc_column offset=&#8221;vc_col-lg-offset-1 vc_col-lg-10 vc_col-md-offset-1 vc_col-md-10&#8243;]<div id=\"ultimate-heading-539369f35322198ef\" class=\"uvc-heading ult-adjust-bottom-margin ultimate-heading-539369f35322198ef uvc-6277 \" data-hspacer=\"no_spacer\"  data-halign=\"center\" style=\"text-align:center\"><div class=\"uvc-heading-spacer no_spacer\" style=\"top\"><\/div><div class=\"uvc-main-heading ult-responsive\"  data-ultimate-target='.uvc-heading.ultimate-heading-539369f35322198ef h1'  data-responsive-json-new='{\"font-size\":\"desktop:34px;mobile:24px;\",\"line-height\":\"desktop:44px;mobile:34px;\"}' ><h1 style=\"font-family:&#039;Poppins&#039;;font-weight:300;color:#ffffff;margin-bottom:42px;\">Donice metalowe na k\u00f3\u0142kach<\/h1><\/div><div class=\"uvc-sub-heading ult-responsive\"  data-ultimate-target='.uvc-heading.ultimate-heading-539369f35322198ef .uvc-sub-heading '  data-responsive-json-new='{\"font-size\":\"desktop:16px;\",\"line-height\":\"desktop:28px;\"}'  style=\"font-family:&#039;Open Sans&#039;;font-weight:normal;font-style:normal;color:#f4f4f4;\"><\/p>\n<div class=\"hidden-mob\">\n<p>Wi\u0119kszo\u015b\u0107 z nas ceni sobie po\u0142\u0105czenie wysokiej jako\u015bci produktu z jego estetycznym i nowoczesnym wygl\u0105dem. Takie zestawienie sprawia, i\u017c powstaje co\u015b wyj\u0105tkowego, niezwyk\u0142ego i godnego uwagi nawet najbardziej wymagaj\u0105cych klient\u00f3w. Aby sprosta\u0107 oczekiwaniom najwi\u0119kszych estet\u00f3w i mi\u0142o\u015bnik\u00f3w najwy\u017cszej jako\u015bci, stworzyli\u015bmy ofert\u0119 donic na k\u00f3\u0142kach. Ich praktyczne zastosowanie, solidno\u015b\u0107 i wysoka odporno\u015b\u0107 na uszkodzenia mechaniczne oraz wp\u0142yw czynnik\u00f3w atmosferycznych, a tak\u017ce nowoczesny design powoduj\u0105, \u017ce s\u0105 to jedne z najbardziej po\u017c\u0105danych element\u00f3w ma\u0142ej architektury.<\/p>\n<p>Du\u017ce donice tarasowe ciesz\u0105 si\u0119 bardzo du\u017cym zainteresowaniem w\u015br\u00f3d naszych klient\u00f3w. Nasze donice tarasowe s\u0105 wykonane z najwy\u017cszej jako\u015bci materia\u0142\u00f3w i s\u0105 w pe\u0142ni odporne na warunki atmosferyczne, tzn. s\u0105 mrozoodporne i nie ulegaj\u0105 odbarwieniom s\u0142onecznym. Mog\u0105 sta\u0107 na zewn\u0105trz ca\u0142y rok.<\/p>\n<\/div>\n<div class=\"gap\" style=\"line-height: 10px; height: 10px;\"><\/div>\n<p><a class=\"link-inside\" href=\"https:\/\/worldofflowerpots.com\/sklep\/\">Wszystkie donice na k\u00f3\u0142kach<\/a><\/div><\/div>[\/vc_column][\/vc_row][vc_row css=&#8221;.vc_custom_1548698054848{border-bottom-width: 1px !important;padding-top: 40px !important;padding-bottom: 20px !important;border-bottom-color: #ededed !important;border-bottom-style: solid !important;}&#8221;][vc_column css=&#8221;.vc_custom_1548516273032{padding-bottom: 30px !important;}&#8221; offset=&#8221;vc_col-lg-offset-1 vc_col-lg-10 vc_col-md-offset-1 vc_col-md-10&#8243;]<div id=\"ultimate-heading-553869f35322199a9\" class=\"uvc-heading ult-adjust-bottom-margin ultimate-heading-553869f35322199a9 uvc-3147 \" data-hspacer=\"no_spacer\"  data-halign=\"center\" style=\"text-align:center\"><div class=\"uvc-heading-spacer no_spacer\" style=\"top\"><\/div><div class=\"uvc-main-heading ult-responsive\"  data-ultimate-target='.uvc-heading.ultimate-heading-553869f35322199a9 h2'  data-responsive-json-new='{\"font-size\":\"desktop:28px;mobile:20px;\",\"line-height\":\"desktop:38px;mobile:30px;\"}' ><h2 style=\"font-family:&#039;Poppins&#039;;font-weight:300;margin-bottom:42px;\">Aluminium i corten - wytrzyma\u0142o\u015b\u0107 i odporno\u015b\u0107 na korozj\u0119<\/h2><\/div><div class=\"uvc-sub-heading ult-responsive\"  data-ultimate-target='.uvc-heading.ultimate-heading-553869f35322199a9 .uvc-sub-heading '  data-responsive-json-new='{\"font-size\":\"desktop:16px;\",\"line-height\":\"desktop:28px;\"}'  style=\"font-family:&#039;Open Sans&#039;;font-weight:300;\">Aluminium to materia\u0142 wyr\u00f3\u017cniaj\u0105cy si\u0119 niewielk\u0105 mas\u0105. Dzi\u0119ki niemu mo\u017cemy tworzy\u0107 donice o du\u017cych gabarytach, kt\u00f3re b\u0119d\u0105 lekkie i \u0142atwe w przestawianiu. Podatno\u015b\u0107 na obr\u00f3bk\u0119 i doskona\u0142\u0105 plastyczno\u015b\u0107 pomagaj\u0105 nam realizowa\u0107 wszystkie nasze projekty i tym samym wzbogaca\u0107 nasz\u0105 ofert\u0119 o nowe produkty. Klient\u00f3w z pewno\u015bci\u0105 zainteresuje odporno\u015b\u0107 aluminium. Donice przeznaczone s\u0105 do stosowania na zewn\u0105trz \u2013 mog\u0105 by\u0107 ozdob\u0105 ogrodu i tarasu przez ca\u0142y rok, podczas deszczu, mroz\u00f3w i letnich upa\u0142\u00f3w. Materia\u0142 ten wykazuje r\u00f3wnie\u017c wysok\u0105 odporno\u015b\u0107 na korozj\u0119.<\/p>\n<p>Corten to stal powsta\u0142a ze stop\u00f3w fosforu, miedzi, niklu i chromu. Pokrywa si\u0119 ona warstw\u0105 patyny co sprawia, \u017ce donice z niej wykonane wygl\u0105daj\u0105 jakby by\u0142y pokryte rdz\u0105. To tylko efekt wizualny. Donice z cortenu s\u0105 odporne na warunki atmosferyczne, korozj\u0119, a tak\u017ce uszkodzenia mechaniczne. Donice na k\u00f3\u0142kach u\u0142atwiaj\u0105 aran\u017cacj\u0119 nowoczesnych przestrzeni wewn\u0119trznych i zewn\u0119trznych.<\/div><\/div>[\/vc_column][vc_column css=&#8221;.vc_custom_1545305019274{padding-bottom: 30px !important;}&#8221;]<div class=\"woocommerce columns-4 \"><div class=\"wf-container dt-products  woo-hover products loading-effect-fade-in description-on-hover cart-btn-on-img wc-img-hover hide-description wc-grid\" data-padding=\"0px\" data-cur-page=\"1\" data-desktop-columns-num=\"4\" data-v-tablet-columns-num=\"2\" data-h-tablet-columns-num=\"3\" data-phone-columns-num=\"1\">\n\n<article class=\"post visible description-off tm-has-options product type-product post-50985 status-publish first instock product_cat-donice-na-kolkach product_cat-donice-z-aluminium product_tag-donice-aluminiowe product_tag-donice-wewnetrzne has-post-thumbnail shipping-taxable purchasable product-type-simple\">\n\n\t<figure class=\"woocom-project\">\n\t<div class=\"woo-buttons-on-img\">\n\n\t\t<a href=\"https:\/\/worldofflowerpots.com\/pl\/sklep\/donica-na-kolkach-ivo-mobile\/\" class=\"alignnone layzr-bg\"><img loading=\"lazy\" decoding=\"async\" width=\"250\" height=\"188\" src=\"data:image\/svg+xml;charset=utf-8,%3Csvg xmlns%3D&#039;http%3A%2F%2Fwww.w3.org%2F2000%2Fsvg&#039; viewBox%3D&#039;0 0 250 188&#039;%2F%3E\" class=\"attachment-woocommerce_thumbnail size-woocommerce_thumbnail lazy-load preload-me\" alt=\"Donica na k\u00f3\u0142kach Ivo Mobile\" data-src=\"https:\/\/worldofflowerpots.com\/wp-content\/uploads\/2019\/01\/Donica-na-k\u00f3\u0142kach-Ivo-Mobile-250x188.jpg\" data-srcset=\"https:\/\/worldofflowerpots.com\/wp-content\/uploads\/2019\/01\/Donica-na-k\u00f3\u0142kach-Ivo-Mobile-250x188.jpg 250w, https:\/\/worldofflowerpots.com\/wp-content\/uploads\/2019\/01\/Donica-na-k\u00f3\u0142kach-Ivo-Mobile-300x225.jpg 300w, https:\/\/worldofflowerpots.com\/wp-content\/uploads\/2019\/01\/Donica-na-k\u00f3\u0142kach-Ivo-Mobile-768x576.jpg 768w, https:\/\/worldofflowerpots.com\/wp-content\/uploads\/2019\/01\/Donica-na-k\u00f3\u0142kach-Ivo-Mobile-1024x768.jpg 1024w, https:\/\/worldofflowerpots.com\/wp-content\/uploads\/2019\/01\/Donica-na-k\u00f3\u0142kach-Ivo-Mobile-600x450.jpg 600w\" \/><\/a>\t\t\n\n\t<\/div>\n\t<figcaption class=\"woocom-list-content\">\n\n\t\t<div class=\"woocommerce-product-details__short-description\">\n\t<p>Donica Ivo Mobile z aluminium. Produkowana we wszystkich kolorach palety RAL (w macie lub po\u0142ysku). Donica w standardzie produkowana jest z otworami odp\u0142ywowymi w dnie. Dzi\u0119ki zastosowaniu k\u00f3\u0142ek mo\u017cna bez problemu przestawi\u0107 donice w dowolne miejsce. Wymiary donicy: szeroko\u015b\u0107: 60cm, d\u0142ugo\u015b\u0107:60cm, wysoko\u015b\u0107:60cm<\/p>\n<\/div>\n\n\t<\/figcaption>\n<\/figure>\n<\/article>\n\n\n\n<article class=\"post visible description-off product type-product post-55825 status-publish instock product_cat-donice-na-kolkach product_cat-donice-ze-stali-corten product_tag-donice-z-cortenu product_tag-donice-z-efektem-rdzy has-post-thumbnail shipping-taxable purchasable product-type-simple\">\n\n\t<figure class=\"woocom-project\">\n\t<div class=\"woo-buttons-on-img\">\n\n\t\t<a href=\"https:\/\/worldofflowerpots.com\/pl\/sklep\/donica-z-cortenu-na-kolkach-marcello-mobile\/\" class=\"alignnone layzr-bg\"><img loading=\"lazy\" decoding=\"async\" width=\"250\" height=\"188\" src=\"data:image\/svg+xml;charset=utf-8,%3Csvg xmlns%3D&#039;http%3A%2F%2Fwww.w3.org%2F2000%2Fsvg&#039; viewBox%3D&#039;0 0 250 188&#039;%2F%3E\" class=\"attachment-woocommerce_thumbnail size-woocommerce_thumbnail lazy-load preload-me\" alt=\"Donica z cortenu na k\u00f3\u0142kach Marcello Mobile\" data-src=\"https:\/\/worldofflowerpots.com\/wp-content\/uploads\/2019\/03\/donica-z-cortenu-na-k\u00f3\u0142kach-Marcello-Mobile-250x188.jpg\" \/><\/a>\t\t\n\n\t<\/div>\n\t<figcaption class=\"woocom-list-content\">\n\n\t\t<div class=\"woocommerce-product-details__short-description\">\n\t<p>Donica Marcello Mobile z blachy cortenowej o grubo\u015bci 2 mm. W dnie posiada otw\u00f3r odp\u0142ywowy, natomiast jej \u015bcianki ocieplone s\u0105 styropianem o grubo\u015bci 2 cm. Dzi\u0119ki zastosowaniu k\u00f3\u0142ek mo\u017cna bez problemu przestawi\u0107 donice w dowolne miejsce. Wymiary donicy: d\u0142ugo\u015b\u0107: 60 cm, szeroko\u015b\u0107: 60 cm, wysoko\u015b\u0107: 61,7 cm.<\/p>\n<\/div>\n\n\t<\/figcaption>\n<\/figure>\n<\/article>\n\n\n\n<article class=\"post visible description-off product type-product post-50984 status-publish instock product_cat-donice-na-kolkach product_cat-donice-z-aluminium product_tag-donice-aluminiowe product_tag-donice-wewnetrzne has-post-thumbnail shipping-taxable purchasable product-type-simple\">\n\n\t<figure class=\"woocom-project\">\n\t<div class=\"woo-buttons-on-img\">\n\n\t\t<a href=\"https:\/\/worldofflowerpots.com\/pl\/sklep\/kwadratowa-donica-na-kolkach-ernesto-mobile\/\" class=\"alignnone layzr-bg\"><img loading=\"lazy\" decoding=\"async\" width=\"250\" height=\"188\" src=\"data:image\/svg+xml;charset=utf-8,%3Csvg xmlns%3D&#039;http%3A%2F%2Fwww.w3.org%2F2000%2Fsvg&#039; viewBox%3D&#039;0 0 250 188&#039;%2F%3E\" class=\"attachment-woocommerce_thumbnail size-woocommerce_thumbnail lazy-load preload-me\" alt=\"Kwadratowa donica na k\u00f3\u0142kach\u00a0Ernesto Mobile\" data-src=\"https:\/\/worldofflowerpots.com\/wp-content\/uploads\/2019\/01\/Kwadratowa-donica-na-k\u00f3\u0142kach-Ernesto-Mobile-250x188.jpg\" data-srcset=\"https:\/\/worldofflowerpots.com\/wp-content\/uploads\/2019\/01\/Kwadratowa-donica-na-k\u00f3\u0142kach-Ernesto-Mobile-250x188.jpg 250w, https:\/\/worldofflowerpots.com\/wp-content\/uploads\/2019\/01\/Kwadratowa-donica-na-k\u00f3\u0142kach-Ernesto-Mobile-300x225.jpg 300w, https:\/\/worldofflowerpots.com\/wp-content\/uploads\/2019\/01\/Kwadratowa-donica-na-k\u00f3\u0142kach-Ernesto-Mobile-768x576.jpg 768w, https:\/\/worldofflowerpots.com\/wp-content\/uploads\/2019\/01\/Kwadratowa-donica-na-k\u00f3\u0142kach-Ernesto-Mobile-1024x768.jpg 1024w, https:\/\/worldofflowerpots.com\/wp-content\/uploads\/2019\/01\/Kwadratowa-donica-na-k\u00f3\u0142kach-Ernesto-Mobile-600x450.jpg 600w\" \/><\/a>\t\t\n\n\t<\/div>\n\t<figcaption class=\"woocom-list-content\">\n\n\t\t<div class=\"woocommerce-product-details__short-description\">\n\t<p>Donica Ernesto Mobile z aluminium. Produkowana we wszystkich kolorach palety RAL (w macie lub po\u0142ysku). Donica w standardzie produkowana jest z otworami odp\u0142ywowymi w dnie. Dzi\u0119ki zastosowaniu k\u00f3\u0142ek mo\u017cna bez problemu przestawi\u0107 donice w dowolne miejsce. Wymiary donicy: szeroko\u015b\u0107: 80 cm, d\u0142ugo\u015b\u0107: 80 cm, wysoko\u015b\u0107: 80cm.<\/p>\n<\/div>\n\n\t<\/figcaption>\n<\/figure>\n<\/article>\n\n\n\n<article class=\"post visible description-off product type-product post-56052 status-publish last instock product_cat-donice-na-kolkach product_cat-donice-ze-stali-corten product_tag-donice-z-cortenu product_tag-donice-z-efektem-rdzy has-post-thumbnail shipping-taxable purchasable product-type-simple\">\n\n\t<figure class=\"woocom-project\">\n\t<div class=\"woo-buttons-on-img\">\n\n\t\t<a href=\"https:\/\/worldofflowerpots.com\/pl\/sklep\/kwadratowa-donica-na-kolkach-z-cortenu-paolo-mobile\/\" class=\"alignnone layzr-bg\"><img loading=\"lazy\" decoding=\"async\" width=\"250\" height=\"188\" src=\"data:image\/svg+xml;charset=utf-8,%3Csvg xmlns%3D&#039;http%3A%2F%2Fwww.w3.org%2F2000%2Fsvg&#039; viewBox%3D&#039;0 0 250 188&#039;%2F%3E\" class=\"attachment-woocommerce_thumbnail size-woocommerce_thumbnail lazy-load preload-me\" alt=\"Kwadratowa donica na k\u00f3\u0142kach z cortenu Paolo Mobile\" data-src=\"https:\/\/worldofflowerpots.com\/wp-content\/uploads\/2019\/03\/kwadratowa-donica-na-k\u00f3\u0142kach-z-cortenu-Paolo-Mobile-250x188.jpg\" \/><\/a>\t\t\n\n\t<\/div>\n\t<figcaption class=\"woocom-list-content\">\n\n\t\t<div class=\"woocommerce-product-details__short-description\">\n\t<p>Donica Paolo Mobile z blachy cortenowej o grubo\u015bci 2 mm. W dnie posiada otw\u00f3r odp\u0142ywowy, natomiast jej \u015bcianki ocieplone s\u0105 styropianem o grubo\u015bci 2 cm. Dzi\u0119ki zastosowaniu k\u00f3\u0142ek mo\u017cna bez problemu przestawi\u0107 donice w dowolne miejsce. Wymiary donicy: d\u0142ugo\u015b\u0107: 80 cm, szeroko\u015b\u0107: 80 cm, wysoko\u015b\u0107: 82,5 cm.<\/p>\n<\/div>\n\n\t<\/figcaption>\n<\/figure>\n<\/article>\n\n\n\n<article class=\"post visible description-off product type-product post-55774 status-publish first instock product_cat-donice-na-kolkach product_cat-donice-ze-stali-corten product_tag-donice-z-cortenu product_tag-donice-z-efektem-rdzy has-post-thumbnail shipping-taxable purchasable product-type-simple\">\n\n\t<figure class=\"woocom-project\">\n\t<div class=\"woo-buttons-on-img\">\n\n\t\t<a href=\"https:\/\/worldofflowerpots.com\/pl\/sklep\/metalowa-donica-z-cortenu-na-kolkach-giorgio-mobile\/\" class=\"alignnone layzr-bg\"><img loading=\"lazy\" decoding=\"async\" width=\"250\" height=\"188\" src=\"data:image\/svg+xml;charset=utf-8,%3Csvg xmlns%3D&#039;http%3A%2F%2Fwww.w3.org%2F2000%2Fsvg&#039; viewBox%3D&#039;0 0 250 188&#039;%2F%3E\" class=\"attachment-woocommerce_thumbnail size-woocommerce_thumbnail lazy-load preload-me\" alt=\"Metalowa donica z cortenu na k\u00f3\u0142kach Giorgio Mobile\" data-src=\"https:\/\/worldofflowerpots.com\/wp-content\/uploads\/2019\/03\/metalowa-donica-z-cortenu-na-k\u00f3\u0142kach-Giorgio-Mobile-250x188.jpg\" \/><\/a>\t\t\n\n\t<\/div>\n\t<figcaption class=\"woocom-list-content\">\n\n\t\t<div class=\"woocommerce-product-details__short-description\">\n\t<p>Donica Giorgio Mobile z blachy cortenowej o grubo\u015bci 2mm. W dnie posiada otw\u00f3r odp\u0142ywowy, natomiast jej \u015bcianki ocieplone s\u0105 styropianem o grubo\u015bci 2cm. Dzi\u0119ki zastosowaniu k\u00f3\u0142ek mo\u017cna bez problemu przestawi\u0107 donice w dowolne miejsce. Wymiary donicy: d\u0142ugo\u015b\u0107: 100 cm, szeroko\u015b\u0107: 80 cm, wysoko\u015b\u0107: 62,5 cm.<\/p>\n<\/div>\n\n\t<\/figcaption>\n<\/figure>\n<\/article>\n\n\n\n<article class=\"post visible description-off product type-product post-50986 status-publish instock product_cat-donice-na-kolkach product_cat-donice-z-aluminium product_tag-donice-aluminiowe product_tag-donice-wewnetrzne has-post-thumbnail shipping-taxable purchasable product-type-simple\">\n\n\t<figure class=\"woocom-project\">\n\t<div class=\"woo-buttons-on-img\">\n\n\t\t<a href=\"https:\/\/worldofflowerpots.com\/pl\/sklep\/prostokatna-donica-na-kolkach-fabio-mobile\/\" class=\"alignnone layzr-bg\"><img loading=\"lazy\" decoding=\"async\" width=\"250\" height=\"188\" src=\"data:image\/svg+xml;charset=utf-8,%3Csvg xmlns%3D&#039;http%3A%2F%2Fwww.w3.org%2F2000%2Fsvg&#039; viewBox%3D&#039;0 0 250 188&#039;%2F%3E\" class=\"attachment-woocommerce_thumbnail size-woocommerce_thumbnail lazy-load preload-me\" alt=\"Prostok\u0105tna donica na k\u00f3\u0142kach Fabio Mobile\" data-src=\"https:\/\/worldofflowerpots.com\/wp-content\/uploads\/2019\/01\/Prostok\u0105tna-donica-na-k\u00f3\u0142kach-Fabio-Mobile-250x188.jpg\" data-srcset=\"https:\/\/worldofflowerpots.com\/wp-content\/uploads\/2019\/01\/Prostok\u0105tna-donica-na-k\u00f3\u0142kach-Fabio-Mobile-250x188.jpg 250w, https:\/\/worldofflowerpots.com\/wp-content\/uploads\/2019\/01\/Prostok\u0105tna-donica-na-k\u00f3\u0142kach-Fabio-Mobile-300x225.jpg 300w, https:\/\/worldofflowerpots.com\/wp-content\/uploads\/2019\/01\/Prostok\u0105tna-donica-na-k\u00f3\u0142kach-Fabio-Mobile-768x576.jpg 768w, https:\/\/worldofflowerpots.com\/wp-content\/uploads\/2019\/01\/Prostok\u0105tna-donica-na-k\u00f3\u0142kach-Fabio-Mobile-1024x768.jpg 1024w, https:\/\/worldofflowerpots.com\/wp-content\/uploads\/2019\/01\/Prostok\u0105tna-donica-na-k\u00f3\u0142kach-Fabio-Mobile-600x450.jpg 600w\" \/><\/a>\t\t\n\n\t<\/div>\n\t<figcaption class=\"woocom-list-content\">\n\n\t\t<div class=\"woocommerce-product-details__short-description\">\n\t<p>Donica Fabio Mobile z aluminium. Produkowana we wszystkich kolorach palety RAL (w macie lub po\u0142ysku). Donica w standardzie produkowana jest z otworami odp\u0142ywowymi w dnie. Dzi\u0119ki zastosowaniu k\u00f3\u0142ek mo\u017cna bez problemu przestawi\u0107 donice w dowolne miejsce. Wymiary donicy: szeroko\u015b\u0107: 80cm, d\u0142ugo\u015b\u0107:100cm, wysoko\u015b\u0107:60cm.<\/p>\n<\/div>\n\n\t<\/figcaption>\n<\/figure>\n<\/article>\n\n<\/div><\/div>[\/vc_column][\/vc_row][vc_row css=&#8221;.vc_custom_1545305025106{padding-top: 40px !important;padding-bottom: 60px !important;}&#8221;][vc_column offset=&#8221;vc_col-lg-offset-1 vc_col-lg-10 vc_col-md-offset-1 vc_col-md-10&#8243; css=&#8221;.vc_custom_1548699013583{padding-bottom: 30px !important;}&#8221;]<div id=\"ultimate-heading-340169f3532235862\" class=\"uvc-heading ult-adjust-bottom-margin ultimate-heading-340169f3532235862 uvc-4551 \" data-hspacer=\"no_spacer\"  data-halign=\"center\" style=\"text-align:center\"><div class=\"uvc-heading-spacer no_spacer\" style=\"top\"><\/div><div class=\"uvc-main-heading ult-responsive\"  data-ultimate-target='.uvc-heading.ultimate-heading-340169f3532235862 h2'  data-responsive-json-new='{\"font-size\":\"desktop:28px;mobile:20px;\",\"line-height\":\"desktop:38px;mobile:30px;\"}' ><h2 style=\"font-family:&#039;Poppins&#039;;font-weight:300;margin-bottom:42px;\">Praktyczne k\u00f3\u0142ka \u2013 wi\u0119ksze mo\u017cliwo\u015bci zmiany aran\u017cacji.<\/h2><\/div><div class=\"uvc-sub-heading ult-responsive\"  data-ultimate-target='.uvc-heading.ultimate-heading-340169f3532235862 .uvc-sub-heading '  data-responsive-json-new='{\"font-size\":\"desktop:16px;\",\"line-height\":\"desktop:28px;\"}'  style=\"font-family:&#039;Open Sans&#039;;font-weight:300;\">Du\u017ce donice tarasowe s\u0105 bardzo cz\u0119sto ci\u0119\u017ckie i w momencie ich ustawienia rzadko kiedy mamy mo\u017cliwo\u015b\u0107 zmiany ich po\u0142o\u017cenia. W przypadku donic na k\u00f3\u0142kach jest zupe\u0142nie odwrotnie. Wyposa\u017cenie donic w k\u00f3\u0142ka powoduje, \u017ce ka\u017cdy bez \u017cadnego wysi\u0142ku mo\u017ce je dowolnie przestawia\u0107 i tym samym ka\u017cdego dnia zmienia\u0107 aran\u017cacj\u0119 swojego ogrodu, tarasu i balkonu. Ponadto k\u00f3\u0142ka powoduj\u0105, \u017ce powierzchnia, na kt\u00f3rej umieszczamy ro\u015bliny w donicach jest chroniona przed ewentualn\u0105 wod\u0105 odprowadzan\u0105 z donic. To tak\u017ce odpowiednia ochrona przed odkszta\u0142ceniami delikatnych konstrukcji.<\/p>\n<p>Donice aluminiowe na k\u00f3\u0142kach dost\u0119pne s\u0105 w dw\u00f3ch wariantach \u2013 klasycznym macie i nowoczesnym po\u0142ysku. Ponadto, pokrywamy je farb\u0105 w dowolnym kolorze RAL.<\/div><\/div>[\/vc_column][\/vc_row][vc_row bg_type=&#8221;image&#8221; parallax_style=&#8221;vcpb-default&#8221; bg_image_new=&#8221;id^51857|url^https:\/\/worldofflowerpots.com\/wp-content\/uploads\/2019\/01\/Doniczki-aluminiowe-na-kolach-na-taras-1024&#215;576-1.jpg|caption^null|alt^null|title^Doniczki-aluminiowe-na-kolach-na-taras-1024&#215;576|description^null&#8221; bg_image_repeat=&#8221;no-repeat&#8221; bg_override=&#8221;ex-full&#8221; enable_overlay=&#8221;enable_overlay_value&#8221; overlay_color=&#8221;rgba(0,0,0,0.2)&#8221; css=&#8221;.vc_custom_1548716554278{padding-top: 150px !important;padding-bottom: 150px !important;}&#8221;][vc_column offset=&#8221;vc_col-lg-offset-1 vc_col-lg-10 vc_col-md-offset-1 vc_col-md-10&#8243;]<div id=\"ultimate-heading-722869f35322358a2\" class=\"uvc-heading ult-adjust-bottom-margin ultimate-heading-722869f35322358a2 uvc-5823 \" data-hspacer=\"no_spacer\"  data-halign=\"center\" style=\"text-align:center\"><div class=\"uvc-heading-spacer no_spacer\" style=\"top\"><\/div><div class=\"uvc-main-heading ult-responsive\"  data-ultimate-target='.uvc-heading.ultimate-heading-722869f35322358a2 h2'  data-responsive-json-new='{\"font-size\":\"desktop:34px;mobile:24px;\",\"line-height\":\"desktop:44px;mobile:34px;\"}' ><h2 style=\"font-family:&#039;Poppins&#039;;font-weight:300;color:#ffffff;margin-bottom:42px;\">Donice na k\u00f3\u0142kach<\/h2><\/div><div class=\"uvc-sub-heading ult-responsive\"  data-ultimate-target='.uvc-heading.ultimate-heading-722869f35322358a2 .uvc-sub-heading '  data-responsive-json-new='{\"font-size\":\"desktop:16px;\",\"line-height\":\"desktop:28px;\"}'  style=\"font-family:&#039;Open Sans&#039;;font-weight:normal;font-style:normal;color:#f4f4f4;\"><\/p>\n<div class=\"hidden-mob\">\n<p>Dla przydomowych ogrod\u00f3w<\/p>\n<p>Dla du\u017cych i ma\u0142ych taras\u00f3w<\/p>\n<p>Dla balkon\u00f3w w blokach b\u0105d\u017a domach<\/p>\n<p>Dla przestrzeni centrum handlowego, biura oraz restauracji<\/p>\n<p>Do wyboru mamy wiele form i kszta\u0142t\u00f3w jak r\u00f3wnie\u017c wielko\u015bci donic, mo\u017cemy r\u00f3wnie\u017c przebiera\u0107 w kolorystyce donic. Bez problemu dopasujemy kolorystycznie donice do panuj\u0105cego stylu i charakteru na tarasie. W ofercie du\u017cych donic tarasowych mamy donice wykonane z przer\u00f3\u017cnych materia\u0142\u00f3w, s\u0105 to donice aluminiowe, z cortenu, na k\u00f3\u0142kach lub bez, z w\u0142\u00f3kna szklanego oraz betonowe. Opr\u00f3cz du\u017cych donic tarasowych w asortymencie firmy WOF znajdziecie m. in. donice ogrodowe i gazony betonowe. Nowoczesna stylistyka, du\u017ce rozmiary i pi\u0119kne kolory to tylko kilka zalet prezentowanych produkt\u00f3w.<\/p>\n<\/div>\n<p><\/div><\/div>[\/vc_column][\/vc_row]<\/p>\n","protected":false},"excerpt":{"rendered":"<p>[vc_row bg_type=&#8221;image&#8221; parallax_style=&#8221;vcpb-default&#8221; bg_image_new=&#8221;id^51919|url^https:\/\/worldofflowerpots.com\/wp-content\/uploads\/2019\/01\/Donice-aulminiowe-na-kolach-w-miejscu-pulbicznym.jpg|caption^null|alt^null|title^Donice-aulminiowe-na-kolach-w-miejscu-pulbicznym|description^null&#8221; bg_image_repeat=&#8221;no-repeat&#8221; bg_override=&#8221;ex-full&#8221; enable_overlay=&#8221;enable_overlay_value&#8221; overlay_color=&#8221;rgba(0,0,0,0.2)&#8221; css=&#8221;.vc_custom_1548716542217{padding-top: 150px !important;padding-bottom: 150px !important;}&#8221;][vc_column offset=&#8221;vc_col-lg-offset-1 vc_col-lg-10 vc_col-md-offset-1 vc_col-md-10&#8243;][\/vc_column][\/vc_row][vc_row css=&#8221;.vc_custom_1548698054848{border-bottom-width: 1px !important;padding-top: 40px !important;padding-bottom: 20px !important;border-bottom-color: #ededed !important;border-bottom-style: solid !important;}&#8221;][vc_column css=&#8221;.vc_custom_1548516273032{padding-bottom: 30px !important;}&#8221; offset=&#8221;vc_col-lg-offset-1 vc_col-lg-10 vc_col-md-offset-1 vc_col-md-10&#8243;][\/vc_column][vc_column css=&#8221;.vc_custom_1545305019274{padding-bottom: 30px !important;}&#8221;][\/vc_column][\/vc_row][vc_row css=&#8221;.vc_custom_1545305025106{padding-top: 40px !important;padding-bottom: 60px !important;}&#8221;][vc_column offset=&#8221;vc_col-lg-offset-1 vc_col-lg-10 vc_col-md-offset-1 vc_col-md-10&#8243; css=&#8221;.vc_custom_1548699013583{padding-bottom: 30px !important;}&#8221;][\/vc_column][\/vc_row][vc_row bg_type=&#8221;image&#8221; parallax_style=&#8221;vcpb-default&#8221; bg_image_new=&#8221;id^51857|url^https:\/\/worldofflowerpots.com\/wp-content\/uploads\/2019\/01\/Doniczki-aluminiowe-na-kolach-na-taras-1024&#215;576-1.jpg|caption^null|alt^null|title^Doniczki-aluminiowe-na-kolach-na-taras-1024&#215;576|description^null&#8221; bg_image_repeat=&#8221;no-repeat&#8221; bg_override=&#8221;ex-full&#8221;&hellip;<\/p>\n","protected":false},"author":1,"featured_media":0,"parent":0,"menu_order":0,"comment_status":"closed","ping_status":"closed","template":"","meta":{"_acf_changed":false},"class_list":["post-50261","page","type-page","status-publish","hentry","description-off"],"acf":[],"yoast_head":"<!-- This site is optimized with the Yoast SEO plugin v27.5 - https:\/\/yoast.com\/product\/yoast-seo-wordpress\/ -->\n<title>Donice na k\u00f3\u0142kach - cena | Donice World of Flowerpots<\/title>\n<meta name=\"description\" content=\"W ofercie donice na k\u00f3\u0142kach wykonane z dw\u00f3ch materia\u0142\u00f3w, s\u0105 to donice aluminiowe cortenu. Praktyczne rozwi\u0105zanie pozwalaj\u0105ce na \u0142atwe zmiany\" \/>\n<meta name=\"robots\" content=\"index, follow, max-snippet:-1, max-image-preview:large, max-video-preview:-1\" \/>\n<link rel=\"canonical\" href=\"https:\/\/worldofflowerpots.com\/donice-na-kolkach\/\" \/>\n<meta property=\"og:locale\" content=\"pl_PL\" \/>\n<meta property=\"og:type\" content=\"article\" \/>\n<meta property=\"og:title\" content=\"Donice na k\u00f3\u0142kach - cena | Donice World of Flowerpots\" \/>\n<meta property=\"og:description\" content=\"W ofercie donice na k\u00f3\u0142kach wykonane z dw\u00f3ch materia\u0142\u00f3w, s\u0105 to donice aluminiowe cortenu. Praktyczne rozwi\u0105zanie pozwalaj\u0105ce na \u0142atwe zmiany\" \/>\n<meta property=\"og:url\" content=\"https:\/\/worldofflowerpots.com\/donice-na-kolkach\/\" \/>\n<meta property=\"og:site_name\" content=\"World of Flowerpots\" \/>\n<meta property=\"article:modified_time\" content=\"2019-04-16T09:24:32+00:00\" \/>\n<meta name=\"twitter:card\" content=\"summary_large_image\" \/>\n<meta name=\"twitter:label1\" content=\"Szacowany czas czytania\" \/>\n\t<meta name=\"twitter:data1\" content=\"6 minut\" \/>\n<script type=\"application\/ld+json\" class=\"yoast-schema-graph\">{\"@context\":\"https:\\\/\\\/schema.org\",\"@graph\":[{\"@type\":\"WebPage\",\"@id\":\"https:\\\/\\\/worldofflowerpots.com\\\/donice-na-kolkach\\\/\",\"url\":\"https:\\\/\\\/worldofflowerpots.com\\\/donice-na-kolkach\\\/\",\"name\":\"Donice na k\u00f3\u0142kach - cena | Donice World of Flowerpots\",\"isPartOf\":{\"@id\":\"https:\\\/\\\/worldofflowerpots.com\\\/#website\"},\"datePublished\":\"2019-01-07T13:19:58+00:00\",\"dateModified\":\"2019-04-16T09:24:32+00:00\",\"description\":\"W ofercie donice na k\u00f3\u0142kach wykonane z dw\u00f3ch materia\u0142\u00f3w, s\u0105 to donice aluminiowe cortenu. Praktyczne rozwi\u0105zanie pozwalaj\u0105ce na \u0142atwe zmiany\",\"breadcrumb\":{\"@id\":\"https:\\\/\\\/worldofflowerpots.com\\\/donice-na-kolkach\\\/#breadcrumb\"},\"inLanguage\":\"pl-PL\",\"potentialAction\":[{\"@type\":\"ReadAction\",\"target\":[\"https:\\\/\\\/worldofflowerpots.com\\\/donice-na-kolkach\\\/\"]}]},{\"@type\":\"BreadcrumbList\",\"@id\":\"https:\\\/\\\/worldofflowerpots.com\\\/donice-na-kolkach\\\/#breadcrumb\",\"itemListElement\":[{\"@type\":\"ListItem\",\"position\":1,\"name\":\"Strona g\u0142\u00f3wna\",\"item\":\"https:\\\/\\\/worldofflowerpots.com\\\/\"},{\"@type\":\"ListItem\",\"position\":2,\"name\":\"Donice na k\u00f3\u0142kach\"}]},{\"@type\":\"WebSite\",\"@id\":\"https:\\\/\\\/worldofflowerpots.com\\\/#website\",\"url\":\"https:\\\/\\\/worldofflowerpots.com\\\/\",\"name\":\"World of Flowerpots\",\"description\":\"producent donic ozdobnych\",\"potentialAction\":[{\"@type\":\"SearchAction\",\"target\":{\"@type\":\"EntryPoint\",\"urlTemplate\":\"https:\\\/\\\/worldofflowerpots.com\\\/?s={search_term_string}\"},\"query-input\":{\"@type\":\"PropertyValueSpecification\",\"valueRequired\":true,\"valueName\":\"search_term_string\"}}],\"inLanguage\":\"pl-PL\"}]}<\/script>\n<!-- \/ Yoast SEO plugin. -->","yoast_head_json":{"title":"Donice na k\u00f3\u0142kach - cena | Donice World of Flowerpots","description":"W ofercie donice na k\u00f3\u0142kach wykonane z dw\u00f3ch materia\u0142\u00f3w, s\u0105 to donice aluminiowe cortenu. Praktyczne rozwi\u0105zanie pozwalaj\u0105ce na \u0142atwe zmiany","robots":{"index":"index","follow":"follow","max-snippet":"max-snippet:-1","max-image-preview":"max-image-preview:large","max-video-preview":"max-video-preview:-1"},"canonical":"https:\/\/worldofflowerpots.com\/donice-na-kolkach\/","og_locale":"pl_PL","og_type":"article","og_title":"Donice na k\u00f3\u0142kach - cena | Donice World of Flowerpots","og_description":"W ofercie donice na k\u00f3\u0142kach wykonane z dw\u00f3ch materia\u0142\u00f3w, s\u0105 to donice aluminiowe cortenu. Praktyczne rozwi\u0105zanie pozwalaj\u0105ce na \u0142atwe zmiany","og_url":"https:\/\/worldofflowerpots.com\/donice-na-kolkach\/","og_site_name":"World of Flowerpots","article_modified_time":"2019-04-16T09:24:32+00:00","twitter_card":"summary_large_image","twitter_misc":{"Szacowany czas czytania":"6 minut"},"schema":{"@context":"https:\/\/schema.org","@graph":[{"@type":"WebPage","@id":"https:\/\/worldofflowerpots.com\/donice-na-kolkach\/","url":"https:\/\/worldofflowerpots.com\/donice-na-kolkach\/","name":"Donice na k\u00f3\u0142kach - cena | Donice World of Flowerpots","isPartOf":{"@id":"https:\/\/worldofflowerpots.com\/#website"},"datePublished":"2019-01-07T13:19:58+00:00","dateModified":"2019-04-16T09:24:32+00:00","description":"W ofercie donice na k\u00f3\u0142kach wykonane z dw\u00f3ch materia\u0142\u00f3w, s\u0105 to donice aluminiowe cortenu. Praktyczne rozwi\u0105zanie pozwalaj\u0105ce na \u0142atwe zmiany","breadcrumb":{"@id":"https:\/\/worldofflowerpots.com\/donice-na-kolkach\/#breadcrumb"},"inLanguage":"pl-PL","potentialAction":[{"@type":"ReadAction","target":["https:\/\/worldofflowerpots.com\/donice-na-kolkach\/"]}]},{"@type":"BreadcrumbList","@id":"https:\/\/worldofflowerpots.com\/donice-na-kolkach\/#breadcrumb","itemListElement":[{"@type":"ListItem","position":1,"name":"Strona g\u0142\u00f3wna","item":"https:\/\/worldofflowerpots.com\/"},{"@type":"ListItem","position":2,"name":"Donice na k\u00f3\u0142kach"}]},{"@type":"WebSite","@id":"https:\/\/worldofflowerpots.com\/#website","url":"https:\/\/worldofflowerpots.com\/","name":"World of Flowerpots","description":"producent donic ozdobnych","potentialAction":[{"@type":"SearchAction","target":{"@type":"EntryPoint","urlTemplate":"https:\/\/worldofflowerpots.com\/?s={search_term_string}"},"query-input":{"@type":"PropertyValueSpecification","valueRequired":true,"valueName":"search_term_string"}}],"inLanguage":"pl-PL"}]}},"_links":{"self":[{"href":"https:\/\/worldofflowerpots.com\/pl\/wp-json\/wp\/v2\/pages\/50261","targetHints":{"allow":["GET"]}}],"collection":[{"href":"https:\/\/worldofflowerpots.com\/pl\/wp-json\/wp\/v2\/pages"}],"about":[{"href":"https:\/\/worldofflowerpots.com\/pl\/wp-json\/wp\/v2\/types\/page"}],"author":[{"embeddable":true,"href":"https:\/\/worldofflowerpots.com\/pl\/wp-json\/wp\/v2\/users\/1"}],"replies":[{"embeddable":true,"href":"https:\/\/worldofflowerpots.com\/pl\/wp-json\/wp\/v2\/comments?post=50261"}],"version-history":[{"count":15,"href":"https:\/\/worldofflowerpots.com\/pl\/wp-json\/wp\/v2\/pages\/50261\/revisions"}],"predecessor-version":[{"id":59574,"href":"https:\/\/worldofflowerpots.com\/pl\/wp-json\/wp\/v2\/pages\/50261\/revisions\/59574"}],"wp:attachment":[{"href":"https:\/\/worldofflowerpots.com\/pl\/wp-json\/wp\/v2\/media?parent=50261"}],"curies":[{"name":"wp","href":"https:\/\/api.w.org\/{rel}","templated":true}]}}