{"id":50339,"date":"2019-01-08T10:46:20","date_gmt":"2019-01-08T09:46:20","guid":{"rendered":"https:\/\/worldofflowerpots.com\/?page_id=50339"},"modified":"2019-04-16T12:29:07","modified_gmt":"2019-04-16T10:29:07","slug":"donice-zewnetrzne","status":"publish","type":"page","link":"https:\/\/worldofflowerpots.com\/pl\/donice-zewnetrzne\/","title":{"rendered":"Donice zewn\u0119trzne &#8211; skwer, park, plac, ogr\u00f3d, taras, balkon"},"content":{"rendered":"<p>[vc_row bg_type=&#8221;image&#8221; parallax_style=&#8221;vcpb-default&#8221; bg_image_new=&#8221;id^51988|url^https:\/\/worldofflowerpots.com\/wp-content\/uploads\/2019\/01\/pflanzkuebel-beton-angelo-farbe-schwarz-dachterrasse.jpg|caption^null|alt^null|title^pflanzkuebel-beton-angelo-farbe-schwarz-dachterrasse|description^null&#8221; bg_image_repeat=&#8221;no-repeat&#8221; bg_override=&#8221;ex-full&#8221; enable_overlay=&#8221;enable_overlay_value&#8221; overlay_color=&#8221;rgba(0,0,0,0.2)&#8221; css=&#8221;.vc_custom_1549233927076{padding-top: 150px !important;padding-bottom: 150px !important;}&#8221;][vc_column offset=&#8221;vc_col-lg-offset-1 vc_col-lg-10 vc_col-md-offset-1 vc_col-md-10&#8243;]<div id=\"ultimate-heading-863569f3532ec0bd6\" class=\"uvc-heading ult-adjust-bottom-margin ultimate-heading-863569f3532ec0bd6 uvc-8016 \" data-hspacer=\"no_spacer\"  data-halign=\"center\" style=\"text-align:center\"><div class=\"uvc-heading-spacer no_spacer\" style=\"top\"><\/div><div class=\"uvc-main-heading ult-responsive\"  data-ultimate-target='.uvc-heading.ultimate-heading-863569f3532ec0bd6 h1'  data-responsive-json-new='{\"font-size\":\"desktop:34px;mobile:24px;\",\"line-height\":\"desktop:44px;mobile:34px;\"}' ><h1 style=\"font-family:&#039;Poppins&#039;;font-weight:300;color:#ffffff;margin-bottom:42px;\">DONICE ZEWN\u0118TRZNE - SKWER, PARK, PLAC, OGR\u00d3D, TARAS, BALKON<\/h1><\/div><div class=\"uvc-sub-heading ult-responsive\"  data-ultimate-target='.uvc-heading.ultimate-heading-863569f3532ec0bd6 .uvc-sub-heading '  data-responsive-json-new='{\"font-size\":\"desktop:16px;\",\"line-height\":\"desktop:28px;\"}'  style=\"font-family:&#039;Open Sans&#039;;font-weight:normal;font-style:normal;color:#f4f4f4;\"><\/p>\n<div class=\"hidden-mob\">Doniczki zewn\u0119trzne potrafi\u0105 odmieni\u0107 ogr\u00f3d, taras, czy te\u017c balkon w miejsce kameralne, kt\u00f3re stanie si\u0119 dla Pa\u0144stwa oaz\u0105 spokoju. Dopasowane do stylu i charakteru ogrodu, wraz z przepi\u0119kn\u0105 ro\u015blinno\u015bci\u0105, potrafi\u0105 zmieni\u0107 nawet prosty kawa\u0142ek ziemi w prywatny Eden.<\/div>\n<div class=\"gap\" style=\"line-height: 10px; height: 10px;\"><\/div>\n<p><a class=\"link-inside\" href=\"https:\/\/worldofflowerpots.com\/sklep\/\">Wszystkie donice<\/a><\/p>\n<p><\/div><\/div>[\/vc_column][\/vc_row][vc_row css=&#8221;.vc_custom_1548698054848{border-bottom-width: 1px !important;padding-top: 40px !important;padding-bottom: 20px !important;border-bottom-color: #ededed !important;border-bottom-style: solid !important;}&#8221;][vc_column css=&#8221;.vc_custom_1548516273032{padding-bottom: 30px !important;}&#8221; offset=&#8221;vc_col-lg-offset-1 vc_col-lg-10 vc_col-md-offset-1 vc_col-md-10&#8243;]<div id=\"ultimate-heading-187769f3532ec0c8a\" class=\"uvc-heading ult-adjust-bottom-margin ultimate-heading-187769f3532ec0c8a uvc-8130 \" data-hspacer=\"no_spacer\"  data-halign=\"center\" style=\"text-align:center\"><div class=\"uvc-heading-spacer no_spacer\" style=\"top\"><\/div><div class=\"uvc-main-heading ult-responsive\"  data-ultimate-target='.uvc-heading.ultimate-heading-187769f3532ec0c8a h2'  data-responsive-json-new='{\"font-size\":\"desktop:28px;mobile:20px;\",\"line-height\":\"desktop:38px;mobile:30px;\"}' ><h2 style=\"font-family:&#039;Poppins&#039;;font-weight:300;margin-bottom:42px;\">Donice zewn\u0119trzne<\/h2><\/div><div class=\"uvc-sub-heading ult-responsive\"  data-ultimate-target='.uvc-heading.ultimate-heading-187769f3532ec0c8a .uvc-sub-heading '  data-responsive-json-new='{\"font-size\":\"desktop:16px;\",\"line-height\":\"desktop:28px;\"}'  style=\"font-family:&#039;Open Sans&#039;;font-weight:300;\">Donice przeznaczone do u\u017cytku zewn\u0119trznego, donice ogrodowa czy na taras, powinna charakteryzowa\u0107 przede wszystkim du\u017ca odporno\u015b\u0107 na dzia\u0142anie czynnik\u00f3w atmosferycznych, takich jak wiatr, deszcz czy \u015bnieg, a nawet mrozoodporno\u015b\u0107.<\/p>\n<p>W naszej ofercie znajd\u0105 Pa\u0144stwo szeroki wyb\u00f3r produkt\u00f3w spe\u0142niaj\u0105cych te wymagania: donice betonowe, produkty z ultra betonu, aluminium, donice aluminiowe na k\u00f3\u0142kach, fiberglass, czy donice corten. Dla spragnionych posi\u0142k\u00f3w na wolnym powietrzu polecamy r\u00f3wnie\u017c palenisko corten.<\/p>\n<p>R\u00f3\u017cnorodne kszta\u0142ty oraz szeroka gama kolorystyczna sprawi\u0105, i\u017c w naszym katalogu z pewno\u015bci\u0105 znajd\u0105 Pa\u0144stwo produkt, kt\u00f3ry spe\u0142ni Pa\u0144stwa oczekiwania.<\/p>\n<p><\/div><\/div>[\/vc_column][vc_column css=&#8221;.vc_custom_1545305019274{padding-bottom: 30px !important;}&#8221;]<div class=\"woocommerce columns-4 \"><div class=\"wf-container dt-products  woo-hover products loading-effect-fade-in description-on-hover cart-btn-on-img wc-img-hover hide-description wc-grid\" data-padding=\"0px\" data-cur-page=\"1\" data-desktop-columns-num=\"4\" data-v-tablet-columns-num=\"2\" data-h-tablet-columns-num=\"3\" data-phone-columns-num=\"1\">\n\n<article class=\"post visible description-off tm-has-options product type-product post-50757 status-publish first instock product_cat-donice-ze-stali-corten product_tag-donice-ogrodowe product_tag-donice-z-cortenu product_tag-donice-z-efektem-rdzy has-post-thumbnail shipping-taxable purchasable product-type-simple\">\n\n\t<figure class=\"woocom-project\">\n\t<div class=\"woo-buttons-on-img\">\n\n\t\t<a href=\"https:\/\/worldofflowerpots.com\/pl\/sklep\/corten-blacha-cubi-11\/\" class=\"alignnone layzr-bg\"><img loading=\"lazy\" decoding=\"async\" width=\"250\" height=\"188\" src=\"data:image\/svg+xml;charset=utf-8,%3Csvg xmlns%3D&#039;http%3A%2F%2Fwww.w3.org%2F2000%2Fsvg&#039; viewBox%3D&#039;0 0 250 188&#039;%2F%3E\" class=\"attachment-woocommerce_thumbnail size-woocommerce_thumbnail lazy-load preload-me\" alt=\"Corten blacha Cubi 11\" data-src=\"https:\/\/worldofflowerpots.com\/wp-content\/uploads\/2019\/01\/Blacha-corten-Cubi_11-250x188.jpg\" \/><\/a>\t\t\n\n\t<\/div>\n\t<figcaption class=\"woocom-list-content\">\n\n\t\t<div class=\"woocommerce-product-details__short-description\">\n\t<p>Donica Cubi 11 z blachy cortenowej o grubo\u015bci 2 mm. W dnie posiada otwory odp\u0142ywowe, natomiast jej \u015bcianki ocieplone s\u0105 styropianem o grubo\u015bci 2cm. Wymiary donicy: d\u0142ugo\u015b\u0107: 120 cm, szeroko\u015b\u0107: 50 cm, wysoko\u015b\u0107: 60 cm.<\/p>\n<\/div>\n\n\t<\/figcaption>\n<\/figure>\n<\/article>\n\n\n\n<article class=\"post visible description-off product type-product post-50801 status-publish instock product_cat-donice-z-betonu product_tag-donice-betonowe product_tag-donice-ogrodowe has-post-thumbnail shipping-taxable purchasable product-type-simple\">\n\n\t<figure class=\"woocom-project\">\n\t<div class=\"woo-buttons-on-img\">\n\n\t\t<a href=\"https:\/\/worldofflowerpots.com\/pl\/sklep\/donica-betonowa-zewnetrzna-agnese\/\" class=\"alignnone layzr-bg\"><img loading=\"lazy\" decoding=\"async\" width=\"250\" height=\"188\" src=\"data:image\/svg+xml;charset=utf-8,%3Csvg xmlns%3D&#039;http%3A%2F%2Fwww.w3.org%2F2000%2Fsvg&#039; viewBox%3D&#039;0 0 250 188&#039;%2F%3E\" class=\"attachment-woocommerce_thumbnail size-woocommerce_thumbnail lazy-load preload-me\" alt=\"Donica Betonowa Zewn\u0119trzna Agnese\" data-src=\"https:\/\/worldofflowerpots.com\/wp-content\/uploads\/2019\/01\/du\u017ce-donice-betonowe-Agnese-250x188.jpg\" \/><img loading=\"lazy\" decoding=\"async\" width=\"250\" height=\"188\" src=\"data:image\/svg+xml;charset=utf-8,%3Csvg xmlns%3D&#039;http%3A%2F%2Fwww.w3.org%2F2000%2Fsvg&#039; viewBox%3D&#039;0 0 250 188&#039;%2F%3E\" class=\"show-on-hover back-image lazy-load preload-me\" alt=\"\" data-src=\"https:\/\/worldofflowerpots.com\/wp-content\/uploads\/2019\/01\/Donica-ogrodowa-betonowa-Agnese-biala-zpolimerobetonu-250x188.jpg\" \/><\/a>\t\t\n\n\t<\/div>\n\t<figcaption class=\"woocom-list-content\">\n\n\t\t<div class=\"woocommerce-product-details__short-description\">\n\t<p>Donica Agnese z betonu (polimerobetonu). Wyst\u0119puje w trzech podstawowych kolorach : bia\u0142ym, szarym oraz czarnym. Donica produkowana jest w standardzie z otworami odp\u0142ywowymi. Waga donicy to :125 kg, a wymiary : \u015brednica:150cm, wysoko\u015b\u0107:29cm.<\/p>\n<\/div>\n\n\t<\/figcaption>\n<\/figure>\n<\/article>\n\n\n\n<article class=\"post visible description-off product type-product post-50971 status-publish instock product_cat-donice-z-aluminium product_tag-donice-aluminiowe product_tag-donice-balkonowe product_tag-donice-ogrodowe product_tag-donice-tarasowe product_tag-donice-wewnetrzne has-post-thumbnail shipping-taxable purchasable product-type-simple\">\n\n\t<figure class=\"woocom-project\">\n\t<div class=\"woo-buttons-on-img\">\n\n\t\t<a href=\"https:\/\/worldofflowerpots.com\/pl\/sklep\/donice-okragle-z-aluminium-tiziano-1\/\" class=\"alignnone layzr-bg\"><img loading=\"lazy\" decoding=\"async\" width=\"250\" height=\"188\" src=\"data:image\/svg+xml;charset=utf-8,%3Csvg xmlns%3D&#039;http%3A%2F%2Fwww.w3.org%2F2000%2Fsvg&#039; viewBox%3D&#039;0 0 250 188&#039;%2F%3E\" class=\"attachment-woocommerce_thumbnail size-woocommerce_thumbnail lazy-load preload-me\" alt=\"Donice okr\u0105g\u0142e z aluminium Tiziano 1\" data-src=\"https:\/\/worldofflowerpots.com\/wp-content\/uploads\/2019\/01\/Donice-okr\u0105g\u0142e-z-aluminium-Tiziano_1-250x188.jpg\" \/><\/a>\t\t\n\n\t<\/div>\n\t<figcaption class=\"woocom-list-content\">\n\n\t\t<div class=\"woocommerce-product-details__short-description\">\n\t<p>Donica aluminiowa Tiziano 1 produkowana jest we wszystkich kolorach palety RAL. Donica produkowana jest w standardzie z otworami odp\u0142ywowymi. Waga to :13kg, a wymiary : \u015brednica:60cm,\u00a0 wysoko\u015b\u0107:60cm. Zalecane stosowanie jako donica tarasowa.<\/p>\n<\/div>\n\n\t<\/figcaption>\n<\/figure>\n<\/article>\n\n\n\n<article class=\"post visible description-off product type-product post-50820 status-publish last instock product_cat-donice-z-betonu product_tag-donice-betonowe product_tag-donice-ogrodowe has-post-thumbnail shipping-taxable purchasable product-type-simple\">\n\n\t<figure class=\"woocom-project\">\n\t<div class=\"woo-buttons-on-img\">\n\n\t\t<a href=\"https:\/\/worldofflowerpots.com\/pl\/sklep\/donice-z-betonu-architektonicznego-hydra-3-ultra-beton\/\" class=\"alignnone layzr-bg\"><img loading=\"lazy\" decoding=\"async\" width=\"250\" height=\"188\" src=\"data:image\/svg+xml;charset=utf-8,%3Csvg xmlns%3D&#039;http%3A%2F%2Fwww.w3.org%2F2000%2Fsvg&#039; viewBox%3D&#039;0 0 250 188&#039;%2F%3E\" class=\"attachment-woocommerce_thumbnail size-woocommerce_thumbnail lazy-load preload-me\" alt=\"Donice z betonu architektonicznego Hydra 3 - ultra beton\" data-src=\"https:\/\/worldofflowerpots.com\/wp-content\/uploads\/2019\/01\/donice-z-betonu-architektonicznego-Hydra-3-1-250x188.jpg\" \/><\/a>\t\t\n\n\t<\/div>\n\t<figcaption class=\"woocom-list-content\">\n\n\t\t<div class=\"woocommerce-product-details__short-description\">\n\t<p>Donica Hydra 3 z betonu (ultra betonu). Wyst\u0119puje w trzech podstawowych kolorach : bia\u0142ym, szarym oraz czarnym. Donica produkowana jest w standardzie z otworami odp\u0142ywowymi. Waga donicy to 220 kg, a wymiary : \u015brednica: 120 cm, Wysoko\u015b\u0107: 100 cm.<\/p>\n<\/div>\n\n\t<\/figcaption>\n<\/figure>\n<\/article>\n\n\n\n<article class=\"post visible description-off product type-product post-50770 status-publish first instock product_cat-donice-z-betonu product_tag-donice-betonowe product_tag-donice-ogrodowe has-post-thumbnail shipping-taxable purchasable product-type-simple\">\n\n\t<figure class=\"woocom-project\">\n\t<div class=\"woo-buttons-on-img\">\n\n\t\t<a href=\"https:\/\/worldofflowerpots.com\/pl\/sklep\/doniczki-ogrodowe-roberto\/\" class=\"alignnone layzr-bg\"><img loading=\"lazy\" decoding=\"async\" width=\"250\" height=\"188\" src=\"data:image\/svg+xml;charset=utf-8,%3Csvg xmlns%3D&#039;http%3A%2F%2Fwww.w3.org%2F2000%2Fsvg&#039; viewBox%3D&#039;0 0 250 188&#039;%2F%3E\" class=\"attachment-woocommerce_thumbnail size-woocommerce_thumbnail lazy-load preload-me\" alt=\"Doniczki ogrodowe Roberto\" data-src=\"https:\/\/worldofflowerpots.com\/wp-content\/uploads\/2019\/01\/doniczki-ogrodowe-Roberto-czarny-1-250x188.jpg\" \/><img loading=\"lazy\" decoding=\"async\" width=\"250\" height=\"188\" src=\"data:image\/svg+xml;charset=utf-8,%3Csvg xmlns%3D&#039;http%3A%2F%2Fwww.w3.org%2F2000%2Fsvg&#039; viewBox%3D&#039;0 0 250 188&#039;%2F%3E\" class=\"show-on-hover back-image lazy-load preload-me\" alt=\"\" data-src=\"https:\/\/worldofflowerpots.com\/wp-content\/uploads\/2019\/01\/doniczki-ogrodowe-Roberto-bia\u0142y-250x188.jpg\" \/><\/a>\t\t\n\n\t<\/div>\n\t<figcaption class=\"woocom-list-content\">\n\n\t\t<div class=\"woocommerce-product-details__short-description\">\n\t<p>Donica Roberto z betonu (ultra betonu). Wyst\u0119puje w trzech podstawowych kolorach: bia\u0142ym, szarym oraz czarnym. Donica produkowana jest w standardzie z otworami odp\u0142ywowymi. Waga donicy to: 120 kg, a wymiary: d\u0142ugo\u015b\u0107: 100 cm, szeroko\u015b\u0107: 50 cm, wysoko\u015b\u0107: 50 cm.<\/p>\n<\/div>\n\n\t<\/figcaption>\n<\/figure>\n<\/article>\n\n\n\n<article class=\"post visible description-off product type-product post-50751 status-publish instock product_cat-donice-ze-stali-corten product_tag-donice-ogrodowe product_tag-donice-z-cortenu product_tag-donice-z-efektem-rdzy has-post-thumbnail shipping-taxable purchasable product-type-simple\">\n\n\t<figure class=\"woocom-project\">\n\t<div class=\"woo-buttons-on-img\">\n\n\t\t<a href=\"https:\/\/worldofflowerpots.com\/pl\/sklep\/doniczki-ze-stali-korten-vaso-5\/\" class=\"alignnone layzr-bg\"><img loading=\"lazy\" decoding=\"async\" width=\"250\" height=\"188\" src=\"data:image\/svg+xml;charset=utf-8,%3Csvg xmlns%3D&#039;http%3A%2F%2Fwww.w3.org%2F2000%2Fsvg&#039; viewBox%3D&#039;0 0 250 188&#039;%2F%3E\" class=\"attachment-woocommerce_thumbnail size-woocommerce_thumbnail lazy-load preload-me\" alt=\"Doniczki ze stali korten Vaso 5\" data-src=\"https:\/\/worldofflowerpots.com\/wp-content\/uploads\/2019\/01\/Doniczki-ze-stali-korten-Vaso_5-250x188.jpg\" \/><\/a>\t\t\n\n\t<\/div>\n\t<figcaption class=\"woocom-list-content\">\n\n\t\t<div class=\"woocommerce-product-details__short-description\">\n\t<p>Donica Vaso 5 z blachy cortenowej o grubo\u015bci 2mm. W dnie posiada otwory odp\u0142ywowe, natomiast jej \u015bcianki ocieplone s\u0105 styropianem o grubo\u015bci 2cm. Wymiary donicy: \u015brednica: 80cm,\u00a0 wysoko\u015b\u0107: 78cm.<\/p>\n<\/div>\n\n\t<\/figcaption>\n<\/figure>\n<\/article>\n\n\n\n<article class=\"post visible description-off product type-product post-50973 status-publish instock product_cat-donice-z-aluminium product_tag-donice-aluminiowe product_tag-donice-balkonowe product_tag-donice-ogrodowe product_tag-donice-tarasowe product_tag-donice-wewnetrzne has-post-thumbnail shipping-taxable purchasable product-type-simple\">\n\n\t<figure class=\"woocom-project\">\n\t<div class=\"woo-buttons-on-img\">\n\n\t\t<a href=\"https:\/\/worldofflowerpots.com\/pl\/sklep\/duze-donice-okragle-z-aluminium-tiziano-3\/\" class=\"alignnone layzr-bg\"><img loading=\"lazy\" decoding=\"async\" width=\"250\" height=\"188\" src=\"data:image\/svg+xml;charset=utf-8,%3Csvg xmlns%3D&#039;http%3A%2F%2Fwww.w3.org%2F2000%2Fsvg&#039; viewBox%3D&#039;0 0 250 188&#039;%2F%3E\" class=\"attachment-woocommerce_thumbnail size-woocommerce_thumbnail lazy-load preload-me\" alt=\"Du\u017ce donice okr\u0105g\u0142e z aluminium Tiziano 3\" data-src=\"https:\/\/worldofflowerpots.com\/wp-content\/uploads\/2019\/01\/Du\u017ce-donice-okr\u0105g\u0142e-z-aluminium-Tiziano_3-250x188.jpg\" \/><\/a>\t\t\n\n\t<\/div>\n\t<figcaption class=\"woocom-list-content\">\n\n\t\t<div class=\"woocommerce-product-details__short-description\">\n\t<p>Donica aluminiowa Tiziano 3 produkowana jest we wszystkich kolorach palety RAL. Donica produkowana jest w standardzie z otworami odp\u0142ywowymi. Waga to: 36 kg, a wymiary: \u015brednica: 100 cm,\u00a0 wysoko\u015b\u0107: 100 cm. Zalecane stosowanie jako donica tarasowa.<\/p>\n<\/div>\n\n\t<\/figcaption>\n<\/figure>\n<\/article>\n\n\n\n<article class=\"post visible description-off product type-product post-50948 status-publish last instock product_cat-donice-z-aluminium product_tag-donice-aluminiowe product_tag-donice-ogrodowe product_tag-donice-wewnetrzne has-post-thumbnail shipping-taxable purchasable product-type-simple\">\n\n\t<figure class=\"woocom-project\">\n\t<div class=\"woo-buttons-on-img\">\n\n\t\t<a href=\"https:\/\/worldofflowerpots.com\/pl\/sklep\/nowoczesne-donice-aluminiowe-alessio-7\/\" class=\"alignnone layzr-bg\"><img loading=\"lazy\" decoding=\"async\" width=\"250\" height=\"188\" src=\"data:image\/svg+xml;charset=utf-8,%3Csvg xmlns%3D&#039;http%3A%2F%2Fwww.w3.org%2F2000%2Fsvg&#039; viewBox%3D&#039;0 0 250 188&#039;%2F%3E\" class=\"attachment-woocommerce_thumbnail size-woocommerce_thumbnail lazy-load preload-me\" alt=\"Nowoczesne donice aluminiowe Alessio 7\" data-src=\"https:\/\/worldofflowerpots.com\/wp-content\/uploads\/2019\/01\/Nowoczesne-donice-aluminiowe-Alessio_7-1-250x188.jpg\" \/><\/a>\t\t\n\n\t<\/div>\n\t<figcaption class=\"woocom-list-content\">\n\n\t\t<div class=\"woocommerce-product-details__short-description\">\n\t<p>Donica aluminiowa Alessio 7 produkowana jest we wszystkich kolorach palety RAL. Donica produkowana jest w standardzie z otworami odp\u0142ywowymi. Waga to: 47kg, a wymiary : d\u0142ugo\u015b\u0107:120cm, szeroko\u015b\u0107:120cm, wysoko\u015b\u0107:80cm. Zalecane stosowanie jako donica tarasowa.<\/p>\n<\/div>\n\n\t<\/figcaption>\n<\/figure>\n<\/article>\n\n\n\n<article class=\"post visible description-off product type-product post-50972 status-publish first instock product_cat-donice-z-aluminium product_tag-donice-aluminiowe product_tag-donice-balkonowe product_tag-donice-ogrodowe product_tag-donice-tarasowe product_tag-donice-wewnetrzne has-post-thumbnail shipping-taxable purchasable product-type-simple\">\n\n\t<figure class=\"woocom-project\">\n\t<div class=\"woo-buttons-on-img\">\n\n\t\t<a href=\"https:\/\/worldofflowerpots.com\/pl\/sklep\/okragle-donice-aluminiowe-tiziano-2\/\" class=\"alignnone layzr-bg\"><img loading=\"lazy\" decoding=\"async\" width=\"250\" height=\"188\" src=\"data:image\/svg+xml;charset=utf-8,%3Csvg xmlns%3D&#039;http%3A%2F%2Fwww.w3.org%2F2000%2Fsvg&#039; viewBox%3D&#039;0 0 250 188&#039;%2F%3E\" class=\"attachment-woocommerce_thumbnail size-woocommerce_thumbnail lazy-load preload-me\" alt=\"Okr\u0105g\u0142e donice aluminiowe Tiziano 2\" data-src=\"https:\/\/worldofflowerpots.com\/wp-content\/uploads\/2019\/01\/Okr\u0105g\u0142e-donice-aluminiowe-Tiziano_2-250x188.jpg\" \/><\/a>\t\t\n\n\t<\/div>\n\t<figcaption class=\"woocom-list-content\">\n\n\t\t<div class=\"woocommerce-product-details__short-description\">\n\t<p>Donica aluminiowa Tiziano 2 produkowana jest we wszystkich kolorach palety RAL. Donica produkowana jest w standardzie z otworami odp\u0142ywowymi. Waga to : 24 kg, a wymiary: \u015brednica: 80 cm,\u00a0 wysoko\u015b\u0107: 80 cm. Zalecane stosowanie jako donica tarasowa.<\/p>\n<\/div>\n\n\t<\/figcaption>\n<\/figure>\n<\/article>\n\n<\/div><\/div>[\/vc_column][\/vc_row]<\/p>\n","protected":false},"excerpt":{"rendered":"<p>[vc_row bg_type=&#8221;image&#8221; parallax_style=&#8221;vcpb-default&#8221; bg_image_new=&#8221;id^51988|url^https:\/\/worldofflowerpots.com\/wp-content\/uploads\/2019\/01\/pflanzkuebel-beton-angelo-farbe-schwarz-dachterrasse.jpg|caption^null|alt^null|title^pflanzkuebel-beton-angelo-farbe-schwarz-dachterrasse|description^null&#8221; bg_image_repeat=&#8221;no-repeat&#8221; bg_override=&#8221;ex-full&#8221; enable_overlay=&#8221;enable_overlay_value&#8221; overlay_color=&#8221;rgba(0,0,0,0.2)&#8221; css=&#8221;.vc_custom_1549233927076{padding-top: 150px !important;padding-bottom: 150px !important;}&#8221;][vc_column offset=&#8221;vc_col-lg-offset-1 vc_col-lg-10 vc_col-md-offset-1 vc_col-md-10&#8243;][\/vc_column][\/vc_row][vc_row css=&#8221;.vc_custom_1548698054848{border-bottom-width: 1px !important;padding-top: 40px !important;padding-bottom: 20px !important;border-bottom-color: #ededed !important;border-bottom-style: solid !important;}&#8221;][vc_column css=&#8221;.vc_custom_1548516273032{padding-bottom: 30px !important;}&#8221; offset=&#8221;vc_col-lg-offset-1 vc_col-lg-10 vc_col-md-offset-1 vc_col-md-10&#8243;][\/vc_column][vc_column css=&#8221;.vc_custom_1545305019274{padding-bottom: 30px !important;}&#8221;][\/vc_column][\/vc_row]<\/p>\n","protected":false},"author":1,"featured_media":0,"parent":0,"menu_order":0,"comment_status":"closed","ping_status":"closed","template":"","meta":{"_acf_changed":false},"class_list":["post-50339","page","type-page","status-publish","hentry","description-off"],"acf":[],"yoast_head":"<!-- This site is optimized with the Yoast SEO plugin v27.5 - https:\/\/yoast.com\/product\/yoast-seo-wordpress\/ -->\n<title>Donice zewn\u0119trzne - du\u017ce | Donice World of Flowerpots<\/title>\n<meta name=\"description\" content=\"Doniczki zewn\u0119trzne potrafi\u0105 odmieni\u0107 ogr\u00f3d, taras, czy te\u017c balkon w miejsce kameralne, kt\u00f3re stanie si\u0119 dla Pa\u0144stwa oaz\u0105 spokoju.\" \/>\n<meta name=\"robots\" content=\"index, follow, max-snippet:-1, max-image-preview:large, max-video-preview:-1\" \/>\n<link rel=\"canonical\" href=\"https:\/\/worldofflowerpots.com\/donice-zewnetrzne\/\" \/>\n<meta property=\"og:locale\" content=\"pl_PL\" \/>\n<meta property=\"og:type\" content=\"article\" \/>\n<meta property=\"og:title\" content=\"Donice zewn\u0119trzne - du\u017ce | Donice World of Flowerpots\" \/>\n<meta property=\"og:description\" content=\"Doniczki zewn\u0119trzne potrafi\u0105 odmieni\u0107 ogr\u00f3d, taras, czy te\u017c balkon w miejsce kameralne, kt\u00f3re stanie si\u0119 dla Pa\u0144stwa oaz\u0105 spokoju.\" \/>\n<meta property=\"og:url\" content=\"https:\/\/worldofflowerpots.com\/donice-zewnetrzne\/\" \/>\n<meta property=\"og:site_name\" content=\"World of Flowerpots\" \/>\n<meta property=\"article:modified_time\" content=\"2019-04-16T10:29:07+00:00\" \/>\n<meta name=\"twitter:card\" content=\"summary_large_image\" \/>\n<meta name=\"twitter:label1\" content=\"Szacowany czas czytania\" \/>\n\t<meta name=\"twitter:data1\" content=\"2 minuty\" \/>\n<script type=\"application\/ld+json\" class=\"yoast-schema-graph\">{\"@context\":\"https:\\\/\\\/schema.org\",\"@graph\":[{\"@type\":\"WebPage\",\"@id\":\"https:\\\/\\\/worldofflowerpots.com\\\/donice-zewnetrzne\\\/\",\"url\":\"https:\\\/\\\/worldofflowerpots.com\\\/donice-zewnetrzne\\\/\",\"name\":\"Donice zewn\u0119trzne - du\u017ce | Donice World of Flowerpots\",\"isPartOf\":{\"@id\":\"https:\\\/\\\/worldofflowerpots.com\\\/#website\"},\"datePublished\":\"2019-01-08T09:46:20+00:00\",\"dateModified\":\"2019-04-16T10:29:07+00:00\",\"description\":\"Doniczki zewn\u0119trzne potrafi\u0105 odmieni\u0107 ogr\u00f3d, taras, czy te\u017c balkon w miejsce kameralne, kt\u00f3re stanie si\u0119 dla Pa\u0144stwa oaz\u0105 spokoju.\",\"breadcrumb\":{\"@id\":\"https:\\\/\\\/worldofflowerpots.com\\\/donice-zewnetrzne\\\/#breadcrumb\"},\"inLanguage\":\"pl-PL\",\"potentialAction\":[{\"@type\":\"ReadAction\",\"target\":[\"https:\\\/\\\/worldofflowerpots.com\\\/donice-zewnetrzne\\\/\"]}]},{\"@type\":\"BreadcrumbList\",\"@id\":\"https:\\\/\\\/worldofflowerpots.com\\\/donice-zewnetrzne\\\/#breadcrumb\",\"itemListElement\":[{\"@type\":\"ListItem\",\"position\":1,\"name\":\"Strona g\u0142\u00f3wna\",\"item\":\"https:\\\/\\\/worldofflowerpots.com\\\/\"},{\"@type\":\"ListItem\",\"position\":2,\"name\":\"Donice zewn\u0119trzne &#8211; skwer, park, plac, ogr\u00f3d, taras, balkon\"}]},{\"@type\":\"WebSite\",\"@id\":\"https:\\\/\\\/worldofflowerpots.com\\\/#website\",\"url\":\"https:\\\/\\\/worldofflowerpots.com\\\/\",\"name\":\"World of Flowerpots\",\"description\":\"producent donic ozdobnych\",\"potentialAction\":[{\"@type\":\"SearchAction\",\"target\":{\"@type\":\"EntryPoint\",\"urlTemplate\":\"https:\\\/\\\/worldofflowerpots.com\\\/?s={search_term_string}\"},\"query-input\":{\"@type\":\"PropertyValueSpecification\",\"valueRequired\":true,\"valueName\":\"search_term_string\"}}],\"inLanguage\":\"pl-PL\"}]}<\/script>\n<!-- \/ Yoast SEO plugin. -->","yoast_head_json":{"title":"Donice zewn\u0119trzne - du\u017ce | Donice World of Flowerpots","description":"Doniczki zewn\u0119trzne potrafi\u0105 odmieni\u0107 ogr\u00f3d, taras, czy te\u017c balkon w miejsce kameralne, kt\u00f3re stanie si\u0119 dla Pa\u0144stwa oaz\u0105 spokoju.","robots":{"index":"index","follow":"follow","max-snippet":"max-snippet:-1","max-image-preview":"max-image-preview:large","max-video-preview":"max-video-preview:-1"},"canonical":"https:\/\/worldofflowerpots.com\/donice-zewnetrzne\/","og_locale":"pl_PL","og_type":"article","og_title":"Donice zewn\u0119trzne - du\u017ce | Donice World of Flowerpots","og_description":"Doniczki zewn\u0119trzne potrafi\u0105 odmieni\u0107 ogr\u00f3d, taras, czy te\u017c balkon w miejsce kameralne, kt\u00f3re stanie si\u0119 dla Pa\u0144stwa oaz\u0105 spokoju.","og_url":"https:\/\/worldofflowerpots.com\/donice-zewnetrzne\/","og_site_name":"World of Flowerpots","article_modified_time":"2019-04-16T10:29:07+00:00","twitter_card":"summary_large_image","twitter_misc":{"Szacowany czas czytania":"2 minuty"},"schema":{"@context":"https:\/\/schema.org","@graph":[{"@type":"WebPage","@id":"https:\/\/worldofflowerpots.com\/donice-zewnetrzne\/","url":"https:\/\/worldofflowerpots.com\/donice-zewnetrzne\/","name":"Donice zewn\u0119trzne - du\u017ce | Donice World of Flowerpots","isPartOf":{"@id":"https:\/\/worldofflowerpots.com\/#website"},"datePublished":"2019-01-08T09:46:20+00:00","dateModified":"2019-04-16T10:29:07+00:00","description":"Doniczki zewn\u0119trzne potrafi\u0105 odmieni\u0107 ogr\u00f3d, taras, czy te\u017c balkon w miejsce kameralne, kt\u00f3re stanie si\u0119 dla Pa\u0144stwa oaz\u0105 spokoju.","breadcrumb":{"@id":"https:\/\/worldofflowerpots.com\/donice-zewnetrzne\/#breadcrumb"},"inLanguage":"pl-PL","potentialAction":[{"@type":"ReadAction","target":["https:\/\/worldofflowerpots.com\/donice-zewnetrzne\/"]}]},{"@type":"BreadcrumbList","@id":"https:\/\/worldofflowerpots.com\/donice-zewnetrzne\/#breadcrumb","itemListElement":[{"@type":"ListItem","position":1,"name":"Strona g\u0142\u00f3wna","item":"https:\/\/worldofflowerpots.com\/"},{"@type":"ListItem","position":2,"name":"Donice zewn\u0119trzne &#8211; skwer, park, plac, ogr\u00f3d, taras, balkon"}]},{"@type":"WebSite","@id":"https:\/\/worldofflowerpots.com\/#website","url":"https:\/\/worldofflowerpots.com\/","name":"World of Flowerpots","description":"producent donic ozdobnych","potentialAction":[{"@type":"SearchAction","target":{"@type":"EntryPoint","urlTemplate":"https:\/\/worldofflowerpots.com\/?s={search_term_string}"},"query-input":{"@type":"PropertyValueSpecification","valueRequired":true,"valueName":"search_term_string"}}],"inLanguage":"pl-PL"}]}},"_links":{"self":[{"href":"https:\/\/worldofflowerpots.com\/pl\/wp-json\/wp\/v2\/pages\/50339","targetHints":{"allow":["GET"]}}],"collection":[{"href":"https:\/\/worldofflowerpots.com\/pl\/wp-json\/wp\/v2\/pages"}],"about":[{"href":"https:\/\/worldofflowerpots.com\/pl\/wp-json\/wp\/v2\/types\/page"}],"author":[{"embeddable":true,"href":"https:\/\/worldofflowerpots.com\/pl\/wp-json\/wp\/v2\/users\/1"}],"replies":[{"embeddable":true,"href":"https:\/\/worldofflowerpots.com\/pl\/wp-json\/wp\/v2\/comments?post=50339"}],"version-history":[{"count":8,"href":"https:\/\/worldofflowerpots.com\/pl\/wp-json\/wp\/v2\/pages\/50339\/revisions"}],"predecessor-version":[{"id":59588,"href":"https:\/\/worldofflowerpots.com\/pl\/wp-json\/wp\/v2\/pages\/50339\/revisions\/59588"}],"wp:attachment":[{"href":"https:\/\/worldofflowerpots.com\/pl\/wp-json\/wp\/v2\/media?parent=50339"}],"curies":[{"name":"wp","href":"https:\/\/api.w.org\/{rel}","templated":true}]}}