{"id":50373,"date":"2019-01-13T21:04:58","date_gmt":"2019-01-13T20:04:58","guid":{"rendered":"https:\/\/worldofflowerpots.com\/?page_id=50373"},"modified":"2019-04-17T15:58:34","modified_gmt":"2019-04-17T13:58:34","slug":"donice-na-taras-i-balkon","status":"publish","type":"page","link":"https:\/\/worldofflowerpots.com\/pl\/donice-na-taras-i-balkon\/","title":{"rendered":"Donice na taras i balkon"},"content":{"rendered":"<p>[vc_row bg_type=&#8221;image&#8221; parallax_style=&#8221;vcpb-default&#8221; bg_image_new=&#8221;id^50374|url^https:\/\/worldofflowerpots.com\/wp-content\/uploads\/2019\/01\/Donice-betonowe-z-polimerobetonu-na-balkonie.jpg|caption^null|alt^null|title^Donice-betonowe-z-polimerobetonu-na-balkonie|description^null&#8221; bg_image_repeat=&#8221;no-repeat&#8221; bg_override=&#8221;ex-full&#8221; enable_overlay=&#8221;enable_overlay_value&#8221; overlay_color=&#8221;rgba(0,0,0,0.2)&#8221; css=&#8221;.vc_custom_1549234539230{padding-top: 150px !important;padding-bottom: 150px !important;}&#8221;][vc_column offset=&#8221;vc_col-lg-offset-1 vc_col-lg-10 vc_col-md-offset-1 vc_col-md-10&#8243;]<div id=\"ultimate-heading-975269f3656948b68\" class=\"uvc-heading ult-adjust-bottom-margin ultimate-heading-975269f3656948b68 uvc-636 \" data-hspacer=\"no_spacer\"  data-halign=\"center\" style=\"text-align:center\"><div class=\"uvc-heading-spacer no_spacer\" style=\"top\"><\/div><div class=\"uvc-main-heading ult-responsive\"  data-ultimate-target='.uvc-heading.ultimate-heading-975269f3656948b68 h1'  data-responsive-json-new='{\"font-size\":\"desktop:34px;mobile:24px;\",\"line-height\":\"desktop:44px;mobile:34px;\"}' ><h1 style=\"font-family:&#039;Poppins&#039;;font-weight:300;color:#ffffff;margin-bottom:42px;\">DONICE NA BALKON I TARAS - TARASOWE, BALKONOWE<\/h1><\/div><div class=\"uvc-sub-heading ult-responsive\"  data-ultimate-target='.uvc-heading.ultimate-heading-975269f3656948b68 .uvc-sub-heading '  data-responsive-json-new='{\"font-size\":\"desktop:16px;\",\"line-height\":\"desktop:28px;\"}'  style=\"font-family:&#039;Open Sans&#039;;font-weight:normal;font-style:normal;color:#f4f4f4;\"><\/p>\n<div class=\"hidden-mob\">Ogr\u00f3d na balkonie czy tarasie? Tylko z World of Flowerpots! Oferta naszej firmy to pomys\u0142 dla tych z Pa\u0144stwa, kt\u00f3rzy chc\u0105 zamieni\u0107 zwyk\u0142y, szary balkon czy taras w sw\u00f3j w\u0142asny, malutki kawa\u0142ek rajskiego ogrodu. Do tego celu oferujemy Pa\u0144stwu doniczki na balkon i na taras z fiberglassu, betonowe oraz aluminiowe i corten. Poza ich wytrzyma\u0142o\u015bci\u0105 oraz odporno\u015bci\u0105 na dzia\u0142anie warunk\u00f3w atmosferycznych, wyr\u00f3\u017cnia je bogactwo kszta\u0142t\u00f3w oraz kolor\u00f3w.<\/div>\n<div class=\"gap\" style=\"line-height: 10px; height: 10px;\"><\/div>\n<p><a class=\"link-inside\" href=\"https:\/\/worldofflowerpots.com\/sklep\/\">Wszystkie donice<\/a><\/div><\/div>[\/vc_column][\/vc_row][vc_row css=&#8221;.vc_custom_1548698054848{border-bottom-width: 1px !important;padding-top: 40px !important;padding-bottom: 20px !important;border-bottom-color: #ededed !important;border-bottom-style: solid !important;}&#8221;][vc_column css=&#8221;.vc_custom_1548516273032{padding-bottom: 30px !important;}&#8221; offset=&#8221;vc_col-lg-offset-1 vc_col-lg-10 vc_col-md-offset-1 vc_col-md-10&#8243;]<div id=\"ultimate-heading-813269f3656948c1d\" class=\"uvc-heading ult-adjust-bottom-margin ultimate-heading-813269f3656948c1d uvc-3703 \" data-hspacer=\"no_spacer\"  data-halign=\"center\" style=\"text-align:center\"><div class=\"uvc-heading-spacer no_spacer\" style=\"top\"><\/div><div class=\"uvc-main-heading ult-responsive\"  data-ultimate-target='.uvc-heading.ultimate-heading-813269f3656948c1d h2'  data-responsive-json-new='{\"font-size\":\"desktop:28px;mobile:20px;\",\"line-height\":\"desktop:38px;mobile:30px;\"}' ><h2 style=\"font-family:&#039;Poppins&#039;;font-weight:300;margin-bottom:42px;\">NAJLEPSZE DONICE BALKONOWE I TARASOWE<\/h2><\/div><div class=\"uvc-sub-heading ult-responsive\"  data-ultimate-target='.uvc-heading.ultimate-heading-813269f3656948c1d .uvc-sub-heading '  data-responsive-json-new='{\"font-size\":\"desktop:16px;\",\"line-height\":\"desktop:28px;\"}'  style=\"font-family:&#039;Open Sans&#039;;font-weight:300;\">Marzy si\u0119 Pa\u0144stwu dzie\u0144 sp\u0119dzony w\u015br\u00f3d kwiat\u00f3w, a nie maj\u0105 Pa\u0144stwo ogrodu? Nic nie szkodzi! Nie trzeba te\u017c odwiedza\u0107 ogrodu botanicznego ani nawet pobliskiego parku\u2026 Mo\u017cna stworzy\u0107 ogr\u00f3d na w\u0142asnym balkonie i tarasie!<\/p>\n<p>Prym tutaj wiod\u0105 skrzynie balkonowe i tarasowe. A je\u015bli nie znajd\u0105 Pa\u0144stwo w naszej ofercie tego, czego szukaj\u0105\u2026 to wyprodukujemy na wymiar. Donice aluminiowe produkujemy bowiem dok\u0142adnie takie, jakich Pa\u0144stwo potrzebuj\u0105, aby odmieni\u0107 sw\u00f3j male\u0144ki kawa\u0142ek powierzchni nie do poznania, a chwilom tam sp\u0119dzonym nada\u0107 niepowtarzalny charakter.<\/div><\/div>[\/vc_column][vc_column css=&#8221;.vc_custom_1545305019274{padding-bottom: 30px !important;}&#8221;]<div class=\"woocommerce columns-4 \"><div class=\"wf-container dt-products  woo-hover products loading-effect-fade-in description-on-hover cart-btn-on-img wc-img-hover hide-description wc-grid\" data-padding=\"0px\" data-cur-page=\"1\" data-desktop-columns-num=\"4\" data-v-tablet-columns-num=\"2\" data-h-tablet-columns-num=\"3\" data-phone-columns-num=\"1\">\n\n<article class=\"post visible description-off tm-has-options product type-product post-50963 status-publish first instock product_cat-donice-z-aluminium product_tag-donice-aluminiowe product_tag-donice-balkonowe product_tag-donice-ogrodowe product_tag-donice-tarasowe product_tag-donice-wewnetrzne has-post-thumbnail shipping-taxable purchasable product-type-simple\">\n\n\t<figure class=\"woocom-project\">\n\t<div class=\"woo-buttons-on-img\">\n\n\t\t<a href=\"https:\/\/worldofflowerpots.com\/pl\/sklep\/aluminiowa-donica-stozkowa-silvestro-2\/\" class=\"alignnone layzr-bg\"><img loading=\"lazy\" decoding=\"async\" width=\"250\" height=\"188\" src=\"data:image\/svg+xml;charset=utf-8,%3Csvg xmlns%3D&#039;http%3A%2F%2Fwww.w3.org%2F2000%2Fsvg&#039; viewBox%3D&#039;0 0 250 188&#039;%2F%3E\" class=\"attachment-woocommerce_thumbnail size-woocommerce_thumbnail lazy-load preload-me\" alt=\"Aluminiowa donica sto\u017ckowa Silvestro 2\" data-src=\"https:\/\/worldofflowerpots.com\/wp-content\/uploads\/2019\/01\/Aluminiowa-donica-sto\u017ckowa-Silvestro_2-250x188.jpg\" \/><\/a>\t\t\n\n\t<\/div>\n\t<figcaption class=\"woocom-list-content\">\n\n\t\t<div class=\"woocommerce-product-details__short-description\">\n\t<p>Donica aluminiowa Silvestro 2 produkowana jest we wszystkich kolorach palety RAL. Donica produkowana jest w standardzie z otworami odp\u0142ywowymi. Waga to :23kg, a wymiary : \u015brednica:80cm , wysoko\u015b\u0107:80cm. Zalecane stosowanie jako donica tarasowa.<\/p>\n<\/div>\n\n\t<\/figcaption>\n<\/figure>\n<\/article>\n\n\n\n<article class=\"post visible description-off product type-product post-50975 status-publish instock product_cat-donice-z-aluminium product_tag-donice-aluminiowe product_tag-donice-balkonowe product_tag-donice-ogrodowe product_tag-donice-tarasowe product_tag-donice-wewnetrzne has-post-thumbnail shipping-taxable purchasable product-type-simple\">\n\n\t<figure class=\"woocom-project\">\n\t<div class=\"woo-buttons-on-img\">\n\n\t\t<a href=\"https:\/\/worldofflowerpots.com\/pl\/sklep\/aluminiowa-smukla-donica-vittorio-2\/\" class=\"alignnone layzr-bg\"><img loading=\"lazy\" decoding=\"async\" width=\"250\" height=\"188\" src=\"data:image\/svg+xml;charset=utf-8,%3Csvg xmlns%3D&#039;http%3A%2F%2Fwww.w3.org%2F2000%2Fsvg&#039; viewBox%3D&#039;0 0 250 188&#039;%2F%3E\" class=\"attachment-woocommerce_thumbnail size-woocommerce_thumbnail lazy-load preload-me\" alt=\"Aluminiowa smuk\u0142a donica Vittorio 2\" data-src=\"https:\/\/worldofflowerpots.com\/wp-content\/uploads\/2019\/01\/Aluminiowa-smuk\u0142a-donica-Vittorio_2-250x188.jpg\" \/><\/a>\t\t\n\n\t<\/div>\n\t<figcaption class=\"woocom-list-content\">\n\n\t\t<div class=\"woocommerce-product-details__short-description\">\n\t<p>Donica aluminiowa Vittorio 2 produkowana jest we wszystkich kolorach palety RAL. Donica produkowana jest w standardzie z otworami odp\u0142ywowymi. Waga to :16kg, a wymiary : d\u0142ugo\u015b\u0107:40cm, szeroko\u015b\u0107:40cm, wysoko\u015b\u0107:100cm. Zalecane stosowanie jako donica tarasowa.<\/p>\n<\/div>\n\n\t<\/figcaption>\n<\/figure>\n<\/article>\n\n\n\n<article class=\"post visible description-off product type-product post-50960 status-publish instock product_cat-donice-z-aluminium product_tag-donice-aluminiowe product_tag-donice-ogrodowe product_tag-donice-tarasowe product_tag-donice-wewnetrzne has-post-thumbnail shipping-taxable purchasable product-type-simple\">\n\n\t<figure class=\"woocom-project\">\n\t<div class=\"woo-buttons-on-img\">\n\n\t\t<a href=\"https:\/\/worldofflowerpots.com\/pl\/sklep\/dlugie-donice-aluminiowe-edoardo-4\/\" class=\"alignnone layzr-bg\"><img loading=\"lazy\" decoding=\"async\" width=\"250\" height=\"188\" src=\"data:image\/svg+xml;charset=utf-8,%3Csvg xmlns%3D&#039;http%3A%2F%2Fwww.w3.org%2F2000%2Fsvg&#039; viewBox%3D&#039;0 0 250 188&#039;%2F%3E\" class=\"attachment-woocommerce_thumbnail size-woocommerce_thumbnail lazy-load preload-me\" alt=\"D\u0142ugie donice aluminiowe Edoardo 4\" data-src=\"https:\/\/worldofflowerpots.com\/wp-content\/uploads\/2019\/01\/D\u0142ugie-donice-aluminiowe-Edoardo_4-250x188.jpg\" \/><\/a>\t\t\n\n\t<\/div>\n\t<figcaption class=\"woocom-list-content\">\n\n\t\t<div class=\"woocommerce-product-details__short-description\">\n\t<p>Donica aluminiowa Edoardo 4 produkowana jest we wszystkich kolorach palety RAL. Donica produkowana jest w standardzie z otworami odp\u0142ywowymi. Waga to: 37kg, a wymiary : d\u0142ugo\u015b\u0107:200cm, szeroko\u015b\u0107:50cm, wysoko\u015b\u0107:60cm. Zalecane stosowanie jako donica tarasowa.<\/p>\n<\/div>\n\n\t<\/figcaption>\n<\/figure>\n<\/article>\n\n\n\n<article class=\"post visible description-off product type-product post-50988 status-publish last instock product_cat-donice-z-wlokna-szklanego-plastiku product_tag-donice-ogrodowe product_tag-donice-tarasowe product_tag-donice-wewnetrzne has-post-thumbnail shipping-taxable purchasable product-type-simple\">\n\n\t<figure class=\"woocom-project\">\n\t<div class=\"woo-buttons-on-img\">\n\n\t\t<a href=\"https:\/\/worldofflowerpots.com\/pl\/sklep\/dlugie-donice-z-wlokna-szklanego-emilio-6\/\" class=\"alignnone layzr-bg\"><img loading=\"lazy\" decoding=\"async\" width=\"250\" height=\"188\" src=\"data:image\/svg+xml;charset=utf-8,%3Csvg xmlns%3D&#039;http%3A%2F%2Fwww.w3.org%2F2000%2Fsvg&#039; viewBox%3D&#039;0 0 250 188&#039;%2F%3E\" class=\"attachment-woocommerce_thumbnail size-woocommerce_thumbnail lazy-load preload-me\" alt=\"D\u0142ugie donice z w\u0142\u00f3kna szklanego Emilio 6\" data-src=\"https:\/\/worldofflowerpots.com\/wp-content\/uploads\/2019\/01\/D\u0142ugie-donice-z-w\u0142\u00f3kna-szklanego-Emilio-6-250x188.jpg\" \/><\/a>\t\t\n\n\t<\/div>\n\t<figcaption class=\"woocom-list-content\">\n\n\t\t<div class=\"woocommerce-product-details__short-description\">\n\t<p>Donica plastikowa z w\u0142\u00f3kna szklanego Emilio 6 z w\u0142\u00f3kna szklanego oraz \u017cywicy do stosowania wewn\u0105trz jako donica lub jako os\u0142onka. Donice dost\u0119pne we wszystkich kolorach palety RAL w wersji matowej i w po\u0142ysku. Donice s\u0105 wyposa\u017cone w otwory odp\u0142ywowe w dnie (na wyra\u017ane \u017cyczenie klienta mo\u017ce zosta\u0107 wykonana bez otworu odp\u0142ywowego), boczne \u015bcianki wy\u0142o\u017cone s\u0105 styropianem. Wymiary donicy: d\u0142ugo\u015b\u0107: 230 cm, szeroko\u015b\u0107: 50 cm, wysoko\u015b\u0107: 40 cm.<\/p>\n<\/div>\n\n\t<\/figcaption>\n<\/figure>\n<\/article>\n\n\n\n<article class=\"post visible description-off product type-product post-50936 status-publish first instock product_cat-donice-z-aluminium product_tag-donice-aluminiowe product_tag-donice-balkonowe product_tag-donice-ogrodowe product_tag-donice-tarasowe product_tag-donice-wewnetrzne has-post-thumbnail shipping-taxable purchasable product-type-simple\">\n\n\t<figure class=\"woocom-project\">\n\t<div class=\"woo-buttons-on-img\">\n\n\t\t<a href=\"https:\/\/worldofflowerpots.com\/pl\/sklep\/donica-aluminiowa-alessio-2\/\" class=\"alignnone layzr-bg\"><img loading=\"lazy\" decoding=\"async\" width=\"250\" height=\"188\" src=\"data:image\/svg+xml;charset=utf-8,%3Csvg xmlns%3D&#039;http%3A%2F%2Fwww.w3.org%2F2000%2Fsvg&#039; viewBox%3D&#039;0 0 250 188&#039;%2F%3E\" class=\"attachment-woocommerce_thumbnail size-woocommerce_thumbnail lazy-load preload-me\" alt=\"Donica aluminiowa Alessio 2\" data-src=\"https:\/\/worldofflowerpots.com\/wp-content\/uploads\/2019\/01\/Donica-aluminiowa-Alessio_2-1-250x188.jpg\" \/><\/a>\t\t\n\n\t<\/div>\n\t<figcaption class=\"woocom-list-content\">\n\n\t\t<div class=\"woocommerce-product-details__short-description\">\n\t<p>Donica aluminiowa Alessio 2 produkowana jest we wszystkich kolorach palety RAL. Donica produkowana jest w standardzie z otworami odp\u0142ywowymi. Waga to :20kg, a wymiary : d\u0142ugo\u015b\u0107:50cm, wysoko\u015b\u0107:50cm, wysoko\u015b\u0107:100cm. Zalecane stosowanie jako donica tarasowa.<\/p>\n<\/div>\n\n\t<\/figcaption>\n<\/figure>\n<\/article>\n\n\n\n<article class=\"post visible description-off product type-product post-50785 status-publish instock product_cat-donice-z-betonu product_tag-donice-betonowe product_tag-donice-ogrodowe has-post-thumbnail shipping-taxable purchasable product-type-simple\">\n\n\t<figure class=\"woocom-project\">\n\t<div class=\"woo-buttons-on-img\">\n\n\t\t<a href=\"https:\/\/worldofflowerpots.com\/pl\/sklep\/donice-betonowe-okragle-rebecca\/\" class=\"alignnone layzr-bg\"><img loading=\"lazy\" decoding=\"async\" width=\"250\" height=\"188\" src=\"data:image\/svg+xml;charset=utf-8,%3Csvg xmlns%3D&#039;http%3A%2F%2Fwww.w3.org%2F2000%2Fsvg&#039; viewBox%3D&#039;0 0 250 188&#039;%2F%3E\" class=\"attachment-woocommerce_thumbnail size-woocommerce_thumbnail lazy-load preload-me\" alt=\"Donice betonowe okr\u0105g\u0142e Rebecca\" data-src=\"https:\/\/worldofflowerpots.com\/wp-content\/uploads\/2019\/01\/donice-betonowe-okr\u0105g\u0142e-Rebecca-250x188.jpg\" \/><img loading=\"lazy\" decoding=\"async\" width=\"250\" height=\"188\" src=\"data:image\/svg+xml;charset=utf-8,%3Csvg xmlns%3D&#039;http%3A%2F%2Fwww.w3.org%2F2000%2Fsvg&#039; viewBox%3D&#039;0 0 250 188&#039;%2F%3E\" class=\"show-on-hover back-image lazy-load preload-me\" alt=\"\" data-src=\"https:\/\/worldofflowerpots.com\/wp-content\/uploads\/2019\/01\/Donica-ogrodowa-betonowa-rebecca-biala-z-polimerobetonu-250x188.jpg\" \/><\/a>\t\t\n\n\t<\/div>\n\t<figcaption class=\"woocom-list-content\">\n\n\t\t<div class=\"woocommerce-product-details__short-description\">\n\t<p>Donica Rebecca z ultra betonu. Wyst\u0119puje w trzech podstawowych kolorach: bia\u0142ym, szarym oraz czarnym. Donica produkowana jest w standardzie z otworem odp\u0142ywowym. Waga donicy to: 75 kg, a wymiary: \u015brednica: 66 cm, wysoko\u015b\u0107: 66,5 cm.<\/p>\n<\/div>\n\n\t<\/figcaption>\n<\/figure>\n<\/article>\n\n\n\n<article class=\"post visible description-off product type-product post-50946 status-publish instock product_cat-donice-z-aluminium product_tag-donice-aluminiowe product_tag-donice-ogrodowe product_tag-donice-tarasowe product_tag-donice-wewnetrzne has-post-thumbnail shipping-taxable purchasable product-type-simple\">\n\n\t<figure class=\"woocom-project\">\n\t<div class=\"woo-buttons-on-img\">\n\n\t\t<a href=\"https:\/\/worldofflowerpots.com\/pl\/sklep\/donice-malowane-proszkowo-alessio-5\/\" class=\"alignnone layzr-bg\"><img loading=\"lazy\" decoding=\"async\" width=\"250\" height=\"188\" src=\"data:image\/svg+xml;charset=utf-8,%3Csvg xmlns%3D&#039;http%3A%2F%2Fwww.w3.org%2F2000%2Fsvg&#039; viewBox%3D&#039;0 0 250 188&#039;%2F%3E\" class=\"attachment-woocommerce_thumbnail size-woocommerce_thumbnail lazy-load preload-me\" alt=\"Donice malowane proszkowo Alessio 5\" data-src=\"https:\/\/worldofflowerpots.com\/wp-content\/uploads\/2019\/01\/Donice-malowane-proszkowo-Alessio_5-1-250x188.jpg\" \/><\/a>\t\t\n\n\t<\/div>\n\t<figcaption class=\"woocom-list-content\">\n\n\t\t<div class=\"woocommerce-product-details__short-description\">\n\t<p>Donica aluminiowa Alessio 5 produkowana jest we wszystkich kolorach palety RAL. Donica produkowana jest w standardzie z otworami odp\u0142ywowymi. Waga to: 38kg, a wymiary : d\u0142ugo\u015b\u0107:100cm, szeroko\u015b\u0107:100cm, wysoko\u015b\u0107:80cm. Zalecane stosowanie jako donica tarasowa.<\/p>\n<\/div>\n\n\t<\/figcaption>\n<\/figure>\n<\/article>\n\n\n\n<article class=\"post visible description-off product type-product post-50814 status-publish last instock product_cat-donice-z-betonu product_tag-donice-balkonowe product_tag-donice-betonowe product_tag-donice-ogrodowe product_tag-donice-tarasowe has-post-thumbnail shipping-taxable purchasable product-type-simple\">\n\n\t<figure class=\"woocom-project\">\n\t<div class=\"woo-buttons-on-img\">\n\n\t\t<a href=\"https:\/\/worldofflowerpots.com\/pl\/sklep\/donice-ogrodowe-cristina\/\" class=\"alignnone layzr-bg\"><img loading=\"lazy\" decoding=\"async\" width=\"250\" height=\"188\" src=\"data:image\/svg+xml;charset=utf-8,%3Csvg xmlns%3D&#039;http%3A%2F%2Fwww.w3.org%2F2000%2Fsvg&#039; viewBox%3D&#039;0 0 250 188&#039;%2F%3E\" class=\"attachment-woocommerce_thumbnail size-woocommerce_thumbnail lazy-load preload-me\" alt=\"Donice ogrodowe Cristina\" data-src=\"https:\/\/worldofflowerpots.com\/wp-content\/uploads\/2019\/01\/donice-ogrodowe-Cristina-czarny-2-250x188.jpg\" \/><img loading=\"lazy\" decoding=\"async\" width=\"250\" height=\"188\" src=\"data:image\/svg+xml;charset=utf-8,%3Csvg xmlns%3D&#039;http%3A%2F%2Fwww.w3.org%2F2000%2Fsvg&#039; viewBox%3D&#039;0 0 250 188&#039;%2F%3E\" class=\"show-on-hover back-image lazy-load preload-me\" alt=\"\" data-src=\"https:\/\/worldofflowerpots.com\/wp-content\/uploads\/2019\/01\/donice-ogrodowe-Cristina-bia\u0142y-250x188.jpg\" \/><\/a>\t\t\n\n\t<\/div>\n\t<figcaption class=\"woocom-list-content\">\n\n\t\t<div class=\"woocommerce-product-details__short-description\">\n\t<p>Donica Cristina z betonu (ultra betonu). Wyst\u0119puje w trzech podstawowych kolorach: bia\u0142ym, szarym oraz czarnym. Donica produkowana jest w standardzie z otworami odp\u0142ywowymi. Waga donicy to: 80 kg, a wymiary: d\u0142ugo\u015b\u0107: 50 cm, szeroko\u015b\u0107: 50 cm, wysoko\u015b\u0107: 50 cm.<\/p>\n<\/div>\n\n\t<\/figcaption>\n<\/figure>\n<\/article>\n\n\n\n<article class=\"post visible description-off product type-product post-50749 status-publish first instock product_cat-donice-ze-stali-corten product_tag-donice-ogrodowe product_tag-donice-z-cortenu product_tag-donice-z-efektem-rdzy has-post-thumbnail shipping-taxable purchasable product-type-simple\">\n\n\t<figure class=\"woocom-project\">\n\t<div class=\"woo-buttons-on-img\">\n\n\t\t<a href=\"https:\/\/worldofflowerpots.com\/pl\/sklep\/donice-zewnetrzne-duze-z-cortenu-vaso-7\/\" class=\"alignnone layzr-bg\"><img loading=\"lazy\" decoding=\"async\" width=\"250\" height=\"188\" src=\"data:image\/svg+xml;charset=utf-8,%3Csvg xmlns%3D&#039;http%3A%2F%2Fwww.w3.org%2F2000%2Fsvg&#039; viewBox%3D&#039;0 0 250 188&#039;%2F%3E\" class=\"attachment-woocommerce_thumbnail size-woocommerce_thumbnail lazy-load preload-me\" alt=\"Donice zewn\u0119trzne du\u017ce z cortenu Vaso 7\" data-src=\"https:\/\/worldofflowerpots.com\/wp-content\/uploads\/2019\/01\/Donice-zewn\u0119trzne-du\u017ce-Vaso_7-250x188.jpg\" \/><\/a>\t\t\n\n\t<\/div>\n\t<figcaption class=\"woocom-list-content\">\n\n\t\t<div class=\"woocommerce-product-details__short-description\">\n\t<p>Donica Vaso 7 z blachy cortenowej o grubo\u015bci 2mm. W dnie posiada otwory odp\u0142ywowe, natomiast jej \u015bcianki ocieplone s\u0105 styropianem o grubo\u015bci 2cm. Wymiary donicy: \u015brednica: 85cm,\u00a0 wysoko\u015b\u0107: 95cm.<\/p>\n<\/div>\n\n\t<\/figcaption>\n<\/figure>\n<\/article>\n\n\n\n<article class=\"post visible description-off product type-product post-50827 status-publish instock product_cat-donice-z-betonu product_tag-donice-betonowe product_tag-donice-ogrodowe has-post-thumbnail shipping-taxable purchasable product-type-simple\">\n\n\t<figure class=\"woocom-project\">\n\t<div class=\"woo-buttons-on-img\">\n\n\t\t<a href=\"https:\/\/worldofflowerpots.com\/pl\/sklep\/doniczki-betonowe-la-piccola\/\" class=\"alignnone layzr-bg\"><img loading=\"lazy\" decoding=\"async\" width=\"250\" height=\"188\" src=\"data:image\/svg+xml;charset=utf-8,%3Csvg xmlns%3D&#039;http%3A%2F%2Fwww.w3.org%2F2000%2Fsvg&#039; viewBox%3D&#039;0 0 250 188&#039;%2F%3E\" class=\"attachment-woocommerce_thumbnail size-woocommerce_thumbnail lazy-load preload-me\" alt=\"Doniczki betonowe La Piccola\" data-src=\"https:\/\/worldofflowerpots.com\/wp-content\/uploads\/2019\/01\/doniczki-betonowe-La-Piccola-2-250x188.jpg\" \/><\/a>\t\t\n\n\t<\/div>\n\t<figcaption class=\"woocom-list-content\">\n\n\t\t<div class=\"woocommerce-product-details__short-description\">\n\t<p>Donica La Piccola z betonu (ultra betonu). Wyst\u0119puje w trzech podstawowych kolorach : bia\u0142ym, szarym oraz czarnym. Donica produkowana jest w standardzie z otworami odp\u0142ywowymi. Waga donicy to 68 kg, a wymiary : \u015brednica: 58 cm, Wysoko\u015b\u0107: 48 cm.<\/p>\n<\/div>\n\n\t<\/figcaption>\n<\/figure>\n<\/article>\n\n\n\n<article class=\"post visible description-off product type-product post-50753 status-publish instock product_cat-donice-ze-stali-corten product_tag-donice-ogrodowe product_tag-donice-z-cortenu product_tag-donice-z-efektem-rdzy has-post-thumbnail shipping-taxable purchasable product-type-simple\">\n\n\t<figure class=\"woocom-project\">\n\t<div class=\"woo-buttons-on-img\">\n\n\t\t<a href=\"https:\/\/worldofflowerpots.com\/pl\/sklep\/duza-okragla-donica-z-cortenu-vaso-3\/\" class=\"alignnone layzr-bg\"><img loading=\"lazy\" decoding=\"async\" width=\"250\" height=\"188\" src=\"data:image\/svg+xml;charset=utf-8,%3Csvg xmlns%3D&#039;http%3A%2F%2Fwww.w3.org%2F2000%2Fsvg&#039; viewBox%3D&#039;0 0 250 188&#039;%2F%3E\" class=\"attachment-woocommerce_thumbnail size-woocommerce_thumbnail lazy-load preload-me\" alt=\"Du\u017ca okr\u0105g\u0142a donica z cortenu Vaso 3\" data-src=\"https:\/\/worldofflowerpots.com\/wp-content\/uploads\/2019\/01\/Du\u017ca-okr\u0105g\u0142a-donica-z-cortenu-Vaso_3-250x188.jpg\" \/><\/a>\t\t\n\n\t<\/div>\n\t<figcaption class=\"woocom-list-content\">\n\n\t\t<div class=\"woocommerce-product-details__short-description\">\n\t<p>Donica Vaso 3\u00a0 z blachy cortenowej o grubo\u015bci 2 mm. W dnie posiada otwory odp\u0142ywowe, natomiast jej \u015bcianki ocieplone s\u0105 styropianem o grubo\u015bci 2 cm. Wymiary donicy: \u015brednica: 95 cm,\u00a0 wysoko\u015b\u0107: 100 cm.<\/p>\n<\/div>\n\n\t<\/figcaption>\n<\/figure>\n<\/article>\n\n\n\n<article class=\"post visible description-off product type-product post-50964 status-publish last instock product_cat-donice-z-aluminium product_tag-donice-aluminiowe product_tag-donice-ogrodowe product_tag-donice-tarasowe product_tag-donice-wewnetrzne has-post-thumbnail shipping-taxable purchasable product-type-simple\">\n\n\t<figure class=\"woocom-project\">\n\t<div class=\"woo-buttons-on-img\">\n\n\t\t<a href=\"https:\/\/worldofflowerpots.com\/pl\/sklep\/duza-stozkowa-donica-z-aluminium-silvestro-3\/\" class=\"alignnone layzr-bg\"><img loading=\"lazy\" decoding=\"async\" width=\"250\" height=\"188\" src=\"data:image\/svg+xml;charset=utf-8,%3Csvg xmlns%3D&#039;http%3A%2F%2Fwww.w3.org%2F2000%2Fsvg&#039; viewBox%3D&#039;0 0 250 188&#039;%2F%3E\" class=\"attachment-woocommerce_thumbnail size-woocommerce_thumbnail lazy-load preload-me\" alt=\"Du\u017ca sto\u017ckowa donica z aluminium Silvestro 3\" data-src=\"https:\/\/worldofflowerpots.com\/wp-content\/uploads\/2019\/01\/Du\u017ca-sto\u017ckowa-donica-z-aluminium-Silvestro_3-1-250x188.jpg\" \/><\/a>\t\t\n\n\t<\/div>\n\t<figcaption class=\"woocom-list-content\">\n\n\t\t<div class=\"woocommerce-product-details__short-description\">\n\t<p>Donica aluminiowa Silvestro 3 produkowana jest we wszystkich kolorach palety RAL. Donica produkowana jest w standardzie z otworami odp\u0142ywowymi. Waga to :31kg, a wymiary : \u015brednica:100cm , wysoko\u015b\u0107:100cm. Zalecane stosowanie jako donica tarasowa.<\/p>\n<\/div>\n\n\t<\/figcaption>\n<\/figure>\n<\/article>\n\n\n\n<article class=\"post visible description-off product type-product post-50876 status-publish first instock product_cat-donice-z-wlokna-szklanego-plastiku product_tag-donice-wewnetrzne has-post-thumbnail shipping-taxable purchasable product-type-simple\">\n\n\t<figure class=\"woocom-project\">\n\t<div class=\"woo-buttons-on-img\">\n\n\t\t<a href=\"https:\/\/worldofflowerpots.com\/pl\/sklep\/duze-plastikowe-donice-marco-10\/\" class=\"alignnone layzr-bg\"><img loading=\"lazy\" decoding=\"async\" width=\"250\" height=\"188\" src=\"data:image\/svg+xml;charset=utf-8,%3Csvg xmlns%3D&#039;http%3A%2F%2Fwww.w3.org%2F2000%2Fsvg&#039; viewBox%3D&#039;0 0 250 188&#039;%2F%3E\" class=\"attachment-woocommerce_thumbnail size-woocommerce_thumbnail lazy-load preload-me\" alt=\"Du\u017ce plastikowe donice Marco 10\" data-src=\"https:\/\/worldofflowerpots.com\/wp-content\/uploads\/2019\/01\/Du\u017ce-plastikowe-donice-Marco-10-250x188.jpg\" \/><\/a>\t\t\n\n\t<\/div>\n\t<figcaption class=\"woocom-list-content\">\n\n\t\t<div class=\"woocommerce-product-details__short-description\">\n\t<p>Donica plastikowa z w\u0142\u00f3kna szklanego Marco 10 z w\u0142\u00f3kna szklanego oraz \u017cywicy do stosowania wewn\u0105trz jako donica lub jako os\u0142onka. Donice dost\u0119pne we wszystkich kolorach palety RAL w wersji matowej i w po\u0142ysku. Donice s\u0105 wyposa\u017cone w otwory odp\u0142ywowe w dnie (na wyra\u017ane \u017cyczenie klienta mo\u017ce zosta\u0107 wykonana bez otworu odp\u0142ywowego), boczne \u015bcianki wy\u0142o\u017cone s\u0105 styropianem. Wymiary donicy: d\u0142ugo\u015b\u0107: 120 cm, szeroko\u015b\u0107: 120 cm, wysoko\u015b\u0107: 80 cm.<\/p>\n<\/div>\n\n\t<\/figcaption>\n<\/figure>\n<\/article>\n\n\n\n<article class=\"post visible description-off product type-product post-50935 status-publish instock product_cat-donice-z-aluminium product_tag-donice-aluminiowe product_tag-donice-balkonowe product_tag-donice-ogrodowe product_tag-donice-tarasowe product_tag-donice-wewnetrzne has-post-thumbnail shipping-taxable purchasable product-type-simple\">\n\n\t<figure class=\"woocom-project\">\n\t<div class=\"woo-buttons-on-img\">\n\n\t\t<a href=\"https:\/\/worldofflowerpots.com\/pl\/sklep\/kwadratowa-donica-aluminiowa-alessio-1\/\" class=\"alignnone layzr-bg\"><img loading=\"lazy\" decoding=\"async\" width=\"250\" height=\"188\" src=\"data:image\/svg+xml;charset=utf-8,%3Csvg xmlns%3D&#039;http%3A%2F%2Fwww.w3.org%2F2000%2Fsvg&#039; viewBox%3D&#039;0 0 250 188&#039;%2F%3E\" class=\"attachment-woocommerce_thumbnail size-woocommerce_thumbnail lazy-load preload-me\" alt=\"Kwadratowa donica aluminiowa Alessio 1\" data-src=\"https:\/\/worldofflowerpots.com\/wp-content\/uploads\/2019\/01\/Donica-aluminiowa-Alessio_2-1-250x188.jpg\" \/><\/a>\t\t\n\n\t<\/div>\n\t<figcaption class=\"woocom-list-content\">\n\n\t\t<div class=\"woocommerce-product-details__short-description\">\n\t<p>Donica aluminiowa Alessio 1 produkowana jest we wszystkich kolorach palety RAL. Donica produkowana jest w standardzie z otworami odp\u0142ywowymi. Waga to :12kg, a wymiary : d\u0142ugo\u015b\u0107:50cm, wysoko\u015b\u0107:50cm, wysoko\u015b\u0107:50cm. Zalecane stosowanie jako donica tarasowa.<\/p>\n<\/div>\n\n\t<\/figcaption>\n<\/figure>\n<\/article>\n\n\n\n<article class=\"post visible description-off product type-product post-50947 status-publish instock product_cat-donice-z-aluminium product_tag-donice-aluminiowe product_tag-donice-ogrodowe product_tag-donice-wewnetrzne has-post-thumbnail shipping-taxable purchasable product-type-simple\">\n\n\t<figure class=\"woocom-project\">\n\t<div class=\"woo-buttons-on-img\">\n\n\t\t<a href=\"https:\/\/worldofflowerpots.com\/pl\/sklep\/metrowa-donica-aluminiowa-alessio-6\/\" class=\"alignnone layzr-bg\"><img loading=\"lazy\" decoding=\"async\" width=\"250\" height=\"188\" src=\"data:image\/svg+xml;charset=utf-8,%3Csvg xmlns%3D&#039;http%3A%2F%2Fwww.w3.org%2F2000%2Fsvg&#039; viewBox%3D&#039;0 0 250 188&#039;%2F%3E\" class=\"attachment-woocommerce_thumbnail size-woocommerce_thumbnail lazy-load preload-me\" alt=\"Metrowa donica aluminiowa Alessio 6\" data-src=\"https:\/\/worldofflowerpots.com\/wp-content\/uploads\/2019\/01\/Metrowa-donica-aluminiowa-Alessio_6-1-250x188.jpg\" \/><\/a>\t\t\n\n\t<\/div>\n\t<figcaption class=\"woocom-list-content\">\n\n\t\t<div class=\"woocommerce-product-details__short-description\">\n\t<p>Donica aluminiowa Alessio 6 produkowana jest we wszystkich kolorach palety RAL. Donica produkowana jest w standardzie z otworami odp\u0142ywowymi. Waga to: 45kg, a wymiary : d\u0142ugo\u015b\u0107:100cm, szeroko\u015b\u0107:100cm, wysoko\u015b\u0107:100cm. Zalecane stosowanie jako donica tarasowa.<\/p>\n<\/div>\n\n\t<\/figcaption>\n<\/figure>\n<\/article>\n\n\n\n<article class=\"post visible description-off product type-product post-50972 status-publish last instock product_cat-donice-z-aluminium product_tag-donice-aluminiowe product_tag-donice-balkonowe product_tag-donice-ogrodowe product_tag-donice-tarasowe product_tag-donice-wewnetrzne has-post-thumbnail shipping-taxable purchasable product-type-simple\">\n\n\t<figure class=\"woocom-project\">\n\t<div class=\"woo-buttons-on-img\">\n\n\t\t<a href=\"https:\/\/worldofflowerpots.com\/pl\/sklep\/okragle-donice-aluminiowe-tiziano-2\/\" class=\"alignnone layzr-bg\"><img loading=\"lazy\" decoding=\"async\" width=\"250\" height=\"188\" src=\"data:image\/svg+xml;charset=utf-8,%3Csvg xmlns%3D&#039;http%3A%2F%2Fwww.w3.org%2F2000%2Fsvg&#039; viewBox%3D&#039;0 0 250 188&#039;%2F%3E\" class=\"attachment-woocommerce_thumbnail size-woocommerce_thumbnail lazy-load preload-me\" alt=\"Okr\u0105g\u0142e donice aluminiowe Tiziano 2\" data-src=\"https:\/\/worldofflowerpots.com\/wp-content\/uploads\/2019\/01\/Okr\u0105g\u0142e-donice-aluminiowe-Tiziano_2-250x188.jpg\" \/><\/a>\t\t\n\n\t<\/div>\n\t<figcaption class=\"woocom-list-content\">\n\n\t\t<div class=\"woocommerce-product-details__short-description\">\n\t<p>Donica aluminiowa Tiziano 2 produkowana jest we wszystkich kolorach palety RAL. Donica produkowana jest w standardzie z otworami odp\u0142ywowymi. Waga to : 24 kg, a wymiary: \u015brednica: 80 cm,\u00a0 wysoko\u015b\u0107: 80 cm. Zalecane stosowanie jako donica tarasowa.<\/p>\n<\/div>\n\n\t<\/figcaption>\n<\/figure>\n<\/article>\n\n\n\n<article class=\"post visible description-off product type-product post-50950 status-publish first instock product_cat-donice-z-aluminium product_tag-donice-aluminiowe product_tag-donice-balkonowe product_tag-donice-ogrodowe product_tag-donice-tarasowe product_tag-donice-wewnetrzne has-post-thumbnail shipping-taxable purchasable product-type-simple\">\n\n\t<figure class=\"woocom-project\">\n\t<div class=\"woo-buttons-on-img\">\n\n\t\t<a href=\"https:\/\/worldofflowerpots.com\/pl\/sklep\/prostokatna-donica-aluminiowa-edoardo-1\/\" class=\"alignnone layzr-bg\"><img loading=\"lazy\" decoding=\"async\" width=\"250\" height=\"188\" src=\"data:image\/svg+xml;charset=utf-8,%3Csvg xmlns%3D&#039;http%3A%2F%2Fwww.w3.org%2F2000%2Fsvg&#039; viewBox%3D&#039;0 0 250 188&#039;%2F%3E\" class=\"attachment-woocommerce_thumbnail size-woocommerce_thumbnail lazy-load preload-me\" alt=\"Prostok\u0105tna donica aluminiowa Edoardo 1\" data-src=\"https:\/\/worldofflowerpots.com\/wp-content\/uploads\/2019\/01\/Prostok\u0105tna-donica-aluminiowa-Edoardo_1-1-250x188.jpg\" \/><\/a>\t\t\n\n\t<\/div>\n\t<figcaption class=\"woocom-list-content\">\n\n\t\t<div class=\"woocommerce-product-details__short-description\">\n\t<p>Donica aluminiowa Edoardo 1 produkowana jest we wszystkich kolorach palety RAL. Donica produkowana jest w standardzie z otworami odp\u0142ywowymi. Waga to: 20kg, a wymiary : d\u0142ugo\u015b\u0107:90cm, szeroko\u015b\u0107:30cm, wysoko\u015b\u0107:80cm. Zalecane stosowanie jako donica tarasowa.<\/p>\n<\/div>\n\n\t<\/figcaption>\n<\/figure>\n<\/article>\n\n\n\n<article class=\"post visible description-off product type-product post-50961 status-publish instock product_cat-donice-z-aluminium product_tag-donice-aluminiowe product_tag-donice-balkonowe product_tag-donice-ogrodowe product_tag-donice-tarasowe product_tag-donice-wewnetrzne has-post-thumbnail shipping-taxable purchasable product-type-simple\">\n\n\t<figure class=\"woocom-project\">\n\t<div class=\"woo-buttons-on-img\">\n\n\t\t<a href=\"https:\/\/worldofflowerpots.com\/pl\/sklep\/prostokatne-donice-malowane-proszkowo-edoardo-5\/\" class=\"alignnone layzr-bg\"><img loading=\"lazy\" decoding=\"async\" width=\"250\" height=\"188\" src=\"data:image\/svg+xml;charset=utf-8,%3Csvg xmlns%3D&#039;http%3A%2F%2Fwww.w3.org%2F2000%2Fsvg&#039; viewBox%3D&#039;0 0 250 188&#039;%2F%3E\" class=\"attachment-woocommerce_thumbnail size-woocommerce_thumbnail lazy-load preload-me\" alt=\"Prostok\u0105tne donice malowane proszkowo Edoardo 5\" data-src=\"https:\/\/worldofflowerpots.com\/wp-content\/uploads\/2019\/01\/Prostok\u0105tne-donice-malowane-proszkowo-Edoard_5-250x188.jpg\" \/><\/a>\t\t\n\n\t<\/div>\n\t<figcaption class=\"woocom-list-content\">\n\n\t\t<div class=\"woocommerce-product-details__short-description\">\n\t<p>Donica aluminiowa Edoardo 5 produkowana jest we wszystkich kolorach palety RAL. Donica produkowana jest w standardzie z otworami odp\u0142ywowymi. Waga to :50kg, a wymiary : d\u0142ugo\u015b\u0107:150cm, szeroko\u015b\u0107:50cm, wysoko\u015b\u0107:80cm. Zalecane stosowanie jako donica tarasowa.<\/p>\n<\/div>\n\n\t<\/figcaption>\n<\/figure>\n<\/article>\n\n\n\n<article class=\"post visible description-off product type-product post-50959 status-publish instock product_cat-donice-z-aluminium product_tag-donice-aluminiowe product_tag-donice-balkonowe product_tag-donice-ogrodowe product_tag-donice-tarasowe product_tag-donice-wewnetrzne has-post-thumbnail shipping-taxable purchasable product-type-simple\">\n\n\t<figure class=\"woocom-project\">\n\t<div class=\"woo-buttons-on-img\">\n\n\t\t<a href=\"https:\/\/worldofflowerpots.com\/pl\/sklep\/prostokatne-donice-z-blachy-aluminiowej-edoardo-3\/\" class=\"alignnone layzr-bg\"><img loading=\"lazy\" decoding=\"async\" width=\"250\" height=\"188\" src=\"data:image\/svg+xml;charset=utf-8,%3Csvg xmlns%3D&#039;http%3A%2F%2Fwww.w3.org%2F2000%2Fsvg&#039; viewBox%3D&#039;0 0 250 188&#039;%2F%3E\" class=\"attachment-woocommerce_thumbnail size-woocommerce_thumbnail lazy-load preload-me\" alt=\"Prostok\u0105tne donice z blachy aluminiowej Edoardo 3\" data-src=\"https:\/\/worldofflowerpots.com\/wp-content\/uploads\/2019\/01\/Prostok\u0105tne-donice-z-blachy-aluminiowej-Edoardo_3-1-250x188.jpg\" \/><\/a>\t\t\n\n\t<\/div>\n\t<figcaption class=\"woocom-list-content\">\n\n\t\t<div class=\"woocommerce-product-details__short-description\">\n\t<p>Donica aluminiowa Edoardo 3 produkowana jest we wszystkich kolorach palety RAL. Donica produkowana jest w standardzie z otworami odp\u0142ywowymi. Waga to: 29kg, a wymiary : d\u0142ugo\u015b\u0107:150m, szeroko\u015b\u0107:50cm, wysoko\u015b\u0107:60cm. Zalecane stosowanie jako donica tarasowa.<\/p>\n<\/div>\n\n\t<\/figcaption>\n<\/figure>\n<\/article>\n\n\n\n<article class=\"post visible description-off product type-product post-50976 status-publish last instock product_cat-donice-z-aluminium product_tag-donice-aluminiowe product_tag-donice-balkonowe product_tag-donice-ogrodowe product_tag-donice-tarasowe product_tag-donice-wewnetrzne has-post-thumbnail shipping-taxable purchasable product-type-simple\">\n\n\t<figure class=\"woocom-project\">\n\t<div class=\"woo-buttons-on-img\">\n\n\t\t<a href=\"https:\/\/worldofflowerpots.com\/pl\/sklep\/smukla-donica-aluminiowa-vittorio-3\/\" class=\"alignnone layzr-bg\"><img loading=\"lazy\" decoding=\"async\" width=\"250\" height=\"188\" src=\"data:image\/svg+xml;charset=utf-8,%3Csvg xmlns%3D&#039;http%3A%2F%2Fwww.w3.org%2F2000%2Fsvg&#039; viewBox%3D&#039;0 0 250 188&#039;%2F%3E\" class=\"attachment-woocommerce_thumbnail size-woocommerce_thumbnail lazy-load preload-me\" alt=\"Smuk\u0142a donica aluminiowa Vittorio 3\" data-src=\"https:\/\/worldofflowerpots.com\/wp-content\/uploads\/2019\/01\/Smuk\u0142a-donica-aluminiowa-Vittorio_3-250x188.jpg\" \/><\/a>\t\t\n\n\t<\/div>\n\t<figcaption class=\"woocom-list-content\">\n\n\t\t<div class=\"woocommerce-product-details__short-description\">\n\t<p>Donica aluminiowa Vittorio 3 produkowana jest we wszystkich kolorach palety RAL. Donica produkowana jest w standardzie z otworami odp\u0142ywowymi. Waga to :20kg, a wymiary : d\u0142ugo\u015b\u0107:50cm, wysoko\u015b\u0107:50cm, wysoko\u015b\u0107:100cm. Zalecane stosowanie jako donica tarasowa.<\/p>\n<\/div>\n\n\t<\/figcaption>\n<\/figure>\n<\/article>\n\n\n\n<article class=\"post visible description-off product type-product post-50974 status-publish first instock product_cat-donice-z-aluminium product_tag-donice-aluminiowe product_tag-donice-balkonowe product_tag-donice-ogrodowe product_tag-donice-tarasowe product_tag-donice-wewnetrzne has-post-thumbnail shipping-taxable purchasable product-type-simple\">\n\n\t<figure class=\"woocom-project\">\n\t<div class=\"woo-buttons-on-img\">\n\n\t\t<a href=\"https:\/\/worldofflowerpots.com\/pl\/sklep\/waska-donica-aluminiowa-vittorio-1\/\" class=\"alignnone layzr-bg\"><img loading=\"lazy\" decoding=\"async\" width=\"250\" height=\"188\" src=\"data:image\/svg+xml;charset=utf-8,%3Csvg xmlns%3D&#039;http%3A%2F%2Fwww.w3.org%2F2000%2Fsvg&#039; viewBox%3D&#039;0 0 250 188&#039;%2F%3E\" class=\"attachment-woocommerce_thumbnail size-woocommerce_thumbnail lazy-load preload-me\" alt=\"W\u0105ska donica aluminiowa Vittorio 1\" data-src=\"https:\/\/worldofflowerpots.com\/wp-content\/uploads\/2019\/01\/W\u0105ska-donica-aluminiowa-Vittorio_1-250x188.jpg\" \/><\/a>\t\t\n\n\t<\/div>\n\t<figcaption class=\"woocom-list-content\">\n\n\t\t<div class=\"woocommerce-product-details__short-description\">\n\t<p>Donica aluminiowa Vittorio 1 produkowana jest we wszystkich kolorach palety RAL. Donica produkowana jest w standardzie z otworami odp\u0142ywowymi. Waga to :13kg, a wymiary : d\u0142ugo\u015b\u0107:40cm, wysoko\u015b\u0107:40cm, wysoko\u015b\u0107:80cm. Zalecane stosowanie jako donica tarasowa.<\/p>\n<\/div>\n\n\t<\/figcaption>\n<\/figure>\n<\/article>\n\n<\/div><\/div>[\/vc_column][\/vc_row]<\/p>\n","protected":false},"excerpt":{"rendered":"<p>[vc_row bg_type=&#8221;image&#8221; parallax_style=&#8221;vcpb-default&#8221; bg_image_new=&#8221;id^50374|url^https:\/\/worldofflowerpots.com\/wp-content\/uploads\/2019\/01\/Donice-betonowe-z-polimerobetonu-na-balkonie.jpg|caption^null|alt^null|title^Donice-betonowe-z-polimerobetonu-na-balkonie|description^null&#8221; bg_image_repeat=&#8221;no-repeat&#8221; bg_override=&#8221;ex-full&#8221; enable_overlay=&#8221;enable_overlay_value&#8221; overlay_color=&#8221;rgba(0,0,0,0.2)&#8221; css=&#8221;.vc_custom_1549234539230{padding-top: 150px !important;padding-bottom: 150px !important;}&#8221;][vc_column offset=&#8221;vc_col-lg-offset-1 vc_col-lg-10 vc_col-md-offset-1 vc_col-md-10&#8243;][\/vc_column][\/vc_row][vc_row css=&#8221;.vc_custom_1548698054848{border-bottom-width: 1px !important;padding-top: 40px !important;padding-bottom: 20px !important;border-bottom-color: #ededed !important;border-bottom-style: solid !important;}&#8221;][vc_column css=&#8221;.vc_custom_1548516273032{padding-bottom: 30px !important;}&#8221; offset=&#8221;vc_col-lg-offset-1 vc_col-lg-10 vc_col-md-offset-1 vc_col-md-10&#8243;][\/vc_column][vc_column css=&#8221;.vc_custom_1545305019274{padding-bottom: 30px !important;}&#8221;][\/vc_column][\/vc_row]<\/p>\n","protected":false},"author":1,"featured_media":0,"parent":0,"menu_order":0,"comment_status":"closed","ping_status":"closed","template":"","meta":{"_acf_changed":false},"class_list":["post-50373","page","type-page","status-publish","hentry","description-off"],"acf":[],"yoast_head":"<!-- This site is optimized with the Yoast SEO plugin v27.5 - https:\/\/yoast.com\/product\/yoast-seo-wordpress\/ -->\n<title>Donice na taras i balkon - du\u017ce | Donice World of Flowerpots<\/title>\n<meta name=\"description\" content=\"Donice to ogr\u00f3d na balkonie czy tarasie. Wielki wyb\u00f3r donic z r\u00f3\u017cnych materia\u0142\u00f3w. od aluminium do betonu. W r\u00f3\u017cnych rozmiarach\" \/>\n<meta name=\"robots\" content=\"index, follow, max-snippet:-1, max-image-preview:large, max-video-preview:-1\" \/>\n<link rel=\"canonical\" href=\"https:\/\/worldofflowerpots.com\/donice-na-taras-i-balkon\/\" \/>\n<meta property=\"og:locale\" content=\"pl_PL\" \/>\n<meta property=\"og:type\" content=\"article\" \/>\n<meta property=\"og:title\" content=\"Donice na taras i balkon - du\u017ce | Donice World of Flowerpots\" \/>\n<meta property=\"og:description\" content=\"Donice to ogr\u00f3d na balkonie czy tarasie. Wielki wyb\u00f3r donic z r\u00f3\u017cnych materia\u0142\u00f3w. od aluminium do betonu. W r\u00f3\u017cnych rozmiarach\" \/>\n<meta property=\"og:url\" content=\"https:\/\/worldofflowerpots.com\/donice-na-taras-i-balkon\/\" \/>\n<meta property=\"og:site_name\" content=\"World of Flowerpots\" \/>\n<meta property=\"article:modified_time\" content=\"2019-04-17T13:58:34+00:00\" \/>\n<meta name=\"twitter:card\" content=\"summary_large_image\" \/>\n<meta name=\"twitter:label1\" content=\"Szacowany czas czytania\" \/>\n\t<meta name=\"twitter:data1\" content=\"2 minuty\" \/>\n<script type=\"application\/ld+json\" class=\"yoast-schema-graph\">{\"@context\":\"https:\\\/\\\/schema.org\",\"@graph\":[{\"@type\":\"WebPage\",\"@id\":\"https:\\\/\\\/worldofflowerpots.com\\\/donice-na-taras-i-balkon\\\/\",\"url\":\"https:\\\/\\\/worldofflowerpots.com\\\/donice-na-taras-i-balkon\\\/\",\"name\":\"Donice na taras i balkon - du\u017ce | Donice World of Flowerpots\",\"isPartOf\":{\"@id\":\"https:\\\/\\\/worldofflowerpots.com\\\/#website\"},\"datePublished\":\"2019-01-13T20:04:58+00:00\",\"dateModified\":\"2019-04-17T13:58:34+00:00\",\"description\":\"Donice to ogr\u00f3d na balkonie czy tarasie. Wielki wyb\u00f3r donic z r\u00f3\u017cnych materia\u0142\u00f3w. od aluminium do betonu. W r\u00f3\u017cnych rozmiarach\",\"breadcrumb\":{\"@id\":\"https:\\\/\\\/worldofflowerpots.com\\\/donice-na-taras-i-balkon\\\/#breadcrumb\"},\"inLanguage\":\"pl-PL\",\"potentialAction\":[{\"@type\":\"ReadAction\",\"target\":[\"https:\\\/\\\/worldofflowerpots.com\\\/donice-na-taras-i-balkon\\\/\"]}]},{\"@type\":\"BreadcrumbList\",\"@id\":\"https:\\\/\\\/worldofflowerpots.com\\\/donice-na-taras-i-balkon\\\/#breadcrumb\",\"itemListElement\":[{\"@type\":\"ListItem\",\"position\":1,\"name\":\"Strona g\u0142\u00f3wna\",\"item\":\"https:\\\/\\\/worldofflowerpots.com\\\/\"},{\"@type\":\"ListItem\",\"position\":2,\"name\":\"Donice na taras i balkon\"}]},{\"@type\":\"WebSite\",\"@id\":\"https:\\\/\\\/worldofflowerpots.com\\\/#website\",\"url\":\"https:\\\/\\\/worldofflowerpots.com\\\/\",\"name\":\"World of Flowerpots\",\"description\":\"producent donic ozdobnych\",\"potentialAction\":[{\"@type\":\"SearchAction\",\"target\":{\"@type\":\"EntryPoint\",\"urlTemplate\":\"https:\\\/\\\/worldofflowerpots.com\\\/?s={search_term_string}\"},\"query-input\":{\"@type\":\"PropertyValueSpecification\",\"valueRequired\":true,\"valueName\":\"search_term_string\"}}],\"inLanguage\":\"pl-PL\"}]}<\/script>\n<!-- \/ Yoast SEO plugin. -->","yoast_head_json":{"title":"Donice na taras i balkon - du\u017ce | Donice World of Flowerpots","description":"Donice to ogr\u00f3d na balkonie czy tarasie. Wielki wyb\u00f3r donic z r\u00f3\u017cnych materia\u0142\u00f3w. od aluminium do betonu. W r\u00f3\u017cnych rozmiarach","robots":{"index":"index","follow":"follow","max-snippet":"max-snippet:-1","max-image-preview":"max-image-preview:large","max-video-preview":"max-video-preview:-1"},"canonical":"https:\/\/worldofflowerpots.com\/donice-na-taras-i-balkon\/","og_locale":"pl_PL","og_type":"article","og_title":"Donice na taras i balkon - du\u017ce | Donice World of Flowerpots","og_description":"Donice to ogr\u00f3d na balkonie czy tarasie. Wielki wyb\u00f3r donic z r\u00f3\u017cnych materia\u0142\u00f3w. od aluminium do betonu. W r\u00f3\u017cnych rozmiarach","og_url":"https:\/\/worldofflowerpots.com\/donice-na-taras-i-balkon\/","og_site_name":"World of Flowerpots","article_modified_time":"2019-04-17T13:58:34+00:00","twitter_card":"summary_large_image","twitter_misc":{"Szacowany czas czytania":"2 minuty"},"schema":{"@context":"https:\/\/schema.org","@graph":[{"@type":"WebPage","@id":"https:\/\/worldofflowerpots.com\/donice-na-taras-i-balkon\/","url":"https:\/\/worldofflowerpots.com\/donice-na-taras-i-balkon\/","name":"Donice na taras i balkon - du\u017ce | Donice World of Flowerpots","isPartOf":{"@id":"https:\/\/worldofflowerpots.com\/#website"},"datePublished":"2019-01-13T20:04:58+00:00","dateModified":"2019-04-17T13:58:34+00:00","description":"Donice to ogr\u00f3d na balkonie czy tarasie. Wielki wyb\u00f3r donic z r\u00f3\u017cnych materia\u0142\u00f3w. od aluminium do betonu. W r\u00f3\u017cnych rozmiarach","breadcrumb":{"@id":"https:\/\/worldofflowerpots.com\/donice-na-taras-i-balkon\/#breadcrumb"},"inLanguage":"pl-PL","potentialAction":[{"@type":"ReadAction","target":["https:\/\/worldofflowerpots.com\/donice-na-taras-i-balkon\/"]}]},{"@type":"BreadcrumbList","@id":"https:\/\/worldofflowerpots.com\/donice-na-taras-i-balkon\/#breadcrumb","itemListElement":[{"@type":"ListItem","position":1,"name":"Strona g\u0142\u00f3wna","item":"https:\/\/worldofflowerpots.com\/"},{"@type":"ListItem","position":2,"name":"Donice na taras i balkon"}]},{"@type":"WebSite","@id":"https:\/\/worldofflowerpots.com\/#website","url":"https:\/\/worldofflowerpots.com\/","name":"World of Flowerpots","description":"producent donic ozdobnych","potentialAction":[{"@type":"SearchAction","target":{"@type":"EntryPoint","urlTemplate":"https:\/\/worldofflowerpots.com\/?s={search_term_string}"},"query-input":{"@type":"PropertyValueSpecification","valueRequired":true,"valueName":"search_term_string"}}],"inLanguage":"pl-PL"}]}},"_links":{"self":[{"href":"https:\/\/worldofflowerpots.com\/pl\/wp-json\/wp\/v2\/pages\/50373","targetHints":{"allow":["GET"]}}],"collection":[{"href":"https:\/\/worldofflowerpots.com\/pl\/wp-json\/wp\/v2\/pages"}],"about":[{"href":"https:\/\/worldofflowerpots.com\/pl\/wp-json\/wp\/v2\/types\/page"}],"author":[{"embeddable":true,"href":"https:\/\/worldofflowerpots.com\/pl\/wp-json\/wp\/v2\/users\/1"}],"replies":[{"embeddable":true,"href":"https:\/\/worldofflowerpots.com\/pl\/wp-json\/wp\/v2\/comments?post=50373"}],"version-history":[{"count":8,"href":"https:\/\/worldofflowerpots.com\/pl\/wp-json\/wp\/v2\/pages\/50373\/revisions"}],"predecessor-version":[{"id":59630,"href":"https:\/\/worldofflowerpots.com\/pl\/wp-json\/wp\/v2\/pages\/50373\/revisions\/59630"}],"wp:attachment":[{"href":"https:\/\/worldofflowerpots.com\/pl\/wp-json\/wp\/v2\/media?parent=50373"}],"curies":[{"name":"wp","href":"https:\/\/api.w.org\/{rel}","templated":true}]}}