{"id":50381,"date":"2019-01-13T21:22:16","date_gmt":"2019-01-13T20:22:16","guid":{"rendered":"https:\/\/worldofflowerpots.com\/?page_id=50381"},"modified":"2019-04-16T15:34:04","modified_gmt":"2019-04-16T13:34:04","slug":"donice-do-biura","status":"publish","type":"page","link":"https:\/\/worldofflowerpots.com\/pl\/donice-do-biura\/","title":{"rendered":"Donice do biura"},"content":{"rendered":"<p>[vc_row bg_type=&#8221;image&#8221; parallax_style=&#8221;vcpb-default&#8221; bg_image_new=&#8221;id^50225|url^https:\/\/worldofflowerpots.com\/wp-content\/uploads\/2019\/01\/donice-biurowe-dla-firm-z-aluminium-1024&#215;603.jpg|caption^null|alt^null|title^donice-biurowe-dla-firm-z-aluminium-1024&#215;603|description^null&#8221; bg_image_repeat=&#8221;no-repeat&#8221; bg_override=&#8221;ex-full&#8221; enable_overlay=&#8221;enable_overlay_value&#8221; overlay_color=&#8221;rgba(0,0,0,0.2)&#8221; css=&#8221;.vc_custom_1549235106886{padding-top: 150px !important;padding-bottom: 150px !important;}&#8221;][vc_column offset=&#8221;vc_col-lg-offset-1 vc_col-lg-10 vc_col-md-offset-1 vc_col-md-10&#8243;]<div id=\"ultimate-heading-109869f365692efd7\" class=\"uvc-heading ult-adjust-bottom-margin ultimate-heading-109869f365692efd7 uvc-1495 \" data-hspacer=\"no_spacer\"  data-halign=\"center\" style=\"text-align:center\"><div class=\"uvc-heading-spacer no_spacer\" style=\"top\"><\/div><div class=\"uvc-main-heading ult-responsive\"  data-ultimate-target='.uvc-heading.ultimate-heading-109869f365692efd7 h1'  data-responsive-json-new='{\"font-size\":\"desktop:34px;mobile:24px;\",\"line-height\":\"desktop:44px;mobile:34px;\"}' ><h1 style=\"font-family:&#039;Poppins&#039;;font-weight:300;color:#ffffff;margin-bottom:42px;\">DONICE DO BIURA<\/h1><\/div><div class=\"uvc-sub-heading ult-responsive\"  data-ultimate-target='.uvc-heading.ultimate-heading-109869f365692efd7 .uvc-sub-heading '  data-responsive-json-new='{\"font-size\":\"desktop:16px;\",\"line-height\":\"desktop:28px;\"}'  style=\"font-family:&#039;Open Sans&#039;;font-weight:normal;font-style:normal;color:#f4f4f4;\"><\/p>\n<div class=\"hidden-mob\">Ro\u015bliny nie obejd\u0105 si\u0119 bez doniczek. Do biura polecamy przede wszystkim donice biurowe, takie jak donice aluminiowe na k\u00f3\u0142kach, donice ze stali corten oraz donice plastikowe z w\u0142\u00f3kna szklanego. Ogromn\u0105 zalet\u0105 donic ze stali corten jest odporno\u015b\u0107 na korozj\u0119, co w przypadku donic, kt\u00f3re maj\u0105 cz\u0119sty kontakt z wilgoci\u0105 jest ogromnym plusem. Powstaj\u0105cy po pewnym czasie rdzawy nalot przez wielu uznawany jest za stylowy i dodaje donicom niepowtarzalnego charakteru. Donice plastikowe wykonane z w\u0142\u00f3kna szklanego wyr\u00f3\u017cniaj\u0105 si\u0119 klasycznym stylem, dzi\u0119ki temu nadaj\u0105 harmonii nawet najbardziej wyszukanym projektom. Ogromn\u0105 zalet\u0105 donic plastikowych na k\u00f3\u0142kach jest ich mobilno\u015b\u0107. S\u0105 lekkie, wi\u0119c bez problemu mo\u017cna zmieni\u0107 miejsce ich pobytu w zale\u017cno\u015bci od upodoba\u0144 gospodarza. W naszej ofercie znajd\u0105 Pa\u0144stwo donice biurowe w r\u00f3\u017cnym kszta\u0142cie, rozmiarze oraz kolorze. Zadowolenie naszych klient\u00f3w jest dla nas najwa\u017cniejsze, dlatego gwarantujemy wysok\u0105 jako\u015b\u0107 oraz atrakcyjne ceny. Sprzedajemy tylko sprawdzone produkty. Zapraszamy do zapoznania si\u0119 z nasz\u0105 ofert\u0105.<\/div>\n<div class=\"gap\" style=\"line-height: 10px; height: 10px;\"><\/div>\n<p><a class=\"link-inside\" href=\"https:\/\/worldofflowerpots.com\/sklep\/\">Wszystkie donice<\/a><\/div><\/div>[\/vc_column][\/vc_row][vc_row css=&#8221;.vc_custom_1548698054848{border-bottom-width: 1px !important;padding-top: 40px !important;padding-bottom: 20px !important;border-bottom-color: #ededed !important;border-bottom-style: solid !important;}&#8221;][vc_column css=&#8221;.vc_custom_1548516273032{padding-bottom: 30px !important;}&#8221; offset=&#8221;vc_col-lg-offset-1 vc_col-lg-10 vc_col-md-offset-1 vc_col-md-10&#8243;]<div id=\"ultimate-heading-684369f365692f08b\" class=\"uvc-heading ult-adjust-bottom-margin ultimate-heading-684369f365692f08b uvc-5936 \" data-hspacer=\"no_spacer\"  data-halign=\"center\" style=\"text-align:center\"><div class=\"uvc-heading-spacer no_spacer\" style=\"top\"><\/div><div class=\"uvc-main-heading ult-responsive\"  data-ultimate-target='.uvc-heading.ultimate-heading-684369f365692f08b h2'  data-responsive-json-new='{\"font-size\":\"desktop:28px;mobile:20px;\",\"line-height\":\"desktop:38px;mobile:30px;\"}' ><h2 style=\"font-family:&#039;Poppins&#039;;font-weight:300;margin-bottom:42px;\">NAJLEPSZE DONICE DO BIURA<\/h2><\/div><div class=\"uvc-sub-heading ult-responsive\"  data-ultimate-target='.uvc-heading.ultimate-heading-684369f365692f08b .uvc-sub-heading '  data-responsive-json-new='{\"font-size\":\"desktop:16px;\",\"line-height\":\"desktop:28px;\"}'  style=\"font-family:&#039;Open Sans&#039;;font-weight:300;\">Nie ma chyba przedsi\u0119biorcy czy w\u0142a\u015bciciela firmy, kt\u00f3ry nie zdawa\u0142by sobie sprawy z tego jak wa\u017cna jest prezencja biura. To nie tylko wizyt\u00f3wka jego, ale r\u00f3wnie\u017c ca\u0142ego przedsi\u0119biorstwa. Oczywi\u015bcie g\u0142\u00f3wn\u0105 odgrywaj\u0105 kompetencje pracownik\u00f3w, ale dla przysz\u0142ych, potencjalnych klient\u00f3w r\u00f3wnie wa\u017cna jest aran\u017cacja biura. To po niej poznaj\u0105 jaki gust ma w\u0142a\u015bciciel budynku. Przyjazna atmosfera r\u00f3wnie\u017c nie zaszkodzi. Dzi\u0119ki niej stali lub przyszli klienci z ochot\u0105 b\u0119d\u0105 zawiera\u0107 wsp\u00f3\u0142prac\u0119 lub mi\u0142o j\u0105 wspomina\u0107. Poza tym to jak prezentuje si\u0119 biuro jest nie tylko wa\u017cne dla pracodawc\u00f3w, ale r\u00f3wnie\u017c dla pracownik\u00f3w.<\/p>\n<p>W aran\u017cacji na pewno pomog\u0105 kwiaty. Dzi\u0119ki nim w miejscu takim jak biuro b\u0119dzie o wiele przyjemniej i przytulniej. Ro\u015bliny sprawiaj\u0105, \u017ce wn\u0119trze, w kt\u00f3rym si\u0119 znajduj\u0105 bardzo du\u017co zyskuje. Je\u017celi pomieszczenie jest du\u017ce mo\u017cna sobie pozwoli\u0107 na zamieszczenie wi\u0119kszej ilo\u015bci kwiat\u00f3w i zielonej ro\u015blinno\u015bci. Je\u017celi miejsce jest mniejsze, nawet jedna czy dwie doniczki sprawi\u0105, \u017ce b\u0119dzie ono wygl\u0105da\u0142o zupe\u0142nie inaczej. Je\u017celi pracodawca nie ma poj\u0119cia jakie kwiaty wybra\u0107 i jak je ustawi\u0107 warto skorzysta\u0107 z porady i opinii profesjonalnych doradc\u00f3w. Dzi\u0119ki temu biuro b\u0119dzie prezentowa\u0142o si\u0119 ekskluzywnie i zyska na ca\u0142o\u015bciowej aran\u017cacji.<\/div><\/div>[\/vc_column][vc_column css=&#8221;.vc_custom_1545305019274{padding-bottom: 30px !important;}&#8221;]<div class=\"woocommerce columns-4 \"><div class=\"wf-container dt-products  woo-hover products loading-effect-fade-in description-on-hover cart-btn-on-img wc-img-hover hide-description wc-grid\" data-padding=\"0px\" data-cur-page=\"1\" data-desktop-columns-num=\"4\" data-v-tablet-columns-num=\"2\" data-h-tablet-columns-num=\"3\" data-phone-columns-num=\"1\">\n\n<article class=\"post visible description-off tm-has-options product type-product post-50963 status-publish first instock product_cat-donice-z-aluminium product_tag-donice-aluminiowe product_tag-donice-balkonowe product_tag-donice-ogrodowe product_tag-donice-tarasowe product_tag-donice-wewnetrzne has-post-thumbnail shipping-taxable purchasable product-type-simple\">\n\n\t<figure class=\"woocom-project\">\n\t<div class=\"woo-buttons-on-img\">\n\n\t\t<a href=\"https:\/\/worldofflowerpots.com\/pl\/sklep\/aluminiowa-donica-stozkowa-silvestro-2\/\" class=\"alignnone layzr-bg\"><img loading=\"lazy\" decoding=\"async\" width=\"250\" height=\"188\" src=\"data:image\/svg+xml;charset=utf-8,%3Csvg xmlns%3D&#039;http%3A%2F%2Fwww.w3.org%2F2000%2Fsvg&#039; viewBox%3D&#039;0 0 250 188&#039;%2F%3E\" class=\"attachment-woocommerce_thumbnail size-woocommerce_thumbnail lazy-load preload-me\" alt=\"Aluminiowa donica sto\u017ckowa Silvestro 2\" data-src=\"https:\/\/worldofflowerpots.com\/wp-content\/uploads\/2019\/01\/Aluminiowa-donica-sto\u017ckowa-Silvestro_2-250x188.jpg\" \/><\/a>\t\t\n\n\t<\/div>\n\t<figcaption class=\"woocom-list-content\">\n\n\t\t<div class=\"woocommerce-product-details__short-description\">\n\t<p>Donica aluminiowa Silvestro 2 produkowana jest we wszystkich kolorach palety RAL. Donica produkowana jest w standardzie z otworami odp\u0142ywowymi. Waga to :23kg, a wymiary : \u015brednica:80cm , wysoko\u015b\u0107:80cm. Zalecane stosowanie jako donica tarasowa.<\/p>\n<\/div>\n\n\t<\/figcaption>\n<\/figure>\n<\/article>\n\n\n\n<article class=\"post visible description-off product type-product post-50975 status-publish instock product_cat-donice-z-aluminium product_tag-donice-aluminiowe product_tag-donice-balkonowe product_tag-donice-ogrodowe product_tag-donice-tarasowe product_tag-donice-wewnetrzne has-post-thumbnail shipping-taxable purchasable product-type-simple\">\n\n\t<figure class=\"woocom-project\">\n\t<div class=\"woo-buttons-on-img\">\n\n\t\t<a href=\"https:\/\/worldofflowerpots.com\/pl\/sklep\/aluminiowa-smukla-donica-vittorio-2\/\" class=\"alignnone layzr-bg\"><img loading=\"lazy\" decoding=\"async\" width=\"250\" height=\"188\" src=\"data:image\/svg+xml;charset=utf-8,%3Csvg xmlns%3D&#039;http%3A%2F%2Fwww.w3.org%2F2000%2Fsvg&#039; viewBox%3D&#039;0 0 250 188&#039;%2F%3E\" class=\"attachment-woocommerce_thumbnail size-woocommerce_thumbnail lazy-load preload-me\" alt=\"Aluminiowa smuk\u0142a donica Vittorio 2\" data-src=\"https:\/\/worldofflowerpots.com\/wp-content\/uploads\/2019\/01\/Aluminiowa-smuk\u0142a-donica-Vittorio_2-250x188.jpg\" \/><\/a>\t\t\n\n\t<\/div>\n\t<figcaption class=\"woocom-list-content\">\n\n\t\t<div class=\"woocommerce-product-details__short-description\">\n\t<p>Donica aluminiowa Vittorio 2 produkowana jest we wszystkich kolorach palety RAL. Donica produkowana jest w standardzie z otworami odp\u0142ywowymi. Waga to :16kg, a wymiary : d\u0142ugo\u015b\u0107:40cm, szeroko\u015b\u0107:40cm, wysoko\u015b\u0107:100cm. Zalecane stosowanie jako donica tarasowa.<\/p>\n<\/div>\n\n\t<\/figcaption>\n<\/figure>\n<\/article>\n\n\n\n<article class=\"post visible description-off product type-product post-56025 status-publish instock product_cat-donice-z-aluminium product_tag-donice-aluminiowe product_tag-donice-ogrodowe product_tag-donice-tarasowe product_tag-donice-wewnetrzne has-post-thumbnail shipping-taxable purchasable product-type-simple\">\n\n\t<figure class=\"woocom-project\">\n\t<div class=\"woo-buttons-on-img\">\n\n\t\t<a href=\"https:\/\/worldofflowerpots.com\/pl\/sklep\/dluga-doniczka-alessio-9\/\" class=\"alignnone layzr-bg\"><img loading=\"lazy\" decoding=\"async\" width=\"250\" height=\"188\" src=\"data:image\/svg+xml;charset=utf-8,%3Csvg xmlns%3D&#039;http%3A%2F%2Fwww.w3.org%2F2000%2Fsvg&#039; viewBox%3D&#039;0 0 250 188&#039;%2F%3E\" class=\"attachment-woocommerce_thumbnail size-woocommerce_thumbnail lazy-load preload-me\" alt=\"D\u0142uga doniczka Alessio 9\" data-src=\"https:\/\/worldofflowerpots.com\/wp-content\/uploads\/2019\/03\/d\u0142uga-doniczka-Alessio_9-250x188.jpg\" \/><\/a>\t\t\n\n\t<\/div>\n\t<figcaption class=\"woocom-list-content\">\n\n\t\t<div class=\"woocommerce-product-details__short-description\">\n\t<p>Donica aluminiowa Alessio 9 produkowana jest we wszystkich kolorach palety RAL. Donica produkowana jest w standardzie z otworami odp\u0142ywowymi. Waga to: 37 kg, a wymiary: d\u0142ugo\u015b\u0107: 230 cm, szeroko\u015b\u0107: 50 cm, wysoko\u015b\u0107: 40 cm. Zalecane stosowanie jako donica ogrodowa.<\/p>\n<\/div>\n\n\t<\/figcaption>\n<\/figure>\n<\/article>\n\n\n\n<article class=\"post visible description-off product type-product post-50960 status-publish last instock product_cat-donice-z-aluminium product_tag-donice-aluminiowe product_tag-donice-ogrodowe product_tag-donice-tarasowe product_tag-donice-wewnetrzne has-post-thumbnail shipping-taxable purchasable product-type-simple\">\n\n\t<figure class=\"woocom-project\">\n\t<div class=\"woo-buttons-on-img\">\n\n\t\t<a href=\"https:\/\/worldofflowerpots.com\/pl\/sklep\/dlugie-donice-aluminiowe-edoardo-4\/\" class=\"alignnone layzr-bg\"><img loading=\"lazy\" decoding=\"async\" width=\"250\" height=\"188\" src=\"data:image\/svg+xml;charset=utf-8,%3Csvg xmlns%3D&#039;http%3A%2F%2Fwww.w3.org%2F2000%2Fsvg&#039; viewBox%3D&#039;0 0 250 188&#039;%2F%3E\" class=\"attachment-woocommerce_thumbnail size-woocommerce_thumbnail lazy-load preload-me\" alt=\"D\u0142ugie donice aluminiowe Edoardo 4\" data-src=\"https:\/\/worldofflowerpots.com\/wp-content\/uploads\/2019\/01\/D\u0142ugie-donice-aluminiowe-Edoardo_4-250x188.jpg\" \/><\/a>\t\t\n\n\t<\/div>\n\t<figcaption class=\"woocom-list-content\">\n\n\t\t<div class=\"woocommerce-product-details__short-description\">\n\t<p>Donica aluminiowa Edoardo 4 produkowana jest we wszystkich kolorach palety RAL. Donica produkowana jest w standardzie z otworami odp\u0142ywowymi. Waga to: 37kg, a wymiary : d\u0142ugo\u015b\u0107:200cm, szeroko\u015b\u0107:50cm, wysoko\u015b\u0107:60cm. Zalecane stosowanie jako donica tarasowa.<\/p>\n<\/div>\n\n\t<\/figcaption>\n<\/figure>\n<\/article>\n\n\n\n<article class=\"post visible description-off product type-product post-50936 status-publish first instock product_cat-donice-z-aluminium product_tag-donice-aluminiowe product_tag-donice-balkonowe product_tag-donice-ogrodowe product_tag-donice-tarasowe product_tag-donice-wewnetrzne has-post-thumbnail shipping-taxable purchasable product-type-simple\">\n\n\t<figure class=\"woocom-project\">\n\t<div class=\"woo-buttons-on-img\">\n\n\t\t<a href=\"https:\/\/worldofflowerpots.com\/pl\/sklep\/donica-aluminiowa-alessio-2\/\" class=\"alignnone layzr-bg\"><img loading=\"lazy\" decoding=\"async\" width=\"250\" height=\"188\" src=\"data:image\/svg+xml;charset=utf-8,%3Csvg xmlns%3D&#039;http%3A%2F%2Fwww.w3.org%2F2000%2Fsvg&#039; viewBox%3D&#039;0 0 250 188&#039;%2F%3E\" class=\"attachment-woocommerce_thumbnail size-woocommerce_thumbnail lazy-load preload-me\" alt=\"Donica aluminiowa Alessio 2\" data-src=\"https:\/\/worldofflowerpots.com\/wp-content\/uploads\/2019\/01\/Donica-aluminiowa-Alessio_2-1-250x188.jpg\" \/><\/a>\t\t\n\n\t<\/div>\n\t<figcaption class=\"woocom-list-content\">\n\n\t\t<div class=\"woocommerce-product-details__short-description\">\n\t<p>Donica aluminiowa Alessio 2 produkowana jest we wszystkich kolorach palety RAL. Donica produkowana jest w standardzie z otworami odp\u0142ywowymi. Waga to :20kg, a wymiary : d\u0142ugo\u015b\u0107:50cm, wysoko\u015b\u0107:50cm, wysoko\u015b\u0107:100cm. Zalecane stosowanie jako donica tarasowa.<\/p>\n<\/div>\n\n\t<\/figcaption>\n<\/figure>\n<\/article>\n\n\n\n<article class=\"post visible description-off product type-product post-50985 status-publish instock product_cat-donice-na-kolkach product_cat-donice-z-aluminium product_tag-donice-aluminiowe product_tag-donice-wewnetrzne has-post-thumbnail shipping-taxable purchasable product-type-simple\">\n\n\t<figure class=\"woocom-project\">\n\t<div class=\"woo-buttons-on-img\">\n\n\t\t<a href=\"https:\/\/worldofflowerpots.com\/pl\/sklep\/donica-na-kolkach-ivo-mobile\/\" class=\"alignnone layzr-bg\"><img loading=\"lazy\" decoding=\"async\" width=\"250\" height=\"188\" src=\"data:image\/svg+xml;charset=utf-8,%3Csvg xmlns%3D&#039;http%3A%2F%2Fwww.w3.org%2F2000%2Fsvg&#039; viewBox%3D&#039;0 0 250 188&#039;%2F%3E\" class=\"attachment-woocommerce_thumbnail size-woocommerce_thumbnail lazy-load preload-me\" alt=\"Donica na k\u00f3\u0142kach Ivo Mobile\" data-src=\"https:\/\/worldofflowerpots.com\/wp-content\/uploads\/2019\/01\/Donica-na-k\u00f3\u0142kach-Ivo-Mobile-250x188.jpg\" data-srcset=\"https:\/\/worldofflowerpots.com\/wp-content\/uploads\/2019\/01\/Donica-na-k\u00f3\u0142kach-Ivo-Mobile-250x188.jpg 250w, https:\/\/worldofflowerpots.com\/wp-content\/uploads\/2019\/01\/Donica-na-k\u00f3\u0142kach-Ivo-Mobile-300x225.jpg 300w, https:\/\/worldofflowerpots.com\/wp-content\/uploads\/2019\/01\/Donica-na-k\u00f3\u0142kach-Ivo-Mobile-768x576.jpg 768w, https:\/\/worldofflowerpots.com\/wp-content\/uploads\/2019\/01\/Donica-na-k\u00f3\u0142kach-Ivo-Mobile-1024x768.jpg 1024w, https:\/\/worldofflowerpots.com\/wp-content\/uploads\/2019\/01\/Donica-na-k\u00f3\u0142kach-Ivo-Mobile-600x450.jpg 600w\" \/><\/a>\t\t\n\n\t<\/div>\n\t<figcaption class=\"woocom-list-content\">\n\n\t\t<div class=\"woocommerce-product-details__short-description\">\n\t<p>Donica Ivo Mobile z aluminium. Produkowana we wszystkich kolorach palety RAL (w macie lub po\u0142ysku). Donica w standardzie produkowana jest z otworami odp\u0142ywowymi w dnie. Dzi\u0119ki zastosowaniu k\u00f3\u0142ek mo\u017cna bez problemu przestawi\u0107 donice w dowolne miejsce. Wymiary donicy: szeroko\u015b\u0107: 60cm, d\u0142ugo\u015b\u0107:60cm, wysoko\u015b\u0107:60cm<\/p>\n<\/div>\n\n\t<\/figcaption>\n<\/figure>\n<\/article>\n\n\n\n<article class=\"post visible description-off product type-product post-56226 status-publish instock product_cat-donice-z-aluminium has-post-thumbnail shipping-taxable purchasable product-type-simple\">\n\n\t<figure class=\"woocom-project\">\n\t<div class=\"woo-buttons-on-img\">\n\n\t\t<a href=\"https:\/\/worldofflowerpots.com\/pl\/sklep\/donica-trapezowa-z-aluminium-daniele\/\" class=\"alignnone layzr-bg\"><img loading=\"lazy\" decoding=\"async\" width=\"250\" height=\"188\" src=\"data:image\/svg+xml;charset=utf-8,%3Csvg xmlns%3D&#039;http%3A%2F%2Fwww.w3.org%2F2000%2Fsvg&#039; viewBox%3D&#039;0 0 250 188&#039;%2F%3E\" class=\"attachment-woocommerce_thumbnail size-woocommerce_thumbnail lazy-load preload-me\" alt=\"Donica trapezowa z aluminium Daniele\" data-src=\"https:\/\/worldofflowerpots.com\/wp-content\/uploads\/2019\/03\/donica-trapezowa-z-aluminium-Daniele-250x188.jpg\" \/><\/a>\t\t\n\n\t<\/div>\n\t<figcaption class=\"woocom-list-content\">\n\n\t\t<div class=\"woocommerce-product-details__short-description\">\n\t<p>Donica aluminiowa Daniele produkowana jest we wszystkich kolorach palety RAL. Donica produkowana jest w standardzie z otworami odp\u0142ywowymi. Waga to: 21 kg, a wymiary: d\u0142ugo\u015b\u0107: 89,8 cm, szeroko\u015b\u0107: 89,8 cm, wysoko\u015b\u0107: 80,6 cm. Zalecane stosowanie jako donica do miejsc u\u017cyteczno\u015bci publicznej.<\/p>\n<\/div>\n\n\t<\/figcaption>\n<\/figure>\n<\/article>\n\n\n\n<article class=\"post visible description-off product type-product post-56094 status-publish last instock product_cat-donice-z-aluminium product_tag-donice-ogrodowe product_tag-donice-wewnetrzne has-post-thumbnail shipping-taxable purchasable product-type-simple\">\n\n\t<figure class=\"woocom-project\">\n\t<div class=\"woo-buttons-on-img\">\n\n\t\t<a href=\"https:\/\/worldofflowerpots.com\/pl\/sklep\/donice-do-biura-alessio-11\/\" class=\"alignnone layzr-bg\"><img loading=\"lazy\" decoding=\"async\" width=\"250\" height=\"188\" src=\"data:image\/svg+xml;charset=utf-8,%3Csvg xmlns%3D&#039;http%3A%2F%2Fwww.w3.org%2F2000%2Fsvg&#039; viewBox%3D&#039;0 0 250 188&#039;%2F%3E\" class=\"attachment-woocommerce_thumbnail size-woocommerce_thumbnail lazy-load preload-me\" alt=\"Donice do biura Alessio 11\" data-src=\"https:\/\/worldofflowerpots.com\/wp-content\/uploads\/2019\/03\/donice-do-biura-Alessio_11-250x188.jpg\" \/><\/a>\t\t\n\n\t<\/div>\n\t<figcaption class=\"woocom-list-content\">\n\n\t\t<div class=\"woocommerce-product-details__short-description\">\n\t<p>Donica aluminiowa Alessio 11 produkowana jest we wszystkich kolorach palety RAL. Donica produkowana jest w standardzie z otworami odp\u0142ywowymi. Waga to: 17 kg, a wymiary: d\u0142ugo\u015b\u0107: 60 cm, szeroko\u015b\u0107: 60 cm, wysoko\u015b\u0107: 40 cm. Zalecane stosowanie jako donica do biura.<\/p>\n<\/div>\n\n\t<\/figcaption>\n<\/figure>\n<\/article>\n\n\n\n<article class=\"post visible description-off product type-product post-55867 status-publish first instock product_cat-donice-z-aluminium product_tag-donice-aluminiowe product_tag-donice-ogrodowe product_tag-donice-wewnetrzne has-post-thumbnail shipping-taxable purchasable product-type-simple\">\n\n\t<figure class=\"woocom-project\">\n\t<div class=\"woo-buttons-on-img\">\n\n\t\t<a href=\"https:\/\/worldofflowerpots.com\/pl\/sklep\/donice-do-kwiatow-duze-alessio-14\/\" class=\"alignnone layzr-bg\"><img loading=\"lazy\" decoding=\"async\" width=\"250\" height=\"188\" src=\"data:image\/svg+xml;charset=utf-8,%3Csvg xmlns%3D&#039;http%3A%2F%2Fwww.w3.org%2F2000%2Fsvg&#039; viewBox%3D&#039;0 0 250 188&#039;%2F%3E\" class=\"attachment-woocommerce_thumbnail size-woocommerce_thumbnail lazy-load preload-me\" alt=\"Donice do kwiat\u00f3w du\u017ce Alessio 14\" data-src=\"https:\/\/worldofflowerpots.com\/wp-content\/uploads\/2019\/03\/donice-do-kwiat\u00f3w-du\u017ce-Alessio_14-250x188.jpg\" \/><\/a>\t\t\n\n\t<\/div>\n\t<figcaption class=\"woocom-list-content\">\n\n\t\t<div class=\"woocommerce-product-details__short-description\">\n\t<p>Donica aluminiowa Alessio 14 produkowana jest we wszystkich kolorach palety RAL. Donica produkowana jest w standardzie z otworami odp\u0142ywowymi. Waga to: 68 kg, a wymiary: d\u0142ugo\u015b\u0107: 160 cm, szeroko\u015b\u0107: 160 cm, wysoko\u015b\u0107: 50 cm. Zalecane stosowanie jako donica do ogrodu.<\/p>\n<\/div>\n\n\t<\/figcaption>\n<\/figure>\n<\/article>\n\n\n\n<article class=\"post visible description-off product type-product post-56128 status-publish instock product_cat-donice-z-aluminium product_tag-donice-aluminiowe product_tag-donice-balkonowe product_tag-donice-ogrodowe product_tag-donice-tarasowe product_tag-donice-wewnetrzne has-post-thumbnail shipping-taxable purchasable product-type-simple\">\n\n\t<figure class=\"woocom-project\">\n\t<div class=\"woo-buttons-on-img\">\n\n\t\t<a href=\"https:\/\/worldofflowerpots.com\/pl\/sklep\/donice-do-kwiatow-vittorio-4\/\" class=\"alignnone layzr-bg\"><img loading=\"lazy\" decoding=\"async\" width=\"250\" height=\"188\" src=\"data:image\/svg+xml;charset=utf-8,%3Csvg xmlns%3D&#039;http%3A%2F%2Fwww.w3.org%2F2000%2Fsvg&#039; viewBox%3D&#039;0 0 250 188&#039;%2F%3E\" class=\"attachment-woocommerce_thumbnail size-woocommerce_thumbnail lazy-load preload-me\" alt=\"Donice do kwiat\u00f3w Vittorio 4\" data-src=\"https:\/\/worldofflowerpots.com\/wp-content\/uploads\/2019\/03\/donice-do-kwiat\u00f3w-Vittorio_4-250x188.jpg\" \/><\/a>\t\t\n\n\t<\/div>\n\t<figcaption class=\"woocom-list-content\">\n\n\t\t<div class=\"woocommerce-product-details__short-description\">\n\t<p>Donica aluminiowa Vittorio 4 produkowana jest we wszystkich kolorach palety RAL. Donica produkowana jest w standardzie z otworami odp\u0142ywowymi. Waga to: 15 kg, a wymiary: d\u0142ugo\u015b\u0107: 50 cm, szeroko\u015b\u0107: 50 cm, wysoko\u015b\u0107:80 cm. Zalecane stosowanie jako donica tarasowa.<\/p>\n<\/div>\n\n\t<\/figcaption>\n<\/figure>\n<\/article>\n\n\n\n<article class=\"post visible description-off product type-product post-50946 status-publish instock product_cat-donice-z-aluminium product_tag-donice-aluminiowe product_tag-donice-ogrodowe product_tag-donice-tarasowe product_tag-donice-wewnetrzne has-post-thumbnail shipping-taxable purchasable product-type-simple\">\n\n\t<figure class=\"woocom-project\">\n\t<div class=\"woo-buttons-on-img\">\n\n\t\t<a href=\"https:\/\/worldofflowerpots.com\/pl\/sklep\/donice-malowane-proszkowo-alessio-5\/\" class=\"alignnone layzr-bg\"><img loading=\"lazy\" decoding=\"async\" width=\"250\" height=\"188\" src=\"data:image\/svg+xml;charset=utf-8,%3Csvg xmlns%3D&#039;http%3A%2F%2Fwww.w3.org%2F2000%2Fsvg&#039; viewBox%3D&#039;0 0 250 188&#039;%2F%3E\" class=\"attachment-woocommerce_thumbnail size-woocommerce_thumbnail lazy-load preload-me\" alt=\"Donice malowane proszkowo Alessio 5\" data-src=\"https:\/\/worldofflowerpots.com\/wp-content\/uploads\/2019\/01\/Donice-malowane-proszkowo-Alessio_5-1-250x188.jpg\" \/><\/a>\t\t\n\n\t<\/div>\n\t<figcaption class=\"woocom-list-content\">\n\n\t\t<div class=\"woocommerce-product-details__short-description\">\n\t<p>Donica aluminiowa Alessio 5 produkowana jest we wszystkich kolorach palety RAL. Donica produkowana jest w standardzie z otworami odp\u0142ywowymi. Waga to: 38kg, a wymiary : d\u0142ugo\u015b\u0107:100cm, szeroko\u015b\u0107:100cm, wysoko\u015b\u0107:80cm. Zalecane stosowanie jako donica tarasowa.<\/p>\n<\/div>\n\n\t<\/figcaption>\n<\/figure>\n<\/article>\n\n\n\n<article class=\"post visible description-off product type-product post-50971 status-publish last instock product_cat-donice-z-aluminium product_tag-donice-aluminiowe product_tag-donice-balkonowe product_tag-donice-ogrodowe product_tag-donice-tarasowe product_tag-donice-wewnetrzne has-post-thumbnail shipping-taxable purchasable product-type-simple\">\n\n\t<figure class=\"woocom-project\">\n\t<div class=\"woo-buttons-on-img\">\n\n\t\t<a href=\"https:\/\/worldofflowerpots.com\/pl\/sklep\/donice-okragle-z-aluminium-tiziano-1\/\" class=\"alignnone layzr-bg\"><img loading=\"lazy\" decoding=\"async\" width=\"250\" height=\"188\" src=\"data:image\/svg+xml;charset=utf-8,%3Csvg xmlns%3D&#039;http%3A%2F%2Fwww.w3.org%2F2000%2Fsvg&#039; viewBox%3D&#039;0 0 250 188&#039;%2F%3E\" class=\"attachment-woocommerce_thumbnail size-woocommerce_thumbnail lazy-load preload-me\" alt=\"Donice okr\u0105g\u0142e z aluminium Tiziano 1\" data-src=\"https:\/\/worldofflowerpots.com\/wp-content\/uploads\/2019\/01\/Donice-okr\u0105g\u0142e-z-aluminium-Tiziano_1-250x188.jpg\" \/><\/a>\t\t\n\n\t<\/div>\n\t<figcaption class=\"woocom-list-content\">\n\n\t\t<div class=\"woocommerce-product-details__short-description\">\n\t<p>Donica aluminiowa Tiziano 1 produkowana jest we wszystkich kolorach palety RAL. Donica produkowana jest w standardzie z otworami odp\u0142ywowymi. Waga to :13kg, a wymiary : \u015brednica:60cm,\u00a0 wysoko\u015b\u0107:60cm. Zalecane stosowanie jako donica tarasowa.<\/p>\n<\/div>\n\n\t<\/figcaption>\n<\/figure>\n<\/article>\n\n<\/div><\/div>[\/vc_column][\/vc_row][vc_row css=&#8221;.vc_custom_1548698054848{border-bottom-width: 1px !important;padding-top: 40px !important;padding-bottom: 20px !important;border-bottom-color: #ededed !important;border-bottom-style: solid !important;}&#8221;][vc_column css=&#8221;.vc_custom_1548516273032{padding-bottom: 30px !important;}&#8221; offset=&#8221;vc_col-lg-offset-1 vc_col-lg-10 vc_col-md-offset-1 vc_col-md-10&#8243;]<div id=\"ultimate-heading-405769f365694867b\" class=\"uvc-heading ult-adjust-bottom-margin ultimate-heading-405769f365694867b uvc-949 \" data-hspacer=\"no_spacer\"  data-halign=\"center\" style=\"text-align:center\"><div class=\"uvc-heading-spacer no_spacer\" style=\"top\"><\/div><div class=\"uvc-main-heading ult-responsive\"  data-ultimate-target='.uvc-heading.ultimate-heading-405769f365694867b h2'  data-responsive-json-new='{\"font-size\":\"desktop:28px;mobile:20px;\",\"line-height\":\"desktop:38px;mobile:30px;\"}' ><h2 style=\"font-family:&#039;Poppins&#039;;font-weight:300;margin-bottom:42px;\">DONICE BIUROWE ALUMINIOWE NA K\u00d3\u0141KACH<\/h2><\/div><\/div>[\/vc_column][vc_column css=&#8221;.vc_custom_1545305019274{padding-bottom: 30px !important;}&#8221;]<div class=\"woocommerce columns-4 \"><\/div>[\/vc_column][\/vc_row][vc_row css=&#8221;.vc_custom_1548698054848{border-bottom-width: 1px !important;padding-top: 40px !important;padding-bottom: 20px !important;border-bottom-color: #ededed !important;border-bottom-style: solid !important;}&#8221;][vc_column css=&#8221;.vc_custom_1548516273032{padding-bottom: 30px !important;}&#8221; offset=&#8221;vc_col-lg-offset-1 vc_col-lg-10 vc_col-md-offset-1 vc_col-md-10&#8243;]<div id=\"ultimate-heading-540369f3656948acc\" class=\"uvc-heading ult-adjust-bottom-margin ultimate-heading-540369f3656948acc uvc-6951 \" data-hspacer=\"no_spacer\"  data-halign=\"center\" style=\"text-align:center\"><div class=\"uvc-heading-spacer no_spacer\" style=\"top\"><\/div><div class=\"uvc-main-heading ult-responsive\"  data-ultimate-target='.uvc-heading.ultimate-heading-540369f3656948acc h2'  data-responsive-json-new='{\"font-size\":\"desktop:28px;mobile:20px;\",\"line-height\":\"desktop:38px;mobile:30px;\"}' ><h2 style=\"font-family:&#039;Poppins&#039;;font-weight:300;margin-bottom:42px;\">DONICE BIUROWE Z W\u0141\u00d3KNA SZKLANEGO \u2013 PLASTIKOWE<\/h2><\/div><\/div>[\/vc_column][vc_column css=&#8221;.vc_custom_1545305019274{padding-bottom: 30px !important;}&#8221;]<div class=\"woocommerce columns-4 \"><div class=\"wf-container dt-products  woo-hover products loading-effect-fade-in description-on-hover cart-btn-on-img wc-img-hover hide-description wc-grid\" data-padding=\"0px\" data-cur-page=\"1\" data-desktop-columns-num=\"4\" data-v-tablet-columns-num=\"2\" data-h-tablet-columns-num=\"3\" data-phone-columns-num=\"1\">\n\n<article class=\"post visible description-off product type-product post-50988 status-publish first instock product_cat-donice-z-wlokna-szklanego-plastiku product_tag-donice-ogrodowe product_tag-donice-tarasowe product_tag-donice-wewnetrzne has-post-thumbnail shipping-taxable purchasable product-type-simple\">\n\n\t<figure class=\"woocom-project\">\n\t<div class=\"woo-buttons-on-img\">\n\n\t\t<a href=\"https:\/\/worldofflowerpots.com\/pl\/sklep\/dlugie-donice-z-wlokna-szklanego-emilio-6\/\" class=\"alignnone layzr-bg\"><img loading=\"lazy\" decoding=\"async\" width=\"250\" height=\"188\" src=\"data:image\/svg+xml;charset=utf-8,%3Csvg xmlns%3D&#039;http%3A%2F%2Fwww.w3.org%2F2000%2Fsvg&#039; viewBox%3D&#039;0 0 250 188&#039;%2F%3E\" class=\"attachment-woocommerce_thumbnail size-woocommerce_thumbnail lazy-load preload-me\" alt=\"D\u0142ugie donice z w\u0142\u00f3kna szklanego Emilio 6\" data-src=\"https:\/\/worldofflowerpots.com\/wp-content\/uploads\/2019\/01\/D\u0142ugie-donice-z-w\u0142\u00f3kna-szklanego-Emilio-6-250x188.jpg\" \/><\/a>\t\t\n\n\t<\/div>\n\t<figcaption class=\"woocom-list-content\">\n\n\t\t<div class=\"woocommerce-product-details__short-description\">\n\t<p>Donica plastikowa z w\u0142\u00f3kna szklanego Emilio 6 z w\u0142\u00f3kna szklanego oraz \u017cywicy do stosowania wewn\u0105trz jako donica lub jako os\u0142onka. Donice dost\u0119pne we wszystkich kolorach palety RAL w wersji matowej i w po\u0142ysku. Donice s\u0105 wyposa\u017cone w otwory odp\u0142ywowe w dnie (na wyra\u017ane \u017cyczenie klienta mo\u017ce zosta\u0107 wykonana bez otworu odp\u0142ywowego), boczne \u015bcianki wy\u0142o\u017cone s\u0105 styropianem. Wymiary donicy: d\u0142ugo\u015b\u0107: 230 cm, szeroko\u015b\u0107: 50 cm, wysoko\u015b\u0107: 40 cm.<\/p>\n<\/div>\n\n\t<\/figcaption>\n<\/figure>\n<\/article>\n\n\n\n<article class=\"post visible description-off product type-product post-50860 status-publish instock product_cat-donice-z-wlokna-szklanego-plastiku product_tag-donice-wewnetrzne has-post-thumbnail shipping-taxable purchasable product-type-simple\">\n\n\t<figure class=\"woocom-project\">\n\t<div class=\"woo-buttons-on-img\">\n\n\t\t<a href=\"https:\/\/worldofflowerpots.com\/pl\/sklep\/donica-marco-6\/\" class=\"alignnone layzr-bg\"><img loading=\"lazy\" decoding=\"async\" width=\"250\" height=\"188\" src=\"data:image\/svg+xml;charset=utf-8,%3Csvg xmlns%3D&#039;http%3A%2F%2Fwww.w3.org%2F2000%2Fsvg&#039; viewBox%3D&#039;0 0 250 188&#039;%2F%3E\" class=\"attachment-woocommerce_thumbnail size-woocommerce_thumbnail lazy-load preload-me\" alt=\"Donica Marco 6\" data-src=\"https:\/\/worldofflowerpots.com\/wp-content\/uploads\/2019\/01\/producent-doniczek-z-w\u0142\u00f3kna-szklanego-Marco-6-250x188.jpg\" \/><\/a>\t\t\n\n\t<\/div>\n\t<figcaption class=\"woocom-list-content\">\n\n\t\t<div class=\"woocommerce-product-details__short-description\">\n\t<p>Donica plastikowa z w\u0142\u00f3kna szklanego Marco 6 z w\u0142\u00f3kna szklanego oraz \u017cywicy do stosowania wewn\u0105trz jako donica lub jako os\u0142onka. Donice dost\u0119pne we wszystkich kolorach palety RAL w wersji matowej i w po\u0142ysku. Donice s\u0105 wyposa\u017cone w otwory odp\u0142ywowe w dnie (na wyra\u017ane \u017cyczenie klienta mo\u017ce zosta\u0107 wykonana bez otworu odp\u0142ywowego), boczne \u015bcianki wy\u0142o\u017cone s\u0105 styropianem. Wymiary donicy: d\u0142ugo\u015b\u0107: 100 cm, szeroko\u015b\u0107: 100 cm, wysoko\u015b\u0107: 40 cm.<\/p>\n<\/div>\n\n\t<\/figcaption>\n<\/figure>\n<\/article>\n\n\n\n<article class=\"post visible description-off product type-product post-50934 status-publish instock product_cat-donice-z-wlokna-szklanego-plastiku product_tag-donice-ogrodowe product_tag-donice-tarasowe product_tag-donice-wewnetrzne has-post-thumbnail shipping-taxable purchasable product-type-simple\">\n\n\t<figure class=\"woocom-project\">\n\t<div class=\"woo-buttons-on-img\">\n\n\t\t<a href=\"https:\/\/worldofflowerpots.com\/pl\/sklep\/donica-prostokatna-emilio-5\/\" class=\"alignnone layzr-bg\"><img loading=\"lazy\" decoding=\"async\" width=\"250\" height=\"188\" src=\"data:image\/svg+xml;charset=utf-8,%3Csvg xmlns%3D&#039;http%3A%2F%2Fwww.w3.org%2F2000%2Fsvg&#039; viewBox%3D&#039;0 0 250 188&#039;%2F%3E\" class=\"attachment-woocommerce_thumbnail size-woocommerce_thumbnail lazy-load preload-me\" alt=\"Donica prostok\u0105tna Emilio 5\" data-src=\"https:\/\/worldofflowerpots.com\/wp-content\/uploads\/2019\/01\/producent-donic-z-w\u0142\u00f3kna-szklanego-Emilio-5-250x188.jpg\" \/><\/a>\t\t\n\n\t<\/div>\n\t<figcaption class=\"woocom-list-content\">\n\n\t\t<div class=\"woocommerce-product-details__short-description\">\n\t<p>Donica plastikowa z w\u0142\u00f3kna szklanego Emilio 5 z w\u0142\u00f3kna szklanego oraz \u017cywicy do stosowania wewn\u0105trz jako donica lub jako os\u0142onka. Donice dost\u0119pne we wszystkich kolorach palety RAL w wersji matowej i w po\u0142ysku. Donice s\u0105 wyposa\u017cone w otwory odp\u0142ywowe w dnie (na wyra\u017ane \u017cyczenie klienta mo\u017ce zosta\u0107 wykonana bez otworu odp\u0142ywowego), boczne \u015bcianki wy\u0142o\u017cone s\u0105 styropianem. Wymiary donicy: d\u0142ugo\u015b\u0107: 200 cm, szeroko\u015b\u0107: 50 cm, wysoko\u015b\u0107: 60 cm.<\/p>\n<\/div>\n\n\t<\/figcaption>\n<\/figure>\n<\/article>\n\n\n\n<article class=\"post visible description-off product type-product post-50922 status-publish last instock product_cat-donice-z-wlokna-szklanego-plastiku product_tag-donice-balkonowe product_tag-donice-ogrodowe product_tag-donice-tarasowe product_tag-donice-wewnetrzne has-post-thumbnail shipping-taxable purchasable product-type-simple\">\n\n\t<figure class=\"woocom-project\">\n\t<div class=\"woo-buttons-on-img\">\n\n\t\t<a href=\"https:\/\/worldofflowerpots.com\/pl\/sklep\/donica-z-wlokna-szklanego-carlo-5\/\" class=\"alignnone layzr-bg\"><img loading=\"lazy\" decoding=\"async\" width=\"250\" height=\"188\" src=\"data:image\/svg+xml;charset=utf-8,%3Csvg xmlns%3D&#039;http%3A%2F%2Fwww.w3.org%2F2000%2Fsvg&#039; viewBox%3D&#039;0 0 250 188&#039;%2F%3E\" class=\"attachment-woocommerce_thumbnail size-woocommerce_thumbnail lazy-load preload-me\" alt=\"Donica z w\u0142\u00f3kna szklanego Carlo 5\" data-src=\"https:\/\/worldofflowerpots.com\/wp-content\/uploads\/2019\/01\/donica-z-w\u0142\u00f3kna-szklanego-Carlo-5-250x188.jpg\" \/><\/a>\t\t\n\n\t<\/div>\n\t<figcaption class=\"woocom-list-content\">\n\n\t\t<div class=\"woocommerce-product-details__short-description\">\n\t<p>Donica plastikowa z w\u0142\u00f3kna szklanego Carlo 5 z w\u0142\u00f3kna szklanego oraz \u017cywicy do stosowania wewn\u0105trz jako donica lub jako os\u0142onka. Donice dost\u0119pne we wszystkich kolorach palety RAL w wersji matowej i w po\u0142ysku. Donice s\u0105 wyposa\u017cone w otwory odp\u0142ywowe w dnie (na wyra\u017ane \u017cyczenie klienta mo\u017ce zosta\u0107 wykonana bez otworu odp\u0142ywowego), boczne \u015bcianki wy\u0142o\u017cone s\u0105 styropianem. Wymiary donicy: d\u0142ugo\u015b\u0107:50cm, szeroko\u015b\u0107:50cm, wysoko\u015b\u0107: 100cm.<\/p>\n<\/div>\n\n\t<\/figcaption>\n<\/figure>\n<\/article>\n\n\n\n<article class=\"post visible description-off product type-product post-50898 status-publish first instock product_cat-donice-z-wlokna-szklanego-plastiku has-post-thumbnail shipping-taxable purchasable product-type-simple\">\n\n\t<figure class=\"woocom-project\">\n\t<div class=\"woo-buttons-on-img\">\n\n\t\t<a href=\"https:\/\/worldofflowerpots.com\/pl\/sklep\/donica-z-wlokna-szklanego-plastikowa-sofia-1-okragla\/\" class=\"alignnone layzr-bg\"><img loading=\"lazy\" decoding=\"async\" width=\"250\" height=\"188\" src=\"data:image\/svg+xml;charset=utf-8,%3Csvg xmlns%3D&#039;http%3A%2F%2Fwww.w3.org%2F2000%2Fsvg&#039; viewBox%3D&#039;0 0 250 188&#039;%2F%3E\" class=\"attachment-woocommerce_thumbnail size-woocommerce_thumbnail lazy-load preload-me\" alt=\"Donica z w\u0142\u00f3kna szklanego plastikowa Sofia 1 - Okr\u0105g\u0142a\" data-src=\"https:\/\/worldofflowerpots.com\/wp-content\/uploads\/2019\/01\/Donica-plastikowa-Sofia-1-z-wlokna-szklanego-na-taras-250x188.jpg\" \/><\/a>\t\t\n\n\t<\/div>\n\t<figcaption class=\"woocom-list-content\">\n\n\t\t<div class=\"woocommerce-product-details__short-description\">\n\t<p>Donica plastikowa z w\u0142\u00f3kna szklanego Sofia 1 z w\u0142\u00f3kna szklanego oraz \u017cywicy do stosowania wewn\u0105trz jako donica lub jako os\u0142onka. Donice dost\u0119pne we wszystkich kolorach palety RAL w wersji matowej i w po\u0142ysku. Donice s\u0105 wyposa\u017cone w otwory odp\u0142ywowe w dnie (na wyra\u017ane \u017cyczenie klienta mo\u017ce zosta\u0107 wykonana bez otworu odp\u0142ywowego), boczne \u015bcianki wy\u0142o\u017cone s\u0105 styropianem. Wymiary donicy: \u015brednica: 63 cm, wysoko\u015b\u0107: 52 cm.<\/p>\n<\/div>\n\n\t<\/figcaption>\n<\/figure>\n<\/article>\n\n\n\n<article class=\"post visible description-off product type-product post-50899 status-publish instock product_cat-donice-z-wlokna-szklanego-plastiku has-post-thumbnail shipping-taxable purchasable product-type-simple\">\n\n\t<figure class=\"woocom-project\">\n\t<div class=\"woo-buttons-on-img\">\n\n\t\t<a href=\"https:\/\/worldofflowerpots.com\/pl\/sklep\/donica-z-wlokna-szklanego-plastikowa-sofia-2-do-biurowca-lub-hotelu\/\" class=\"alignnone layzr-bg\"><img loading=\"lazy\" decoding=\"async\" width=\"250\" height=\"188\" src=\"data:image\/svg+xml;charset=utf-8,%3Csvg xmlns%3D&#039;http%3A%2F%2Fwww.w3.org%2F2000%2Fsvg&#039; viewBox%3D&#039;0 0 250 188&#039;%2F%3E\" class=\"attachment-woocommerce_thumbnail size-woocommerce_thumbnail lazy-load preload-me\" alt=\"Donica z W\u0142\u00f3kna Szklanego Plastikowa Sofia 2 - do Biurowca lub Hotelu\" data-src=\"https:\/\/worldofflowerpots.com\/wp-content\/uploads\/2019\/01\/Donica-plastikowa-Sofia-2-z-wlokna-szklanego-na-taras-250x188.jpg\" \/><\/a>\t\t\n\n\t<\/div>\n\t<figcaption class=\"woocom-list-content\">\n\n\t\t<div class=\"woocommerce-product-details__short-description\">\n\t<p>Donica plastikowa z w\u0142\u00f3kna szklanego Sofia 2 z w\u0142\u00f3kna szklanego oraz \u017cywicy do stosowania wewn\u0105trz jako donica lub jako os\u0142onka. Donice dost\u0119pne we wszystkich kolorach palety RAL w wersji matowej i w po\u0142ysku. Donice s\u0105 wyposa\u017cone w otwory odp\u0142ywowe w dnie (na wyra\u017ane \u017cyczenie klienta mo\u017ce zosta\u0107 wykonana bez otworu odp\u0142ywowego), boczne \u015bcianki wy\u0142o\u017cone s\u0105 styropianem. Wymiary donicy: \u015brednica: 55 cm, wysoko\u015b\u0107: 76 cm<\/p>\n<\/div>\n\n\t<\/figcaption>\n<\/figure>\n<\/article>\n\n\n\n<article class=\"post visible description-off product type-product post-50859 status-publish instock product_cat-donice-z-wlokna-szklanego-plastiku product_tag-donice-ogrodowe product_tag-donice-tarasowe product_tag-donice-wewnetrzne has-post-thumbnail shipping-taxable purchasable product-type-simple\">\n\n\t<figure class=\"woocom-project\">\n\t<div class=\"woo-buttons-on-img\">\n\n\t\t<a href=\"https:\/\/worldofflowerpots.com\/pl\/sklep\/donice-barwione-w-masie-marco-5\/\" class=\"alignnone layzr-bg\"><img loading=\"lazy\" decoding=\"async\" width=\"250\" height=\"188\" src=\"data:image\/svg+xml;charset=utf-8,%3Csvg xmlns%3D&#039;http%3A%2F%2Fwww.w3.org%2F2000%2Fsvg&#039; viewBox%3D&#039;0 0 250 188&#039;%2F%3E\" class=\"attachment-woocommerce_thumbnail size-woocommerce_thumbnail lazy-load preload-me\" alt=\"Donice barwione w masie Marco 5\" data-src=\"https:\/\/worldofflowerpots.com\/wp-content\/uploads\/2019\/01\/donice-barwione-w-masie-Marco-5-250x188.jpg\" \/><\/a>\t\t\n\n\t<\/div>\n\t<figcaption class=\"woocom-list-content\">\n\n\t\t<div class=\"woocommerce-product-details__short-description\">\n\t<p>Donica plastikowa z w\u0142\u00f3kna szklanego Marco 5 z w\u0142\u00f3kna szklanego oraz \u017cywicy do stosowania wewn\u0105trz jako donica lub jako os\u0142onka. Donice dost\u0119pne we wszystkich kolorach palety RAL w wersji matowej i w po\u0142ysku. Donice s\u0105 wyposa\u017cone w otwory odp\u0142ywowe w dnie (na wyra\u017ane \u017cyczenie klienta mo\u017ce zosta\u0107 wykonana bez otworu odp\u0142ywowego), boczne \u015bcianki wy\u0142o\u017cone s\u0105 styropianem. Wymiary donicy: d\u0142ugo\u015b\u0107: 80 cm, szeroko\u015b\u0107: 80 cm, wysoko\u015b\u0107: 80 cm.<\/p>\n<\/div>\n\n\t<\/figcaption>\n<\/figure>\n<\/article>\n\n\n\n<article class=\"post visible description-off product type-product post-56289 status-publish last instock product_cat-donice-z-wlokna-szklanego-plastiku has-post-thumbnail shipping-taxable purchasable product-type-simple\">\n\n\t<figure class=\"woocom-project\">\n\t<div class=\"woo-buttons-on-img\">\n\n\t\t<a href=\"https:\/\/worldofflowerpots.com\/pl\/sklep\/donice-ogrodowe-plastikowe-antonio-5\/\" class=\"alignnone layzr-bg\"><img loading=\"lazy\" decoding=\"async\" width=\"250\" height=\"188\" src=\"data:image\/svg+xml;charset=utf-8,%3Csvg xmlns%3D&#039;http%3A%2F%2Fwww.w3.org%2F2000%2Fsvg&#039; viewBox%3D&#039;0 0 250 188&#039;%2F%3E\" class=\"attachment-woocommerce_thumbnail size-woocommerce_thumbnail lazy-load preload-me\" alt=\"Donice ogrodowe plastikowe Antonio 5\" data-src=\"https:\/\/worldofflowerpots.com\/wp-content\/uploads\/2019\/03\/donice-ogrodowe-plastikowe-Antonio_5-250x188.png\" \/><\/a>\t\t\n\n\t<\/div>\n\t<figcaption class=\"woocom-list-content\">\n\n\t\t<div class=\"woocommerce-product-details__short-description\">\n\t<p>Donica plastikowa Antonio 5 z w\u0142\u00f3kna szklanego oraz \u017cywicy. Do stosowania jako donica lub jako os\u0142onka. Donice dost\u0119pne we wszystkich kolorach palety RAL w wersji matowej. Donice s\u0105 wyposa\u017cone w otwory odp\u0142ywowe w dnie (na wyra\u017ane \u017cyczenie klienta mo\u017ce zosta\u0107 wykonana bez otworu odp\u0142ywowego), boczne \u015bcianki wy\u0142o\u017cone s\u0105 styropianem. Wymiary donicy: d\u0142ugo\u015b\u0107: 80 cm, szeroko\u015b\u0107: 80 cm, wysoko\u015b\u0107: 60 cm.<\/p>\n<\/div>\n\n\t<\/figcaption>\n<\/figure>\n<\/article>\n\n\n\n<article class=\"post visible description-off product type-product post-50848 status-publish first instock product_cat-donice-z-wlokna-szklanego-plastiku product_tag-donice-balkonowe product_tag-donice-ogrodowe product_tag-donice-tarasowe product_tag-donice-wewnetrzne has-post-thumbnail shipping-taxable purchasable product-type-simple\">\n\n\t<figure class=\"woocom-project\">\n\t<div class=\"woo-buttons-on-img\">\n\n\t\t<a href=\"https:\/\/worldofflowerpots.com\/pl\/sklep\/donice-plastikowe-marco-3\/\" class=\"alignnone layzr-bg\"><img loading=\"lazy\" decoding=\"async\" width=\"250\" height=\"188\" src=\"data:image\/svg+xml;charset=utf-8,%3Csvg xmlns%3D&#039;http%3A%2F%2Fwww.w3.org%2F2000%2Fsvg&#039; viewBox%3D&#039;0 0 250 188&#039;%2F%3E\" class=\"attachment-woocommerce_thumbnail size-woocommerce_thumbnail lazy-load preload-me\" alt=\"Donice plastikowe Marco 3\" data-src=\"https:\/\/worldofflowerpots.com\/wp-content\/uploads\/2019\/01\/Donica-plastikowa-Marco-3-z-wlokna-szklanego-na-taras-250x188.jpg\" \/><\/a>\t\t\n\n\t<\/div>\n\t<figcaption class=\"woocom-list-content\">\n\n\t\t<div class=\"woocommerce-product-details__short-description\">\n\t<p>Donica plastikowa z w\u0142\u00f3kna szklanego Marco 3 z w\u0142\u00f3kna szklanego oraz \u017cywicy do stosowania wewn\u0105trz jako donica lub jako os\u0142onka. Donice dost\u0119pne we wszystkich kolorach palety RAL w wersji matowej i w po\u0142ysku. Donice s\u0105 wyposa\u017cone w otwory odp\u0142ywowe w dnie (na wyra\u017ane \u017cyczenie klienta mo\u017ce zosta\u0107 wykonana bez otworu odp\u0142ywowego), boczne \u015bcianki wy\u0142o\u017cone s\u0105 styropianem. Wymiary donicy: d\u0142ugo\u015b\u0107: 60 cm, szeroko\u015b\u0107: 60 cm, wysoko\u015b\u0107: 60 cm.<\/p>\n<\/div>\n\n\t<\/figcaption>\n<\/figure>\n<\/article>\n\n\n\n<article class=\"post visible description-off product type-product post-50932 status-publish instock product_cat-donice-z-wlokna-szklanego-plastiku product_tag-donice-balkonowe product_tag-donice-ogrodowe product_tag-donice-tarasowe product_tag-donice-wewnetrzne has-post-thumbnail shipping-taxable purchasable product-type-simple\">\n\n\t<figure class=\"woocom-project\">\n\t<div class=\"woo-buttons-on-img\">\n\n\t\t<a href=\"https:\/\/worldofflowerpots.com\/pl\/sklep\/donice-plastikowe-z-wlokna-szklanego-emilio-3\/\" class=\"alignnone layzr-bg\"><img loading=\"lazy\" decoding=\"async\" width=\"250\" height=\"188\" src=\"data:image\/svg+xml;charset=utf-8,%3Csvg xmlns%3D&#039;http%3A%2F%2Fwww.w3.org%2F2000%2Fsvg&#039; viewBox%3D&#039;0 0 250 188&#039;%2F%3E\" class=\"attachment-woocommerce_thumbnail size-woocommerce_thumbnail lazy-load preload-me\" alt=\"Donice plastikowe z w\u0142\u00f3kna szklanego Emilio 3\" data-src=\"https:\/\/worldofflowerpots.com\/wp-content\/uploads\/2019\/01\/donice-plastikowe-z-w\u0142\u00f3kna-szklanego-Emilio-3-250x188.jpg\" \/><\/a>\t\t\n\n\t<\/div>\n\t<figcaption class=\"woocom-list-content\">\n\n\t\t<div class=\"woocommerce-product-details__short-description\">\n\t<p>Donica plastikowa z w\u0142\u00f3kna szklanego Emilio 3 z w\u0142\u00f3kna szklanego oraz \u017cywicy do stosowania wewn\u0105trz jako donica lub jako os\u0142onka. Donice dost\u0119pne we wszystkich kolorach palety RAL w wersji matowej i w po\u0142ysku. Donice s\u0105 wyposa\u017cone w otwory odp\u0142ywowe w dnie (na wyra\u017ane \u017cyczenie klienta mo\u017ce zosta\u0107 wykonana bez otworu odp\u0142ywowego), boczne \u015bcianki wy\u0142o\u017cone s\u0105 styropianem. Wymiary donicy: d\u0142ugo\u015b\u0107: 120 cm, szeroko\u015b\u0107: 50 cm, wysoko\u015b\u0107: 60 cm.<\/p>\n<\/div>\n\n\t<\/figcaption>\n<\/figure>\n<\/article>\n\n\n\n<article class=\"post visible description-off product type-product post-56274 status-publish instock product_cat-donice-z-wlokna-szklanego-plastiku has-post-thumbnail shipping-taxable purchasable product-type-simple\">\n\n\t<figure class=\"woocom-project\">\n\t<div class=\"woo-buttons-on-img\">\n\n\t\t<a href=\"https:\/\/worldofflowerpots.com\/pl\/sklep\/donice-w-ogrodzie-antonio-4\/\" class=\"alignnone layzr-bg\"><img loading=\"lazy\" decoding=\"async\" width=\"250\" height=\"188\" src=\"data:image\/svg+xml;charset=utf-8,%3Csvg xmlns%3D&#039;http%3A%2F%2Fwww.w3.org%2F2000%2Fsvg&#039; viewBox%3D&#039;0 0 250 188&#039;%2F%3E\" class=\"attachment-woocommerce_thumbnail size-woocommerce_thumbnail lazy-load preload-me\" alt=\"Donice w ogrodzie Antonio 4\" data-src=\"https:\/\/worldofflowerpots.com\/wp-content\/uploads\/2019\/03\/donice-w-ogrodzie-Antonio_4-250x188.png\" \/><\/a>\t\t\n\n\t<\/div>\n\t<figcaption class=\"woocom-list-content\">\n\n\t\t<div class=\"woocommerce-product-details__short-description\">\n\t<p>Donica plastikowa Antonio 4 z w\u0142\u00f3kna szklanego oraz \u017cywicy. Do stosowania jako donica lub jako os\u0142onka. Donice dost\u0119pne we wszystkich kolorach palety RAL w wersji matowej. Donice s\u0105 wyposa\u017cone w otwory odp\u0142ywowe w dnie (na wyra\u017ane \u017cyczenie klienta mo\u017ce zosta\u0107 wykonana bez otworu odp\u0142ywowego), boczne \u015bcianki wy\u0142o\u017cone s\u0105 styropianem. Wymiary donicy: d\u0142ugo\u015b\u0107: 70 cm, szeroko\u015b\u0107: 70 cm, wysoko\u015b\u0107: 70 cm.<\/p>\n<\/div>\n\n\t<\/figcaption>\n<\/figure>\n<\/article>\n\n\n\n<article class=\"post visible description-off product type-product post-50923 status-publish last instock product_cat-donice-z-wlokna-szklanego-plastiku product_tag-donice-balkonowe product_tag-donice-ogrodowe product_tag-donice-tarasowe product_tag-donice-wewnetrzne has-post-thumbnail shipping-taxable purchasable product-type-simple\">\n\n\t<figure class=\"woocom-project\">\n\t<div class=\"woo-buttons-on-img\">\n\n\t\t<a href=\"https:\/\/worldofflowerpots.com\/pl\/sklep\/donice-z-wlokna-szklanego-w-polysku-i-matowe-emilio-1\/\" class=\"alignnone layzr-bg\"><img loading=\"lazy\" decoding=\"async\" width=\"250\" height=\"188\" src=\"data:image\/svg+xml;charset=utf-8,%3Csvg xmlns%3D&#039;http%3A%2F%2Fwww.w3.org%2F2000%2Fsvg&#039; viewBox%3D&#039;0 0 250 188&#039;%2F%3E\" class=\"attachment-woocommerce_thumbnail size-woocommerce_thumbnail lazy-load preload-me\" alt=\"Donice z w\u0142\u00f3kna szklanego w po\u0142ysku i matowe Emilio 1\" data-src=\"https:\/\/worldofflowerpots.com\/wp-content\/uploads\/2019\/01\/donice-z-w\u0142\u00f3kna-szklanego-w-po\u0142ysku-Emilio-1-250x188.jpg\" \/><\/a>\t\t\n\n\t<\/div>\n\t<figcaption class=\"woocom-list-content\">\n\n\t\t<div class=\"woocommerce-product-details__short-description\">\n\t<p>Donica plastikowa z w\u0142\u00f3kna szklanego Emilio 1 z w\u0142\u00f3kna szklanego oraz \u017cywicy do stosowania wewn\u0105trz jako donica lub jako os\u0142onka. Donice dost\u0119pne we wszystkich kolorach palety RAL w wersji matowej i w po\u0142ysku. Donice s\u0105 wyposa\u017cone w otwory odp\u0142ywowe w dnie (na wyra\u017ane \u017cyczenie klienta mo\u017ce zosta\u0107 wykonana bez otworu odp\u0142ywowego), boczne \u015bcianki wy\u0142o\u017cone s\u0105 styropianem. Wymiary donicy: d\u0142ugo\u015b\u0107: 90 cm, szeroko\u015b\u0107: 25 cm, wysoko\u015b\u0107: 80 cm.<\/p>\n<\/div>\n\n\t<\/figcaption>\n<\/figure>\n<\/article>\n\n<\/div><\/div>[\/vc_column][\/vc_row][vc_row css=&#8221;.vc_custom_1548698054848{border-bottom-width: 1px !important;padding-top: 40px !important;padding-bottom: 20px !important;border-bottom-color: #ededed !important;border-bottom-style: solid !important;}&#8221;][vc_column css=&#8221;.vc_custom_1548516273032{padding-bottom: 30px !important;}&#8221; offset=&#8221;vc_col-lg-offset-1 vc_col-lg-10 vc_col-md-offset-1 vc_col-md-10&#8243;]<div id=\"ultimate-heading-728469f365695ebe6\" class=\"uvc-heading ult-adjust-bottom-margin ultimate-heading-728469f365695ebe6 uvc-6950 \" data-hspacer=\"no_spacer\"  data-halign=\"center\" style=\"text-align:center\"><div class=\"uvc-heading-spacer no_spacer\" style=\"top\"><\/div><div class=\"uvc-main-heading ult-responsive\"  data-ultimate-target='.uvc-heading.ultimate-heading-728469f365695ebe6 h2'  data-responsive-json-new='{\"font-size\":\"desktop:28px;mobile:20px;\",\"line-height\":\"desktop:38px;mobile:30px;\"}' ><h2 style=\"font-family:&#039;Poppins&#039;;font-weight:300;margin-bottom:42px;\">DONICE BIUROWE CORTEN<\/h2><\/div><\/div>[\/vc_column][vc_column css=&#8221;.vc_custom_1545305019274{padding-bottom: 30px !important;}&#8221;]<div class=\"woocommerce columns-4 \"><div class=\"wf-container dt-products  woo-hover products loading-effect-fade-in description-on-hover cart-btn-on-img wc-img-hover hide-description wc-grid\" data-padding=\"0px\" data-cur-page=\"1\" data-desktop-columns-num=\"4\" data-v-tablet-columns-num=\"2\" data-h-tablet-columns-num=\"3\" data-phone-columns-num=\"1\">\n\n<article class=\"post visible description-off product type-product post-50757 status-publish first instock product_cat-donice-ze-stali-corten product_tag-donice-ogrodowe product_tag-donice-z-cortenu product_tag-donice-z-efektem-rdzy has-post-thumbnail shipping-taxable purchasable product-type-simple\">\n\n\t<figure class=\"woocom-project\">\n\t<div class=\"woo-buttons-on-img\">\n\n\t\t<a href=\"https:\/\/worldofflowerpots.com\/pl\/sklep\/corten-blacha-cubi-11\/\" class=\"alignnone layzr-bg\"><img loading=\"lazy\" decoding=\"async\" width=\"250\" height=\"188\" src=\"data:image\/svg+xml;charset=utf-8,%3Csvg xmlns%3D&#039;http%3A%2F%2Fwww.w3.org%2F2000%2Fsvg&#039; viewBox%3D&#039;0 0 250 188&#039;%2F%3E\" class=\"attachment-woocommerce_thumbnail size-woocommerce_thumbnail lazy-load preload-me\" alt=\"Corten blacha Cubi 11\" data-src=\"https:\/\/worldofflowerpots.com\/wp-content\/uploads\/2019\/01\/Blacha-corten-Cubi_11-250x188.jpg\" \/><\/a>\t\t\n\n\t<\/div>\n\t<figcaption class=\"woocom-list-content\">\n\n\t\t<div class=\"woocommerce-product-details__short-description\">\n\t<p>Donica Cubi 11 z blachy cortenowej o grubo\u015bci 2 mm. W dnie posiada otwory odp\u0142ywowe, natomiast jej \u015bcianki ocieplone s\u0105 styropianem o grubo\u015bci 2cm. Wymiary donicy: d\u0142ugo\u015b\u0107: 120 cm, szeroko\u015b\u0107: 50 cm, wysoko\u015b\u0107: 60 cm.<\/p>\n<\/div>\n\n\t<\/figcaption>\n<\/figure>\n<\/article>\n\n\n\n<article class=\"post visible description-off product type-product post-50750 status-publish instock product_cat-donice-ze-stali-corten product_tag-donice-ogrodowe product_tag-donice-z-cortenu product_tag-donice-z-efektem-rdzy has-post-thumbnail shipping-taxable purchasable product-type-simple\">\n\n\t<figure class=\"woocom-project\">\n\t<div class=\"woo-buttons-on-img\">\n\n\t\t<a href=\"https:\/\/worldofflowerpots.com\/pl\/sklep\/donica-stozkowa-z-cortenu-vaso-6\/\" class=\"alignnone layzr-bg\"><img loading=\"lazy\" decoding=\"async\" width=\"250\" height=\"188\" src=\"data:image\/svg+xml;charset=utf-8,%3Csvg xmlns%3D&#039;http%3A%2F%2Fwww.w3.org%2F2000%2Fsvg&#039; viewBox%3D&#039;0 0 250 188&#039;%2F%3E\" class=\"attachment-woocommerce_thumbnail size-woocommerce_thumbnail lazy-load preload-me\" alt=\"Donica sto\u017ckowa z cortenu Vaso 6\" data-src=\"https:\/\/worldofflowerpots.com\/wp-content\/uploads\/2019\/01\/Donica-sto\u017ckowa-z-cortenu-Vaso_6-250x188.jpg\" \/><\/a>\t\t\n\n\t<\/div>\n\t<figcaption class=\"woocom-list-content\">\n\n\t\t<div class=\"woocommerce-product-details__short-description\">\n\t<p>Donica Vaso\u00a0 z blachy cortenowej o grubo\u015bci 2mm. W dnie posiada otwory odp\u0142ywowe, natomiast jej \u015bcianki ocieplone s\u0105 styropianem o grubo\u015bci 2cm. Wymiary donicy: \u015brednica: 85cm,\u00a0 wysoko\u015b\u0107: 95cm.<\/p>\n<\/div>\n\n\t<\/figcaption>\n<\/figure>\n<\/article>\n\n\n\n<article class=\"post visible description-off product type-product post-55615 status-publish instock product_cat-donice-ze-stali-corten product_tag-donice-ogrodowe product_tag-donice-z-cortenu product_tag-donice-z-efektem-rdzy has-post-thumbnail shipping-taxable purchasable product-type-simple\">\n\n\t<figure class=\"woocom-project\">\n\t<div class=\"woo-buttons-on-img\">\n\n\t\t<a href=\"https:\/\/worldofflowerpots.com\/pl\/sklep\/donica-trapezowa-daniele-corten\/\" class=\"alignnone layzr-bg\"><img loading=\"lazy\" decoding=\"async\" width=\"250\" height=\"188\" src=\"data:image\/svg+xml;charset=utf-8,%3Csvg xmlns%3D&#039;http%3A%2F%2Fwww.w3.org%2F2000%2Fsvg&#039; viewBox%3D&#039;0 0 250 188&#039;%2F%3E\" class=\"attachment-woocommerce_thumbnail size-woocommerce_thumbnail lazy-load preload-me\" alt=\"Donica trapezowa Daniele Corten\" data-src=\"https:\/\/worldofflowerpots.com\/wp-content\/uploads\/2019\/03\/donica-trapezowa-corten-Daniele-Corten-250x188.jpg\" \/><\/a>\t\t\n\n\t<\/div>\n\t<figcaption class=\"woocom-list-content\">\n\n\t\t<div class=\"woocommerce-product-details__short-description\">\n\t<p>Donica Daniele Corten z blachy cortenowej o grubo\u015bci 2 mm. W dnie posiada otwory odp\u0142ywowe, natomiast jej \u015bcianki ocieplone s\u0105 styropianem o grubo\u015bci 2 cm. Wymiary donicy: d\u0142ugo\u015b\u0107: 89,8 cm, szeroko\u015b\u0107: 89,8 cm, wysoko\u015b\u0107: 80,6 cm.<\/p>\n<\/div>\n\n\t<\/figcaption>\n<\/figure>\n<\/article>\n\n\n\n<article class=\"post visible description-off product type-product post-55825 status-publish last instock product_cat-donice-na-kolkach product_cat-donice-ze-stali-corten product_tag-donice-z-cortenu product_tag-donice-z-efektem-rdzy has-post-thumbnail shipping-taxable purchasable product-type-simple\">\n\n\t<figure class=\"woocom-project\">\n\t<div class=\"woo-buttons-on-img\">\n\n\t\t<a href=\"https:\/\/worldofflowerpots.com\/pl\/sklep\/donica-z-cortenu-na-kolkach-marcello-mobile\/\" class=\"alignnone layzr-bg\"><img loading=\"lazy\" decoding=\"async\" width=\"250\" height=\"188\" src=\"data:image\/svg+xml;charset=utf-8,%3Csvg xmlns%3D&#039;http%3A%2F%2Fwww.w3.org%2F2000%2Fsvg&#039; viewBox%3D&#039;0 0 250 188&#039;%2F%3E\" class=\"attachment-woocommerce_thumbnail size-woocommerce_thumbnail lazy-load preload-me\" alt=\"Donica z cortenu na k\u00f3\u0142kach Marcello Mobile\" data-src=\"https:\/\/worldofflowerpots.com\/wp-content\/uploads\/2019\/03\/donica-z-cortenu-na-k\u00f3\u0142kach-Marcello-Mobile-250x188.jpg\" \/><\/a>\t\t\n\n\t<\/div>\n\t<figcaption class=\"woocom-list-content\">\n\n\t\t<div class=\"woocommerce-product-details__short-description\">\n\t<p>Donica Marcello Mobile z blachy cortenowej o grubo\u015bci 2 mm. W dnie posiada otw\u00f3r odp\u0142ywowy, natomiast jej \u015bcianki ocieplone s\u0105 styropianem o grubo\u015bci 2 cm. Dzi\u0119ki zastosowaniu k\u00f3\u0142ek mo\u017cna bez problemu przestawi\u0107 donice w dowolne miejsce. Wymiary donicy: d\u0142ugo\u015b\u0107: 60 cm, szeroko\u015b\u0107: 60 cm, wysoko\u015b\u0107: 61,7 cm.<\/p>\n<\/div>\n\n\t<\/figcaption>\n<\/figure>\n<\/article>\n\n\n\n<article class=\"post visible description-off product type-product post-50758 status-publish first instock product_cat-donice-ze-stali-corten product_tag-donice-ogrodowe product_tag-donice-z-cortenu product_tag-donice-z-efektem-rdzy has-post-thumbnail shipping-taxable purchasable product-type-simple\">\n\n\t<figure class=\"woocom-project\">\n\t<div class=\"woo-buttons-on-img\">\n\n\t\t<a href=\"https:\/\/worldofflowerpots.com\/pl\/sklep\/donice-corten-cubi-10\/\" class=\"alignnone layzr-bg\"><img loading=\"lazy\" decoding=\"async\" width=\"250\" height=\"188\" src=\"data:image\/svg+xml;charset=utf-8,%3Csvg xmlns%3D&#039;http%3A%2F%2Fwww.w3.org%2F2000%2Fsvg&#039; viewBox%3D&#039;0 0 250 188&#039;%2F%3E\" class=\"attachment-woocommerce_thumbnail size-woocommerce_thumbnail lazy-load preload-me\" alt=\"Donice Corten Cubi 10\" data-src=\"https:\/\/worldofflowerpots.com\/wp-content\/uploads\/2019\/01\/Donice-corten-Cubi_10-250x188.jpg\" \/><\/a>\t\t\n\n\t<\/div>\n\t<figcaption class=\"woocom-list-content\">\n\n\t\t<div class=\"woocommerce-product-details__short-description\">\n\t<p>Donica Cubi 10 z blachy cortenowej o grubo\u015bci 2mm. W dnie posiada otwory odp\u0142ywowe, natomiast jej \u015bcianki ocieplone s\u0105 styropianem o grubo\u015bci 2cm. Wymiary donicy:d\u0142ugo\u015b\u0107:120cm, szeroko\u015b\u0107:50cm, wysoko\u015b\u0107:60cm.<\/p>\n<\/div>\n\n\t<\/figcaption>\n<\/figure>\n<\/article>\n\n\n\n<article class=\"post visible description-off product type-product post-50759 status-publish instock product_cat-donice-ze-stali-corten product_tag-donice-ogrodowe product_tag-donice-z-cortenu product_tag-donice-z-efektem-rdzy has-post-thumbnail shipping-taxable purchasable product-type-simple\">\n\n\t<figure class=\"woocom-project\">\n\t<div class=\"woo-buttons-on-img\">\n\n\t\t<a href=\"https:\/\/worldofflowerpots.com\/pl\/sklep\/donice-prostokatne-z-cortenu-cubi-9\/\" class=\"alignnone layzr-bg\"><img loading=\"lazy\" decoding=\"async\" width=\"250\" height=\"188\" src=\"data:image\/svg+xml;charset=utf-8,%3Csvg xmlns%3D&#039;http%3A%2F%2Fwww.w3.org%2F2000%2Fsvg&#039; viewBox%3D&#039;0 0 250 188&#039;%2F%3E\" class=\"attachment-woocommerce_thumbnail size-woocommerce_thumbnail lazy-load preload-me\" alt=\"Donice prostok\u0105tne z cortenu Cubi 9\" data-src=\"https:\/\/worldofflowerpots.com\/wp-content\/uploads\/2019\/01\/Donice-prostok\u0105tne-z-cortenu-Cubi_9-250x188.jpg\" \/><\/a>\t\t\n\n\t<\/div>\n\t<figcaption class=\"woocom-list-content\">\n\n\t\t<div class=\"woocommerce-product-details__short-description\">\n\t<p>Donica Cubi 9\u00a0 z blachy cortenowej o grubo\u015bci 2mm. W dnie posiada otwory odp\u0142ywowe, natomiast jej \u015bcianki ocieplone s\u0105 styropianem o grubo\u015bci 2cm. Wymiary donicy:d\u0142ugo\u015b\u0107:200cm, szeroko\u015b\u0107:50cm, wysoko\u015b\u0107:60cm.<\/p>\n<\/div>\n\n\t<\/figcaption>\n<\/figure>\n<\/article>\n\n\n\n<article class=\"post visible description-off product type-product post-50756 status-publish instock product_cat-donice-ze-stali-corten product_tag-donice-ogrodowe product_tag-donice-z-cortenu product_tag-donice-z-efektem-rdzy has-post-thumbnail shipping-taxable purchasable product-type-simple\">\n\n\t<figure class=\"woocom-project\">\n\t<div class=\"woo-buttons-on-img\">\n\n\t\t<a href=\"https:\/\/worldofflowerpots.com\/pl\/sklep\/donice-stalowe-corten-cubi-12\/\" class=\"alignnone layzr-bg\"><img loading=\"lazy\" decoding=\"async\" width=\"250\" height=\"188\" src=\"data:image\/svg+xml;charset=utf-8,%3Csvg xmlns%3D&#039;http%3A%2F%2Fwww.w3.org%2F2000%2Fsvg&#039; viewBox%3D&#039;0 0 250 188&#039;%2F%3E\" class=\"attachment-woocommerce_thumbnail size-woocommerce_thumbnail lazy-load preload-me\" alt=\"Donice Stalowe corten Cubi 12\" data-src=\"https:\/\/worldofflowerpots.com\/wp-content\/uploads\/2019\/01\/Donice-stalowe-corten-Cubi_12-250x188.jpg\" \/><\/a>\t\t\n\n\t<\/div>\n\t<figcaption class=\"woocom-list-content\">\n\n\t\t<div class=\"woocommerce-product-details__short-description\">\n\t<p>Donica Cubi 12\u00a0 z blachy cortenowej o grubo\u015bci 2mm. W dnie posiada otwory odp\u0142ywowe, natomiast jej \u015bcianki ocieplone s\u0105 styropianem o grubo\u015bci 2cm. Wymiary donicy:d\u0142ugo\u015b\u0107:90cm, szeroko\u015b\u0107:30cm, wysoko\u015b\u0107:80cm.<\/p>\n<\/div>\n\n\t<\/figcaption>\n<\/figure>\n<\/article>\n\n\n\n<article class=\"post visible description-off product type-product post-50764 status-publish last instock product_cat-donice-ze-stali-corten product_tag-donice-ogrodowe product_tag-donice-z-cortenu product_tag-donice-z-efektem-rdzy has-post-thumbnail shipping-taxable purchasable product-type-simple\">\n\n\t<figure class=\"woocom-project\">\n\t<div class=\"woo-buttons-on-img\">\n\n\t\t<a href=\"https:\/\/worldofflowerpots.com\/pl\/sklep\/donice-stalowe-cubi-4\/\" class=\"alignnone layzr-bg\"><img loading=\"lazy\" decoding=\"async\" width=\"250\" height=\"188\" src=\"data:image\/svg+xml;charset=utf-8,%3Csvg xmlns%3D&#039;http%3A%2F%2Fwww.w3.org%2F2000%2Fsvg&#039; viewBox%3D&#039;0 0 250 188&#039;%2F%3E\" class=\"attachment-woocommerce_thumbnail size-woocommerce_thumbnail lazy-load preload-me\" alt=\"Donice stalowe Cubi 4\" data-src=\"https:\/\/worldofflowerpots.com\/wp-content\/uploads\/2019\/01\/Donice-stalowe-Cubi_4-250x188.jpg\" \/><\/a>\t\t\n\n\t<\/div>\n\t<figcaption class=\"woocom-list-content\">\n\n\t\t<div class=\"woocommerce-product-details__short-description\">\n\t<p>Donica Cubi 4\u00a0 z blachy cortenowej o grubo\u015bci 2mm. W dnie posiada otwory odp\u0142ywowe, natomiast jej \u015bcianki ocieplone s\u0105 styropianem o grubo\u015bci 2cm. Wymiary donicy:d\u0142ugo\u015b\u0107:80cm, szeroko\u015b\u0107:80cm, wysoko\u015b\u0107:80cm.<\/p>\n<\/div>\n\n\t<\/figcaption>\n<\/figure>\n<\/article>\n\n\n\n<article class=\"post visible description-off product type-product post-50752 status-publish first instock product_cat-donice-ze-stali-corten product_tag-donice-ogrodowe product_tag-donice-z-cortenu product_tag-donice-z-efektem-rdzy has-post-thumbnail shipping-taxable purchasable product-type-simple\">\n\n\t<figure class=\"woocom-project\">\n\t<div class=\"woo-buttons-on-img\">\n\n\t\t<a href=\"https:\/\/worldofflowerpots.com\/pl\/sklep\/donice-stalowe-vaso-4\/\" class=\"alignnone layzr-bg\"><img loading=\"lazy\" decoding=\"async\" width=\"250\" height=\"188\" src=\"data:image\/svg+xml;charset=utf-8,%3Csvg xmlns%3D&#039;http%3A%2F%2Fwww.w3.org%2F2000%2Fsvg&#039; viewBox%3D&#039;0 0 250 188&#039;%2F%3E\" class=\"attachment-woocommerce_thumbnail size-woocommerce_thumbnail lazy-load preload-me\" alt=\"Donice stalowe Vaso 4\" data-src=\"https:\/\/worldofflowerpots.com\/wp-content\/uploads\/2019\/01\/Sto\u017ckowa-donica-z-cortenu-Vaso_4-250x188.jpg\" \/><\/a>\t\t\n\n\t<\/div>\n\t<figcaption class=\"woocom-list-content\">\n\n\t\t<div class=\"woocommerce-product-details__short-description\">\n\t<p>Donica Vaso 4 z blachy cortenowej o grubo\u015bci 2mm. W dnie posiada otwory odp\u0142ywowe, natomiast jej \u015bcianki ocieplone s\u0105 styropianem o grubo\u015bci 2cm. Wymiary donicy: \u015brednica: 60cm,\u00a0 wysoko\u015b\u0107: 60cm.<\/p>\n<\/div>\n\n\t<\/figcaption>\n<\/figure>\n<\/article>\n\n\n\n<article class=\"post visible description-off product type-product post-50762 status-publish instock product_cat-donice-ze-stali-corten product_tag-donice-ogrodowe product_tag-donice-z-cortenu product_tag-donice-z-efektem-rdzy has-post-thumbnail shipping-taxable purchasable product-type-simple\">\n\n\t<figure class=\"woocom-project\">\n\t<div class=\"woo-buttons-on-img\">\n\n\t\t<a href=\"https:\/\/worldofflowerpots.com\/pl\/sklep\/donice-z-cortenu-cubi-6\/\" class=\"alignnone layzr-bg\"><img loading=\"lazy\" decoding=\"async\" width=\"250\" height=\"188\" src=\"data:image\/svg+xml;charset=utf-8,%3Csvg xmlns%3D&#039;http%3A%2F%2Fwww.w3.org%2F2000%2Fsvg&#039; viewBox%3D&#039;0 0 250 188&#039;%2F%3E\" class=\"attachment-woocommerce_thumbnail size-woocommerce_thumbnail lazy-load preload-me\" alt=\"Donice z cortenu Cubi 6\" data-src=\"https:\/\/worldofflowerpots.com\/wp-content\/uploads\/2019\/01\/Donica-z-cortenu-Cubi_6-250x188.jpg\" \/><\/a>\t\t\n\n\t<\/div>\n\t<figcaption class=\"woocom-list-content\">\n\n\t\t<div class=\"woocommerce-product-details__short-description\">\n\t<p>Donica Cubi 6 z blachy cortenowej o grubo\u015bci 2mm. W dnie posiada otwory odp\u0142ywowe, natomiast jej \u015bcianki ocieplone s\u0105 styropianem o grubo\u015bci 2cm. Wymiary donicy:d\u0142ugo\u015b\u0107:100cm, szeroko\u015b\u0107:100cm, wysoko\u015b\u0107:80cm.<\/p>\n<\/div>\n\n\t<\/figcaption>\n<\/figure>\n<\/article>\n\n\n\n<article class=\"post visible description-off product type-product post-50761 status-publish instock product_cat-donice-ze-stali-corten product_tag-donice-ogrodowe product_tag-donice-z-cortenu product_tag-donice-z-efektem-rdzy has-post-thumbnail shipping-taxable purchasable product-type-simple\">\n\n\t<figure class=\"woocom-project\">\n\t<div class=\"woo-buttons-on-img\">\n\n\t\t<a href=\"https:\/\/worldofflowerpots.com\/pl\/sklep\/donice-z-kortenu-cubi-7\/\" class=\"alignnone layzr-bg\"><img loading=\"lazy\" decoding=\"async\" width=\"250\" height=\"188\" src=\"data:image\/svg+xml;charset=utf-8,%3Csvg xmlns%3D&#039;http%3A%2F%2Fwww.w3.org%2F2000%2Fsvg&#039; viewBox%3D&#039;0 0 250 188&#039;%2F%3E\" class=\"attachment-woocommerce_thumbnail size-woocommerce_thumbnail lazy-load preload-me\" alt=\"Donice z kortenu Cubi 7\" data-src=\"https:\/\/worldofflowerpots.com\/wp-content\/uploads\/2019\/01\/Donice-z-kortenu-Cubi_7-250x188.jpg\" \/><\/a>\t\t\n\n\t<\/div>\n\t<figcaption class=\"woocom-list-content\">\n\n\t\t<div class=\"woocommerce-product-details__short-description\">\n\t<p>Donica Cubi 7\u00a0 z blachy cortenowej o grubo\u015bci 2mm. W dnie posiada otwory odp\u0142ywowe, natomiast jej \u015bcianki ocieplone s\u0105 styropianem o grubo\u015bci 2cm. Wymiary donicy:d\u0142ugo\u015b\u0107:120cm, szeroko\u015b\u0107:120cm, wysoko\u015b\u0107:80cm.<\/p>\n<\/div>\n\n\t<\/figcaption>\n<\/figure>\n<\/article>\n\n\n\n<article class=\"post visible description-off product type-product post-50765 status-publish last instock product_cat-donice-ze-stali-corten product_tag-donice-ogrodowe product_tag-donice-z-cortenu product_tag-donice-z-efektem-rdzy has-post-thumbnail shipping-taxable purchasable product-type-simple\">\n\n\t<figure class=\"woocom-project\">\n\t<div class=\"woo-buttons-on-img\">\n\n\t\t<a href=\"https:\/\/worldofflowerpots.com\/pl\/sklep\/donice-ze-stali-corten-cubi-3\/\" class=\"alignnone layzr-bg\"><img loading=\"lazy\" decoding=\"async\" width=\"250\" height=\"188\" src=\"data:image\/svg+xml;charset=utf-8,%3Csvg xmlns%3D&#039;http%3A%2F%2Fwww.w3.org%2F2000%2Fsvg&#039; viewBox%3D&#039;0 0 250 188&#039;%2F%3E\" class=\"attachment-woocommerce_thumbnail size-woocommerce_thumbnail lazy-load preload-me\" alt=\"Donice ze stali corten Cubi 3\" data-src=\"https:\/\/worldofflowerpots.com\/wp-content\/uploads\/2019\/01\/Donice-ze-stali-corten-Cubi_3-250x188.jpg\" \/><\/a>\t\t\n\n\t<\/div>\n\t<figcaption class=\"woocom-list-content\">\n\n\t\t<div class=\"woocommerce-product-details__short-description\">\n\t<p>Donica Cubi 3\u00a0 z blachy cortenowej o grubo\u015bci 2mm. W dnie posiada otwory odp\u0142ywowe, natomiast jej \u015bcianki ocieplone s\u0105 styropianem o grubo\u015bci 2 cm. Wymiary donicy: d\u0142ugo\u015b\u0107: 70 cm, szeroko\u015b\u0107: 70 cm, wysoko\u015b\u0107: 70 cm.<\/p>\n<\/div>\n\n\t<\/figcaption>\n<\/figure>\n<\/article>\n\n<\/div><\/div>[\/vc_column][\/vc_row]<\/p>\n","protected":false},"excerpt":{"rendered":"<p>[vc_row bg_type=&#8221;image&#8221; parallax_style=&#8221;vcpb-default&#8221; bg_image_new=&#8221;id^50225|url^https:\/\/worldofflowerpots.com\/wp-content\/uploads\/2019\/01\/donice-biurowe-dla-firm-z-aluminium-1024&#215;603.jpg|caption^null|alt^null|title^donice-biurowe-dla-firm-z-aluminium-1024&#215;603|description^null&#8221; bg_image_repeat=&#8221;no-repeat&#8221; bg_override=&#8221;ex-full&#8221; enable_overlay=&#8221;enable_overlay_value&#8221; overlay_color=&#8221;rgba(0,0,0,0.2)&#8221; css=&#8221;.vc_custom_1549235106886{padding-top: 150px !important;padding-bottom: 150px !important;}&#8221;][vc_column offset=&#8221;vc_col-lg-offset-1 vc_col-lg-10 vc_col-md-offset-1 vc_col-md-10&#8243;][\/vc_column][\/vc_row][vc_row css=&#8221;.vc_custom_1548698054848{border-bottom-width: 1px !important;padding-top: 40px !important;padding-bottom: 20px !important;border-bottom-color: #ededed !important;border-bottom-style: solid !important;}&#8221;][vc_column css=&#8221;.vc_custom_1548516273032{padding-bottom: 30px !important;}&#8221; offset=&#8221;vc_col-lg-offset-1 vc_col-lg-10 vc_col-md-offset-1 vc_col-md-10&#8243;][\/vc_column][vc_column css=&#8221;.vc_custom_1545305019274{padding-bottom: 30px !important;}&#8221;][\/vc_column][\/vc_row][vc_row css=&#8221;.vc_custom_1548698054848{border-bottom-width: 1px !important;padding-top: 40px !important;padding-bottom: 20px !important;border-bottom-color: #ededed !important;border-bottom-style: solid !important;}&#8221;][vc_column css=&#8221;.vc_custom_1548516273032{padding-bottom: 30px !important;}&#8221; offset=&#8221;vc_col-lg-offset-1 vc_col-lg-10 vc_col-md-offset-1&hellip;<\/p>\n","protected":false},"author":1,"featured_media":0,"parent":0,"menu_order":0,"comment_status":"closed","ping_status":"closed","template":"","meta":{"_acf_changed":false},"class_list":["post-50381","page","type-page","status-publish","hentry","description-off"],"acf":[],"yoast_head":"<!-- This site is optimized with the Yoast SEO plugin v27.5 - https:\/\/yoast.com\/product\/yoast-seo-wordpress\/ -->\n<title>Donice do biura - du\u017ce - nowoczesne | Donice World of Flowerpots<\/title>\n<meta name=\"description\" content=\"Polecamy przede wszystkim donice biurowe, takie jak donice aluminiowe na k\u00f3\u0142kach oraz donice plastikowe z w\u0142\u00f3kna szklanego.\" \/>\n<meta name=\"robots\" content=\"index, follow, max-snippet:-1, max-image-preview:large, max-video-preview:-1\" \/>\n<link rel=\"canonical\" href=\"https:\/\/worldofflowerpots.com\/donice-do-biura\/\" \/>\n<meta property=\"og:locale\" content=\"pl_PL\" \/>\n<meta property=\"og:type\" content=\"article\" \/>\n<meta property=\"og:title\" content=\"Donice do biura - du\u017ce - nowoczesne | Donice World of Flowerpots\" \/>\n<meta property=\"og:description\" content=\"Polecamy przede wszystkim donice biurowe, takie jak donice aluminiowe na k\u00f3\u0142kach oraz donice plastikowe z w\u0142\u00f3kna szklanego.\" \/>\n<meta property=\"og:url\" content=\"https:\/\/worldofflowerpots.com\/donice-do-biura\/\" \/>\n<meta property=\"og:site_name\" content=\"World of Flowerpots\" \/>\n<meta property=\"article:modified_time\" content=\"2019-04-16T13:34:04+00:00\" \/>\n<meta name=\"twitter:card\" content=\"summary_large_image\" \/>\n<meta name=\"twitter:label1\" content=\"Szacowany czas czytania\" \/>\n\t<meta name=\"twitter:data1\" content=\"6 minut\" \/>\n<script type=\"application\/ld+json\" class=\"yoast-schema-graph\">{\"@context\":\"https:\\\/\\\/schema.org\",\"@graph\":[{\"@type\":\"WebPage\",\"@id\":\"https:\\\/\\\/worldofflowerpots.com\\\/donice-do-biura\\\/\",\"url\":\"https:\\\/\\\/worldofflowerpots.com\\\/donice-do-biura\\\/\",\"name\":\"Donice do biura - du\u017ce - nowoczesne | Donice World of Flowerpots\",\"isPartOf\":{\"@id\":\"https:\\\/\\\/worldofflowerpots.com\\\/#website\"},\"datePublished\":\"2019-01-13T20:22:16+00:00\",\"dateModified\":\"2019-04-16T13:34:04+00:00\",\"description\":\"Polecamy przede wszystkim donice biurowe, takie jak donice aluminiowe na k\u00f3\u0142kach oraz donice plastikowe z w\u0142\u00f3kna szklanego.\",\"breadcrumb\":{\"@id\":\"https:\\\/\\\/worldofflowerpots.com\\\/donice-do-biura\\\/#breadcrumb\"},\"inLanguage\":\"pl-PL\",\"potentialAction\":[{\"@type\":\"ReadAction\",\"target\":[\"https:\\\/\\\/worldofflowerpots.com\\\/donice-do-biura\\\/\"]}]},{\"@type\":\"BreadcrumbList\",\"@id\":\"https:\\\/\\\/worldofflowerpots.com\\\/donice-do-biura\\\/#breadcrumb\",\"itemListElement\":[{\"@type\":\"ListItem\",\"position\":1,\"name\":\"Strona g\u0142\u00f3wna\",\"item\":\"https:\\\/\\\/worldofflowerpots.com\\\/\"},{\"@type\":\"ListItem\",\"position\":2,\"name\":\"Donice do biura\"}]},{\"@type\":\"WebSite\",\"@id\":\"https:\\\/\\\/worldofflowerpots.com\\\/#website\",\"url\":\"https:\\\/\\\/worldofflowerpots.com\\\/\",\"name\":\"World of Flowerpots\",\"description\":\"producent donic ozdobnych\",\"potentialAction\":[{\"@type\":\"SearchAction\",\"target\":{\"@type\":\"EntryPoint\",\"urlTemplate\":\"https:\\\/\\\/worldofflowerpots.com\\\/?s={search_term_string}\"},\"query-input\":{\"@type\":\"PropertyValueSpecification\",\"valueRequired\":true,\"valueName\":\"search_term_string\"}}],\"inLanguage\":\"pl-PL\"}]}<\/script>\n<!-- \/ Yoast SEO plugin. -->","yoast_head_json":{"title":"Donice do biura - du\u017ce - nowoczesne | Donice World of Flowerpots","description":"Polecamy przede wszystkim donice biurowe, takie jak donice aluminiowe na k\u00f3\u0142kach oraz donice plastikowe z w\u0142\u00f3kna szklanego.","robots":{"index":"index","follow":"follow","max-snippet":"max-snippet:-1","max-image-preview":"max-image-preview:large","max-video-preview":"max-video-preview:-1"},"canonical":"https:\/\/worldofflowerpots.com\/donice-do-biura\/","og_locale":"pl_PL","og_type":"article","og_title":"Donice do biura - du\u017ce - nowoczesne | Donice World of Flowerpots","og_description":"Polecamy przede wszystkim donice biurowe, takie jak donice aluminiowe na k\u00f3\u0142kach oraz donice plastikowe z w\u0142\u00f3kna szklanego.","og_url":"https:\/\/worldofflowerpots.com\/donice-do-biura\/","og_site_name":"World of Flowerpots","article_modified_time":"2019-04-16T13:34:04+00:00","twitter_card":"summary_large_image","twitter_misc":{"Szacowany czas czytania":"6 minut"},"schema":{"@context":"https:\/\/schema.org","@graph":[{"@type":"WebPage","@id":"https:\/\/worldofflowerpots.com\/donice-do-biura\/","url":"https:\/\/worldofflowerpots.com\/donice-do-biura\/","name":"Donice do biura - du\u017ce - nowoczesne | Donice World of Flowerpots","isPartOf":{"@id":"https:\/\/worldofflowerpots.com\/#website"},"datePublished":"2019-01-13T20:22:16+00:00","dateModified":"2019-04-16T13:34:04+00:00","description":"Polecamy przede wszystkim donice biurowe, takie jak donice aluminiowe na k\u00f3\u0142kach oraz donice plastikowe z w\u0142\u00f3kna szklanego.","breadcrumb":{"@id":"https:\/\/worldofflowerpots.com\/donice-do-biura\/#breadcrumb"},"inLanguage":"pl-PL","potentialAction":[{"@type":"ReadAction","target":["https:\/\/worldofflowerpots.com\/donice-do-biura\/"]}]},{"@type":"BreadcrumbList","@id":"https:\/\/worldofflowerpots.com\/donice-do-biura\/#breadcrumb","itemListElement":[{"@type":"ListItem","position":1,"name":"Strona g\u0142\u00f3wna","item":"https:\/\/worldofflowerpots.com\/"},{"@type":"ListItem","position":2,"name":"Donice do biura"}]},{"@type":"WebSite","@id":"https:\/\/worldofflowerpots.com\/#website","url":"https:\/\/worldofflowerpots.com\/","name":"World of Flowerpots","description":"producent donic ozdobnych","potentialAction":[{"@type":"SearchAction","target":{"@type":"EntryPoint","urlTemplate":"https:\/\/worldofflowerpots.com\/?s={search_term_string}"},"query-input":{"@type":"PropertyValueSpecification","valueRequired":true,"valueName":"search_term_string"}}],"inLanguage":"pl-PL"}]}},"_links":{"self":[{"href":"https:\/\/worldofflowerpots.com\/pl\/wp-json\/wp\/v2\/pages\/50381","targetHints":{"allow":["GET"]}}],"collection":[{"href":"https:\/\/worldofflowerpots.com\/pl\/wp-json\/wp\/v2\/pages"}],"about":[{"href":"https:\/\/worldofflowerpots.com\/pl\/wp-json\/wp\/v2\/types\/page"}],"author":[{"embeddable":true,"href":"https:\/\/worldofflowerpots.com\/pl\/wp-json\/wp\/v2\/users\/1"}],"replies":[{"embeddable":true,"href":"https:\/\/worldofflowerpots.com\/pl\/wp-json\/wp\/v2\/comments?post=50381"}],"version-history":[{"count":7,"href":"https:\/\/worldofflowerpots.com\/pl\/wp-json\/wp\/v2\/pages\/50381\/revisions"}],"predecessor-version":[{"id":59596,"href":"https:\/\/worldofflowerpots.com\/pl\/wp-json\/wp\/v2\/pages\/50381\/revisions\/59596"}],"wp:attachment":[{"href":"https:\/\/worldofflowerpots.com\/pl\/wp-json\/wp\/v2\/media?parent=50381"}],"curies":[{"name":"wp","href":"https:\/\/api.w.org\/{rel}","templated":true}]}}