{"id":50385,"date":"2019-01-13T21:31:39","date_gmt":"2019-01-13T20:31:39","guid":{"rendered":"https:\/\/worldofflowerpots.com\/?page_id=50385"},"modified":"2019-04-16T15:42:07","modified_gmt":"2019-04-16T13:42:07","slug":"oslony-oslonki-na-donice-i-doniczki","status":"publish","type":"page","link":"https:\/\/worldofflowerpots.com\/pl\/oslony-oslonki-na-donice-i-doniczki\/","title":{"rendered":"Os\u0142ony, os\u0142onki na Donice i Doniczki"},"content":{"rendered":"<p>[vc_row bg_type=&#8221;image&#8221; parallax_style=&#8221;vcpb-default&#8221; bg_image_new=&#8221;id^51724|url^https:\/\/worldofflowerpots.com\/wp-content\/uploads\/2019\/01\/blumenkuebel-beton-martina-und-cristina-weiss-schwerin.jpg|caption^null|alt^null|title^blumenkuebel-beton-martina-und-cristina-weiss-schwerin|description^null&#8221; bg_image_repeat=&#8221;no-repeat&#8221; bg_override=&#8221;ex-full&#8221; enable_overlay=&#8221;enable_overlay_value&#8221; overlay_color=&#8221;rgba(0,0,0,0.2)&#8221; css=&#8221;.vc_custom_1548525174707{padding-top: 150px !important;padding-bottom: 150px !important;}&#8221;][vc_column offset=&#8221;vc_col-lg-offset-1 vc_col-lg-10 vc_col-md-offset-1 vc_col-md-10&#8243;]<div id=\"ultimate-heading-710069f352836fc56\" class=\"uvc-heading ult-adjust-bottom-margin ultimate-heading-710069f352836fc56 uvc-7692 \" data-hspacer=\"no_spacer\"  data-halign=\"center\" style=\"text-align:center\"><div class=\"uvc-heading-spacer no_spacer\" style=\"top\"><\/div><div class=\"uvc-main-heading ult-responsive\"  data-ultimate-target='.uvc-heading.ultimate-heading-710069f352836fc56 h1'  data-responsive-json-new='{\"font-size\":\"desktop:34px;mobile:24px;\",\"line-height\":\"desktop:44px;mobile:34px;\"}' ><h1 style=\"font-family:&#039;Poppins&#039;;font-weight:300;color:#ffffff;margin-bottom:42px;\">OS\u0141ONKI NA DONICZKI I OS\u0141ONY NA DONICE<\/h1><\/div><div class=\"uvc-sub-heading ult-responsive\"  data-ultimate-target='.uvc-heading.ultimate-heading-710069f352836fc56 .uvc-sub-heading '  data-responsive-json-new='{\"font-size\":\"desktop:16px;\",\"line-height\":\"desktop:28px;\"}'  style=\"font-family:&#039;Open Sans&#039;;font-weight:normal;font-style:normal;color:#f4f4f4;\"><\/p>\n<div class=\"hidden-mob\">\n<p>Tradycyjne podstawki pod doniczki sukcesywnie s\u0105 wypierane przez pi\u0119kne, stylowe os\u0142onki na donice. Nic dziwnego, os\u0142onki wygl\u0105daj\u0105 bardzo estetycznie. Poza tym, dzi\u0119ki os\u0142onkom unikn\u0105 Pa\u0144stwo konieczno\u015bci przesadzania ro\u015bliny zakupionej w prostej, niezbyt urodziwej doniczce.<\/p>\n<p>W naszej ofercie znajd\u0105 Pa\u0144stwo ca\u0142\u0105 gam\u0119 donic z fiberglassu, kt\u00f3re mog\u0105 pe\u0142ni\u0107 r\u00f3wnie\u017c funkcj\u0119 estetycznych os\u0142on oraz idealnie wkomponuj\u0105 si\u0119 w otaczaj\u0105c\u0105 przestrze\u0144.<\/p>\n<\/div>\n<div class=\"gap\" style=\"line-height: 10px; height: 10px;\"><\/div><a class=\"link-inside\" href=\"https:\/\/worldofflowerpots.com\/sklep\/\">Wszystkie donice<\/a><\/div><\/div>[\/vc_column][\/vc_row][vc_row css=&#8221;.vc_custom_1548698054848{border-bottom-width: 1px !important;padding-top: 40px !important;padding-bottom: 20px !important;border-bottom-color: #ededed !important;border-bottom-style: solid !important;}&#8221;][vc_column css=&#8221;.vc_custom_1548516273032{padding-bottom: 30px !important;}&#8221; offset=&#8221;vc_col-lg-offset-1 vc_col-lg-10 vc_col-md-offset-1 vc_col-md-10&#8243;]<div id=\"ultimate-heading-904069f352836fd61\" class=\"uvc-heading ult-adjust-bottom-margin ultimate-heading-904069f352836fd61 uvc-610 \" data-hspacer=\"no_spacer\"  data-halign=\"center\" style=\"text-align:center\"><div class=\"uvc-heading-spacer no_spacer\" style=\"top\"><\/div><div class=\"uvc-main-heading ult-responsive\"  data-ultimate-target='.uvc-heading.ultimate-heading-904069f352836fd61 h2'  data-responsive-json-new='{\"font-size\":\"desktop:28px;mobile:20px;\",\"line-height\":\"desktop:38px;mobile:30px;\"}' ><h2 style=\"font-family:&#039;Poppins&#039;;font-weight:300;margin-bottom:42px;\">OS\u0141ONKI Z FIBERGLASSU NA DONICZKI<\/h2><\/div><div class=\"uvc-sub-heading ult-responsive\"  data-ultimate-target='.uvc-heading.ultimate-heading-904069f352836fd61 .uvc-sub-heading '  data-responsive-json-new='{\"font-size\":\"desktop:16px;\",\"line-height\":\"desktop:28px;\"}'  style=\"font-family:&#039;Open Sans&#039;;font-weight:300;\">Os\u0142ony z fiberglassu to szeroki wyb\u00f3r, zar\u00f3wno pod wzgl\u0119dem kszta\u0142tu, jak i kolorystyki. S\u0105 stylowe, lekkie, dost\u0119pne we wszystkich kolorach z palety RAL.<\/p>\n<p>Bez problemu znajd\u0105 Pa\u0144stwo produkt, kt\u00f3ry b\u0119dzie pasowa\u0142 do charakteru wn\u0119trza. Wystarczy przy zam\u00f3wieniu zrezygnowa\u0107 z opcji wywiercenia otwor\u00f3w odp\u0142ywowych w dnie, a produkt z fiberglassu ze stylowej donicy przekszta\u0142ci si\u0119 w pi\u0119kn\u0105 os\u0142on\u0119.<\/div><\/div>[\/vc_column][vc_column css=&#8221;.vc_custom_1545305019274{padding-bottom: 30px !important;}&#8221;]<div class=\"woocommerce columns-4 \"><div class=\"wf-container dt-products  woo-hover products loading-effect-fade-in description-on-hover cart-btn-on-img wc-img-hover hide-description wc-grid\" data-padding=\"0px\" data-cur-page=\"1\" data-desktop-columns-num=\"4\" data-v-tablet-columns-num=\"2\" data-h-tablet-columns-num=\"3\" data-phone-columns-num=\"1\">\n\n<article class=\"post visible description-off tm-has-options product type-product post-50988 status-publish first instock product_cat-donice-z-wlokna-szklanego-plastiku product_tag-donice-ogrodowe product_tag-donice-tarasowe product_tag-donice-wewnetrzne has-post-thumbnail shipping-taxable purchasable product-type-simple\">\n\n\t<figure class=\"woocom-project\">\n\t<div class=\"woo-buttons-on-img\">\n\n\t\t<a href=\"https:\/\/worldofflowerpots.com\/pl\/sklep\/dlugie-donice-z-wlokna-szklanego-emilio-6\/\" class=\"alignnone layzr-bg\"><img loading=\"lazy\" decoding=\"async\" width=\"250\" height=\"188\" src=\"data:image\/svg+xml;charset=utf-8,%3Csvg xmlns%3D&#039;http%3A%2F%2Fwww.w3.org%2F2000%2Fsvg&#039; viewBox%3D&#039;0 0 250 188&#039;%2F%3E\" class=\"attachment-woocommerce_thumbnail size-woocommerce_thumbnail lazy-load preload-me\" alt=\"D\u0142ugie donice z w\u0142\u00f3kna szklanego Emilio 6\" data-src=\"https:\/\/worldofflowerpots.com\/wp-content\/uploads\/2019\/01\/D\u0142ugie-donice-z-w\u0142\u00f3kna-szklanego-Emilio-6-250x188.jpg\" \/><\/a>\t\t\n\n\t<\/div>\n\t<figcaption class=\"woocom-list-content\">\n\n\t\t<div class=\"woocommerce-product-details__short-description\">\n\t<p>Donica plastikowa z w\u0142\u00f3kna szklanego Emilio 6 z w\u0142\u00f3kna szklanego oraz \u017cywicy do stosowania wewn\u0105trz jako donica lub jako os\u0142onka. Donice dost\u0119pne we wszystkich kolorach palety RAL w wersji matowej i w po\u0142ysku. Donice s\u0105 wyposa\u017cone w otwory odp\u0142ywowe w dnie (na wyra\u017ane \u017cyczenie klienta mo\u017ce zosta\u0107 wykonana bez otworu odp\u0142ywowego), boczne \u015bcianki wy\u0142o\u017cone s\u0105 styropianem. Wymiary donicy: d\u0142ugo\u015b\u0107: 230 cm, szeroko\u015b\u0107: 50 cm, wysoko\u015b\u0107: 40 cm.<\/p>\n<\/div>\n\n\t<\/figcaption>\n<\/figure>\n<\/article>\n\n\n\n<article class=\"post visible description-off product type-product post-50860 status-publish instock product_cat-donice-z-wlokna-szklanego-plastiku product_tag-donice-wewnetrzne has-post-thumbnail shipping-taxable purchasable product-type-simple\">\n\n\t<figure class=\"woocom-project\">\n\t<div class=\"woo-buttons-on-img\">\n\n\t\t<a href=\"https:\/\/worldofflowerpots.com\/pl\/sklep\/donica-marco-6\/\" class=\"alignnone layzr-bg\"><img loading=\"lazy\" decoding=\"async\" width=\"250\" height=\"188\" src=\"data:image\/svg+xml;charset=utf-8,%3Csvg xmlns%3D&#039;http%3A%2F%2Fwww.w3.org%2F2000%2Fsvg&#039; viewBox%3D&#039;0 0 250 188&#039;%2F%3E\" class=\"attachment-woocommerce_thumbnail size-woocommerce_thumbnail lazy-load preload-me\" alt=\"Donica Marco 6\" data-src=\"https:\/\/worldofflowerpots.com\/wp-content\/uploads\/2019\/01\/producent-doniczek-z-w\u0142\u00f3kna-szklanego-Marco-6-250x188.jpg\" \/><\/a>\t\t\n\n\t<\/div>\n\t<figcaption class=\"woocom-list-content\">\n\n\t\t<div class=\"woocommerce-product-details__short-description\">\n\t<p>Donica plastikowa z w\u0142\u00f3kna szklanego Marco 6 z w\u0142\u00f3kna szklanego oraz \u017cywicy do stosowania wewn\u0105trz jako donica lub jako os\u0142onka. Donice dost\u0119pne we wszystkich kolorach palety RAL w wersji matowej i w po\u0142ysku. Donice s\u0105 wyposa\u017cone w otwory odp\u0142ywowe w dnie (na wyra\u017ane \u017cyczenie klienta mo\u017ce zosta\u0107 wykonana bez otworu odp\u0142ywowego), boczne \u015bcianki wy\u0142o\u017cone s\u0105 styropianem. Wymiary donicy: d\u0142ugo\u015b\u0107: 100 cm, szeroko\u015b\u0107: 100 cm, wysoko\u015b\u0107: 40 cm.<\/p>\n<\/div>\n\n\t<\/figcaption>\n<\/figure>\n<\/article>\n\n\n\n<article class=\"post visible description-off product type-product post-50934 status-publish instock product_cat-donice-z-wlokna-szklanego-plastiku product_tag-donice-ogrodowe product_tag-donice-tarasowe product_tag-donice-wewnetrzne has-post-thumbnail shipping-taxable purchasable product-type-simple\">\n\n\t<figure class=\"woocom-project\">\n\t<div class=\"woo-buttons-on-img\">\n\n\t\t<a href=\"https:\/\/worldofflowerpots.com\/pl\/sklep\/donica-prostokatna-emilio-5\/\" class=\"alignnone layzr-bg\"><img loading=\"lazy\" decoding=\"async\" width=\"250\" height=\"188\" src=\"data:image\/svg+xml;charset=utf-8,%3Csvg xmlns%3D&#039;http%3A%2F%2Fwww.w3.org%2F2000%2Fsvg&#039; viewBox%3D&#039;0 0 250 188&#039;%2F%3E\" class=\"attachment-woocommerce_thumbnail size-woocommerce_thumbnail lazy-load preload-me\" alt=\"Donica prostok\u0105tna Emilio 5\" data-src=\"https:\/\/worldofflowerpots.com\/wp-content\/uploads\/2019\/01\/producent-donic-z-w\u0142\u00f3kna-szklanego-Emilio-5-250x188.jpg\" \/><\/a>\t\t\n\n\t<\/div>\n\t<figcaption class=\"woocom-list-content\">\n\n\t\t<div class=\"woocommerce-product-details__short-description\">\n\t<p>Donica plastikowa z w\u0142\u00f3kna szklanego Emilio 5 z w\u0142\u00f3kna szklanego oraz \u017cywicy do stosowania wewn\u0105trz jako donica lub jako os\u0142onka. Donice dost\u0119pne we wszystkich kolorach palety RAL w wersji matowej i w po\u0142ysku. Donice s\u0105 wyposa\u017cone w otwory odp\u0142ywowe w dnie (na wyra\u017ane \u017cyczenie klienta mo\u017ce zosta\u0107 wykonana bez otworu odp\u0142ywowego), boczne \u015bcianki wy\u0142o\u017cone s\u0105 styropianem. Wymiary donicy: d\u0142ugo\u015b\u0107: 200 cm, szeroko\u015b\u0107: 50 cm, wysoko\u015b\u0107: 60 cm.<\/p>\n<\/div>\n\n\t<\/figcaption>\n<\/figure>\n<\/article>\n\n\n\n<article class=\"post visible description-off product type-product post-50922 status-publish last instock product_cat-donice-z-wlokna-szklanego-plastiku product_tag-donice-balkonowe product_tag-donice-ogrodowe product_tag-donice-tarasowe product_tag-donice-wewnetrzne has-post-thumbnail shipping-taxable purchasable product-type-simple\">\n\n\t<figure class=\"woocom-project\">\n\t<div class=\"woo-buttons-on-img\">\n\n\t\t<a href=\"https:\/\/worldofflowerpots.com\/pl\/sklep\/donica-z-wlokna-szklanego-carlo-5\/\" class=\"alignnone layzr-bg\"><img loading=\"lazy\" decoding=\"async\" width=\"250\" height=\"188\" src=\"data:image\/svg+xml;charset=utf-8,%3Csvg xmlns%3D&#039;http%3A%2F%2Fwww.w3.org%2F2000%2Fsvg&#039; viewBox%3D&#039;0 0 250 188&#039;%2F%3E\" class=\"attachment-woocommerce_thumbnail size-woocommerce_thumbnail lazy-load preload-me\" alt=\"Donica z w\u0142\u00f3kna szklanego Carlo 5\" data-src=\"https:\/\/worldofflowerpots.com\/wp-content\/uploads\/2019\/01\/donica-z-w\u0142\u00f3kna-szklanego-Carlo-5-250x188.jpg\" \/><\/a>\t\t\n\n\t<\/div>\n\t<figcaption class=\"woocom-list-content\">\n\n\t\t<div class=\"woocommerce-product-details__short-description\">\n\t<p>Donica plastikowa z w\u0142\u00f3kna szklanego Carlo 5 z w\u0142\u00f3kna szklanego oraz \u017cywicy do stosowania wewn\u0105trz jako donica lub jako os\u0142onka. Donice dost\u0119pne we wszystkich kolorach palety RAL w wersji matowej i w po\u0142ysku. Donice s\u0105 wyposa\u017cone w otwory odp\u0142ywowe w dnie (na wyra\u017ane \u017cyczenie klienta mo\u017ce zosta\u0107 wykonana bez otworu odp\u0142ywowego), boczne \u015bcianki wy\u0142o\u017cone s\u0105 styropianem. Wymiary donicy: d\u0142ugo\u015b\u0107:50cm, szeroko\u015b\u0107:50cm, wysoko\u015b\u0107: 100cm.<\/p>\n<\/div>\n\n\t<\/figcaption>\n<\/figure>\n<\/article>\n\n\n\n<article class=\"post visible description-off product type-product post-50898 status-publish first instock product_cat-donice-z-wlokna-szklanego-plastiku has-post-thumbnail shipping-taxable purchasable product-type-simple\">\n\n\t<figure class=\"woocom-project\">\n\t<div class=\"woo-buttons-on-img\">\n\n\t\t<a href=\"https:\/\/worldofflowerpots.com\/pl\/sklep\/donica-z-wlokna-szklanego-plastikowa-sofia-1-okragla\/\" class=\"alignnone layzr-bg\"><img loading=\"lazy\" decoding=\"async\" width=\"250\" height=\"188\" src=\"data:image\/svg+xml;charset=utf-8,%3Csvg xmlns%3D&#039;http%3A%2F%2Fwww.w3.org%2F2000%2Fsvg&#039; viewBox%3D&#039;0 0 250 188&#039;%2F%3E\" class=\"attachment-woocommerce_thumbnail size-woocommerce_thumbnail lazy-load preload-me\" alt=\"Donica z w\u0142\u00f3kna szklanego plastikowa Sofia 1 - Okr\u0105g\u0142a\" data-src=\"https:\/\/worldofflowerpots.com\/wp-content\/uploads\/2019\/01\/Donica-plastikowa-Sofia-1-z-wlokna-szklanego-na-taras-250x188.jpg\" \/><\/a>\t\t\n\n\t<\/div>\n\t<figcaption class=\"woocom-list-content\">\n\n\t\t<div class=\"woocommerce-product-details__short-description\">\n\t<p>Donica plastikowa z w\u0142\u00f3kna szklanego Sofia 1 z w\u0142\u00f3kna szklanego oraz \u017cywicy do stosowania wewn\u0105trz jako donica lub jako os\u0142onka. Donice dost\u0119pne we wszystkich kolorach palety RAL w wersji matowej i w po\u0142ysku. Donice s\u0105 wyposa\u017cone w otwory odp\u0142ywowe w dnie (na wyra\u017ane \u017cyczenie klienta mo\u017ce zosta\u0107 wykonana bez otworu odp\u0142ywowego), boczne \u015bcianki wy\u0142o\u017cone s\u0105 styropianem. Wymiary donicy: \u015brednica: 63 cm, wysoko\u015b\u0107: 52 cm.<\/p>\n<\/div>\n\n\t<\/figcaption>\n<\/figure>\n<\/article>\n\n\n\n<article class=\"post visible description-off product type-product post-50899 status-publish instock product_cat-donice-z-wlokna-szklanego-plastiku has-post-thumbnail shipping-taxable purchasable product-type-simple\">\n\n\t<figure class=\"woocom-project\">\n\t<div class=\"woo-buttons-on-img\">\n\n\t\t<a href=\"https:\/\/worldofflowerpots.com\/pl\/sklep\/donica-z-wlokna-szklanego-plastikowa-sofia-2-do-biurowca-lub-hotelu\/\" class=\"alignnone layzr-bg\"><img loading=\"lazy\" decoding=\"async\" width=\"250\" height=\"188\" src=\"data:image\/svg+xml;charset=utf-8,%3Csvg xmlns%3D&#039;http%3A%2F%2Fwww.w3.org%2F2000%2Fsvg&#039; viewBox%3D&#039;0 0 250 188&#039;%2F%3E\" class=\"attachment-woocommerce_thumbnail size-woocommerce_thumbnail lazy-load preload-me\" alt=\"Donica z W\u0142\u00f3kna Szklanego Plastikowa Sofia 2 - do Biurowca lub Hotelu\" data-src=\"https:\/\/worldofflowerpots.com\/wp-content\/uploads\/2019\/01\/Donica-plastikowa-Sofia-2-z-wlokna-szklanego-na-taras-250x188.jpg\" \/><\/a>\t\t\n\n\t<\/div>\n\t<figcaption class=\"woocom-list-content\">\n\n\t\t<div class=\"woocommerce-product-details__short-description\">\n\t<p>Donica plastikowa z w\u0142\u00f3kna szklanego Sofia 2 z w\u0142\u00f3kna szklanego oraz \u017cywicy do stosowania wewn\u0105trz jako donica lub jako os\u0142onka. Donice dost\u0119pne we wszystkich kolorach palety RAL w wersji matowej i w po\u0142ysku. Donice s\u0105 wyposa\u017cone w otwory odp\u0142ywowe w dnie (na wyra\u017ane \u017cyczenie klienta mo\u017ce zosta\u0107 wykonana bez otworu odp\u0142ywowego), boczne \u015bcianki wy\u0142o\u017cone s\u0105 styropianem. Wymiary donicy: \u015brednica: 55 cm, wysoko\u015b\u0107: 76 cm<\/p>\n<\/div>\n\n\t<\/figcaption>\n<\/figure>\n<\/article>\n\n\n\n<article class=\"post visible description-off product type-product post-50859 status-publish instock product_cat-donice-z-wlokna-szklanego-plastiku product_tag-donice-ogrodowe product_tag-donice-tarasowe product_tag-donice-wewnetrzne has-post-thumbnail shipping-taxable purchasable product-type-simple\">\n\n\t<figure class=\"woocom-project\">\n\t<div class=\"woo-buttons-on-img\">\n\n\t\t<a href=\"https:\/\/worldofflowerpots.com\/pl\/sklep\/donice-barwione-w-masie-marco-5\/\" class=\"alignnone layzr-bg\"><img loading=\"lazy\" decoding=\"async\" width=\"250\" height=\"188\" src=\"data:image\/svg+xml;charset=utf-8,%3Csvg xmlns%3D&#039;http%3A%2F%2Fwww.w3.org%2F2000%2Fsvg&#039; viewBox%3D&#039;0 0 250 188&#039;%2F%3E\" class=\"attachment-woocommerce_thumbnail size-woocommerce_thumbnail lazy-load preload-me\" alt=\"Donice barwione w masie Marco 5\" data-src=\"https:\/\/worldofflowerpots.com\/wp-content\/uploads\/2019\/01\/donice-barwione-w-masie-Marco-5-250x188.jpg\" \/><\/a>\t\t\n\n\t<\/div>\n\t<figcaption class=\"woocom-list-content\">\n\n\t\t<div class=\"woocommerce-product-details__short-description\">\n\t<p>Donica plastikowa z w\u0142\u00f3kna szklanego Marco 5 z w\u0142\u00f3kna szklanego oraz \u017cywicy do stosowania wewn\u0105trz jako donica lub jako os\u0142onka. Donice dost\u0119pne we wszystkich kolorach palety RAL w wersji matowej i w po\u0142ysku. Donice s\u0105 wyposa\u017cone w otwory odp\u0142ywowe w dnie (na wyra\u017ane \u017cyczenie klienta mo\u017ce zosta\u0107 wykonana bez otworu odp\u0142ywowego), boczne \u015bcianki wy\u0142o\u017cone s\u0105 styropianem. Wymiary donicy: d\u0142ugo\u015b\u0107: 80 cm, szeroko\u015b\u0107: 80 cm, wysoko\u015b\u0107: 80 cm.<\/p>\n<\/div>\n\n\t<\/figcaption>\n<\/figure>\n<\/article>\n\n\n\n<article class=\"post visible description-off product type-product post-56289 status-publish last instock product_cat-donice-z-wlokna-szklanego-plastiku has-post-thumbnail shipping-taxable purchasable product-type-simple\">\n\n\t<figure class=\"woocom-project\">\n\t<div class=\"woo-buttons-on-img\">\n\n\t\t<a href=\"https:\/\/worldofflowerpots.com\/pl\/sklep\/donice-ogrodowe-plastikowe-antonio-5\/\" class=\"alignnone layzr-bg\"><img loading=\"lazy\" decoding=\"async\" width=\"250\" height=\"188\" src=\"data:image\/svg+xml;charset=utf-8,%3Csvg xmlns%3D&#039;http%3A%2F%2Fwww.w3.org%2F2000%2Fsvg&#039; viewBox%3D&#039;0 0 250 188&#039;%2F%3E\" class=\"attachment-woocommerce_thumbnail size-woocommerce_thumbnail lazy-load preload-me\" alt=\"Donice ogrodowe plastikowe Antonio 5\" data-src=\"https:\/\/worldofflowerpots.com\/wp-content\/uploads\/2019\/03\/donice-ogrodowe-plastikowe-Antonio_5-250x188.png\" \/><\/a>\t\t\n\n\t<\/div>\n\t<figcaption class=\"woocom-list-content\">\n\n\t\t<div class=\"woocommerce-product-details__short-description\">\n\t<p>Donica plastikowa Antonio 5 z w\u0142\u00f3kna szklanego oraz \u017cywicy. Do stosowania jako donica lub jako os\u0142onka. Donice dost\u0119pne we wszystkich kolorach palety RAL w wersji matowej. Donice s\u0105 wyposa\u017cone w otwory odp\u0142ywowe w dnie (na wyra\u017ane \u017cyczenie klienta mo\u017ce zosta\u0107 wykonana bez otworu odp\u0142ywowego), boczne \u015bcianki wy\u0142o\u017cone s\u0105 styropianem. Wymiary donicy: d\u0142ugo\u015b\u0107: 80 cm, szeroko\u015b\u0107: 80 cm, wysoko\u015b\u0107: 60 cm.<\/p>\n<\/div>\n\n\t<\/figcaption>\n<\/figure>\n<\/article>\n\n\n\n<article class=\"post visible description-off product type-product post-50848 status-publish first instock product_cat-donice-z-wlokna-szklanego-plastiku product_tag-donice-balkonowe product_tag-donice-ogrodowe product_tag-donice-tarasowe product_tag-donice-wewnetrzne has-post-thumbnail shipping-taxable purchasable product-type-simple\">\n\n\t<figure class=\"woocom-project\">\n\t<div class=\"woo-buttons-on-img\">\n\n\t\t<a href=\"https:\/\/worldofflowerpots.com\/pl\/sklep\/donice-plastikowe-marco-3\/\" class=\"alignnone layzr-bg\"><img loading=\"lazy\" decoding=\"async\" width=\"250\" height=\"188\" src=\"data:image\/svg+xml;charset=utf-8,%3Csvg xmlns%3D&#039;http%3A%2F%2Fwww.w3.org%2F2000%2Fsvg&#039; viewBox%3D&#039;0 0 250 188&#039;%2F%3E\" class=\"attachment-woocommerce_thumbnail size-woocommerce_thumbnail lazy-load preload-me\" alt=\"Donice plastikowe Marco 3\" data-src=\"https:\/\/worldofflowerpots.com\/wp-content\/uploads\/2019\/01\/Donica-plastikowa-Marco-3-z-wlokna-szklanego-na-taras-250x188.jpg\" \/><\/a>\t\t\n\n\t<\/div>\n\t<figcaption class=\"woocom-list-content\">\n\n\t\t<div class=\"woocommerce-product-details__short-description\">\n\t<p>Donica plastikowa z w\u0142\u00f3kna szklanego Marco 3 z w\u0142\u00f3kna szklanego oraz \u017cywicy do stosowania wewn\u0105trz jako donica lub jako os\u0142onka. Donice dost\u0119pne we wszystkich kolorach palety RAL w wersji matowej i w po\u0142ysku. Donice s\u0105 wyposa\u017cone w otwory odp\u0142ywowe w dnie (na wyra\u017ane \u017cyczenie klienta mo\u017ce zosta\u0107 wykonana bez otworu odp\u0142ywowego), boczne \u015bcianki wy\u0142o\u017cone s\u0105 styropianem. Wymiary donicy: d\u0142ugo\u015b\u0107: 60 cm, szeroko\u015b\u0107: 60 cm, wysoko\u015b\u0107: 60 cm.<\/p>\n<\/div>\n\n\t<\/figcaption>\n<\/figure>\n<\/article>\n\n\n\n<article class=\"post visible description-off product type-product post-50932 status-publish instock product_cat-donice-z-wlokna-szklanego-plastiku product_tag-donice-balkonowe product_tag-donice-ogrodowe product_tag-donice-tarasowe product_tag-donice-wewnetrzne has-post-thumbnail shipping-taxable purchasable product-type-simple\">\n\n\t<figure class=\"woocom-project\">\n\t<div class=\"woo-buttons-on-img\">\n\n\t\t<a href=\"https:\/\/worldofflowerpots.com\/pl\/sklep\/donice-plastikowe-z-wlokna-szklanego-emilio-3\/\" class=\"alignnone layzr-bg\"><img loading=\"lazy\" decoding=\"async\" width=\"250\" height=\"188\" src=\"data:image\/svg+xml;charset=utf-8,%3Csvg xmlns%3D&#039;http%3A%2F%2Fwww.w3.org%2F2000%2Fsvg&#039; viewBox%3D&#039;0 0 250 188&#039;%2F%3E\" class=\"attachment-woocommerce_thumbnail size-woocommerce_thumbnail lazy-load preload-me\" alt=\"Donice plastikowe z w\u0142\u00f3kna szklanego Emilio 3\" data-src=\"https:\/\/worldofflowerpots.com\/wp-content\/uploads\/2019\/01\/donice-plastikowe-z-w\u0142\u00f3kna-szklanego-Emilio-3-250x188.jpg\" \/><\/a>\t\t\n\n\t<\/div>\n\t<figcaption class=\"woocom-list-content\">\n\n\t\t<div class=\"woocommerce-product-details__short-description\">\n\t<p>Donica plastikowa z w\u0142\u00f3kna szklanego Emilio 3 z w\u0142\u00f3kna szklanego oraz \u017cywicy do stosowania wewn\u0105trz jako donica lub jako os\u0142onka. Donice dost\u0119pne we wszystkich kolorach palety RAL w wersji matowej i w po\u0142ysku. Donice s\u0105 wyposa\u017cone w otwory odp\u0142ywowe w dnie (na wyra\u017ane \u017cyczenie klienta mo\u017ce zosta\u0107 wykonana bez otworu odp\u0142ywowego), boczne \u015bcianki wy\u0142o\u017cone s\u0105 styropianem. Wymiary donicy: d\u0142ugo\u015b\u0107: 120 cm, szeroko\u015b\u0107: 50 cm, wysoko\u015b\u0107: 60 cm.<\/p>\n<\/div>\n\n\t<\/figcaption>\n<\/figure>\n<\/article>\n\n\n\n<article class=\"post visible description-off product type-product post-56274 status-publish instock product_cat-donice-z-wlokna-szklanego-plastiku has-post-thumbnail shipping-taxable purchasable product-type-simple\">\n\n\t<figure class=\"woocom-project\">\n\t<div class=\"woo-buttons-on-img\">\n\n\t\t<a href=\"https:\/\/worldofflowerpots.com\/pl\/sklep\/donice-w-ogrodzie-antonio-4\/\" class=\"alignnone layzr-bg\"><img loading=\"lazy\" decoding=\"async\" width=\"250\" height=\"188\" src=\"data:image\/svg+xml;charset=utf-8,%3Csvg xmlns%3D&#039;http%3A%2F%2Fwww.w3.org%2F2000%2Fsvg&#039; viewBox%3D&#039;0 0 250 188&#039;%2F%3E\" class=\"attachment-woocommerce_thumbnail size-woocommerce_thumbnail lazy-load preload-me\" alt=\"Donice w ogrodzie Antonio 4\" data-src=\"https:\/\/worldofflowerpots.com\/wp-content\/uploads\/2019\/03\/donice-w-ogrodzie-Antonio_4-250x188.png\" \/><\/a>\t\t\n\n\t<\/div>\n\t<figcaption class=\"woocom-list-content\">\n\n\t\t<div class=\"woocommerce-product-details__short-description\">\n\t<p>Donica plastikowa Antonio 4 z w\u0142\u00f3kna szklanego oraz \u017cywicy. Do stosowania jako donica lub jako os\u0142onka. Donice dost\u0119pne we wszystkich kolorach palety RAL w wersji matowej. Donice s\u0105 wyposa\u017cone w otwory odp\u0142ywowe w dnie (na wyra\u017ane \u017cyczenie klienta mo\u017ce zosta\u0107 wykonana bez otworu odp\u0142ywowego), boczne \u015bcianki wy\u0142o\u017cone s\u0105 styropianem. Wymiary donicy: d\u0142ugo\u015b\u0107: 70 cm, szeroko\u015b\u0107: 70 cm, wysoko\u015b\u0107: 70 cm.<\/p>\n<\/div>\n\n\t<\/figcaption>\n<\/figure>\n<\/article>\n\n\n\n<article class=\"post visible description-off product type-product post-50923 status-publish last instock product_cat-donice-z-wlokna-szklanego-plastiku product_tag-donice-balkonowe product_tag-donice-ogrodowe product_tag-donice-tarasowe product_tag-donice-wewnetrzne has-post-thumbnail shipping-taxable purchasable product-type-simple\">\n\n\t<figure class=\"woocom-project\">\n\t<div class=\"woo-buttons-on-img\">\n\n\t\t<a href=\"https:\/\/worldofflowerpots.com\/pl\/sklep\/donice-z-wlokna-szklanego-w-polysku-i-matowe-emilio-1\/\" class=\"alignnone layzr-bg\"><img loading=\"lazy\" decoding=\"async\" width=\"250\" height=\"188\" src=\"data:image\/svg+xml;charset=utf-8,%3Csvg xmlns%3D&#039;http%3A%2F%2Fwww.w3.org%2F2000%2Fsvg&#039; viewBox%3D&#039;0 0 250 188&#039;%2F%3E\" class=\"attachment-woocommerce_thumbnail size-woocommerce_thumbnail lazy-load preload-me\" alt=\"Donice z w\u0142\u00f3kna szklanego w po\u0142ysku i matowe Emilio 1\" data-src=\"https:\/\/worldofflowerpots.com\/wp-content\/uploads\/2019\/01\/donice-z-w\u0142\u00f3kna-szklanego-w-po\u0142ysku-Emilio-1-250x188.jpg\" \/><\/a>\t\t\n\n\t<\/div>\n\t<figcaption class=\"woocom-list-content\">\n\n\t\t<div class=\"woocommerce-product-details__short-description\">\n\t<p>Donica plastikowa z w\u0142\u00f3kna szklanego Emilio 1 z w\u0142\u00f3kna szklanego oraz \u017cywicy do stosowania wewn\u0105trz jako donica lub jako os\u0142onka. Donice dost\u0119pne we wszystkich kolorach palety RAL w wersji matowej i w po\u0142ysku. Donice s\u0105 wyposa\u017cone w otwory odp\u0142ywowe w dnie (na wyra\u017ane \u017cyczenie klienta mo\u017ce zosta\u0107 wykonana bez otworu odp\u0142ywowego), boczne \u015bcianki wy\u0142o\u017cone s\u0105 styropianem. Wymiary donicy: d\u0142ugo\u015b\u0107: 90 cm, szeroko\u015b\u0107: 25 cm, wysoko\u015b\u0107: 80 cm.<\/p>\n<\/div>\n\n\t<\/figcaption>\n<\/figure>\n<\/article>\n\n<\/div><\/div>[\/vc_column][\/vc_row]<\/p>\n","protected":false},"excerpt":{"rendered":"<p>[vc_row bg_type=&#8221;image&#8221; parallax_style=&#8221;vcpb-default&#8221; bg_image_new=&#8221;id^51724|url^https:\/\/worldofflowerpots.com\/wp-content\/uploads\/2019\/01\/blumenkuebel-beton-martina-und-cristina-weiss-schwerin.jpg|caption^null|alt^null|title^blumenkuebel-beton-martina-und-cristina-weiss-schwerin|description^null&#8221; bg_image_repeat=&#8221;no-repeat&#8221; bg_override=&#8221;ex-full&#8221; enable_overlay=&#8221;enable_overlay_value&#8221; overlay_color=&#8221;rgba(0,0,0,0.2)&#8221; css=&#8221;.vc_custom_1548525174707{padding-top: 150px !important;padding-bottom: 150px !important;}&#8221;][vc_column offset=&#8221;vc_col-lg-offset-1 vc_col-lg-10 vc_col-md-offset-1 vc_col-md-10&#8243;][\/vc_column][\/vc_row][vc_row css=&#8221;.vc_custom_1548698054848{border-bottom-width: 1px !important;padding-top: 40px !important;padding-bottom: 20px !important;border-bottom-color: #ededed !important;border-bottom-style: solid !important;}&#8221;][vc_column css=&#8221;.vc_custom_1548516273032{padding-bottom: 30px !important;}&#8221; offset=&#8221;vc_col-lg-offset-1 vc_col-lg-10 vc_col-md-offset-1 vc_col-md-10&#8243;][\/vc_column][vc_column css=&#8221;.vc_custom_1545305019274{padding-bottom: 30px !important;}&#8221;][\/vc_column][\/vc_row]<\/p>\n","protected":false},"author":1,"featured_media":0,"parent":0,"menu_order":0,"comment_status":"closed","ping_status":"closed","template":"","meta":{"_acf_changed":false},"class_list":["post-50385","page","type-page","status-publish","hentry","description-off"],"acf":[],"yoast_head":"<!-- This site is optimized with the Yoast SEO plugin v27.5 - https:\/\/yoast.com\/product\/yoast-seo-wordpress\/ -->\n<title>Oslony na donice | Donice World of Flowerpots<\/title>\n<meta name=\"description\" content=\"Os\u0142ony z fiberglassu to szeroki wyb\u00f3r, zar\u00f3wno pod wzgl\u0119dem kszta\u0142tu, jak i kolorystyki. S\u0105 stylowe, lekkie, dost\u0119pne we wielu kolorach z palety RAL.\" \/>\n<meta name=\"robots\" content=\"index, follow, max-snippet:-1, max-image-preview:large, max-video-preview:-1\" \/>\n<link rel=\"canonical\" href=\"https:\/\/worldofflowerpots.com\/oslony-oslonki-na-donice-i-doniczki\/\" \/>\n<meta property=\"og:locale\" content=\"pl_PL\" \/>\n<meta property=\"og:type\" content=\"article\" \/>\n<meta property=\"og:title\" content=\"Oslony na donice | Donice World of Flowerpots\" \/>\n<meta property=\"og:description\" content=\"Os\u0142ony z fiberglassu to szeroki wyb\u00f3r, zar\u00f3wno pod wzgl\u0119dem kszta\u0142tu, jak i kolorystyki. S\u0105 stylowe, lekkie, dost\u0119pne we wielu kolorach z palety RAL.\" \/>\n<meta property=\"og:url\" content=\"https:\/\/worldofflowerpots.com\/oslony-oslonki-na-donice-i-doniczki\/\" \/>\n<meta property=\"og:site_name\" content=\"World of Flowerpots\" \/>\n<meta property=\"article:modified_time\" content=\"2019-04-16T13:42:07+00:00\" \/>\n<meta name=\"twitter:card\" content=\"summary_large_image\" \/>\n<meta name=\"twitter:label1\" content=\"Szacowany czas czytania\" \/>\n\t<meta name=\"twitter:data1\" content=\"2 minuty\" \/>\n<script type=\"application\/ld+json\" class=\"yoast-schema-graph\">{\"@context\":\"https:\\\/\\\/schema.org\",\"@graph\":[{\"@type\":\"WebPage\",\"@id\":\"https:\\\/\\\/worldofflowerpots.com\\\/oslony-oslonki-na-donice-i-doniczki\\\/\",\"url\":\"https:\\\/\\\/worldofflowerpots.com\\\/oslony-oslonki-na-donice-i-doniczki\\\/\",\"name\":\"Oslony na donice | Donice World of Flowerpots\",\"isPartOf\":{\"@id\":\"https:\\\/\\\/worldofflowerpots.com\\\/#website\"},\"datePublished\":\"2019-01-13T20:31:39+00:00\",\"dateModified\":\"2019-04-16T13:42:07+00:00\",\"description\":\"Os\u0142ony z fiberglassu to szeroki wyb\u00f3r, zar\u00f3wno pod wzgl\u0119dem kszta\u0142tu, jak i kolorystyki. S\u0105 stylowe, lekkie, dost\u0119pne we wielu kolorach z palety RAL.\",\"breadcrumb\":{\"@id\":\"https:\\\/\\\/worldofflowerpots.com\\\/oslony-oslonki-na-donice-i-doniczki\\\/#breadcrumb\"},\"inLanguage\":\"pl-PL\",\"potentialAction\":[{\"@type\":\"ReadAction\",\"target\":[\"https:\\\/\\\/worldofflowerpots.com\\\/oslony-oslonki-na-donice-i-doniczki\\\/\"]}]},{\"@type\":\"BreadcrumbList\",\"@id\":\"https:\\\/\\\/worldofflowerpots.com\\\/oslony-oslonki-na-donice-i-doniczki\\\/#breadcrumb\",\"itemListElement\":[{\"@type\":\"ListItem\",\"position\":1,\"name\":\"Strona g\u0142\u00f3wna\",\"item\":\"https:\\\/\\\/worldofflowerpots.com\\\/\"},{\"@type\":\"ListItem\",\"position\":2,\"name\":\"Os\u0142ony, os\u0142onki na Donice i Doniczki\"}]},{\"@type\":\"WebSite\",\"@id\":\"https:\\\/\\\/worldofflowerpots.com\\\/#website\",\"url\":\"https:\\\/\\\/worldofflowerpots.com\\\/\",\"name\":\"World of Flowerpots\",\"description\":\"producent donic ozdobnych\",\"potentialAction\":[{\"@type\":\"SearchAction\",\"target\":{\"@type\":\"EntryPoint\",\"urlTemplate\":\"https:\\\/\\\/worldofflowerpots.com\\\/?s={search_term_string}\"},\"query-input\":{\"@type\":\"PropertyValueSpecification\",\"valueRequired\":true,\"valueName\":\"search_term_string\"}}],\"inLanguage\":\"pl-PL\"}]}<\/script>\n<!-- \/ Yoast SEO plugin. -->","yoast_head_json":{"title":"Oslony na donice | Donice World of Flowerpots","description":"Os\u0142ony z fiberglassu to szeroki wyb\u00f3r, zar\u00f3wno pod wzgl\u0119dem kszta\u0142tu, jak i kolorystyki. S\u0105 stylowe, lekkie, dost\u0119pne we wielu kolorach z palety RAL.","robots":{"index":"index","follow":"follow","max-snippet":"max-snippet:-1","max-image-preview":"max-image-preview:large","max-video-preview":"max-video-preview:-1"},"canonical":"https:\/\/worldofflowerpots.com\/oslony-oslonki-na-donice-i-doniczki\/","og_locale":"pl_PL","og_type":"article","og_title":"Oslony na donice | Donice World of Flowerpots","og_description":"Os\u0142ony z fiberglassu to szeroki wyb\u00f3r, zar\u00f3wno pod wzgl\u0119dem kszta\u0142tu, jak i kolorystyki. S\u0105 stylowe, lekkie, dost\u0119pne we wielu kolorach z palety RAL.","og_url":"https:\/\/worldofflowerpots.com\/oslony-oslonki-na-donice-i-doniczki\/","og_site_name":"World of Flowerpots","article_modified_time":"2019-04-16T13:42:07+00:00","twitter_card":"summary_large_image","twitter_misc":{"Szacowany czas czytania":"2 minuty"},"schema":{"@context":"https:\/\/schema.org","@graph":[{"@type":"WebPage","@id":"https:\/\/worldofflowerpots.com\/oslony-oslonki-na-donice-i-doniczki\/","url":"https:\/\/worldofflowerpots.com\/oslony-oslonki-na-donice-i-doniczki\/","name":"Oslony na donice | Donice World of Flowerpots","isPartOf":{"@id":"https:\/\/worldofflowerpots.com\/#website"},"datePublished":"2019-01-13T20:31:39+00:00","dateModified":"2019-04-16T13:42:07+00:00","description":"Os\u0142ony z fiberglassu to szeroki wyb\u00f3r, zar\u00f3wno pod wzgl\u0119dem kszta\u0142tu, jak i kolorystyki. S\u0105 stylowe, lekkie, dost\u0119pne we wielu kolorach z palety RAL.","breadcrumb":{"@id":"https:\/\/worldofflowerpots.com\/oslony-oslonki-na-donice-i-doniczki\/#breadcrumb"},"inLanguage":"pl-PL","potentialAction":[{"@type":"ReadAction","target":["https:\/\/worldofflowerpots.com\/oslony-oslonki-na-donice-i-doniczki\/"]}]},{"@type":"BreadcrumbList","@id":"https:\/\/worldofflowerpots.com\/oslony-oslonki-na-donice-i-doniczki\/#breadcrumb","itemListElement":[{"@type":"ListItem","position":1,"name":"Strona g\u0142\u00f3wna","item":"https:\/\/worldofflowerpots.com\/"},{"@type":"ListItem","position":2,"name":"Os\u0142ony, os\u0142onki na Donice i Doniczki"}]},{"@type":"WebSite","@id":"https:\/\/worldofflowerpots.com\/#website","url":"https:\/\/worldofflowerpots.com\/","name":"World of Flowerpots","description":"producent donic ozdobnych","potentialAction":[{"@type":"SearchAction","target":{"@type":"EntryPoint","urlTemplate":"https:\/\/worldofflowerpots.com\/?s={search_term_string}"},"query-input":{"@type":"PropertyValueSpecification","valueRequired":true,"valueName":"search_term_string"}}],"inLanguage":"pl-PL"}]}},"_links":{"self":[{"href":"https:\/\/worldofflowerpots.com\/pl\/wp-json\/wp\/v2\/pages\/50385","targetHints":{"allow":["GET"]}}],"collection":[{"href":"https:\/\/worldofflowerpots.com\/pl\/wp-json\/wp\/v2\/pages"}],"about":[{"href":"https:\/\/worldofflowerpots.com\/pl\/wp-json\/wp\/v2\/types\/page"}],"author":[{"embeddable":true,"href":"https:\/\/worldofflowerpots.com\/pl\/wp-json\/wp\/v2\/users\/1"}],"replies":[{"embeddable":true,"href":"https:\/\/worldofflowerpots.com\/pl\/wp-json\/wp\/v2\/comments?post=50385"}],"version-history":[{"count":7,"href":"https:\/\/worldofflowerpots.com\/pl\/wp-json\/wp\/v2\/pages\/50385\/revisions"}],"predecessor-version":[{"id":59598,"href":"https:\/\/worldofflowerpots.com\/pl\/wp-json\/wp\/v2\/pages\/50385\/revisions\/59598"}],"wp:attachment":[{"href":"https:\/\/worldofflowerpots.com\/pl\/wp-json\/wp\/v2\/media?parent=50385"}],"curies":[{"name":"wp","href":"https:\/\/api.w.org\/{rel}","templated":true}]}}