{"id":50760,"date":"2019-01-18T15:06:22","date_gmt":"2019-01-18T14:06:22","guid":{"rendered":"https:\/\/worldofflowerpots.com\/product\/import-placeholder-for-74\/"},"modified":"2019-04-03T15:54:04","modified_gmt":"2019-04-03T13:54:04","slug":"duza-donica-z-cortenu-cubi-8","status":"publish","type":"product","link":"https:\/\/worldofflowerpots.com\/pl\/sklep\/duza-donica-z-cortenu-cubi-8\/","title":{"rendered":"Du\u017ca donica z cortenu  Cubi 8"},"content":{"rendered":"<h2><strong>Du\u017ca donica z cortenu<\/strong><\/h2>\n<p>Donice wykonane ze specjalnej stali Corten to jeden z najlepszych wybor\u00f3w je\u017celi chodzi o sadzenie ro\u015blin na zewn\u0105trz. W ostatnich czasach stalowe donice s\u0105 wybierane coraz cz\u0119\u015bciej. S\u0105 doceniane zar\u00f3wno przez profesjonalnych architekt\u00f3w krajobrazu, jak i amator\u00f3w, kt\u00f3rzy chc\u0105 mie\u0107 pi\u0119kny ogr\u00f3d.<\/p>\n<p>Donice cortenowe s\u0105 wyj\u0105tkowo wytrzyma\u0142e i odporne na warunki atmosferyczne, oraz uszkodzenia mechaniczne. Pod wp\u0142ywem wilgoci na powierzchni donic powstaje specjalna brunatna warstwa patyny, podobna do rdzy. Chroni ona przed procesem korozji i nadmiern\u0105 ilo\u015bci\u0105 wody. Opr\u00f3cz funkcji ochronnych patyna jest odpowiedzialna r\u00f3wnie\u017c za wspania\u0142e walory estetyczne. Zacieki, kt\u00f3re tworz\u0105 si\u0119 na powierzchni donicy, tworz\u0105 niepowtarzalne wzory, dzi\u0119ki kt\u00f3rym jest ona tak atrakcyjna wizualnie. Jednak nale\u017cy uwa\u017ca\u0107 na powierzchnie, na kt\u00f3rych stawia si\u0119 donice, poniewa\u017c rdzawy nalot mo\u017ce brudzi\u0107.<\/p>\n<h2><strong>Prostok\u0105tna, bardzo du\u017ca<\/strong><\/h2>\n<p>W naszej ofercie dost\u0119pne s\u0105 donice ze stali corten w wielu r\u00f3\u017cnych rozmiarach. Bez problemu mo\u017cna w nich sadzi\u0107 ro\u015bliny ka\u017cdej wielko\u015bci. Bardzo ciekaw\u0105 propozycj\u0105 jest Donica Stalowa Cubi 8, jest to bardzo du\u017ca donica z cortonu, o podstawie o wymiarach 140 cm na 140 cm i wysoko\u015bci 80 cm. Jej \u015bcianki maj\u0105 grubo\u015b\u0107 2 mm i s\u0105 dodatkowo ocieplone styropianem. W dnie znajduj\u0105 si\u0119 specjalne otwory odp\u0142ywowe. Podstawa donicy ma bardzo kszta\u0142t prostok\u0105ta. Du\u017ce wymiary produktu pozwalaj\u0105 na kreatywne tworzenie\u00a0 wspania\u0142ych aran\u017cacji pasuj\u0105cych do ka\u017cdej przestrzeni zewn\u0119trznej.<\/p>\n<h2><strong>Stabilna i uniwersalna<\/strong><\/h2>\n<p>Z pewno\u015bci\u0105 b\u0119dzie si\u0119 prezentowa\u0142a \u015bwietnie i elegancko zar\u00f3wno w nowoczesnym otoczeniu, jak i bardziej tradycyjnym. Dodatkowo efektowny kolor patynowego nalotu doda jej charakteru, ciep\u0142a i podkre\u015bli naturalny kolor zasadzonych w niej ro\u015blin. Du\u017ca donica z cortonu mo\u017ce zosta\u0107 ustawiona w ogrodzie, na podje\u017adzie, na tarasie, czy patio. Dzi\u0119ki materia\u0142owi, z kt\u00f3rego jest wykonana nie straszny jej nawet najsilniejszy wiatr, czy czynniki mechaniczne, kt\u00f3re mog\u0142y by j\u0105 przewr\u00f3ci\u0107. Donica jest bardzo stabilna, dzi\u0119ki czemu nic nie grozi posadzonym w niej ro\u015blinom.<\/p>\n<p>Donice ze stali corten to \u015bwietny wyb\u00f3r pasuj\u0105cy do ka\u017cdej przestrzeni zewn\u0119trznej!<\/p>\n","protected":false},"excerpt":{"rendered":"<p>Donica Cubi 8\u00a0 z blachy cortenowej o grubo\u015bci 2mm. W dnie posiada otwory odp\u0142ywowe, natomiast jej \u015bcianki ocieplone s\u0105 styropianem o grubo\u015bci 2cm. Wymiary donicy:d\u0142ugo\u015b\u0107:140cm, szeroko\u015b\u0107:140cm, wysoko\u015b\u0107:80cm.<\/p>\n","protected":false},"featured_media":57110,"template":"","meta":{"_acf_changed":false},"product_brand":[],"product_cat":[126],"product_tag":[444,449,450],"class_list":{"0":"post-50760","1":"product","2":"type-product","3":"status-publish","4":"has-post-thumbnail","6":"product_cat-donice-ze-stali-corten","7":"product_tag-donice-ogrodowe","8":"product_tag-donice-z-cortenu","9":"product_tag-donice-z-efektem-rdzy","10":"description-off","11":"tm-has-options","13":"first","14":"instock","15":"shipping-taxable","16":"purchasable","17":"product-type-simple"},"acf":[],"yoast_head":"<!-- This site is optimized with the Yoast SEO plugin v27.5 - https:\/\/yoast.com\/product\/yoast-seo-wordpress\/ -->\n<title>Du\u017ca Donica z Cortenu Cubi 8 - Prostok\u0105tne, Ogrodowe<\/title>\n<meta name=\"description\" content=\"Du\u017ca donica z cortonu mo\u017ce zosta\u0107 ustawiona w ogrodzie, na podje\u017adzie, na tarasie, czy patio. Nie straszny jej nawet najsilniejszy wiatr.\" \/>\n<meta name=\"robots\" content=\"index, follow, max-snippet:-1, max-image-preview:large, max-video-preview:-1\" \/>\n<link rel=\"canonical\" href=\"https:\/\/worldofflowerpots.com\/sklep\/duza-donica-z-cortenu-cubi-8\/\" \/>\n<meta property=\"og:locale\" content=\"pl_PL\" \/>\n<meta property=\"og:type\" content=\"article\" \/>\n<meta property=\"og:title\" content=\"Du\u017ca Donica z Cortenu Cubi 8 - Prostok\u0105tne, Ogrodowe\" \/>\n<meta property=\"og:description\" content=\"Du\u017ca donica z cortonu mo\u017ce zosta\u0107 ustawiona w ogrodzie, na podje\u017adzie, na tarasie, czy patio. Nie straszny jej nawet najsilniejszy wiatr.\" \/>\n<meta property=\"og:url\" content=\"https:\/\/worldofflowerpots.com\/sklep\/duza-donica-z-cortenu-cubi-8\/\" \/>\n<meta property=\"og:site_name\" content=\"World of Flowerpots\" \/>\n<meta property=\"article:modified_time\" content=\"2019-04-03T13:54:04+00:00\" \/>\n<meta property=\"og:image\" content=\"https:\/\/worldofflowerpots.com\/wp-content\/uploads\/2019\/01\/Du\u017ca-donica-z-cortenu-Cubi_8.jpg\" \/>\n\t<meta property=\"og:image:width\" content=\"2280\" \/>\n\t<meta property=\"og:image:height\" content=\"1612\" \/>\n\t<meta property=\"og:image:type\" content=\"image\/jpeg\" \/>\n<meta name=\"twitter:card\" content=\"summary_large_image\" \/>\n<meta name=\"twitter:label1\" content=\"Szacowany czas czytania\" \/>\n\t<meta name=\"twitter:data1\" content=\"2 minuty\" \/>\n<script type=\"application\/ld+json\" class=\"yoast-schema-graph\">{\"@context\":\"https:\\\/\\\/schema.org\",\"@graph\":[{\"@type\":\"WebPage\",\"@id\":\"https:\\\/\\\/worldofflowerpots.com\\\/sklep\\\/duza-donica-z-cortenu-cubi-8\\\/\",\"url\":\"https:\\\/\\\/worldofflowerpots.com\\\/sklep\\\/duza-donica-z-cortenu-cubi-8\\\/\",\"name\":\"Du\u017ca Donica z Cortenu Cubi 8 - Prostok\u0105tne, Ogrodowe\",\"isPartOf\":{\"@id\":\"https:\\\/\\\/worldofflowerpots.com\\\/#website\"},\"primaryImageOfPage\":{\"@id\":\"https:\\\/\\\/worldofflowerpots.com\\\/sklep\\\/duza-donica-z-cortenu-cubi-8\\\/#primaryimage\"},\"image\":{\"@id\":\"https:\\\/\\\/worldofflowerpots.com\\\/sklep\\\/duza-donica-z-cortenu-cubi-8\\\/#primaryimage\"},\"thumbnailUrl\":\"https:\\\/\\\/worldofflowerpots.com\\\/wp-content\\\/uploads\\\/2019\\\/01\\\/Du\u017ca-donica-z-cortenu-Cubi_8.jpg\",\"datePublished\":\"2019-01-18T14:06:22+00:00\",\"dateModified\":\"2019-04-03T13:54:04+00:00\",\"description\":\"Du\u017ca donica z cortonu mo\u017ce zosta\u0107 ustawiona w ogrodzie, na podje\u017adzie, na tarasie, czy patio. Nie straszny jej nawet najsilniejszy wiatr.\",\"breadcrumb\":{\"@id\":\"https:\\\/\\\/worldofflowerpots.com\\\/sklep\\\/duza-donica-z-cortenu-cubi-8\\\/#breadcrumb\"},\"inLanguage\":\"pl-PL\",\"potentialAction\":[{\"@type\":\"ReadAction\",\"target\":[\"https:\\\/\\\/worldofflowerpots.com\\\/sklep\\\/duza-donica-z-cortenu-cubi-8\\\/\"]}]},{\"@type\":\"ImageObject\",\"inLanguage\":\"pl-PL\",\"@id\":\"https:\\\/\\\/worldofflowerpots.com\\\/sklep\\\/duza-donica-z-cortenu-cubi-8\\\/#primaryimage\",\"url\":\"https:\\\/\\\/worldofflowerpots.com\\\/wp-content\\\/uploads\\\/2019\\\/01\\\/Du\u017ca-donica-z-cortenu-Cubi_8.jpg\",\"contentUrl\":\"https:\\\/\\\/worldofflowerpots.com\\\/wp-content\\\/uploads\\\/2019\\\/01\\\/Du\u017ca-donica-z-cortenu-Cubi_8.jpg\",\"width\":2280,\"height\":1612},{\"@type\":\"BreadcrumbList\",\"@id\":\"https:\\\/\\\/worldofflowerpots.com\\\/sklep\\\/duza-donica-z-cortenu-cubi-8\\\/#breadcrumb\",\"itemListElement\":[{\"@type\":\"ListItem\",\"position\":1,\"name\":\"Strona g\u0142\u00f3wna\",\"item\":\"https:\\\/\\\/worldofflowerpots.com\\\/\"},{\"@type\":\"ListItem\",\"position\":2,\"name\":\"Sklep\",\"item\":\"https:\\\/\\\/worldofflowerpots.com\\\/sklep\\\/\"},{\"@type\":\"ListItem\",\"position\":3,\"name\":\"Du\u017ca donica z cortenu Cubi 8\"}]},{\"@type\":\"WebSite\",\"@id\":\"https:\\\/\\\/worldofflowerpots.com\\\/#website\",\"url\":\"https:\\\/\\\/worldofflowerpots.com\\\/\",\"name\":\"World of Flowerpots\",\"description\":\"producent donic ozdobnych\",\"potentialAction\":[{\"@type\":\"SearchAction\",\"target\":{\"@type\":\"EntryPoint\",\"urlTemplate\":\"https:\\\/\\\/worldofflowerpots.com\\\/?s={search_term_string}\"},\"query-input\":{\"@type\":\"PropertyValueSpecification\",\"valueRequired\":true,\"valueName\":\"search_term_string\"}}],\"inLanguage\":\"pl-PL\"}]}<\/script>\n<!-- \/ Yoast SEO plugin. -->","yoast_head_json":{"title":"Du\u017ca Donica z Cortenu Cubi 8 - Prostok\u0105tne, Ogrodowe","description":"Du\u017ca donica z cortonu mo\u017ce zosta\u0107 ustawiona w ogrodzie, na podje\u017adzie, na tarasie, czy patio. Nie straszny jej nawet najsilniejszy wiatr.","robots":{"index":"index","follow":"follow","max-snippet":"max-snippet:-1","max-image-preview":"max-image-preview:large","max-video-preview":"max-video-preview:-1"},"canonical":"https:\/\/worldofflowerpots.com\/sklep\/duza-donica-z-cortenu-cubi-8\/","og_locale":"pl_PL","og_type":"article","og_title":"Du\u017ca Donica z Cortenu Cubi 8 - Prostok\u0105tne, Ogrodowe","og_description":"Du\u017ca donica z cortonu mo\u017ce zosta\u0107 ustawiona w ogrodzie, na podje\u017adzie, na tarasie, czy patio. Nie straszny jej nawet najsilniejszy wiatr.","og_url":"https:\/\/worldofflowerpots.com\/sklep\/duza-donica-z-cortenu-cubi-8\/","og_site_name":"World of Flowerpots","article_modified_time":"2019-04-03T13:54:04+00:00","og_image":[{"width":2280,"height":1612,"url":"https:\/\/worldofflowerpots.com\/wp-content\/uploads\/2019\/01\/Du\u017ca-donica-z-cortenu-Cubi_8.jpg","type":"image\/jpeg"}],"twitter_card":"summary_large_image","twitter_misc":{"Szacowany czas czytania":"2 minuty"},"schema":{"@context":"https:\/\/schema.org","@graph":[{"@type":"WebPage","@id":"https:\/\/worldofflowerpots.com\/sklep\/duza-donica-z-cortenu-cubi-8\/","url":"https:\/\/worldofflowerpots.com\/sklep\/duza-donica-z-cortenu-cubi-8\/","name":"Du\u017ca Donica z Cortenu Cubi 8 - Prostok\u0105tne, Ogrodowe","isPartOf":{"@id":"https:\/\/worldofflowerpots.com\/#website"},"primaryImageOfPage":{"@id":"https:\/\/worldofflowerpots.com\/sklep\/duza-donica-z-cortenu-cubi-8\/#primaryimage"},"image":{"@id":"https:\/\/worldofflowerpots.com\/sklep\/duza-donica-z-cortenu-cubi-8\/#primaryimage"},"thumbnailUrl":"https:\/\/worldofflowerpots.com\/wp-content\/uploads\/2019\/01\/Du\u017ca-donica-z-cortenu-Cubi_8.jpg","datePublished":"2019-01-18T14:06:22+00:00","dateModified":"2019-04-03T13:54:04+00:00","description":"Du\u017ca donica z cortonu mo\u017ce zosta\u0107 ustawiona w ogrodzie, na podje\u017adzie, na tarasie, czy patio. Nie straszny jej nawet najsilniejszy wiatr.","breadcrumb":{"@id":"https:\/\/worldofflowerpots.com\/sklep\/duza-donica-z-cortenu-cubi-8\/#breadcrumb"},"inLanguage":"pl-PL","potentialAction":[{"@type":"ReadAction","target":["https:\/\/worldofflowerpots.com\/sklep\/duza-donica-z-cortenu-cubi-8\/"]}]},{"@type":"ImageObject","inLanguage":"pl-PL","@id":"https:\/\/worldofflowerpots.com\/sklep\/duza-donica-z-cortenu-cubi-8\/#primaryimage","url":"https:\/\/worldofflowerpots.com\/wp-content\/uploads\/2019\/01\/Du\u017ca-donica-z-cortenu-Cubi_8.jpg","contentUrl":"https:\/\/worldofflowerpots.com\/wp-content\/uploads\/2019\/01\/Du\u017ca-donica-z-cortenu-Cubi_8.jpg","width":2280,"height":1612},{"@type":"BreadcrumbList","@id":"https:\/\/worldofflowerpots.com\/sklep\/duza-donica-z-cortenu-cubi-8\/#breadcrumb","itemListElement":[{"@type":"ListItem","position":1,"name":"Strona g\u0142\u00f3wna","item":"https:\/\/worldofflowerpots.com\/"},{"@type":"ListItem","position":2,"name":"Sklep","item":"https:\/\/worldofflowerpots.com\/sklep\/"},{"@type":"ListItem","position":3,"name":"Du\u017ca donica z cortenu Cubi 8"}]},{"@type":"WebSite","@id":"https:\/\/worldofflowerpots.com\/#website","url":"https:\/\/worldofflowerpots.com\/","name":"World of Flowerpots","description":"producent donic ozdobnych","potentialAction":[{"@type":"SearchAction","target":{"@type":"EntryPoint","urlTemplate":"https:\/\/worldofflowerpots.com\/?s={search_term_string}"},"query-input":{"@type":"PropertyValueSpecification","valueRequired":true,"valueName":"search_term_string"}}],"inLanguage":"pl-PL"}]}},"_links":{"self":[{"href":"https:\/\/worldofflowerpots.com\/pl\/wp-json\/wp\/v2\/product\/50760","targetHints":{"allow":["GET"]}}],"collection":[{"href":"https:\/\/worldofflowerpots.com\/pl\/wp-json\/wp\/v2\/product"}],"about":[{"href":"https:\/\/worldofflowerpots.com\/pl\/wp-json\/wp\/v2\/types\/product"}],"wp:featuredmedia":[{"embeddable":true,"href":"https:\/\/worldofflowerpots.com\/pl\/wp-json\/wp\/v2\/media\/57110"}],"wp:attachment":[{"href":"https:\/\/worldofflowerpots.com\/pl\/wp-json\/wp\/v2\/media?parent=50760"}],"wp:term":[{"taxonomy":"product_brand","embeddable":true,"href":"https:\/\/worldofflowerpots.com\/pl\/wp-json\/wp\/v2\/product_brand?post=50760"},{"taxonomy":"product_cat","embeddable":true,"href":"https:\/\/worldofflowerpots.com\/pl\/wp-json\/wp\/v2\/product_cat?post=50760"},{"taxonomy":"product_tag","embeddable":true,"href":"https:\/\/worldofflowerpots.com\/pl\/wp-json\/wp\/v2\/product_tag?post=50760"}],"curies":[{"name":"wp","href":"https:\/\/api.w.org\/{rel}","templated":true}]}}