{"id":50923,"date":"2019-01-18T15:11:36","date_gmt":"2019-01-18T14:11:36","guid":{"rendered":"https:\/\/worldofflowerpots.com\/product\/import-placeholder-for-238\/"},"modified":"2019-04-05T12:05:31","modified_gmt":"2019-04-05T10:05:31","slug":"donice-z-wlokna-szklanego-w-polysku-i-matowe-emilio-1","status":"publish","type":"product","link":"https:\/\/worldofflowerpots.com\/pl\/sklep\/donice-z-wlokna-szklanego-w-polysku-i-matowe-emilio-1\/","title":{"rendered":"Donice z w\u0142\u00f3kna szklanego w po\u0142ysku i matowe Emilio 1"},"content":{"rendered":"<h2>Donice z w\u0142\u00f3kna szklanego<\/h2>\n<p>Donice z w\u0142\u00f3kna szklanego w po\u0142ysku i matowe s\u0105 propozycj\u0105 dla os\u00f3b, kt\u00f3re poszukuj\u0105 zar\u00f3wno nowoczesnej estetyki, jak i trwa\u0142o\u015bci. Produkty te charakteryzuj\u0105 si\u0119 eleganck\u0105, prost\u0105 form\u0105 i wysok\u0105 jako\u015bci\u0105. Podkre\u015blaj\u0105 indywidualny styl domu czy tarasu, a minimalistyczny design sprawia, \u017ce donice te s\u0105 uniwersalne. Wysoki po\u0142ysk materia\u0142u i g\u0142\u0119boki, ciemny kolor dodaje wn\u0119trzom elegancji, doskonale podkre\u015bla kompozycje ro\u015blinne. Z kolei matowa powierzchnia podkre\u015bla pi\u0119kno ro\u015blin. Donice z w\u0142\u00f3kna szklanego mog\u0105 by\u0107 stosowane zar\u00f3wno jako donica, jak i jako os\u0142onka.<\/p>\n<h2>Odporno\u015b\u0107 i urok<\/h2>\n<p>Materia\u0142, z jakiego wykonane s\u0105 donice jest odporny na niskie temperatury oraz na wilgo\u0107. Z powodzeniem mo\u017ce by\u0107 wykorzystywany zar\u00f3wno wewn\u0105trz budynku, jak i na zewn\u0105trz. Donice z w\u0142\u00f3kna szklanego poza swoj\u0105 podstawow\u0105 funkcj\u0105, s\u0105 doskona\u0142ym elementem dekoracyjnym. Dzi\u0119ki swojej uniwersalno\u015bci donice te dobrze sprawdz\u0105 si\u0119 do ro\u015blin wysokich, jak i niskich. Sprawdz\u0105 si\u0119 w nowoczesnej aran\u017cacji z wykorzystaniem \u015bredniowysokich traw lub ro\u015blin zwieszaj\u0105cych si\u0119. Zestaw kilku takich samych ro\u015blin w rz\u0119dzie wsp\u00f3\u0142gra z\u00a0 prost\u0105 form\u0105 produktu. Wspomniana prosta forma pozwala te\u017c na swobodne komponowanie donic ze sob\u0105 i ustawianie ich obok siebie. Donice wraz z zasadzonymi ro\u015blinami mog\u0105 by\u0107 r\u00f3wnie\u017c wykorzystane jako zamkni\u0119cie przestrzeni.<\/p>\n<h2>Mobilne zielone \u015bciany<\/h2>\n<p>Donice ustawione obok siebie mog\u0105 tworzy\u0107 barier\u0119 tarasu, zapewniaj\u0105c wi\u0119ksz\u0105 prywatno\u015b\u0107 b\u0119d\u0105c jednocze\u015bnie konstrukcj\u0105 lekk\u0105 i mobiln\u0105. Uk\u0142ad taki sprawia wra\u017cenie ogrodu, a nie tylko tarasu, przy jednoczesnym minimalnym zajmowaniu przestrzeni. Donice te s\u0105 stosunkowo w\u0105skie, dzi\u0119ki czemu nawet na ma\u0142ej przestrzeni zachowujemy przestronno\u015b\u0107. Na zewn\u0105trz donice takie mog\u0105 z powodzeniem zast\u0105pi\u0107 \u017cywop\u0142ot, w pomieszczeniu z kolei mog\u0105 by\u0107 wykorzystane jako \u017cywe \u015bciany. \u00a0Sprawdz\u0105 si\u0119 zar\u00f3wno w k\u0105tach pomieszcze\u0144, jak i na \u015brodku pomieszcze\u0144. W biurze czy punkcie us\u0142ugowym donice z w\u0142\u00f3kna szklanego pos\u0142u\u017c\u0105 jako rozdzielenie poszczeg\u00f3lnych sekcji przestrzeni. Kombinacje takie s\u0105 mobilne i mog\u0105 by\u0107 zmieniane w zale\u017cno\u015bci od potrzeb i okoliczno\u015bci. Puste donice te s\u0105 bardzo lekkie, co dodatkowo u\u0142atwia korzystanie z nich. Przedstawiony szeroki wachlarz zastosowa\u0144 jest tak naprawd\u0119 u\u0142amkiem przer\u00f3\u017cnych kombinacji.<\/p>\n","protected":false},"excerpt":{"rendered":"<p>Donica plastikowa z w\u0142\u00f3kna szklanego Emilio 1 z w\u0142\u00f3kna szklanego oraz \u017cywicy do stosowania wewn\u0105trz jako donica lub jako os\u0142onka. Donice dost\u0119pne we wszystkich kolorach palety RAL w wersji matowej i w po\u0142ysku. Donice s\u0105 wyposa\u017cone w otwory odp\u0142ywowe w dnie (na wyra\u017ane \u017cyczenie klienta mo\u017ce zosta\u0107 wykonana bez otworu odp\u0142ywowego), boczne \u015bcianki wy\u0142o\u017cone s\u0105 styropianem. Wymiary donicy: d\u0142ugo\u015b\u0107: 90 cm, szeroko\u015b\u0107: 25 cm, wysoko\u015b\u0107: 80 cm.<\/p>\n","protected":false},"featured_media":57595,"template":"","meta":{"_acf_changed":false},"product_brand":[],"product_cat":[205],"product_tag":[448,444,447,451],"class_list":{"0":"post-50923","1":"product","2":"type-product","3":"status-publish","4":"has-post-thumbnail","6":"product_cat-donice-z-wlokna-szklanego-plastiku","7":"product_tag-donice-balkonowe","8":"product_tag-donice-ogrodowe","9":"product_tag-donice-tarasowe","10":"product_tag-donice-wewnetrzne","11":"description-off","12":"tm-has-options","14":"first","15":"instock","16":"shipping-taxable","17":"purchasable","18":"product-type-simple"},"acf":[],"yoast_head":"<!-- This site is optimized with the Yoast SEO plugin v27.5 - https:\/\/yoast.com\/product\/yoast-seo-wordpress\/ -->\n<title>Donice z W\u0142\u00f3kna Szklanego w Po\u0142ysku Emilio 1 Prostok\u0105tne<\/title>\n<meta name=\"description\" content=\"Donice z w\u0142\u00f3kna szklanego w po\u0142ysku i matowe s\u0105 propozycj\u0105 dla os\u00f3b, kt\u00f3re poszukuj\u0105 zar\u00f3wno nowoczesnej estetyki, jak i trwa\u0142o\u015bci.\" \/>\n<meta name=\"robots\" content=\"index, follow, max-snippet:-1, max-image-preview:large, max-video-preview:-1\" \/>\n<link rel=\"canonical\" href=\"https:\/\/worldofflowerpots.com\/sklep\/donice-z-wlokna-szklanego-w-polysku-i-matowe-emilio-1\/\" \/>\n<meta property=\"og:locale\" content=\"pl_PL\" \/>\n<meta property=\"og:type\" content=\"article\" \/>\n<meta property=\"og:title\" content=\"Donice z W\u0142\u00f3kna Szklanego w Po\u0142ysku Emilio 1 Prostok\u0105tne\" \/>\n<meta property=\"og:description\" content=\"Donice z w\u0142\u00f3kna szklanego w po\u0142ysku i matowe s\u0105 propozycj\u0105 dla os\u00f3b, kt\u00f3re poszukuj\u0105 zar\u00f3wno nowoczesnej estetyki, jak i trwa\u0142o\u015bci.\" \/>\n<meta property=\"og:url\" content=\"https:\/\/worldofflowerpots.com\/sklep\/donice-z-wlokna-szklanego-w-polysku-i-matowe-emilio-1\/\" \/>\n<meta property=\"og:site_name\" content=\"World of Flowerpots\" \/>\n<meta property=\"article:modified_time\" content=\"2019-04-05T10:05:31+00:00\" \/>\n<meta property=\"og:image\" content=\"https:\/\/worldofflowerpots.com\/wp-content\/uploads\/2019\/01\/donice-z-w\u0142\u00f3kna-szklanego-w-po\u0142ysku-Emilio-1.jpg\" \/>\n\t<meta property=\"og:image:width\" content=\"1920\" \/>\n\t<meta property=\"og:image:height\" content=\"1080\" \/>\n\t<meta property=\"og:image:type\" content=\"image\/jpeg\" \/>\n<meta name=\"twitter:card\" content=\"summary_large_image\" \/>\n<meta name=\"twitter:label1\" content=\"Szacowany czas czytania\" \/>\n\t<meta name=\"twitter:data1\" content=\"2 minuty\" \/>\n<script type=\"application\/ld+json\" class=\"yoast-schema-graph\">{\"@context\":\"https:\\\/\\\/schema.org\",\"@graph\":[{\"@type\":\"WebPage\",\"@id\":\"https:\\\/\\\/worldofflowerpots.com\\\/sklep\\\/donice-z-wlokna-szklanego-w-polysku-i-matowe-emilio-1\\\/\",\"url\":\"https:\\\/\\\/worldofflowerpots.com\\\/sklep\\\/donice-z-wlokna-szklanego-w-polysku-i-matowe-emilio-1\\\/\",\"name\":\"Donice z W\u0142\u00f3kna Szklanego w Po\u0142ysku Emilio 1 Prostok\u0105tne\",\"isPartOf\":{\"@id\":\"https:\\\/\\\/worldofflowerpots.com\\\/#website\"},\"primaryImageOfPage\":{\"@id\":\"https:\\\/\\\/worldofflowerpots.com\\\/sklep\\\/donice-z-wlokna-szklanego-w-polysku-i-matowe-emilio-1\\\/#primaryimage\"},\"image\":{\"@id\":\"https:\\\/\\\/worldofflowerpots.com\\\/sklep\\\/donice-z-wlokna-szklanego-w-polysku-i-matowe-emilio-1\\\/#primaryimage\"},\"thumbnailUrl\":\"https:\\\/\\\/worldofflowerpots.com\\\/wp-content\\\/uploads\\\/2019\\\/01\\\/donice-z-w\u0142\u00f3kna-szklanego-w-po\u0142ysku-Emilio-1.jpg\",\"datePublished\":\"2019-01-18T14:11:36+00:00\",\"dateModified\":\"2019-04-05T10:05:31+00:00\",\"description\":\"Donice z w\u0142\u00f3kna szklanego w po\u0142ysku i matowe s\u0105 propozycj\u0105 dla os\u00f3b, kt\u00f3re poszukuj\u0105 zar\u00f3wno nowoczesnej estetyki, jak i trwa\u0142o\u015bci.\",\"breadcrumb\":{\"@id\":\"https:\\\/\\\/worldofflowerpots.com\\\/sklep\\\/donice-z-wlokna-szklanego-w-polysku-i-matowe-emilio-1\\\/#breadcrumb\"},\"inLanguage\":\"pl-PL\",\"potentialAction\":[{\"@type\":\"ReadAction\",\"target\":[\"https:\\\/\\\/worldofflowerpots.com\\\/sklep\\\/donice-z-wlokna-szklanego-w-polysku-i-matowe-emilio-1\\\/\"]}]},{\"@type\":\"ImageObject\",\"inLanguage\":\"pl-PL\",\"@id\":\"https:\\\/\\\/worldofflowerpots.com\\\/sklep\\\/donice-z-wlokna-szklanego-w-polysku-i-matowe-emilio-1\\\/#primaryimage\",\"url\":\"https:\\\/\\\/worldofflowerpots.com\\\/wp-content\\\/uploads\\\/2019\\\/01\\\/donice-z-w\u0142\u00f3kna-szklanego-w-po\u0142ysku-Emilio-1.jpg\",\"contentUrl\":\"https:\\\/\\\/worldofflowerpots.com\\\/wp-content\\\/uploads\\\/2019\\\/01\\\/donice-z-w\u0142\u00f3kna-szklanego-w-po\u0142ysku-Emilio-1.jpg\",\"width\":1920,\"height\":1080},{\"@type\":\"BreadcrumbList\",\"@id\":\"https:\\\/\\\/worldofflowerpots.com\\\/sklep\\\/donice-z-wlokna-szklanego-w-polysku-i-matowe-emilio-1\\\/#breadcrumb\",\"itemListElement\":[{\"@type\":\"ListItem\",\"position\":1,\"name\":\"Strona g\u0142\u00f3wna\",\"item\":\"https:\\\/\\\/worldofflowerpots.com\\\/\"},{\"@type\":\"ListItem\",\"position\":2,\"name\":\"Sklep\",\"item\":\"https:\\\/\\\/worldofflowerpots.com\\\/sklep\\\/\"},{\"@type\":\"ListItem\",\"position\":3,\"name\":\"Donice z w\u0142\u00f3kna szklanego w po\u0142ysku i matowe Emilio 1\"}]},{\"@type\":\"WebSite\",\"@id\":\"https:\\\/\\\/worldofflowerpots.com\\\/#website\",\"url\":\"https:\\\/\\\/worldofflowerpots.com\\\/\",\"name\":\"World of Flowerpots\",\"description\":\"producent donic ozdobnych\",\"potentialAction\":[{\"@type\":\"SearchAction\",\"target\":{\"@type\":\"EntryPoint\",\"urlTemplate\":\"https:\\\/\\\/worldofflowerpots.com\\\/?s={search_term_string}\"},\"query-input\":{\"@type\":\"PropertyValueSpecification\",\"valueRequired\":true,\"valueName\":\"search_term_string\"}}],\"inLanguage\":\"pl-PL\"}]}<\/script>\n<!-- \/ Yoast SEO plugin. -->","yoast_head_json":{"title":"Donice z W\u0142\u00f3kna Szklanego w Po\u0142ysku Emilio 1 Prostok\u0105tne","description":"Donice z w\u0142\u00f3kna szklanego w po\u0142ysku i matowe s\u0105 propozycj\u0105 dla os\u00f3b, kt\u00f3re poszukuj\u0105 zar\u00f3wno nowoczesnej estetyki, jak i trwa\u0142o\u015bci.","robots":{"index":"index","follow":"follow","max-snippet":"max-snippet:-1","max-image-preview":"max-image-preview:large","max-video-preview":"max-video-preview:-1"},"canonical":"https:\/\/worldofflowerpots.com\/sklep\/donice-z-wlokna-szklanego-w-polysku-i-matowe-emilio-1\/","og_locale":"pl_PL","og_type":"article","og_title":"Donice z W\u0142\u00f3kna Szklanego w Po\u0142ysku Emilio 1 Prostok\u0105tne","og_description":"Donice z w\u0142\u00f3kna szklanego w po\u0142ysku i matowe s\u0105 propozycj\u0105 dla os\u00f3b, kt\u00f3re poszukuj\u0105 zar\u00f3wno nowoczesnej estetyki, jak i trwa\u0142o\u015bci.","og_url":"https:\/\/worldofflowerpots.com\/sklep\/donice-z-wlokna-szklanego-w-polysku-i-matowe-emilio-1\/","og_site_name":"World of Flowerpots","article_modified_time":"2019-04-05T10:05:31+00:00","og_image":[{"width":1920,"height":1080,"url":"https:\/\/worldofflowerpots.com\/wp-content\/uploads\/2019\/01\/donice-z-w\u0142\u00f3kna-szklanego-w-po\u0142ysku-Emilio-1.jpg","type":"image\/jpeg"}],"twitter_card":"summary_large_image","twitter_misc":{"Szacowany czas czytania":"2 minuty"},"schema":{"@context":"https:\/\/schema.org","@graph":[{"@type":"WebPage","@id":"https:\/\/worldofflowerpots.com\/sklep\/donice-z-wlokna-szklanego-w-polysku-i-matowe-emilio-1\/","url":"https:\/\/worldofflowerpots.com\/sklep\/donice-z-wlokna-szklanego-w-polysku-i-matowe-emilio-1\/","name":"Donice z W\u0142\u00f3kna Szklanego w Po\u0142ysku Emilio 1 Prostok\u0105tne","isPartOf":{"@id":"https:\/\/worldofflowerpots.com\/#website"},"primaryImageOfPage":{"@id":"https:\/\/worldofflowerpots.com\/sklep\/donice-z-wlokna-szklanego-w-polysku-i-matowe-emilio-1\/#primaryimage"},"image":{"@id":"https:\/\/worldofflowerpots.com\/sklep\/donice-z-wlokna-szklanego-w-polysku-i-matowe-emilio-1\/#primaryimage"},"thumbnailUrl":"https:\/\/worldofflowerpots.com\/wp-content\/uploads\/2019\/01\/donice-z-w\u0142\u00f3kna-szklanego-w-po\u0142ysku-Emilio-1.jpg","datePublished":"2019-01-18T14:11:36+00:00","dateModified":"2019-04-05T10:05:31+00:00","description":"Donice z w\u0142\u00f3kna szklanego w po\u0142ysku i matowe s\u0105 propozycj\u0105 dla os\u00f3b, kt\u00f3re poszukuj\u0105 zar\u00f3wno nowoczesnej estetyki, jak i trwa\u0142o\u015bci.","breadcrumb":{"@id":"https:\/\/worldofflowerpots.com\/sklep\/donice-z-wlokna-szklanego-w-polysku-i-matowe-emilio-1\/#breadcrumb"},"inLanguage":"pl-PL","potentialAction":[{"@type":"ReadAction","target":["https:\/\/worldofflowerpots.com\/sklep\/donice-z-wlokna-szklanego-w-polysku-i-matowe-emilio-1\/"]}]},{"@type":"ImageObject","inLanguage":"pl-PL","@id":"https:\/\/worldofflowerpots.com\/sklep\/donice-z-wlokna-szklanego-w-polysku-i-matowe-emilio-1\/#primaryimage","url":"https:\/\/worldofflowerpots.com\/wp-content\/uploads\/2019\/01\/donice-z-w\u0142\u00f3kna-szklanego-w-po\u0142ysku-Emilio-1.jpg","contentUrl":"https:\/\/worldofflowerpots.com\/wp-content\/uploads\/2019\/01\/donice-z-w\u0142\u00f3kna-szklanego-w-po\u0142ysku-Emilio-1.jpg","width":1920,"height":1080},{"@type":"BreadcrumbList","@id":"https:\/\/worldofflowerpots.com\/sklep\/donice-z-wlokna-szklanego-w-polysku-i-matowe-emilio-1\/#breadcrumb","itemListElement":[{"@type":"ListItem","position":1,"name":"Strona g\u0142\u00f3wna","item":"https:\/\/worldofflowerpots.com\/"},{"@type":"ListItem","position":2,"name":"Sklep","item":"https:\/\/worldofflowerpots.com\/sklep\/"},{"@type":"ListItem","position":3,"name":"Donice z w\u0142\u00f3kna szklanego w po\u0142ysku i matowe Emilio 1"}]},{"@type":"WebSite","@id":"https:\/\/worldofflowerpots.com\/#website","url":"https:\/\/worldofflowerpots.com\/","name":"World of Flowerpots","description":"producent donic ozdobnych","potentialAction":[{"@type":"SearchAction","target":{"@type":"EntryPoint","urlTemplate":"https:\/\/worldofflowerpots.com\/?s={search_term_string}"},"query-input":{"@type":"PropertyValueSpecification","valueRequired":true,"valueName":"search_term_string"}}],"inLanguage":"pl-PL"}]}},"_links":{"self":[{"href":"https:\/\/worldofflowerpots.com\/pl\/wp-json\/wp\/v2\/product\/50923","targetHints":{"allow":["GET"]}}],"collection":[{"href":"https:\/\/worldofflowerpots.com\/pl\/wp-json\/wp\/v2\/product"}],"about":[{"href":"https:\/\/worldofflowerpots.com\/pl\/wp-json\/wp\/v2\/types\/product"}],"wp:featuredmedia":[{"embeddable":true,"href":"https:\/\/worldofflowerpots.com\/pl\/wp-json\/wp\/v2\/media\/57595"}],"wp:attachment":[{"href":"https:\/\/worldofflowerpots.com\/pl\/wp-json\/wp\/v2\/media?parent=50923"}],"wp:term":[{"taxonomy":"product_brand","embeddable":true,"href":"https:\/\/worldofflowerpots.com\/pl\/wp-json\/wp\/v2\/product_brand?post=50923"},{"taxonomy":"product_cat","embeddable":true,"href":"https:\/\/worldofflowerpots.com\/pl\/wp-json\/wp\/v2\/product_cat?post=50923"},{"taxonomy":"product_tag","embeddable":true,"href":"https:\/\/worldofflowerpots.com\/pl\/wp-json\/wp\/v2\/product_tag?post=50923"}],"curies":[{"name":"wp","href":"https:\/\/api.w.org\/{rel}","templated":true}]}}