{"id":50924,"date":"2019-01-18T15:11:36","date_gmt":"2019-01-18T14:11:36","guid":{"rendered":"https:\/\/worldofflowerpots.com\/product\/import-placeholder-for-239\/"},"modified":"2019-04-05T12:12:57","modified_gmt":"2019-04-05T10:12:57","slug":"prostokatne-donice-z-wlokna-szklanego-emilio-2","status":"publish","type":"product","link":"https:\/\/worldofflowerpots.com\/pl\/sklep\/prostokatne-donice-z-wlokna-szklanego-emilio-2\/","title":{"rendered":"Prostok\u0105tne donice z w\u0142\u00f3kna szklanego Emilio 2"},"content":{"rendered":"<h2>Moc i lekko\u015b\u0107<\/h2>\n<p>Plastikowa donica Emilio 2 wykonana z w\u0142\u00f3kna szklanego charakteryzuje si\u0119 nowoczesnym i surowym kszta\u0142tem w formie prostok\u0105ta. Jej powierzchnia jest g\u0142adka i nie posiada \u017cadnych zdobie\u0144, co nadaje jej bardzo elegancki i stylowy charakter. Donic\u0119 Emilio 2 zakupi\u0107 mo\u017cna we wszystkich kolorach dost\u0119pnych w palecie RAL w wersji matowej i w po\u0142ysku. Dzi\u0119ki temu bez problemu dopasujemy j\u0105 do ka\u017cdego typu wn\u0119trza lub ogrodu. Boczne \u015bciany donicy zosta\u0142y wzmocnione styropianem, a na dnie znajduje si\u0119 otw\u00f3r odp\u0142ywowy, kt\u00f3rego celem jest odprowadzanie nadmiaru wody.\u00a0Je\u017celi klient wyrazi takie \u017cyczenie, mo\u017cliwe jest wykonanie donicy r\u00f3wnie\u017c bez otworu odp\u0142ywowego.\u00a0Waga tej masywnej donicy wynosi zaledwie 13 kilogram\u00f3w, a pojemno\u015b\u0107 to a\u017c 140 litr\u00f3w.<\/p>\n<p>Materia\u0142, z kt\u00f3rego wykonano donic\u0119 Emilio 2, czyli w\u0142\u00f3kno szklane, cechuje si\u0119\u00a0wyj\u0105tkowo du\u017c\u0105 wytrzyma\u0142o\u015bci\u0105 i odporno\u015bci\u0105 na \u015bcieranie. Jest on r\u00f3wnie\u017c ognioodporny. To wszystko sprawa, \u017ce prostok\u0105tne donice z w\u0142\u00f3kna szklanego s\u0105 produktem solidnym i ciesz\u0105cym si\u0119 du\u017c\u0105 popularno\u015bci\u0105. Zaopatruj\u0105c si\u0119 w produkt wykonany z w\u0142\u00f3kna szklanego mo\u017cemy by\u0107 pewni, \u017ce wytrzyma on wiele lat w nienaruszonej formie.<\/p>\n<h2>W przestrzeni publicznej i prywatnej<\/h2>\n<p>Prosty i uniwersalny wygl\u0105d donicy Emilio 2 \u015bwietnie sprawdzi si\u0119 w aran\u017cacjach awangardowych i nietuzinkowych przestrzeni. Dzi\u0119ki jej sporym rozmiarom bez problemu rozmie\u015bcimy wybrane przez nas ro\u015bliny w optymalny spos\u00f3b. Prostok\u0105tny kszta\u0142t umo\u017cliwia tworzenie bardzo estetycznych i harmonijnych kompozycji kwiatowych. Donica mo\u017ce by\u0107 wykorzystywana r\u00f3wnie\u017c jako os\u0142onka dla ro\u015blin. Prostok\u0105tne donice z w\u0142\u00f3kna szklanego s\u0105 ch\u0119tnie wykorzystywane zar\u00f3wno przez dekorator\u00f3w wn\u0119trz, jak i architekt\u00f3w krajobrazu, np. przy projektowaniu ogrod\u00f3w w stylu nowoczesnym lub klasycznym. \u015awietnie sprawdzaj\u0105 si\u0119 tak\u017ce w budynkach u\u017cyteczno\u015bci publicznej. Doskonale prezentuj\u0105 si\u0119 w nich ro\u015bliny okaza\u0142e, o barwnych kwiatach i du\u017cych, ozdobnych li\u015bciach.\u00a0Skromny i oszcz\u0119dny w wyrazie styl donicy Emilio 2 nie b\u0119dzie konkurowa\u0142 z pi\u0119knem ro\u015bliny i\u00a0jej przyt\u0142acza\u0142,\u00a0a wprost przeciwnie, podkre\u015bli walory ka\u017cdego kwitn\u0105cego kwiatu i pozwoli mu dominowa\u0107.<\/p>\n<p>Prostok\u0105tne donice z w\u0142\u00f3kna szklanego b\u0119d\u0105 znakomicie prezentowa\u0107 na tarasach i du\u017cych balkonach, w towarzystwie stylowych mebli ogrodowych wykonanych np. z wikliny. S\u0105 tak\u017ce idealnym rozwi\u0105zaniem dla biura i galerii handlowej. Ciekawy efekt wizualny da r\u00f3wnie\u017c ustawienie kilku donic prostok\u0105tnych obok siebie.<\/p>\n","protected":false},"excerpt":{"rendered":"<p>Donica plastikowa z w\u0142\u00f3kna szklanego Emilio 2 z w\u0142\u00f3kna szklanego oraz \u017cywicy do stosowania wewn\u0105trz jako donica lub jako os\u0142onka. Donice dost\u0119pne we wszystkich kolorach palety RAL w wersji matowej i w po\u0142ysku. Donice s\u0105 wyposa\u017cone w otwory odp\u0142ywowe w dnie (na wyra\u017ane \u017cyczenie klienta mo\u017ce zosta\u0107 wykonana bez otworu odp\u0142ywowego), boczne \u015bcianki wy\u0142o\u017cone s\u0105 styropianem. Wymiary donicy: d\u0142ugo\u015b\u0107: 100 cm, szeroko\u015b\u0107: 40 cm, wysoko\u015b\u0107: 40 cm.<\/p>\n","protected":false},"featured_media":57605,"template":"","meta":{"_acf_changed":false},"product_brand":[],"product_cat":[205],"product_tag":[448,444,447,451],"class_list":{"0":"post-50924","1":"product","2":"type-product","3":"status-publish","4":"has-post-thumbnail","6":"product_cat-donice-z-wlokna-szklanego-plastiku","7":"product_tag-donice-balkonowe","8":"product_tag-donice-ogrodowe","9":"product_tag-donice-tarasowe","10":"product_tag-donice-wewnetrzne","11":"description-off","12":"tm-has-options","14":"first","15":"instock","16":"shipping-taxable","17":"purchasable","18":"product-type-simple"},"acf":[],"yoast_head":"<!-- This site is optimized with the Yoast SEO plugin v27.5 - https:\/\/yoast.com\/product\/yoast-seo-wordpress\/ -->\n<title>Nowoczesne prostok\u0105tne donice z w\u0142\u00f3kna szklanego Emilio 2<\/title>\n<meta name=\"description\" content=\"Prostok\u0105tne donice z w\u0142\u00f3kna szklanego b\u0119d\u0105 znakomicie prezentowa\u0107 na tarasach i du\u017cych balkonach, w towarzystwie stylowych mebli ogrodowych\" \/>\n<meta name=\"robots\" content=\"index, follow, max-snippet:-1, max-image-preview:large, max-video-preview:-1\" \/>\n<link rel=\"canonical\" href=\"https:\/\/worldofflowerpots.com\/sklep\/prostokatne-donice-z-wlokna-szklanego-emilio-2\/\" \/>\n<meta property=\"og:locale\" content=\"pl_PL\" \/>\n<meta property=\"og:type\" content=\"article\" \/>\n<meta property=\"og:title\" content=\"Nowoczesne prostok\u0105tne donice z w\u0142\u00f3kna szklanego Emilio 2\" \/>\n<meta property=\"og:description\" content=\"Prostok\u0105tne donice z w\u0142\u00f3kna szklanego b\u0119d\u0105 znakomicie prezentowa\u0107 na tarasach i du\u017cych balkonach, w towarzystwie stylowych mebli ogrodowych\" \/>\n<meta property=\"og:url\" content=\"https:\/\/worldofflowerpots.com\/sklep\/prostokatne-donice-z-wlokna-szklanego-emilio-2\/\" \/>\n<meta property=\"og:site_name\" content=\"World of Flowerpots\" \/>\n<meta property=\"article:modified_time\" content=\"2019-04-05T10:12:57+00:00\" \/>\n<meta property=\"og:image\" content=\"https:\/\/worldofflowerpots.com\/wp-content\/uploads\/2019\/01\/prostok\u0105tne-donice-z-w\u0142\u00f3kna-szklanego-Emilio-2.jpg\" \/>\n\t<meta property=\"og:image:width\" content=\"1920\" \/>\n\t<meta property=\"og:image:height\" content=\"1080\" \/>\n\t<meta property=\"og:image:type\" content=\"image\/jpeg\" \/>\n<meta name=\"twitter:card\" content=\"summary_large_image\" \/>\n<meta name=\"twitter:label1\" content=\"Szacowany czas czytania\" \/>\n\t<meta name=\"twitter:data1\" content=\"2 minuty\" \/>\n<script type=\"application\/ld+json\" class=\"yoast-schema-graph\">{\"@context\":\"https:\\\/\\\/schema.org\",\"@graph\":[{\"@type\":\"WebPage\",\"@id\":\"https:\\\/\\\/worldofflowerpots.com\\\/sklep\\\/prostokatne-donice-z-wlokna-szklanego-emilio-2\\\/\",\"url\":\"https:\\\/\\\/worldofflowerpots.com\\\/sklep\\\/prostokatne-donice-z-wlokna-szklanego-emilio-2\\\/\",\"name\":\"Nowoczesne prostok\u0105tne donice z w\u0142\u00f3kna szklanego Emilio 2\",\"isPartOf\":{\"@id\":\"https:\\\/\\\/worldofflowerpots.com\\\/#website\"},\"primaryImageOfPage\":{\"@id\":\"https:\\\/\\\/worldofflowerpots.com\\\/sklep\\\/prostokatne-donice-z-wlokna-szklanego-emilio-2\\\/#primaryimage\"},\"image\":{\"@id\":\"https:\\\/\\\/worldofflowerpots.com\\\/sklep\\\/prostokatne-donice-z-wlokna-szklanego-emilio-2\\\/#primaryimage\"},\"thumbnailUrl\":\"https:\\\/\\\/worldofflowerpots.com\\\/wp-content\\\/uploads\\\/2019\\\/01\\\/prostok\u0105tne-donice-z-w\u0142\u00f3kna-szklanego-Emilio-2.jpg\",\"datePublished\":\"2019-01-18T14:11:36+00:00\",\"dateModified\":\"2019-04-05T10:12:57+00:00\",\"description\":\"Prostok\u0105tne donice z w\u0142\u00f3kna szklanego b\u0119d\u0105 znakomicie prezentowa\u0107 na tarasach i du\u017cych balkonach, w towarzystwie stylowych mebli ogrodowych\",\"breadcrumb\":{\"@id\":\"https:\\\/\\\/worldofflowerpots.com\\\/sklep\\\/prostokatne-donice-z-wlokna-szklanego-emilio-2\\\/#breadcrumb\"},\"inLanguage\":\"pl-PL\",\"potentialAction\":[{\"@type\":\"ReadAction\",\"target\":[\"https:\\\/\\\/worldofflowerpots.com\\\/sklep\\\/prostokatne-donice-z-wlokna-szklanego-emilio-2\\\/\"]}]},{\"@type\":\"ImageObject\",\"inLanguage\":\"pl-PL\",\"@id\":\"https:\\\/\\\/worldofflowerpots.com\\\/sklep\\\/prostokatne-donice-z-wlokna-szklanego-emilio-2\\\/#primaryimage\",\"url\":\"https:\\\/\\\/worldofflowerpots.com\\\/wp-content\\\/uploads\\\/2019\\\/01\\\/prostok\u0105tne-donice-z-w\u0142\u00f3kna-szklanego-Emilio-2.jpg\",\"contentUrl\":\"https:\\\/\\\/worldofflowerpots.com\\\/wp-content\\\/uploads\\\/2019\\\/01\\\/prostok\u0105tne-donice-z-w\u0142\u00f3kna-szklanego-Emilio-2.jpg\",\"width\":1920,\"height\":1080},{\"@type\":\"BreadcrumbList\",\"@id\":\"https:\\\/\\\/worldofflowerpots.com\\\/sklep\\\/prostokatne-donice-z-wlokna-szklanego-emilio-2\\\/#breadcrumb\",\"itemListElement\":[{\"@type\":\"ListItem\",\"position\":1,\"name\":\"Strona g\u0142\u00f3wna\",\"item\":\"https:\\\/\\\/worldofflowerpots.com\\\/\"},{\"@type\":\"ListItem\",\"position\":2,\"name\":\"Sklep\",\"item\":\"https:\\\/\\\/worldofflowerpots.com\\\/sklep\\\/\"},{\"@type\":\"ListItem\",\"position\":3,\"name\":\"Prostok\u0105tne donice z w\u0142\u00f3kna szklanego Emilio 2\"}]},{\"@type\":\"WebSite\",\"@id\":\"https:\\\/\\\/worldofflowerpots.com\\\/#website\",\"url\":\"https:\\\/\\\/worldofflowerpots.com\\\/\",\"name\":\"World of Flowerpots\",\"description\":\"producent donic ozdobnych\",\"potentialAction\":[{\"@type\":\"SearchAction\",\"target\":{\"@type\":\"EntryPoint\",\"urlTemplate\":\"https:\\\/\\\/worldofflowerpots.com\\\/?s={search_term_string}\"},\"query-input\":{\"@type\":\"PropertyValueSpecification\",\"valueRequired\":true,\"valueName\":\"search_term_string\"}}],\"inLanguage\":\"pl-PL\"}]}<\/script>\n<!-- \/ Yoast SEO plugin. -->","yoast_head_json":{"title":"Nowoczesne prostok\u0105tne donice z w\u0142\u00f3kna szklanego Emilio 2","description":"Prostok\u0105tne donice z w\u0142\u00f3kna szklanego b\u0119d\u0105 znakomicie prezentowa\u0107 na tarasach i du\u017cych balkonach, w towarzystwie stylowych mebli ogrodowych","robots":{"index":"index","follow":"follow","max-snippet":"max-snippet:-1","max-image-preview":"max-image-preview:large","max-video-preview":"max-video-preview:-1"},"canonical":"https:\/\/worldofflowerpots.com\/sklep\/prostokatne-donice-z-wlokna-szklanego-emilio-2\/","og_locale":"pl_PL","og_type":"article","og_title":"Nowoczesne prostok\u0105tne donice z w\u0142\u00f3kna szklanego Emilio 2","og_description":"Prostok\u0105tne donice z w\u0142\u00f3kna szklanego b\u0119d\u0105 znakomicie prezentowa\u0107 na tarasach i du\u017cych balkonach, w towarzystwie stylowych mebli ogrodowych","og_url":"https:\/\/worldofflowerpots.com\/sklep\/prostokatne-donice-z-wlokna-szklanego-emilio-2\/","og_site_name":"World of Flowerpots","article_modified_time":"2019-04-05T10:12:57+00:00","og_image":[{"width":1920,"height":1080,"url":"https:\/\/worldofflowerpots.com\/wp-content\/uploads\/2019\/01\/prostok\u0105tne-donice-z-w\u0142\u00f3kna-szklanego-Emilio-2.jpg","type":"image\/jpeg"}],"twitter_card":"summary_large_image","twitter_misc":{"Szacowany czas czytania":"2 minuty"},"schema":{"@context":"https:\/\/schema.org","@graph":[{"@type":"WebPage","@id":"https:\/\/worldofflowerpots.com\/sklep\/prostokatne-donice-z-wlokna-szklanego-emilio-2\/","url":"https:\/\/worldofflowerpots.com\/sklep\/prostokatne-donice-z-wlokna-szklanego-emilio-2\/","name":"Nowoczesne prostok\u0105tne donice z w\u0142\u00f3kna szklanego Emilio 2","isPartOf":{"@id":"https:\/\/worldofflowerpots.com\/#website"},"primaryImageOfPage":{"@id":"https:\/\/worldofflowerpots.com\/sklep\/prostokatne-donice-z-wlokna-szklanego-emilio-2\/#primaryimage"},"image":{"@id":"https:\/\/worldofflowerpots.com\/sklep\/prostokatne-donice-z-wlokna-szklanego-emilio-2\/#primaryimage"},"thumbnailUrl":"https:\/\/worldofflowerpots.com\/wp-content\/uploads\/2019\/01\/prostok\u0105tne-donice-z-w\u0142\u00f3kna-szklanego-Emilio-2.jpg","datePublished":"2019-01-18T14:11:36+00:00","dateModified":"2019-04-05T10:12:57+00:00","description":"Prostok\u0105tne donice z w\u0142\u00f3kna szklanego b\u0119d\u0105 znakomicie prezentowa\u0107 na tarasach i du\u017cych balkonach, w towarzystwie stylowych mebli ogrodowych","breadcrumb":{"@id":"https:\/\/worldofflowerpots.com\/sklep\/prostokatne-donice-z-wlokna-szklanego-emilio-2\/#breadcrumb"},"inLanguage":"pl-PL","potentialAction":[{"@type":"ReadAction","target":["https:\/\/worldofflowerpots.com\/sklep\/prostokatne-donice-z-wlokna-szklanego-emilio-2\/"]}]},{"@type":"ImageObject","inLanguage":"pl-PL","@id":"https:\/\/worldofflowerpots.com\/sklep\/prostokatne-donice-z-wlokna-szklanego-emilio-2\/#primaryimage","url":"https:\/\/worldofflowerpots.com\/wp-content\/uploads\/2019\/01\/prostok\u0105tne-donice-z-w\u0142\u00f3kna-szklanego-Emilio-2.jpg","contentUrl":"https:\/\/worldofflowerpots.com\/wp-content\/uploads\/2019\/01\/prostok\u0105tne-donice-z-w\u0142\u00f3kna-szklanego-Emilio-2.jpg","width":1920,"height":1080},{"@type":"BreadcrumbList","@id":"https:\/\/worldofflowerpots.com\/sklep\/prostokatne-donice-z-wlokna-szklanego-emilio-2\/#breadcrumb","itemListElement":[{"@type":"ListItem","position":1,"name":"Strona g\u0142\u00f3wna","item":"https:\/\/worldofflowerpots.com\/"},{"@type":"ListItem","position":2,"name":"Sklep","item":"https:\/\/worldofflowerpots.com\/sklep\/"},{"@type":"ListItem","position":3,"name":"Prostok\u0105tne donice z w\u0142\u00f3kna szklanego Emilio 2"}]},{"@type":"WebSite","@id":"https:\/\/worldofflowerpots.com\/#website","url":"https:\/\/worldofflowerpots.com\/","name":"World of Flowerpots","description":"producent donic ozdobnych","potentialAction":[{"@type":"SearchAction","target":{"@type":"EntryPoint","urlTemplate":"https:\/\/worldofflowerpots.com\/?s={search_term_string}"},"query-input":{"@type":"PropertyValueSpecification","valueRequired":true,"valueName":"search_term_string"}}],"inLanguage":"pl-PL"}]}},"_links":{"self":[{"href":"https:\/\/worldofflowerpots.com\/pl\/wp-json\/wp\/v2\/product\/50924","targetHints":{"allow":["GET"]}}],"collection":[{"href":"https:\/\/worldofflowerpots.com\/pl\/wp-json\/wp\/v2\/product"}],"about":[{"href":"https:\/\/worldofflowerpots.com\/pl\/wp-json\/wp\/v2\/types\/product"}],"wp:featuredmedia":[{"embeddable":true,"href":"https:\/\/worldofflowerpots.com\/pl\/wp-json\/wp\/v2\/media\/57605"}],"wp:attachment":[{"href":"https:\/\/worldofflowerpots.com\/pl\/wp-json\/wp\/v2\/media?parent=50924"}],"wp:term":[{"taxonomy":"product_brand","embeddable":true,"href":"https:\/\/worldofflowerpots.com\/pl\/wp-json\/wp\/v2\/product_brand?post=50924"},{"taxonomy":"product_cat","embeddable":true,"href":"https:\/\/worldofflowerpots.com\/pl\/wp-json\/wp\/v2\/product_cat?post=50924"},{"taxonomy":"product_tag","embeddable":true,"href":"https:\/\/worldofflowerpots.com\/pl\/wp-json\/wp\/v2\/product_tag?post=50924"}],"curies":[{"name":"wp","href":"https:\/\/api.w.org\/{rel}","templated":true}]}}