{"id":50988,"date":"2019-01-18T15:13:37","date_gmt":"2019-01-18T14:13:37","guid":{"rendered":"https:\/\/worldofflowerpots.com\/product\/import-placeholder-for-545\/"},"modified":"2019-04-05T11:27:17","modified_gmt":"2019-04-05T09:27:17","slug":"dlugie-donice-z-wlokna-szklanego-emilio-6","status":"publish","type":"product","link":"https:\/\/worldofflowerpots.com\/pl\/sklep\/dlugie-donice-z-wlokna-szklanego-emilio-6\/","title":{"rendered":"D\u0142ugie donice z w\u0142\u00f3kna szklanego Emilio 6"},"content":{"rendered":"<p>Zapewne szukasz porz\u0105dnego oraz solidnego produktu, kt\u00f3ry nie zawiedzie twoich oczekiwa\u0144. Na rynku znajduje si\u0119 mas\u0119 rozmaitych donic, wi\u0119c znale\u017a\u0107 t\u0105 jedyn\u0105, idealn\u0105 jest nie lada wyczyn. Na pocz\u0105tek, aby zapozna\u0107 ci\u0119 z naszym produktem chcieliby\u015bmy przedstawi\u0107 jego g\u0142\u00f3wne cechy. Dlatego nie owijaj\u0105c w bawe\u0142n\u0119 przejd\u017amy od razu do najwa\u017cniejszych podpunkt\u00f3w jakimi charakteryzuj\u0105 si\u0119 d\u0142ugie donice z w\u0142\u00f3kna szklanego.<\/p>\n<h2>Solidny materia\u0142 odporny na dzia\u0142ania atmosferyczne<\/h2>\n<p>D\u0142ugie donice z w\u0142\u00f3kna szklanego s\u0105 odporne na r\u00f3\u017cnorakie aktywno\u015bci pogodowe a materia\u0142 konstrukcyjny z jakiego s\u0105 wykonane s\u0142u\u017cy mi\u0119dzy innymi do produkcji \u0142odzi, statk\u00f3w lub samochod\u00f3w. O wytrzyma\u0142o\u015bci tego materia\u0142u nie ma co gdyba\u0107, poniewa\u017c w\u0142\u00f3kno szklane w Donicy\u00a0 Emilio 6 stanowi gwarancj\u0119 sam\u0105 w sobie.<\/p>\n<h2>Klasyczny jak i zarazem innowacyjny design<\/h2>\n<p>Producenci zach\u0119caj\u0105 architekt\u00f3w jak i osoby indywidualne do zakupu fiku\u015bnych kszta\u0142t\u00f3w, wzor\u00f3w czy innych zwracaj\u0105cych na siebie element\u00f3w w jakie mog\u0105 si\u0119 oblec\u00a0d\u0142ugie donice z w\u0142\u00f3kna szklanego. Donica\u00a0 Emilio 6 NIGDY NIE WYCHODZI Z MODY, jest unikalna w swej prostocie jak i klasycznym kszta\u0142cie. Dlatego, je\u015bli s\u0105dzisz, \u017ce ta donica mo\u017ce nie wpasowa\u0107 si\u0119 w projektowan\u0105 koncepcj\u0119 z pewno\u015bci\u0105 mo\u017cesz by\u0107 spokojny.<\/p>\n<h2>G\u0142\u0119bia koloru stworzona specjalnie dla ciebie<\/h2>\n<p>Donice s\u0105 dost\u0119pne w wersji kolorystycznej matowej oraz w po\u0142ysku. Mog\u0105 zosta\u0107 wykonane we wszystkich kolorach palety RAL.\u00a0Starannie malowana proszkowo, donica dost\u0119pna jest w wielu odcieniach, od stonowanych barw po tryskaj\u0105ce energi\u0105 kolory t\u0119czy. Celebracj\u0105 donicy Emilio 6 mo\u017ce stanowi\u0107 Twoja nietuzinkowa kompozycja kwiatowa. Dzi\u0119ki swoim wymiarom daje mo\u017cliwo\u015b\u0107 eksperymentowania z wyobra\u017ani\u0105.<\/p>\n<p>Dodatkowym walorem d\u0142ugiej donicy z w\u0142\u00f3kna szklanego\u00a0Emilio 6 jest kszta\u0142t. Masz sk\u0142onno\u015b\u0107 do zabieganego trybu \u017cycia lub po prostu wolisz mie\u0107 stabilnie ulokowane pi\u0119kne kwiaty, kt\u00f3re b\u0119d\u0105 cieszy\u0107 twoje oczy jak i twoich bliskich? Klasyczna donica z awangardowymi stylizacjami ro\u015blin sprawi, \u017ce twoje samopoczucie na pewno si\u0119 poprawi.<\/p>\n<p>Plastikowa donica swoj\u0105 wyj\u0105tkow\u0105 odporno\u015b\u0107, a jednocze\u015bnie niewielki ci\u0119\u017car zawdzi\u0119cza najwy\u017cszej klasy materia\u0142om \u2013\u00a0macie szklanej, \u017cywicy i \u017celkotowi.<\/p>\n","protected":false},"excerpt":{"rendered":"<p>Donica plastikowa z w\u0142\u00f3kna szklanego Emilio 6 z w\u0142\u00f3kna szklanego oraz \u017cywicy do stosowania wewn\u0105trz jako donica lub jako os\u0142onka. Donice dost\u0119pne we wszystkich kolorach palety RAL w wersji matowej i w po\u0142ysku. Donice s\u0105 wyposa\u017cone w otwory odp\u0142ywowe w dnie (na wyra\u017ane \u017cyczenie klienta mo\u017ce zosta\u0107 wykonana bez otworu odp\u0142ywowego), boczne \u015bcianki wy\u0142o\u017cone s\u0105 styropianem. Wymiary donicy: d\u0142ugo\u015b\u0107: 230 cm, szeroko\u015b\u0107: 50 cm, wysoko\u015b\u0107: 40 cm.<\/p>\n","protected":false},"featured_media":57554,"template":"","meta":{"_acf_changed":false},"product_brand":[],"product_cat":[205],"product_tag":[444,447,451],"class_list":{"0":"post-50988","1":"product","2":"type-product","3":"status-publish","4":"has-post-thumbnail","6":"product_cat-donice-z-wlokna-szklanego-plastiku","7":"product_tag-donice-ogrodowe","8":"product_tag-donice-tarasowe","9":"product_tag-donice-wewnetrzne","10":"description-off","11":"tm-has-options","13":"first","14":"instock","15":"shipping-taxable","16":"purchasable","17":"product-type-simple"},"acf":[],"yoast_head":"<!-- This site is optimized with the Yoast SEO plugin v27.5 - https:\/\/yoast.com\/product\/yoast-seo-wordpress\/ -->\n<title>D\u0142ugie Donice z W\u0142\u00f3kna Szklanego Emilio 6 Tarasowe, Balkonowe<\/title>\n<meta name=\"description\" content=\"D\u0142ugie donice z w\u0142\u00f3kna szklanego s\u0105 dost\u0119pne w wersji kolorystycznej matowej oraz w po\u0142ysku. Mog\u0105 zosta\u0107 wykonane we wszystkich kolorach palety RAL.\" \/>\n<meta name=\"robots\" content=\"index, follow, max-snippet:-1, max-image-preview:large, max-video-preview:-1\" \/>\n<link rel=\"canonical\" href=\"https:\/\/worldofflowerpots.com\/sklep\/dlugie-donice-z-wlokna-szklanego-emilio-6\/\" \/>\n<meta property=\"og:locale\" content=\"pl_PL\" \/>\n<meta property=\"og:type\" content=\"article\" \/>\n<meta property=\"og:title\" content=\"D\u0142ugie Donice z W\u0142\u00f3kna Szklanego Emilio 6 Tarasowe, Balkonowe\" \/>\n<meta property=\"og:description\" content=\"D\u0142ugie donice z w\u0142\u00f3kna szklanego s\u0105 dost\u0119pne w wersji kolorystycznej matowej oraz w po\u0142ysku. Mog\u0105 zosta\u0107 wykonane we wszystkich kolorach palety RAL.\" \/>\n<meta property=\"og:url\" content=\"https:\/\/worldofflowerpots.com\/sklep\/dlugie-donice-z-wlokna-szklanego-emilio-6\/\" \/>\n<meta property=\"og:site_name\" content=\"World of Flowerpots\" \/>\n<meta property=\"article:modified_time\" content=\"2019-04-05T09:27:17+00:00\" \/>\n<meta property=\"og:image\" content=\"https:\/\/worldofflowerpots.com\/wp-content\/uploads\/2019\/01\/D\u0142ugie-donice-z-w\u0142\u00f3kna-szklanego-Emilio-6.jpg\" \/>\n\t<meta property=\"og:image:width\" content=\"1920\" \/>\n\t<meta property=\"og:image:height\" content=\"1080\" \/>\n\t<meta property=\"og:image:type\" content=\"image\/jpeg\" \/>\n<meta name=\"twitter:card\" content=\"summary_large_image\" \/>\n<meta name=\"twitter:label1\" content=\"Szacowany czas czytania\" \/>\n\t<meta name=\"twitter:data1\" content=\"2 minuty\" \/>\n<script type=\"application\/ld+json\" class=\"yoast-schema-graph\">{\"@context\":\"https:\\\/\\\/schema.org\",\"@graph\":[{\"@type\":\"WebPage\",\"@id\":\"https:\\\/\\\/worldofflowerpots.com\\\/sklep\\\/dlugie-donice-z-wlokna-szklanego-emilio-6\\\/\",\"url\":\"https:\\\/\\\/worldofflowerpots.com\\\/sklep\\\/dlugie-donice-z-wlokna-szklanego-emilio-6\\\/\",\"name\":\"D\u0142ugie Donice z W\u0142\u00f3kna Szklanego Emilio 6 Tarasowe, Balkonowe\",\"isPartOf\":{\"@id\":\"https:\\\/\\\/worldofflowerpots.com\\\/#website\"},\"primaryImageOfPage\":{\"@id\":\"https:\\\/\\\/worldofflowerpots.com\\\/sklep\\\/dlugie-donice-z-wlokna-szklanego-emilio-6\\\/#primaryimage\"},\"image\":{\"@id\":\"https:\\\/\\\/worldofflowerpots.com\\\/sklep\\\/dlugie-donice-z-wlokna-szklanego-emilio-6\\\/#primaryimage\"},\"thumbnailUrl\":\"https:\\\/\\\/worldofflowerpots.com\\\/wp-content\\\/uploads\\\/2019\\\/01\\\/D\u0142ugie-donice-z-w\u0142\u00f3kna-szklanego-Emilio-6.jpg\",\"datePublished\":\"2019-01-18T14:13:37+00:00\",\"dateModified\":\"2019-04-05T09:27:17+00:00\",\"description\":\"D\u0142ugie donice z w\u0142\u00f3kna szklanego s\u0105 dost\u0119pne w wersji kolorystycznej matowej oraz w po\u0142ysku. Mog\u0105 zosta\u0107 wykonane we wszystkich kolorach palety RAL.\",\"breadcrumb\":{\"@id\":\"https:\\\/\\\/worldofflowerpots.com\\\/sklep\\\/dlugie-donice-z-wlokna-szklanego-emilio-6\\\/#breadcrumb\"},\"inLanguage\":\"pl-PL\",\"potentialAction\":[{\"@type\":\"ReadAction\",\"target\":[\"https:\\\/\\\/worldofflowerpots.com\\\/sklep\\\/dlugie-donice-z-wlokna-szklanego-emilio-6\\\/\"]}]},{\"@type\":\"ImageObject\",\"inLanguage\":\"pl-PL\",\"@id\":\"https:\\\/\\\/worldofflowerpots.com\\\/sklep\\\/dlugie-donice-z-wlokna-szklanego-emilio-6\\\/#primaryimage\",\"url\":\"https:\\\/\\\/worldofflowerpots.com\\\/wp-content\\\/uploads\\\/2019\\\/01\\\/D\u0142ugie-donice-z-w\u0142\u00f3kna-szklanego-Emilio-6.jpg\",\"contentUrl\":\"https:\\\/\\\/worldofflowerpots.com\\\/wp-content\\\/uploads\\\/2019\\\/01\\\/D\u0142ugie-donice-z-w\u0142\u00f3kna-szklanego-Emilio-6.jpg\",\"width\":1920,\"height\":1080},{\"@type\":\"BreadcrumbList\",\"@id\":\"https:\\\/\\\/worldofflowerpots.com\\\/sklep\\\/dlugie-donice-z-wlokna-szklanego-emilio-6\\\/#breadcrumb\",\"itemListElement\":[{\"@type\":\"ListItem\",\"position\":1,\"name\":\"Strona g\u0142\u00f3wna\",\"item\":\"https:\\\/\\\/worldofflowerpots.com\\\/\"},{\"@type\":\"ListItem\",\"position\":2,\"name\":\"Sklep\",\"item\":\"https:\\\/\\\/worldofflowerpots.com\\\/sklep\\\/\"},{\"@type\":\"ListItem\",\"position\":3,\"name\":\"D\u0142ugie donice z w\u0142\u00f3kna szklanego Emilio 6\"}]},{\"@type\":\"WebSite\",\"@id\":\"https:\\\/\\\/worldofflowerpots.com\\\/#website\",\"url\":\"https:\\\/\\\/worldofflowerpots.com\\\/\",\"name\":\"World of Flowerpots\",\"description\":\"producent donic ozdobnych\",\"potentialAction\":[{\"@type\":\"SearchAction\",\"target\":{\"@type\":\"EntryPoint\",\"urlTemplate\":\"https:\\\/\\\/worldofflowerpots.com\\\/?s={search_term_string}\"},\"query-input\":{\"@type\":\"PropertyValueSpecification\",\"valueRequired\":true,\"valueName\":\"search_term_string\"}}],\"inLanguage\":\"pl-PL\"}]}<\/script>\n<!-- \/ Yoast SEO plugin. -->","yoast_head_json":{"title":"D\u0142ugie Donice z W\u0142\u00f3kna Szklanego Emilio 6 Tarasowe, Balkonowe","description":"D\u0142ugie donice z w\u0142\u00f3kna szklanego s\u0105 dost\u0119pne w wersji kolorystycznej matowej oraz w po\u0142ysku. Mog\u0105 zosta\u0107 wykonane we wszystkich kolorach palety RAL.","robots":{"index":"index","follow":"follow","max-snippet":"max-snippet:-1","max-image-preview":"max-image-preview:large","max-video-preview":"max-video-preview:-1"},"canonical":"https:\/\/worldofflowerpots.com\/sklep\/dlugie-donice-z-wlokna-szklanego-emilio-6\/","og_locale":"pl_PL","og_type":"article","og_title":"D\u0142ugie Donice z W\u0142\u00f3kna Szklanego Emilio 6 Tarasowe, Balkonowe","og_description":"D\u0142ugie donice z w\u0142\u00f3kna szklanego s\u0105 dost\u0119pne w wersji kolorystycznej matowej oraz w po\u0142ysku. Mog\u0105 zosta\u0107 wykonane we wszystkich kolorach palety RAL.","og_url":"https:\/\/worldofflowerpots.com\/sklep\/dlugie-donice-z-wlokna-szklanego-emilio-6\/","og_site_name":"World of Flowerpots","article_modified_time":"2019-04-05T09:27:17+00:00","og_image":[{"width":1920,"height":1080,"url":"https:\/\/worldofflowerpots.com\/wp-content\/uploads\/2019\/01\/D\u0142ugie-donice-z-w\u0142\u00f3kna-szklanego-Emilio-6.jpg","type":"image\/jpeg"}],"twitter_card":"summary_large_image","twitter_misc":{"Szacowany czas czytania":"2 minuty"},"schema":{"@context":"https:\/\/schema.org","@graph":[{"@type":"WebPage","@id":"https:\/\/worldofflowerpots.com\/sklep\/dlugie-donice-z-wlokna-szklanego-emilio-6\/","url":"https:\/\/worldofflowerpots.com\/sklep\/dlugie-donice-z-wlokna-szklanego-emilio-6\/","name":"D\u0142ugie Donice z W\u0142\u00f3kna Szklanego Emilio 6 Tarasowe, Balkonowe","isPartOf":{"@id":"https:\/\/worldofflowerpots.com\/#website"},"primaryImageOfPage":{"@id":"https:\/\/worldofflowerpots.com\/sklep\/dlugie-donice-z-wlokna-szklanego-emilio-6\/#primaryimage"},"image":{"@id":"https:\/\/worldofflowerpots.com\/sklep\/dlugie-donice-z-wlokna-szklanego-emilio-6\/#primaryimage"},"thumbnailUrl":"https:\/\/worldofflowerpots.com\/wp-content\/uploads\/2019\/01\/D\u0142ugie-donice-z-w\u0142\u00f3kna-szklanego-Emilio-6.jpg","datePublished":"2019-01-18T14:13:37+00:00","dateModified":"2019-04-05T09:27:17+00:00","description":"D\u0142ugie donice z w\u0142\u00f3kna szklanego s\u0105 dost\u0119pne w wersji kolorystycznej matowej oraz w po\u0142ysku. Mog\u0105 zosta\u0107 wykonane we wszystkich kolorach palety RAL.","breadcrumb":{"@id":"https:\/\/worldofflowerpots.com\/sklep\/dlugie-donice-z-wlokna-szklanego-emilio-6\/#breadcrumb"},"inLanguage":"pl-PL","potentialAction":[{"@type":"ReadAction","target":["https:\/\/worldofflowerpots.com\/sklep\/dlugie-donice-z-wlokna-szklanego-emilio-6\/"]}]},{"@type":"ImageObject","inLanguage":"pl-PL","@id":"https:\/\/worldofflowerpots.com\/sklep\/dlugie-donice-z-wlokna-szklanego-emilio-6\/#primaryimage","url":"https:\/\/worldofflowerpots.com\/wp-content\/uploads\/2019\/01\/D\u0142ugie-donice-z-w\u0142\u00f3kna-szklanego-Emilio-6.jpg","contentUrl":"https:\/\/worldofflowerpots.com\/wp-content\/uploads\/2019\/01\/D\u0142ugie-donice-z-w\u0142\u00f3kna-szklanego-Emilio-6.jpg","width":1920,"height":1080},{"@type":"BreadcrumbList","@id":"https:\/\/worldofflowerpots.com\/sklep\/dlugie-donice-z-wlokna-szklanego-emilio-6\/#breadcrumb","itemListElement":[{"@type":"ListItem","position":1,"name":"Strona g\u0142\u00f3wna","item":"https:\/\/worldofflowerpots.com\/"},{"@type":"ListItem","position":2,"name":"Sklep","item":"https:\/\/worldofflowerpots.com\/sklep\/"},{"@type":"ListItem","position":3,"name":"D\u0142ugie donice z w\u0142\u00f3kna szklanego Emilio 6"}]},{"@type":"WebSite","@id":"https:\/\/worldofflowerpots.com\/#website","url":"https:\/\/worldofflowerpots.com\/","name":"World of Flowerpots","description":"producent donic ozdobnych","potentialAction":[{"@type":"SearchAction","target":{"@type":"EntryPoint","urlTemplate":"https:\/\/worldofflowerpots.com\/?s={search_term_string}"},"query-input":{"@type":"PropertyValueSpecification","valueRequired":true,"valueName":"search_term_string"}}],"inLanguage":"pl-PL"}]}},"_links":{"self":[{"href":"https:\/\/worldofflowerpots.com\/pl\/wp-json\/wp\/v2\/product\/50988","targetHints":{"allow":["GET"]}}],"collection":[{"href":"https:\/\/worldofflowerpots.com\/pl\/wp-json\/wp\/v2\/product"}],"about":[{"href":"https:\/\/worldofflowerpots.com\/pl\/wp-json\/wp\/v2\/types\/product"}],"wp:featuredmedia":[{"embeddable":true,"href":"https:\/\/worldofflowerpots.com\/pl\/wp-json\/wp\/v2\/media\/57554"}],"wp:attachment":[{"href":"https:\/\/worldofflowerpots.com\/pl\/wp-json\/wp\/v2\/media?parent=50988"}],"wp:term":[{"taxonomy":"product_brand","embeddable":true,"href":"https:\/\/worldofflowerpots.com\/pl\/wp-json\/wp\/v2\/product_brand?post=50988"},{"taxonomy":"product_cat","embeddable":true,"href":"https:\/\/worldofflowerpots.com\/pl\/wp-json\/wp\/v2\/product_cat?post=50988"},{"taxonomy":"product_tag","embeddable":true,"href":"https:\/\/worldofflowerpots.com\/pl\/wp-json\/wp\/v2\/product_tag?post=50988"}],"curies":[{"name":"wp","href":"https:\/\/api.w.org\/{rel}","templated":true}]}}