{"id":56365,"date":"2019-03-25T09:45:47","date_gmt":"2019-03-25T08:45:47","guid":{"rendered":"https:\/\/worldofflowerpots.com\/?post_type=product&#038;p=56365"},"modified":"2019-04-03T14:45:19","modified_gmt":"2019-04-03T12:45:19","slug":"regal-na-drewno-z-cortenu-armadio-3","status":"publish","type":"product","link":"https:\/\/worldofflowerpots.com\/pl\/sklep\/regal-na-drewno-z-cortenu-armadio-3\/","title":{"rendered":"Rega\u0142 na drewno z cortenu Armadio 3"},"content":{"rendered":"<h2>Nowoczesny rega\u0142 na drewno<\/h2>\n<p>Prostota, funkcjonalizm i nowoczesny design. Tymi trzema cechami charakteryzuje si\u0119 rega\u0142 na drewno z cortenu. Model o nazwie Armadio 3, to idealna propozycja do ogrod\u00f3w, na tarasy, ale tak\u017ce do wewn\u0105trz pomieszcze\u0144. Produkt ma regularne kszta\u0142ty, wpisuje si\u0119 w obowi\u0105zuj\u0105ce trendy i bardzo dobrze si\u0119 prezentuje zar\u00f3wno w\u015br\u00f3d zieleni, jak i w industrialnych oraz surowo urz\u0105dzonych wn\u0119trzach.<\/p>\n<h2>Charakterystyczna powierzchnia<\/h2>\n<p>Praktyczny rega\u0142 na drewno z cortenu powinien mie\u0107 kompatybilne wymiary i musi by\u0107 odporny na dzia\u0142anie czynnik\u00f3w zewn\u0119trznych. Wersja Armadio 3 spe\u0142nia te wszystkie kryteria. Mebel wykonujemy z blachy corten, kt\u00f3ra ma bardzo charakterystyczny i zwracaj\u0105cy na siebie uwag\u0119 kolor. Rega\u0142 ju\u017c na pierwszy rzut oka wygl\u0105da jakby by\u0142 pokryty rdz\u0105. Jest to celowy zabieg producenta, kt\u00f3ry chce zwr\u00f3ci\u0107 uwag\u0119 na wysok\u0105 jako\u015b\u0107 materia\u0142u. Blacha corten mo\u017ce by\u0107 stosowana w r\u00f3\u017cnych warunkach atmosferycznych. Nie gro\u017ane jej niskie oraz wysokie temperatury, rega\u0142 nie zmienia swojego wygl\u0105du po zmokni\u0119ciu. Co bardzo istotne, tej wersji blachy nie trzeba w \u017caden spos\u00f3b impregnowa\u0107 i konserwowa\u0107. Ponadto materia\u0142 nie ulega korozji.<\/p>\n<p>Armadio 3 uwodzi naturalnym, miedzianym kolorem. Rega\u0142 dedykowany jest do przechowywania drewna, ale sprawdzi si\u0119 tak\u017ce jako swoistego rodzaju dekoracja do wn\u0119trza. Na przyk\u0142ad wystarczy postawi\u0107 na jego p\u00f3\u0142kach jakie\u015b ozdobne przedmioty i nietypowa aran\u017cacja gotowa. Rega\u0142 z uwagi na swoj\u0105 konstrukcj\u0119 oraz wymiary bardzo dobrze prezentuje si\u0119 w du\u017cych przestrzeniach. Produkt wa\u017cy 50 kg, ma 120 cm d\u0142ugo\u015bci, 60 cm szeroko\u015bci i 50 cm wysoko\u015bci. Takie parametry umo\u017cliwiaj\u0105 przechowywanie sporej ilo\u015bci drewna.<\/p>\n<h2>Do ogrodu i wn\u0119trza<\/h2>\n<p>Rega\u0142 z powodzeniem mo\u017cna postawi\u0107 tu\u017c przy kominku w salonie, ale mo\u017cna go tak\u017ce wykorzysta\u0107 na jakiej\u015b otwartej przestrzeni. Je\u017celi chcemy mie\u0107 do czynienia z jakim\u015b atrakcyjnym i designerskim przedmiotem w ogrodzie, to nic nie stoi na przeszkodzie by wykorzysta\u0107 Aramdio 3. Mebel z pewno\u015bci\u0105 wkomponuje si\u0119 w ziele\u0144, b\u0119dzie pasowa\u0107 do paleniska i dobrze skomponuje si\u0119 z nowoczesnymi meblami ogrodowymi.<\/p>\n<p>Wykorzystuj\u0105c rega\u0142 na drewno z cortenu mo\u017cesz mie\u0107 pewno\u015b\u0107, \u017ce produkt przez wiele lat pozostanie atrakcyjny. Na pewno b\u0119dzie na siebie zwraca\u0107 uwag\u0119, a cztery pojemne p\u00f3\u0142ki pomieszcz\u0105 mi\u0119dzy innymi drewno na opa\u0142 lu ognisko z przyjaci\u00f3\u0142mi.<\/p>\n","protected":false},"excerpt":{"rendered":"<p>Pojemnik na drewno wykonany jest z blachy corten. Waga pojemnika to 50 kg, a wymiary: d\u0142ugo\u015b\u0107: 120 cm, szeroko\u015b\u0107: 60 cm, wysoko\u015b\u0107: 50 cm<\/p>\n","protected":false},"featured_media":56929,"template":"","meta":{"_acf_changed":false},"product_brand":[],"product_cat":[141],"product_tag":[],"class_list":{"0":"post-56365","1":"product","2":"type-product","3":"status-publish","4":"has-post-thumbnail","6":"product_cat-paleniska-ze-stali-corten","7":"description-off","8":"tm-has-options","10":"first","11":"instock","12":"shipping-taxable","13":"purchasable","14":"product-type-simple"},"acf":[],"yoast_head":"<!-- This site is optimized with the Yoast SEO plugin v27.5 - https:\/\/yoast.com\/product\/yoast-seo-wordpress\/ -->\n<title>Rega\u0142 na drewno z cortenu Armadio 3 - do ogrodu i stylowego salonu<\/title>\n<meta name=\"description\" content=\"Praktyczny rega\u0142 na drewno z cortenu powinien mie\u0107 kompatybilne wymiary i musi by\u0107 odporny na dzia\u0142anie czynnik\u00f3w zewn\u0119trznych.\" \/>\n<meta name=\"robots\" content=\"index, follow, max-snippet:-1, max-image-preview:large, max-video-preview:-1\" \/>\n<link rel=\"canonical\" href=\"https:\/\/worldofflowerpots.com\/sklep\/regal-na-drewno-z-cortenu-armadio-3\/\" \/>\n<meta property=\"og:locale\" content=\"pl_PL\" \/>\n<meta property=\"og:type\" content=\"article\" \/>\n<meta property=\"og:title\" content=\"Rega\u0142 na drewno z cortenu Armadio 3 - do ogrodu i stylowego salonu\" \/>\n<meta property=\"og:description\" content=\"Praktyczny rega\u0142 na drewno z cortenu powinien mie\u0107 kompatybilne wymiary i musi by\u0107 odporny na dzia\u0142anie czynnik\u00f3w zewn\u0119trznych.\" \/>\n<meta property=\"og:url\" content=\"https:\/\/worldofflowerpots.com\/sklep\/regal-na-drewno-z-cortenu-armadio-3\/\" \/>\n<meta property=\"og:site_name\" content=\"World of Flowerpots\" \/>\n<meta property=\"article:modified_time\" content=\"2019-04-03T12:45:19+00:00\" \/>\n<meta property=\"og:image\" content=\"https:\/\/worldofflowerpots.com\/wp-content\/uploads\/2019\/03\/Rega\u0142-na-drewno-z-cortenu-Armadio-3.jpg\" \/>\n\t<meta property=\"og:image:width\" content=\"2280\" \/>\n\t<meta property=\"og:image:height\" content=\"1612\" \/>\n\t<meta property=\"og:image:type\" content=\"image\/jpeg\" \/>\n<meta name=\"twitter:card\" content=\"summary_large_image\" \/>\n<meta name=\"twitter:label1\" content=\"Szacowany czas czytania\" \/>\n\t<meta name=\"twitter:data1\" content=\"2 minuty\" \/>\n<script type=\"application\/ld+json\" class=\"yoast-schema-graph\">{\"@context\":\"https:\\\/\\\/schema.org\",\"@graph\":[{\"@type\":\"WebPage\",\"@id\":\"https:\\\/\\\/worldofflowerpots.com\\\/sklep\\\/regal-na-drewno-z-cortenu-armadio-3\\\/\",\"url\":\"https:\\\/\\\/worldofflowerpots.com\\\/sklep\\\/regal-na-drewno-z-cortenu-armadio-3\\\/\",\"name\":\"Rega\u0142 na drewno z cortenu Armadio 3 - do ogrodu i stylowego salonu\",\"isPartOf\":{\"@id\":\"https:\\\/\\\/worldofflowerpots.com\\\/#website\"},\"primaryImageOfPage\":{\"@id\":\"https:\\\/\\\/worldofflowerpots.com\\\/sklep\\\/regal-na-drewno-z-cortenu-armadio-3\\\/#primaryimage\"},\"image\":{\"@id\":\"https:\\\/\\\/worldofflowerpots.com\\\/sklep\\\/regal-na-drewno-z-cortenu-armadio-3\\\/#primaryimage\"},\"thumbnailUrl\":\"https:\\\/\\\/worldofflowerpots.com\\\/wp-content\\\/uploads\\\/2019\\\/03\\\/Rega\u0142-na-drewno-z-cortenu-Armadio-3.jpg\",\"datePublished\":\"2019-03-25T08:45:47+00:00\",\"dateModified\":\"2019-04-03T12:45:19+00:00\",\"description\":\"Praktyczny rega\u0142 na drewno z cortenu powinien mie\u0107 kompatybilne wymiary i musi by\u0107 odporny na dzia\u0142anie czynnik\u00f3w zewn\u0119trznych.\",\"breadcrumb\":{\"@id\":\"https:\\\/\\\/worldofflowerpots.com\\\/sklep\\\/regal-na-drewno-z-cortenu-armadio-3\\\/#breadcrumb\"},\"inLanguage\":\"pl-PL\",\"potentialAction\":[{\"@type\":\"ReadAction\",\"target\":[\"https:\\\/\\\/worldofflowerpots.com\\\/sklep\\\/regal-na-drewno-z-cortenu-armadio-3\\\/\"]}]},{\"@type\":\"ImageObject\",\"inLanguage\":\"pl-PL\",\"@id\":\"https:\\\/\\\/worldofflowerpots.com\\\/sklep\\\/regal-na-drewno-z-cortenu-armadio-3\\\/#primaryimage\",\"url\":\"https:\\\/\\\/worldofflowerpots.com\\\/wp-content\\\/uploads\\\/2019\\\/03\\\/Rega\u0142-na-drewno-z-cortenu-Armadio-3.jpg\",\"contentUrl\":\"https:\\\/\\\/worldofflowerpots.com\\\/wp-content\\\/uploads\\\/2019\\\/03\\\/Rega\u0142-na-drewno-z-cortenu-Armadio-3.jpg\",\"width\":2280,\"height\":1612},{\"@type\":\"BreadcrumbList\",\"@id\":\"https:\\\/\\\/worldofflowerpots.com\\\/sklep\\\/regal-na-drewno-z-cortenu-armadio-3\\\/#breadcrumb\",\"itemListElement\":[{\"@type\":\"ListItem\",\"position\":1,\"name\":\"Strona g\u0142\u00f3wna\",\"item\":\"https:\\\/\\\/worldofflowerpots.com\\\/\"},{\"@type\":\"ListItem\",\"position\":2,\"name\":\"Sklep\",\"item\":\"https:\\\/\\\/worldofflowerpots.com\\\/sklep\\\/\"},{\"@type\":\"ListItem\",\"position\":3,\"name\":\"Rega\u0142 na drewno z cortenu Armadio 3\"}]},{\"@type\":\"WebSite\",\"@id\":\"https:\\\/\\\/worldofflowerpots.com\\\/#website\",\"url\":\"https:\\\/\\\/worldofflowerpots.com\\\/\",\"name\":\"World of Flowerpots\",\"description\":\"producent donic ozdobnych\",\"potentialAction\":[{\"@type\":\"SearchAction\",\"target\":{\"@type\":\"EntryPoint\",\"urlTemplate\":\"https:\\\/\\\/worldofflowerpots.com\\\/?s={search_term_string}\"},\"query-input\":{\"@type\":\"PropertyValueSpecification\",\"valueRequired\":true,\"valueName\":\"search_term_string\"}}],\"inLanguage\":\"pl-PL\"}]}<\/script>\n<!-- \/ Yoast SEO plugin. -->","yoast_head_json":{"title":"Rega\u0142 na drewno z cortenu Armadio 3 - do ogrodu i stylowego salonu","description":"Praktyczny rega\u0142 na drewno z cortenu powinien mie\u0107 kompatybilne wymiary i musi by\u0107 odporny na dzia\u0142anie czynnik\u00f3w zewn\u0119trznych.","robots":{"index":"index","follow":"follow","max-snippet":"max-snippet:-1","max-image-preview":"max-image-preview:large","max-video-preview":"max-video-preview:-1"},"canonical":"https:\/\/worldofflowerpots.com\/sklep\/regal-na-drewno-z-cortenu-armadio-3\/","og_locale":"pl_PL","og_type":"article","og_title":"Rega\u0142 na drewno z cortenu Armadio 3 - do ogrodu i stylowego salonu","og_description":"Praktyczny rega\u0142 na drewno z cortenu powinien mie\u0107 kompatybilne wymiary i musi by\u0107 odporny na dzia\u0142anie czynnik\u00f3w zewn\u0119trznych.","og_url":"https:\/\/worldofflowerpots.com\/sklep\/regal-na-drewno-z-cortenu-armadio-3\/","og_site_name":"World of Flowerpots","article_modified_time":"2019-04-03T12:45:19+00:00","og_image":[{"width":2280,"height":1612,"url":"https:\/\/worldofflowerpots.com\/wp-content\/uploads\/2019\/03\/Rega\u0142-na-drewno-z-cortenu-Armadio-3.jpg","type":"image\/jpeg"}],"twitter_card":"summary_large_image","twitter_misc":{"Szacowany czas czytania":"2 minuty"},"schema":{"@context":"https:\/\/schema.org","@graph":[{"@type":"WebPage","@id":"https:\/\/worldofflowerpots.com\/sklep\/regal-na-drewno-z-cortenu-armadio-3\/","url":"https:\/\/worldofflowerpots.com\/sklep\/regal-na-drewno-z-cortenu-armadio-3\/","name":"Rega\u0142 na drewno z cortenu Armadio 3 - do ogrodu i stylowego salonu","isPartOf":{"@id":"https:\/\/worldofflowerpots.com\/#website"},"primaryImageOfPage":{"@id":"https:\/\/worldofflowerpots.com\/sklep\/regal-na-drewno-z-cortenu-armadio-3\/#primaryimage"},"image":{"@id":"https:\/\/worldofflowerpots.com\/sklep\/regal-na-drewno-z-cortenu-armadio-3\/#primaryimage"},"thumbnailUrl":"https:\/\/worldofflowerpots.com\/wp-content\/uploads\/2019\/03\/Rega\u0142-na-drewno-z-cortenu-Armadio-3.jpg","datePublished":"2019-03-25T08:45:47+00:00","dateModified":"2019-04-03T12:45:19+00:00","description":"Praktyczny rega\u0142 na drewno z cortenu powinien mie\u0107 kompatybilne wymiary i musi by\u0107 odporny na dzia\u0142anie czynnik\u00f3w zewn\u0119trznych.","breadcrumb":{"@id":"https:\/\/worldofflowerpots.com\/sklep\/regal-na-drewno-z-cortenu-armadio-3\/#breadcrumb"},"inLanguage":"pl-PL","potentialAction":[{"@type":"ReadAction","target":["https:\/\/worldofflowerpots.com\/sklep\/regal-na-drewno-z-cortenu-armadio-3\/"]}]},{"@type":"ImageObject","inLanguage":"pl-PL","@id":"https:\/\/worldofflowerpots.com\/sklep\/regal-na-drewno-z-cortenu-armadio-3\/#primaryimage","url":"https:\/\/worldofflowerpots.com\/wp-content\/uploads\/2019\/03\/Rega\u0142-na-drewno-z-cortenu-Armadio-3.jpg","contentUrl":"https:\/\/worldofflowerpots.com\/wp-content\/uploads\/2019\/03\/Rega\u0142-na-drewno-z-cortenu-Armadio-3.jpg","width":2280,"height":1612},{"@type":"BreadcrumbList","@id":"https:\/\/worldofflowerpots.com\/sklep\/regal-na-drewno-z-cortenu-armadio-3\/#breadcrumb","itemListElement":[{"@type":"ListItem","position":1,"name":"Strona g\u0142\u00f3wna","item":"https:\/\/worldofflowerpots.com\/"},{"@type":"ListItem","position":2,"name":"Sklep","item":"https:\/\/worldofflowerpots.com\/sklep\/"},{"@type":"ListItem","position":3,"name":"Rega\u0142 na drewno z cortenu Armadio 3"}]},{"@type":"WebSite","@id":"https:\/\/worldofflowerpots.com\/#website","url":"https:\/\/worldofflowerpots.com\/","name":"World of Flowerpots","description":"producent donic ozdobnych","potentialAction":[{"@type":"SearchAction","target":{"@type":"EntryPoint","urlTemplate":"https:\/\/worldofflowerpots.com\/?s={search_term_string}"},"query-input":{"@type":"PropertyValueSpecification","valueRequired":true,"valueName":"search_term_string"}}],"inLanguage":"pl-PL"}]}},"_links":{"self":[{"href":"https:\/\/worldofflowerpots.com\/pl\/wp-json\/wp\/v2\/product\/56365","targetHints":{"allow":["GET"]}}],"collection":[{"href":"https:\/\/worldofflowerpots.com\/pl\/wp-json\/wp\/v2\/product"}],"about":[{"href":"https:\/\/worldofflowerpots.com\/pl\/wp-json\/wp\/v2\/types\/product"}],"wp:featuredmedia":[{"embeddable":true,"href":"https:\/\/worldofflowerpots.com\/pl\/wp-json\/wp\/v2\/media\/56929"}],"wp:attachment":[{"href":"https:\/\/worldofflowerpots.com\/pl\/wp-json\/wp\/v2\/media?parent=56365"}],"wp:term":[{"taxonomy":"product_brand","embeddable":true,"href":"https:\/\/worldofflowerpots.com\/pl\/wp-json\/wp\/v2\/product_brand?post=56365"},{"taxonomy":"product_cat","embeddable":true,"href":"https:\/\/worldofflowerpots.com\/pl\/wp-json\/wp\/v2\/product_cat?post=56365"},{"taxonomy":"product_tag","embeddable":true,"href":"https:\/\/worldofflowerpots.com\/pl\/wp-json\/wp\/v2\/product_tag?post=56365"}],"curies":[{"name":"wp","href":"https:\/\/api.w.org\/{rel}","templated":true}]}}